{"id":7443,"date":"2024-08-25T19:54:11","date_gmt":"2024-08-25T19:54:11","guid":{"rendered":"https:\/\/travelshelper.com\/staging\/?page_id=7443"},"modified":"2026-03-13T23:53:19","modified_gmt":"2026-03-13T23:53:19","slug":"cali","status":"publish","type":"page","link":"https:\/\/travelshelper.com\/tr\/destinations\/south-america\/colombia\/cali\/","title":{"rendered":"Cali"},"content":{"rendered":"<p>Santiago de Cali, And Da\u011flar\u0131&#039;n\u0131n \u00e7er\u00e7eveledi\u011fi geni\u015f bir vadinin kalbinde yer al\u0131r ve y\u00fczey alan\u0131 (560,3 kilometrekare) tepeler, nehirler ve ovalardan olu\u015fan daha derin bir co\u011frafyay\u0131 gizler. 25 Temmuz 1536&#039;da Sebasti\u00e1n de Belalc\u00e1zar taraf\u0131ndan kurulan \u015fehir, Valle del Cauca&#039;n\u0131n ba\u015fkenti ve g\u00fcneybat\u0131 Kolombiya&#039;n\u0131n ba\u015fl\u0131ca kentsel merkezi haline gelmi\u015ftir. 2023&#039;te tahmini n\u00fcfusu 2.280.522 olan \u015fehir, \u00fclkenin \u00fc\u00e7\u00fcnc\u00fc en kalabal\u0131k \u015fehridir ve etki alan\u0131 Farallones de Cali&#039;nin bat\u0131 yama\u00e7lar\u0131ndan Yumbo&#039;nun end\u00fcstriyel ovalar\u0131na ve Jamund\u00ed&#039;nin g\u00fcney tarlalar\u0131na kadar uzan\u0131r.<\/p>\n<p>Cali&#039;nin \u00e7evresinin konturlar\u0131 hem dramatik hem de inceliklidir. Bat\u0131da, Farallones \u015fehrin kuzey kesiminde yakla\u015f\u0131k 2.000 metreden g\u00fcneye do\u011fru 4.000 metreden fazla y\u00fckselir, yama\u00e7lar\u0131 Cauca&#039;ya inen nehirlerle doludur. Aguacatal ve Cali Nehirleri bat\u0131 banliy\u00f6lerini kat ederken, daha g\u00fcneyde Mel\u00e9ndez, Lil\u00ed ve Ca\u00f1averalejo Cauca ile bulu\u015fmadan \u00f6nce bir kanal labirentini besler. K\u0131y\u0131lar\u0131 boyunca, e\u011flence arayanlar Pance Nehri&#039;nin daha so\u011fuk havuzlar\u0131nda, kentsel s\u0131ca\u011f\u0131ndan bir s\u0131\u011f\u0131nakta toplan\u0131rlar.<\/p>\n<p>Cali&#039;nin iklimi tropikal muson ve savan s\u0131n\u0131fland\u0131rmalar\u0131 aras\u0131ndaki e\u015fikte kay\u0131tlara ge\u00e7er. Y\u0131lda ortalama 1.500 milimetre ya\u011fmur almas\u0131na ra\u011fmen, \u015fehir belirgin bir ya\u011fmur g\u00f6lgesinde kal\u0131r. Pasifik&#039;ten gelen r\u00fczgarlar, yakla\u015f\u0131k seksen kilometre uzakl\u0131ktaki Buenaventura yak\u0131nlar\u0131ndaki k\u0131y\u0131 da\u011flar\u0131 taraf\u0131ndan durdurulur ve Cali&#039;nin g\u00f6ky\u00fcz\u00fcn\u00fc nispeten \u0131l\u0131man b\u0131rak\u0131r. G\u00fcnl\u00fck s\u0131cakl\u0131klar 24 \u00b0C civar\u0131nda seyreder, sabah\u0131n erken saatlerindeki d\u00fc\u015f\u00fckler 17 \u00b0C&#039;ye yak\u0131n ve \u00f6\u011fleden sonralar\u0131 y\u00fcksekler 31 \u00b0C&#039;ye yakla\u015f\u0131r ve y\u0131l boyunca sabit bir s\u0131cakl\u0131k sa\u011flar.<\/p>\n<p>Cali&#039;deki ekonomik ya\u015fam \u00e7e\u015fitli ritimlerle nab\u0131z at\u0131yor: Buenaventura&#039;n\u0131n yo\u011fun liman\u0131ndan Yumbo&#039;nun fabrikalar\u0131na, San Fernando b\u00f6lgesindeki alt\u0131n d\u00fckkanlar\u0131ndan Ciudad Jard\u00edn&#039;deki y\u00fcksek teknoloji kliniklerine. Pasifik&#039;e eri\u015fimi olan tek b\u00fcy\u00fck Kolombiya \u015fehri olarak b\u00f6lgenin ba\u015fl\u0131ca ticari merkezi haline geldi. Son on y\u0131llarda b\u00fcy\u00fcme h\u0131zland\u0131 ve \u00fclkenin g\u00fcney b\u00f6lgeleri aras\u0131nda dinamizmiyle \u00fcn kazand\u0131.<\/p>\n<p>Spor, zaman zaman Cali&#039;yi uluslararas\u0131 ilgi oda\u011f\u0131 haline getirmi\u015ftir. \u015eehir 1971&#039;de Pan Amerikan Oyunlar\u0131&#039;na ev sahipli\u011fi yapm\u0131\u015f ve daha sonra 1992&#039;de D\u00fcnya G\u00fcre\u015f \u015eampiyonas\u0131&#039;na ev sahipli\u011fi yapm\u0131\u015ft\u0131r. D\u00fcnya Oyunlar\u0131 2013&#039;te gelmi\u015f, ard\u0131ndan 2014&#039;te UCI Pist Bisikleti etkinli\u011fi, 2015&#039;te D\u00fcnya Gen\u00e7lik Atletizm \u015eampiyonas\u0131 ve en son olarak 2021&#039;de Junior Pan Amerikan Oyunlar\u0131 ve 2022&#039;de D\u00fcnya Atletizm U20 \u015eampiyonas\u0131 gelmi\u015ftir. Bu etkinlikler, yerel sporculara ve seyircilere hizmet vermeye devam eden mekanlar\u0131 geride b\u0131rakm\u0131\u015ft\u0131r.<\/p>\n<p>Kent \u00e7ekirde\u011fi, Plaza de Caicedo&#039;da merkezlenen kompakt tarihi bir b\u00f6lgede s\u00f6m\u00fcrge izlerini koruyor. Burada, Joaqu\u00edn de Caicedo y Cuero&#039;nun heykeli La Catedral, Palacio de Justicia ve Teatro Municipal aras\u0131nda n\u00f6bet tutuyor. Yak\u0131nlarda, Iglesia de La Merced ve La Ermita on yedinci y\u00fczy\u0131l dindarl\u0131\u011f\u0131ndan bahsederken, yeniden d\u00fczenlenmi\u015f El Edificio Otero yirminci y\u00fczy\u0131l\u0131n ba\u015flang\u0131c\u0131n\u0131 hat\u0131rlat\u0131yor. Bu an\u0131tlar aras\u0131nda parklar ve heykeller yer al\u0131yor: La Merced&#039;in oyulmu\u015f r\u00f6lyefleri, Hernando Tejada&#039;n\u0131n nehir k\u0131y\u0131s\u0131ndaki El Gato del R\u00edo&#039;su ve Sebasti\u00e1n de Belalc\u00e1zar&#039;\u0131n vadiye do\u011fru i\u015faret eden ger\u00e7ek\u00fcst\u00fc bronz heykeli.<\/p>\n<p>Merkezin \u00f6tesinde, mahalleler belirgin karakterlere sahiptir. Bat\u0131daki bir tepede konumlanan San Antonio, dar sokaklar\u0131n\u0131 ve pastel cephelerini korur, zirvedeki park\u0131 k\u0131rm\u0131z\u0131 kiremitli \u00e7at\u0131lar\u0131n \u00fczerinden manzaralar sunar. Ciudad Jard\u00edn&#039;in Avenida San Joaqu\u00edn&#039;i l\u00fcks ticaret ve e\u011flenceye hitap eder. G\u00fcneyde, Juanchito salsa kul\u00fcpleri ve m\u00fctevaz\u0131 konutlarla doludur, m\u00fczik ve g\u00fcnl\u00fck m\u00fccadelenin gece ge\u00e7 saatlerde bir araya geldi\u011fi bir yerdir. Her \u015feyden \u00f6nce, Cerro de las Tres Cruces hem hac\u0131lar\u0131 hem de y\u00fcr\u00fcy\u00fc\u015f\u00e7\u00fcleri kendine \u00e7eker, deniz seviyesinden 1.480 metre y\u00fckseklikte bir an tefekk\u00fcr arayanlar\u0131 kendine \u00e7eker.<\/p>\n<p>Metropolde parklar ve do\u011fal yerle\u015fim yerlerinden olu\u015fan bir a\u011f \u00f6r\u00fcl\u00fcr. AV 2 N.\u00ba 48\u201110 adresindeki Orquideorama Enrique P\u00e9rez Arbel\u00e1ez, y\u0131ll\u0131k bir orkide sergisine ev sahipli\u011fi yapar ve ku\u015f g\u00f6zlemcileri i\u00e7in sessiz bir s\u0131\u011f\u0131nak g\u00f6revi g\u00f6r\u00fcr. Daha bat\u0131da, Farallones de Cali Milli Park\u0131 y\u00fcksek And ekosistemlerini korurken, bat\u0131daki bir sokak k\u00f6\u015fesindeki tek, sayg\u0131de\u011fer bir a\u011fa\u00e7 olan La Ceiba, yoldan ge\u00e7enlere g\u00f6lge ve bir vatanda\u015fl\u0131k sevgisi noktas\u0131 sunar.<\/p>\n<p>Ta\u015f\u0131ma arterleri, yolcu say\u0131s\u0131na g\u00f6re Kolombiya&#039;n\u0131n \u00fc\u00e7\u00fcnc\u00fc en yo\u011fun havaliman\u0131 olan Alfonso Bonilla Arag\u00f3n Uluslararas\u0131 Havaliman\u0131&#039;ndan, daha fazla kapasite i\u00e7in yenilenen bir otoyol olan &#034;recta a Palmira&#034;ya kadar uzan\u0131yor. Daha yak\u0131nlarda, Mart 2009&#039;da a\u00e7\u0131lan Masivo Integrado de Occidente (MIO) sistemi, mafsall\u0131 otob\u00fcsleri ve teleferik arabalar\u0131n\u0131 Silo\u00e9 gibi \u00f6zel \u015feritlerden ve engebeli b\u00f6lgelerden ge\u00e7irerek kamusal alan iyile\u015ftirmelerini transit koridorlar\u0131yla b\u00fct\u00fcnle\u015ftiriyor. Taksiler ziyaret\u00e7iler i\u00e7in g\u00fcvenilir bir se\u00e7enek olmaya devam ederken, geleneksel otob\u00fcsler daha geni\u015f bir rota yeniden d\u00fczenlenmesi bekleyen i\u015f\u00e7i s\u0131n\u0131f\u0131 banliy\u00f6lerine hizmet ediyor.<\/p>\n<p>Son y\u0131llarda Cali, \u00f6zellikle kozmetik prosed\u00fcrler olmak \u00fczere t\u0131bbi turizmle de tan\u0131nd\u0131. 2010 y\u0131l\u0131na gelindi\u011finde cerrahlar yakla\u015f\u0131k 50.000 m\u00fcdahale ger\u00e7ekle\u015ftirdi ve bunlar\u0131n 14.000&#039;i yurtd\u0131\u015f\u0131ndan hasta \u00e7ekti. San Fernando ve Ciudad Jard\u00edn semtlerindeki klinikler, nispeten makul maliyetlerle kaliteli bak\u0131m sunmalar\u0131yla uluslararas\u0131 ilgi g\u00f6rd\u00fc, ancak rehberler kapsaml\u0131 bireysel ara\u015ft\u0131rmalar\u0131 tavsiye etmeye devam ediyor.<\/p>\n<p>Nehirleri, caddeleri ve yap\u0131lar\u0131n\u0131n toplam\u0131ndan daha fazlas\u0131 olan Santiago de Cali, tepeleri ve meydanlar\u0131 aras\u0131nda hareket edenlerin haf\u0131zas\u0131nda yank\u0131lan\u0131r. \u015eehrin ritimleri - \u015fafak vakti a\u00e7\u0131lan pazarlar, da\u011f yama\u00e7lar\u0131ndaki ak\u015fam \u0131\u015f\u0131\u011f\u0131, hafta sonu havas\u0131n\u0131 dolduran salsa gruplar\u0131 - hem somut hem de ula\u015f\u0131lmas\u0131 zor bir yerden bahseder. Tarihin de\u011fi\u015fen gelgitleri aras\u0131nda insan \u00e7abas\u0131n\u0131n bir kan\u0131t\u0131 olarak varl\u0131\u011f\u0131n\u0131 s\u00fcrd\u00fcr\u00fcr, her soka\u011f\u0131n ve nehir k\u0131y\u0131s\u0131n\u0131n ge\u00e7mi\u015f y\u00fczy\u0131llar\u0131n yank\u0131lar\u0131n\u0131 ve hen\u00fcz gelmemi\u015f g\u00fcnlerin vaadini ta\u015f\u0131d\u0131\u011f\u0131 bir ortam.<\/p>\n<h2>Tarihsel Arka Plan<\/h2>\n<p>Santiago de Cali\u2014sadece Cali olarak bilinir\u2014ziyaret etti\u011finiz bir \u015fehir de\u011fildir. \u0130\u00e7inize \u00e7ekti\u011finiz bir yerdir. Turistik bir cazibe merkezi olarak de\u011fil, yo\u011fun tropikal havaya i\u015flenmi\u015f bir ritim, ter ve tarih f\u0131s\u0131lt\u0131s\u0131 olarak i\u00e7inize i\u015fler. 25 Temmuz 1536&#039;da fatih Sebasti\u00e1n de Belalc\u00e1zar taraf\u0131ndan kurulan Cali, g\u00fcneybat\u0131 Kolombiya&#039;n\u0131n atan kalbi ve Valle del Cauca&#039;n\u0131n ba\u015fkentidir. \u00dclkenin \u00fc\u00e7\u00fcnc\u00fc en kalabal\u0131k \u015fehridir ve 2023 itibar\u0131yla 2,28 milyonluk n\u00fcfusuyla kontrast ve canl\u0131l\u0131\u011f\u0131n geni\u015f bir tuvalidir.<\/p>\n<p>Ancak \u0130spanyollar gelmeden \u00e7ok \u00f6nce, bu vadi tar\u0131m ve seramikte ustala\u015fm\u0131\u015f yerli medeniyetler olan Calima ve Gorrones&#039;e ev sahipli\u011fi yap\u0131yordu ve geride \u00e7evredeki tepelerde hala hissedilen \u00fcrk\u00fct\u00fcc\u00fc bir arkeolojik iz b\u0131rak\u0131yordu. Bu insanlar topra\u011f\u0131n ritmini biliyorlard\u0131: Cauca Vadisi&#039;nin uzant\u0131s\u0131, Farallones de Cali&#039;nin vah\u015fi nefesi ve Cauca Nehri&#039;ne do\u011fru akan nehirler. Buras\u0131 s\u00f6m\u00fcrge haritalar\u0131na i\u015flenmeden \u00e7ok \u00f6nce bir ya\u015fam be\u015fi\u011fiydi.<\/p>\n<h3>K\u00f6kenler ve Fetih: Santiago de Cali&#039;nin Do\u011fu\u015fu<\/h3>\n<p>Sebasti\u00e1n de Belalc\u00e1zar geldi\u011finde, yaln\u0131zca bir \u015fehir bulmad\u0131; ona katmanl\u0131 bir sayg\u0131 duru\u015funda bulundu. &#034;Cali&#034;, Calima&#039;y\u0131 \u00e7a\u011fr\u0131\u015ft\u0131r\u0131yor, topra\u011f\u0131n yerel k\u00f6klerine bir selam. &#034;Santiago&#034;, dini gelene\u011fi imparatorluk h\u0131rs\u0131yla birle\u015ftirerek, bayram g\u00fcn\u00fc 25 Temmuz olan Aziz James&#039;i onurland\u0131r\u0131yor. Deniz seviyesinden 1.000 metre y\u00fckseklikte bulunan alan, Kolombiya&#039;n\u0131n Pasifik k\u0131y\u0131s\u0131na yak\u0131n, engebeli Bat\u0131 Cordillera&#039;n\u0131n sadece 100 km bat\u0131s\u0131nda ve y\u00fczy\u0131llard\u0131r yerel topluluklar\u0131 ayakta tutan nehir ya\u015fam hatlar\u0131n\u0131n biti\u015fi\u011finde stratejik bir dayanak noktas\u0131 sunuyordu.<\/p>\n<p>S\u00f6m\u00fcrgeci ba\u015flang\u0131c\u0131ndan itibaren Cali ayr\u0131 duruyordu - k\u0131y\u0131da de\u011fildi, And Da\u011flar\u0131&#039;nda de\u011fildi, ormanla s\u0131n\u0131rl\u0131 de\u011fildi - ama bir melezdi, bir e\u015fikti. \u0130spanyol tac\u0131 onu G\u00fcney Amerika&#039;n\u0131n daha derinlerine do\u011fru ilerlemek i\u00e7in bir karakol olarak kulland\u0131, ancak Cali ayn\u0131 zamanda sessizce evrimle\u015fti, Bogota veya Cartagena&#039;n\u0131n daha g\u00fcr\u00fclt\u00fcl\u00fc davullar\u0131ndan farkl\u0131yd\u0131. Zamanla, Afrika, \u0130spanyol ve Yerli k\u00fclt\u00fcrleri bir araya gelerek Cali&#039;nin kimli\u011fini diren\u00e7, ritim ve ham dayan\u0131kl\u0131l\u0131kla olu\u015fturdu.<\/p>\n<h3>19. Y\u00fczy\u0131l: Ba\u011f\u0131ms\u0131zl\u0131k ve Uzun Uyan\u0131\u015f<\/h3>\n<p>19. y\u00fczy\u0131l Latin Amerika&#039;da ba\u011f\u0131ms\u0131zl\u0131\u011f\u0131 bir ate\u015f gibi s\u00fcp\u00fcrd\u00fc ve Cali 1810&#039;da \u0130spanyollara kar\u015f\u0131 ayaklanmaya kat\u0131ld\u0131. Daha sonra Gran Colombia&#039;n\u0131n ve ard\u0131ndan New Granada Cumhuriyeti&#039;nin bir par\u00e7as\u0131 oldu, bunlar sonunda modern Kolombiya olacak olan\u0131n embriyonik bi\u00e7imleriydi. Cali bu on y\u0131llar boyunca nispeten m\u00fctevaz\u0131 kald\u0131 - boyutu di\u011fer Kolombiya \u015fehirlerinin yan\u0131nda c\u00fcce gibiydi - ancak halk\u0131 \u00e7oktan yurtta\u015fl\u0131k gururu ve b\u00f6lgesel kimlik tohumlar\u0131n\u0131 ekiyordu.<\/p>\n<p>Bunlar yava\u015f uyan\u0131\u015f\u0131n, atl\u0131 b\u00fcy\u00fcmenin ve Arnavut kald\u0131r\u0131ml\u0131 h\u0131rslar\u0131n oldu\u011fu y\u0131llard\u0131. \u015eehir merkezinde pazarlar t\u00fcredi, La Merced gibi kiliseler bulu\u015fma yerleri haline geldi ve daha geni\u015f ulus i\u00e7 sava\u015flar ve par\u00e7alanmayla bo\u011fu\u015furken bile yerel y\u00f6netim olgunla\u015fmaya ba\u015flad\u0131.<\/p>\n<h3>20. Y\u00fczy\u0131l\u0131n Ba\u015flar\u0131: \u00c7elik, Buhar ve Kentsel Kemikler<\/h3>\n<p>19. y\u00fczy\u0131l Cali&#039;nin f\u0131s\u0131lt\u0131s\u0131ysa, 20. y\u00fczy\u0131l\u0131n ba\u015f\u0131 onun \u00e7a\u011fr\u0131s\u0131yd\u0131. 1915&#039;te demir yolunun geli\u015fi Cali&#039;yi Kolombiya&#039;n\u0131n ana Pasifik liman\u0131 Buenaventura&#039;ya ba\u011flad\u0131. \u00c7elik raylarla \u00e7elik h\u0131rslar\u0131 geldi. Bir zamanlar uykulu olan vadi kasabas\u0131 ekonomik bir d\u00fc\u011f\u00fcme d\u00f6n\u00fc\u015ft\u00fc. \u0130\u015f\u00e7ilerle dolu \u015feker kam\u0131\u015f\u0131 tarlalar\u0131 \u00e7evredeki k\u0131rsala yay\u0131ld\u0131 ve \u015fehrin end\u00fcstriyel \u00fcss\u00fc de\u011firmenler, fabrikalar ve k\u00fc\u00e7\u00fck i\u015fletmelerle geni\u015fledi.<\/p>\n<p>Bu ayn\u0131 zamanda modern kent ya\u015fam\u0131n\u0131n ba\u015flang\u0131c\u0131yd\u0131. Sokaklar asfaltland\u0131. Okullar in\u015fa edildi. Kuzeydo\u011fudaki Yumbo, end\u00fcstriyel bir g\u00fc\u00e7 merkezi olarak ortaya \u00e7\u0131karken, bug\u00fcn Kolombiya&#039;n\u0131n \u00fc\u00e7\u00fcnc\u00fc en yo\u011fun havaliman\u0131 olan Alfonso Bonilla Arag\u00f3n Uluslararas\u0131 Havaliman\u0131 d\u00fcnyaya yeni kap\u0131lar a\u00e7t\u0131.<\/p>\n<h3>20. Y\u00fczy\u0131l\u0131n Ortalar\u0131: Her \u015eeyi De\u011fi\u015ftiren Oyunlar<\/h3>\n<p>Cali&#039;nin d\u00f6n\u00fc\u015f\u00fcm\u00fcn\u00fc anlamak i\u00e7in 1971&#039;den daha uza\u011fa bakman\u0131za gerek yok. O y\u0131l, \u015fehir Panamerikan Oyunlar\u0131&#039;na ev sahipli\u011fi yapt\u0131 ve bu hareket Cali&#039;yi k\u0131ta sahnesine f\u0131rlatt\u0131. Haz\u0131rl\u0131k olarak, Cali hala iskeletini tan\u0131mlayan altyap\u0131y\u0131 in\u015fa etti: spor kompleksleri, geni\u015f bulvarlar ve yeni bir kentsel g\u00fcven. Uzun zamand\u0131r hafife al\u0131nan Cali Nehri, kentsel yenilenmenin odak noktas\u0131 haline geldi.<\/p>\n<p>Bu d\u00f6nem hem gurur hem de insanlar\u0131 beraberinde getirdi: k\u0131rsal kesimden gelen g\u00f6\u00e7menler, di\u011fer b\u00f6lgelerden gelen hayalperestler ve Kolombiya&#039;n\u0131n \u00e7at\u0131\u015fma b\u00f6lgelerinden s\u00fcrg\u00fcnler. Ayr\u0131ca artan gerginlikler getirdi ve \u015fehrin g\u00fczelli\u011fi, yoksulluk, e\u015fitsizlik ve yolsuzluk yama\u00e7larda ve mahallelerde k\u00f6k sald\u0131k\u00e7a g\u00f6lgelendi.<\/p>\n<h3>20. Y\u00fczy\u0131l\u0131n Sonlar\u0131: \u0130ni\u015f, Meydan Okuma ve Dans<\/h3>\n<p>1980&#039;ler ve 1990&#039;lar \u00e7ok zorluydu. Cali, Kolombiya&#039;n\u0131n uyu\u015fturucu ka\u00e7ak\u00e7\u0131l\u0131\u011f\u0131, siyasi \u015fiddet ve kentsel \u00e7\u00fcr\u00fcmeyle daha geni\u015f m\u00fccadelelerinin i\u00e7ine s\u00fcr\u00fcklendi. Bir zamanlar Medell\u00edn&#039;deki muadili kadar g\u00f6steri\u015fli olmayan Cali Karteli, gizlilik ve verimlilikle faaliyet g\u00f6steriyordu. T\u00fcm mahalleler sava\u015f b\u00f6lgelerine d\u00f6n\u00fc\u015ft\u00fc ve \u015fehrin itibar\u0131 uluslararas\u0131 alanda lekelendi.<\/p>\n<p>Ancak burada dayan\u0131kl\u0131l\u0131k da do\u011fdu. Topluluk a\u011flar\u0131, kiliseler ve yerel liderler sokaklar\u0131 geri almak i\u00e7in sava\u015ft\u0131. Sanat\u00e7\u0131lar ve m\u00fczisyenler anlat\u0131y\u0131 geri ald\u0131. Ve t\u00fcm bunlar boyunca Cali dans etti - mecazi olarak de\u011fil, ger\u00e7ek anlamda. Juanchito&#039;nun gece kul\u00fcplerindeki hoparl\u00f6rlerden gelen salsa m\u00fczi\u011fi, \u015fehrin meydan okuyan kalp at\u0131\u015f\u0131 haline geldi.<\/p>\n<h3>21. Y\u00fczy\u0131l: Yenilenme, Ritim ve Sert Kenarlar<\/h3>\n<p>Son on y\u0131llarda Cali bir d\u00f6n\u00fcm noktas\u0131na geldi. \u00d6zellikle Cali Nehri Bulvar\u0131 boyunca kentsel yenileme projeleri \u015fehir manzaras\u0131n\u0131 yeniden tan\u0131mlad\u0131. Y\u0131k\u0131lan kald\u0131r\u0131mlar yaya gezinti yollar\u0131yla de\u011fi\u015ftirildi. La Tertulia gibi m\u00fczeler, El Gato del R\u00edo gibi heykeller ve ceiba a\u011fa\u00e7lar\u0131n\u0131n alt\u0131na gizlenmi\u015f kafeler daha yumu\u015fak, daha yarat\u0131c\u0131 bir Cali&#039;nin mihenk ta\u015flar\u0131 haline geldi. S\u00f6m\u00fcrge evleri ve tepe park\u0131 ile San Antonio gibi mahalleler hem yerliler hem de otantiklik arayan gezginler i\u00e7in s\u0131\u011f\u0131nak haline geldi.<\/p>\n<p>\u015eehrin kurucusu Sebasti\u00e1n de Belalc\u00e1zar&#039;a ait an\u0131t, paradoksal bir \u015fekilde vadiden uza\u011fa i\u015faret ediyor; baz\u0131lar\u0131 \u015fehrin gelece\u011finin \u00e7eli\u015fkide yatt\u0131\u011f\u0131n\u0131 hat\u0131rlat\u0131yor. Ve belki de Cali&#039;nin ruhunu, tepelerin tepesindeki 31 metrelik heykel olan Cristo Rey&#039;den daha iyi yakalayan hi\u00e7bir \u015fey yoktur; \u015fehri ihti\u015famla de\u011fil, bir t\u00fcr yorgun zarafetle izliyor.<\/p>\n<h2>Santiago de Cali: Co\u011frafya, \u0130klim ve Bir Vadinin Ruhu<\/h2>\n<p>Santiago de Cali, Kolombiya&#039;n\u0131n g\u00fcneybat\u0131s\u0131na s\u0131k\u0131\u015fm\u0131\u015f bir \u015fehirden daha fazlas\u0131d\u0131r; manzara ve ya\u015fam\u0131n birbirine kar\u0131\u015ft\u0131\u011f\u0131 bir yerdir. Cali yaln\u0131zca Cauca Vadisi&#039;nde in\u015fa edilmemi\u015ftir; t\u0131pk\u0131 bir nehrin da\u011flar\u0131n\u0131n sesi haline gelmesi gibi, buras\u0131 bir vadidir. Buradaki co\u011frafya arka planda durmaz; her nefesi, her tu\u011flay\u0131 ve her an\u0131y\u0131 \u015fekillendirir. E\u011fer biri Cali&#039;yi anlamak istiyorsa, sokaklar\u0131nda yank\u0131lanan m\u00fczik kadar ki\u015fili\u011finin bir par\u00e7as\u0131 olan arazisiyle ba\u015flamal\u0131d\u0131r.<\/p>\n<h3>Benzersiz Bir Vadi<\/h3>\n<p>Valle del Cauca departman\u0131nda bulunan Cali, deniz seviyesinden yakla\u015f\u0131k 1.000 metre (3.280 fit) y\u00fckseklikte yer al\u0131r. Kolombiya&#039;n\u0131n en verimli ve \u00f6nemli jeolojik olu\u015fumlar\u0131ndan biri olan Cauca Vadisi&#039;nin g\u00f6be\u011finde yer al\u0131r. Bir taraf\u0131nda Bat\u0131 Cordillera, di\u011fer taraf\u0131nda Orta Cordillera ile \u00e7evrili olan (geni\u015f And Da\u011flar\u0131&#039;n\u0131n iki y\u00fckselen kolu) vadi hem bir koridor hem de bir be\u015fik g\u00f6revi g\u00f6r\u00fcr.<\/p>\n<p>Vadiye ad\u0131n\u0131 veren Cauca Nehri, 250 kilometreden fazla bir s\u00fcre boyunca k\u0131vr\u0131larak akar, yava\u015f ilerlemesi \u015feker kam\u0131\u015f\u0131, kahve ve meyve tarlalar\u0131n\u0131 ve ayr\u0131ca \u00e7evresinde k\u00fcmelenmi\u015f binlerce insan ya\u015fam\u0131n\u0131 besler. Cali&#039;nin kendisi do\u011frudan nehir k\u0131y\u0131s\u0131na in\u015fa edilmemi\u015f olsa da, vadinin hafif e\u011fimi ve ekvatoral konumu, yaln\u0131zca tar\u0131m\u0131n\u0131 de\u011fil ayn\u0131 zamanda ruh halini de tan\u0131mlayan s\u00fcrekli bahar benzeri bir iklim sa\u011flamak i\u00e7in bir araya gelir.<\/p>\n<p>Cali&#039;deki havada rahatlat\u0131c\u0131 bir \u015fey var - s\u0131cak ama asla cezaland\u0131r\u0131c\u0131 de\u011fil, nemli ama katlan\u0131labilir, hayat\u0131n\u0131z boyunca bildi\u011finiz bir kucaklama gibi. Arazi \u015fehri kucakl\u0131yor ve kar\u015f\u0131l\u0131\u011f\u0131nda \u015fehir de onun ritmine uyum sa\u011fl\u0131yor.<\/p>\n<h3>Cali Nehri: Kentsel Ya\u015fam Hatt\u0131 ve Haf\u0131za Deresi<\/h3>\n<p>Cauca Nehri vadiyi beslerken, Cali Nehri \u015fehrin kendisini tan\u0131mlar. Farallones de Cali&#039;den y\u00fckselen bu ince, h\u0131zl\u0131 da\u011f nehri, Cali&#039;nin kalbinden do\u011fuya do\u011fru bir yol a\u00e7ar, mahalleleri, parklar\u0131 ve an\u0131lar\u0131 birbirine ba\u011flayan \u0131\u015f\u0131lt\u0131l\u0131 bir ipliktir. Sadece bir su kayna\u011f\u0131ndan daha fazlas\u0131 olan nehir, tarihsel olarak do\u011fal bir s\u0131n\u0131r, e\u011flence ama\u00e7l\u0131 bir ka\u00e7\u0131\u015f ve bir\u00e7ok a\u00e7\u0131dan \u015fehrin ruhu olarak i\u015flev g\u00f6rm\u00fc\u015ft\u00fcr.<\/p>\n<p>Baz\u0131 k\u0131s\u0131mlarda nehir, ko\u015fu yapan birinin ayak k\u00f6pr\u00fcs\u00fcn\u00fcn alt\u0131nda k\u00f6p\u00fcren bir dereden biraz daha fazlas\u0131d\u0131r. Di\u011ferlerinde ise, \u015fehrin yak\u0131n zamanda yeniden geli\u015ftirilen R\u00edo Cali Bulvar\u0131&#039;ndaki h\u0131rslar\u0131n\u0131 yans\u0131tan bir aynaya d\u00f6n\u00fc\u015f\u00fcr. Sanat enstalasyonlar\u0131, y\u00fcr\u00fcy\u00fc\u015f yollar\u0131 ve s\u00f6m\u00fcrge mimarisiyle \u00e7evrili bu ye\u015fil koridor, her s\u0131n\u0131ftan ve ge\u00e7mi\u015ften sakinin bir araya geldi\u011fi birka\u00e7 yerden biridir: ceibalar\u0131n alt\u0131nda, kamusal heykellerin yak\u0131n\u0131nda, sokak m\u00fczisyenlerini dinlerken veya sadece suyun ak\u0131\u015f\u0131n\u0131 izlerken.<\/p>\n<p>Ancak her zaman bu kadar pastoral de\u011fildi. Nehir bir zamanlar ihmal edilmi\u015fti, kirlilikle t\u0131kanm\u0131\u015ft\u0131, planc\u0131lar taraf\u0131ndan unutulmu\u015ftu. Ancak son on y\u0131llarda tekrar benimsendi; yaln\u0131zca altyap\u0131 olarak de\u011fil, miras olarak da.<\/p>\n<h3>Farallones: Ta\u015f Duvarlar, Bulut Resifleri<\/h3>\n<p>Bat\u0131da, neredeyse hi\u00e7 uyar\u0131da bulunmadan y\u00fckselen Farallones de Cali, Bat\u0131 Cordillera&#039;n\u0131n engebeli, nefes kesici bir uzant\u0131s\u0131d\u0131r. Baz\u0131lar\u0131 4.000 metrenin (13.000 fit) \u00fczerinde y\u00fckselen bu zirveler, her Caleno&#039;nun bildi\u011fi dramatik ufuk \u00e7izgisini olu\u015fturur. Uzak semboller de\u011fil, genellikle sisle \u00f6rt\u00fcl\u00fc, a\u015fa\u011f\u0131daki \u015fehri izleyen eski n\u00f6bet\u00e7iler gibi g\u00fcnl\u00fck varl\u0131klard\u0131r.<\/p>\n<p>Tabanlar\u0131nda bulut ormanlar\u0131, p\u00e1ramolar ve ekolojik harikalar rezervi olan Farallones de Cali Ulusal Do\u011fal Park\u0131 yer al\u0131r. Yerlilerin s\u0131caktan ve man\u015fetlerden ka\u00e7t\u0131\u011f\u0131, And Da\u011flar\u0131 g\u00f6zl\u00fckl\u00fc ay\u0131s\u0131 ve puma gibi nadir t\u00fcrlerin h\u00e2l\u00e2 dola\u015ft\u0131\u011f\u0131 ve y\u00fczlerce ku\u015f t\u00fcr\u00fcn\u00fcn a\u011fa\u00e7 tepelerini senfonilere d\u00f6n\u00fc\u015ft\u00fcrd\u00fc\u011f\u00fc yerdir. Patikalar \u015felalelerin, mum palmiyelerinin ve vadiye bakan ta\u015f \u00e7\u0131k\u0131nt\u0131lar\u0131n yan\u0131ndan ge\u00e7erek d\u00fcnyan\u0131n kendisi taraf\u0131ndan in\u015fa edilmi\u015f balkonlar gibi uzan\u0131r.<\/p>\n<p>Farallones ayr\u0131ca yerel iklimi \u015fekillendirir, nemi yakalar ve Cali&#039;nin bir taraf\u0131n\u0131 di\u011ferinden hafif\u00e7e farkl\u0131 k\u0131lan mikro iklimler yarat\u0131r. Y\u00fcr\u00fcy\u00fc\u015f\u00e7\u00fcler, bilim insanlar\u0131 ve mistikler bu da\u011flar\u0131n k\u0131vr\u0131mlar\u0131nda teselli bulurlar.<\/p>\n<h3>Do\u011fuya do\u011fru: Orta Kordillera&#039;n\u0131n Sessiz Varl\u0131\u011f\u0131<\/h3>\n<p>Central Cordillera daha do\u011fuda yer alsa ve ufuk \u00e7izgisini o kadar g\u00fc\u00e7l\u00fc bir \u015fekilde domine etmese de, Cali&#039;nin iklimini ve co\u011frafyas\u0131n\u0131 hala etkiler. Bu s\u0131rada\u011flar, Kolombiya&#039;n\u0131n t\u00fcm i\u00e7 b\u00f6lgelerini \u015fekillendiren And Da\u011flar\u0131&#039;n\u0131n uzun omurgas\u0131n\u0131n bir par\u00e7as\u0131d\u0131r. Yanlar\u0131ndan vadinin mevsimlerini d\u00fczenleyen hava sistemleri, g\u00f6\u00e7men ku\u015flar ve alize r\u00fczgarlar\u0131 iner.<\/p>\n<p>Kentsel planlama a\u00e7\u0131s\u0131ndan, Orta Cordillera&#039;n\u0131n bat\u0131daki kuzeninden daha az acil etkisi vard\u0131r, ancak varl\u0131\u011f\u0131 yine de b\u00f6lgenin dengesinin bir par\u00e7as\u0131d\u0131r. Bu iki da\u011f sistemi aras\u0131nda, hikayesi onu \u00e7evreleyen \u015fey taraf\u0131ndan \u015fekillendirilen bir \u015fehir yer al\u0131r.<\/p>\n<h3>\u0130klim: Nab\u0131zl\u0131 Ebedi Bahar<\/h3>\n<p>Cali&#039;nin iklimi tropikal savan olarak s\u0131n\u0131fland\u0131r\u0131l\u0131r, ancak bu etiket ya\u015fanm\u0131\u015f ger\u00e7ekli\u011fini pek yans\u0131tmaz. Y\u0131l boyunca ortalama s\u0131cakl\u0131klar 25\u00b0C (77\u00b0F) civar\u0131nda seyretti\u011finden, tropikal enlemlere \u00f6zg\u00fc a\u015f\u0131r\u0131l\u0131klardan ka\u00e7\u0131n\u0131r. \u00c7o\u011fu ki\u015fi i\u00e7in hava naziktir - ne \u0131s\u0131r\u0131c\u0131 ne de bask\u0131c\u0131, sadece sabit.<\/p>\n<p>Y\u0131l d\u00f6rt mevsime de\u011fil iki mevsime ayr\u0131l\u0131r: Aral\u0131k&#039;tan \u015eubat&#039;a ve Haziran&#039;dan A\u011fustos&#039;a kadar olan kurak mevsimler ve Mart&#039;tan May\u0131s&#039;a ve Eyl\u00fcl&#039;den Kas\u0131m&#039;a kadar olan ya\u011f\u0131\u015fl\u0131 mevsimler. Ya\u011fmurlar her zaman zaman\u0131nda ya\u011fmaz ve her zaman nazik olmaz. Ancak sokak kenar\u0131ndaki mango a\u011fa\u00e7lar\u0131ndan yukar\u0131daki yaylalara kadar her \u015feye hayat verirler.<\/p>\n<p>\u015eehir her y\u0131l ortalama 1.000 milimetre (39 in\u00e7) ya\u011fmur al\u0131r. Tepeleri ye\u015fil, nehirleri akan ve ruh halini canl\u0131 tutmaya yeter; bir\u00e7ok tropikal \u015fehirde oldu\u011fu gibi yeri bo\u011fmadan. S\u0131cakl\u0131k, ya\u011f\u0131\u015f, arazi; hepsi insanlar\u0131n burada hareket etti\u011fi, kar\u015f\u0131 olmad\u0131\u011f\u0131 bir ritme b\u00fcr\u00fcn\u00fcr.<\/p>\n<h3>Tar\u0131m ve Biyo\u00e7e\u015fitlilik: Verimli Bir Motor<\/h3>\n<p>Bu yumu\u015fak iklim, vadinin derin, volkanik topraklar\u0131yla birle\u015fince Cauca Vadisi, Kolombiya&#039;n\u0131n tar\u0131m motorlar\u0131ndan biri haline geliyor. Havadan bak\u0131ld\u0131\u011f\u0131nda, \u015feker kam\u0131\u015f\u0131 tarlalar\u0131, kahve tarlalar\u0131, muz s\u0131ralar\u0131 ve \u00e7i\u00e7ekli \u00e7itlerden olu\u015fan bir patchwork. Yerden bak\u0131ld\u0131\u011f\u0131nda ise yo\u011fun, nesiller boyu s\u00fcren ve sadece ziyaret edenler i\u00e7in genellikle g\u00f6r\u00fcnmez bir emek alan\u0131.<\/p>\n<p>Kent sakinleri de bu bolluktan faydalan\u0131yor. Galer\u00eda Alameda veya La Placita gibi pazarlar, 100 kilometreden daha az bir mesafede yeti\u015ftirilen, inan\u0131lmaz derecede tatl\u0131 meyvelerle dolu. Futbol topu b\u00fcy\u00fckl\u00fc\u011f\u00fcnde papayalar, alt\u0131n rengi lulolar, koyu mor \u00e7ark\u0131felek meyveleri\u2014bunlar, tatil g\u00fcnleri ge\u00e7irmeyen bir co\u011frafyan\u0131n bereketidir.<\/p>\n<p>Ve t\u00fcm bunlar\u0131 \u00e7evreleyen, kataloglanmaya direnen yo\u011fun bir biyolojik \u00e7e\u015fitlilik var. Cali, icat edilmi\u015f gibi g\u00f6r\u00fcnen renkli kelebeklere, gece ya\u011fmurunda \u015fark\u0131 s\u00f6yleyen kurba\u011falara ve sanki dikkat \u00e7ekmek i\u00e7in yar\u0131\u015f\u0131yormu\u015f gibi koyu k\u0131rm\u0131z\u0131, turuncu ve pembe renkte \u00e7i\u00e7ek a\u00e7an a\u011fa\u00e7lara ev sahipli\u011fi yap\u0131yor.<\/p>\n<h3>Kentsel B\u00fcy\u00fcme ve Kenarlar\u0131n Bask\u0131s\u0131<\/h3>\n<p>Cali, t\u00fcm \u015fehirler gibi, d\u0131\u015fa ve yukar\u0131ya do\u011fru b\u00fcy\u00fcd\u00fc. Ancak vadi taban\u0131, sonu\u00e7suz bir \u015fekilde ne kadar yay\u0131labilece\u011fini s\u0131n\u0131rlar. Yamaca yerle\u015fmi\u015f Silo\u00e9 gibi mahalleler, hem canl\u0131 topluluklard\u0131r hem de kentsel stresin vaka \u00e7al\u0131\u015fmalar\u0131d\u0131r: dik merdivenler, do\u011fa\u00e7lama evler ve zor kazan\u0131lm\u0131\u015f dayan\u0131kl\u0131l\u0131k.<\/p>\n<p>Geni\u015fleme ve koruma aras\u0131ndaki gerilim her y\u0131l daha da keskinle\u015fiyor. N\u00fcfuslar t\u0131rman\u0131rken ve altyap\u0131 zorlan\u0131rken, imar, ormans\u0131zla\u015fma ve \u015fehrin gelece\u011fini kimin \u015fekillendirece\u011fi konusunda tart\u0131\u015fmalar alevleniyor. Ancak co\u011frafya pasif bir oyuncu de\u011fil. Geri itiyor. Ta\u015fk\u0131n yataklar\u0131 sayg\u0131 talep ediyor. Yama\u00e7lar a\u015f\u0131n\u0131yor. Nehirler ta\u015f\u0131yor. Ve b\u00f6ylece \u015fehir, bazen ac\u0131 verici bir \u015fekilde, topra\u011f\u0131 dinlemeyi \u00f6\u011freniyor.<\/p>\n<h3>Co\u011frafya Kimlik Olarak<\/h3>\n<p>Santiago de Cali&#039;de co\u011frafya sadece fiziksel de\u011fil, \u015fehrin duygusal \u00e7er\u00e7evesidir. Da\u011flar fon de\u011fil; metaforlard\u0131r. Nehir sadece su de\u011fildir; hareket halindeki tarihtir. Hava n\u00f6tr de\u011fildir; koku, haf\u0131za ve g\u00fcr\u00fclt\u00fcyle doludur.<\/p>\n<p>Buradaki insanlar sizi iklimi taklit eden bir s\u0131cakl\u0131kla kar\u015f\u0131larlar; nazik ama sars\u0131lmaz. \u015eehirlerinden sadece gururla de\u011fil, k\u00f6kl\u00fc bir \u015fekilde bahsederler. &#034;Biz vadi insanlar\u0131y\u0131z,&#034; derler ve bu sadece konumla ilgili bir yorum de\u011fildir; bir d\u00fcnya g\u00f6r\u00fc\u015f\u00fcd\u00fcr. Cali&#039;de ya\u015famak, pencerenizde da\u011flarla, kula\u011f\u0131n\u0131zda nehirle ve pazarda guava kokusuyla uyanmakt\u0131r. Yerin ki\u015fili\u011fi \u015fekillendirebilece\u011fini ve baz\u0131 nadir \u015fehirlerde co\u011frafyan\u0131n kader oldu\u011funu anlamakt\u0131r.<\/p>\n<h2>Santiago de Cali&#039;nin Gezilecek Yerleri ve Simgesel Yap\u0131lar\u0131<\/h2>\n<p>Santiago de Cali, kendini yava\u015f yava\u015f g\u00f6steren bir \u015fehirdir. Daha turistik ba\u015fkentlerin a\u015f\u0131r\u0131 cilalanm\u0131\u015f parlakl\u0131\u011f\u0131yla par\u0131ldamaz; salsa temposunda yava\u015f\u00e7a ve ritmik bir \u015fekilde nefes al\u0131r. Bu vadi \u015fehrine da\u011f\u0131lm\u0131\u015f ilgi \u00e7ekici yerler ve simge yap\u0131lar, tarihi kadar katmanl\u0131d\u0131r; baz\u0131lar\u0131 y\u0131pranm\u0131\u015f, di\u011ferleri meydan okuyan, \u00e7o\u011fu co\u015fkulu. Cali&#039;de y\u00fcr\u00fcmek, y\u00fczy\u0131llar aras\u0131nda, meydanlarda, ormanl\u0131k yama\u00e7larda s\u00fcr\u00fcklenmek ve Kolombiya&#039;n\u0131n en belirgin kentsel ruhlar\u0131ndan birinin ritmik nabz\u0131na do\u011fru s\u00fcr\u00fcklenmektir.<\/p>\n<h3>Cristo Rey: \u015eehrin Uzanm\u0131\u015f Kollar\u0131<\/h3>\n<p>Belki de hi\u00e7bir an\u0131t cale\u00f1o ruhunda Cristo Rey kadar b\u00fcy\u00fck bir yer kaplamaz. Bat\u0131 da\u011flar\u0131ndaki tepenin tepesindeki t\u00fcne\u011finden, 26 metrelik \u0130sa heykeli \u015fehrin yay\u0131l\u0131m\u0131na sessizce bak\u0131yor. Burada hava daha serin, a\u015fa\u011f\u0131daki trafik uzak bir m\u0131r\u0131lt\u0131, \u015fehir manzaras\u0131 \u00e7eli\u015fkilerin bir yamas\u0131\u2014kentsel yo\u011funluk orman \u00e7atlaklar\u0131na katlanm\u0131\u015f. Rio de Janeiro&#039;nun Kurtar\u0131c\u0131 \u0130sa&#039;s\u0131yla kar\u015f\u0131la\u015ft\u0131rmalar ka\u00e7\u0131n\u0131lmaz olsa da, Cali&#039;nin Cristo&#039;su daha samimi hissettiriyor. Aileler buraya sadece manzara i\u00e7in de\u011fil, yol kenar\u0131nda sat\u0131lan empanadalar, merdivenlerin yak\u0131n\u0131nda bolero \u00e7alan yaln\u0131z bir gitaristin sesi, \u015fehir merkezindeki kaostan sadece birka\u00e7 dakika uzakta bir \u015fekilde var olan sessizlik i\u00e7in geliyor.<\/p>\n<h3>Plaza de Cayzedo: \u015eehrin Nefes Ald\u0131\u011f\u0131 Yer<\/h3>\n<p>Her Kolombiya \u015fehrinin merkezi meydan\u0131 vard\u0131r, ancak Plaza de Cayzedo t\u00f6rensel bir \u00e7ekirdekten daha fazlas\u0131d\u0131r; bir nefes alma alan\u0131d\u0131r. Metropolitan Katedrali, Belediye Saray\u0131 ve ba\u015fka bir \u00e7a\u011fdan kalma ofis binalar\u0131yla \u00e7evrili olan bu meydan, cale\u00f1os&#039;lar\u0131n y\u00fcksek palmiye a\u011fa\u00e7lar\u0131n\u0131n g\u00f6lgesinde dinlendi\u011fi, sokak sat\u0131c\u0131lar\u0131n\u0131n limonlu dilimlenmi\u015f mango satt\u0131\u011f\u0131 ve avukatlar\u0131n mahkemeye gitmek i\u00e7in aceleyle ge\u00e7ti\u011fi yerdir. Ba\u011f\u0131ms\u0131zl\u0131k kahraman\u0131 Joaqu\u00edn de Cayzedo y Cuero&#039;nun ad\u0131n\u0131 ta\u015f\u0131yan meydan, hem s\u00f6m\u00fcrge bask\u0131s\u0131n\u0131n hem de zorlu kurtulu\u015fun an\u0131s\u0131n\u0131 ta\u015f\u0131r; bunlar\u0131n hepsi bug\u00fcn yak\u0131ndaki bir bankta duran eski bir transist\u00f6rl\u00fc radyodan gelen m\u00fczikle yumu\u015fat\u0131lm\u0131\u015ft\u0131r.<\/p>\n<h3>Metropolitan Katedrali: Mermerdeki \u0130nan\u00e7<\/h3>\n<p>Aziz Petrus Havari Metropolitan Katedrali Bazilikas\u0131, Plaza&#039;ya sade bir zarafetle hakim olan neoklasik bir yap\u0131d\u0131r. 19. y\u00fczy\u0131l\u0131n sonlar\u0131nda tamamlanan ta\u015f cephesi, Cali&#039;nin kendisini hen\u00fcz \u00f6nemli bir \u015fehir olarak hayal etmeye ba\u015flad\u0131\u011f\u0131 bir zamandan bahseder. \u0130\u00e7eri ad\u0131m att\u0131\u011f\u0131n\u0131zda sessizlik hemen gelir. Avizeler, y\u0131pranm\u0131\u015f s\u0131ralar ve titrek mumlar yaln\u0131zca inanca de\u011fil, ayn\u0131 zamanda huzursuzluk pay\u0131n\u0131 g\u00f6rm\u00fc\u015f bir \u015fehirde gelene\u011fin sessiz dayan\u0131kl\u0131l\u0131\u011f\u0131na da i\u015faret eder.<\/p>\n<h3>La Merced Kompleksi: Koloninin Yank\u0131lar\u0131<\/h3>\n<p>Tarih, La Merced kompleksinde derin bir \u015fekilde ya\u015far. Burada, beyaz badanal\u0131 duvarlar\u0131 ve k\u0131rm\u0131z\u0131 kil kiremitleri y\u00fczy\u0131llard\u0131r edilen dualar\u0131 ve f\u0131s\u0131lt\u0131lar\u0131 bar\u0131nd\u0131ran Cali&#039;nin en eski kiliselerinden biri bulunmaktad\u0131r. Ekli olan La Merced Arkeoloji M\u00fczesi&#039;nde, Kolomb \u00f6ncesi eserler modern cale\u00f1o&#039;yu fetihten \u00f6nceki yerli k\u00f6klere ba\u011flamaktad\u0131r. M\u00fcze hafif\u00e7e ah\u015fap ve toz kokar ve hava, \u00e7\u00f6ken zaman\u0131n hissiyle doludur.<\/p>\n<h3>La Tertulia M\u00fczesi: F\u0131r\u00e7a Darbelerinin Diyalo\u011fu<\/h3>\n<p>Nehrin a\u015fa\u011f\u0131s\u0131nda, La Tertulia Modern Sanat M\u00fczesi, Cali&#039;nin s\u00f6m\u00fcrge kemiklerine \u00e7arp\u0131c\u0131 bir tezat olu\u015fturuyor. Beton ve cam mimarisi, Kolombiyal\u0131 ve uluslararas\u0131 sanat\u00e7\u0131lar\u0131n cesur, bazen de sars\u0131c\u0131 eserlerine ev sahipli\u011fi yap\u0131yor. Salonlar\u0131nda y\u00fcr\u00fcmek, Kolombiya&#039;n\u0131n \u00e7eli\u015fkileriyle y\u00fczle\u015fmek anlam\u0131na geliyor: \u015fiddet, ne\u015fe, miras ve modernizm, hepsi renk, doku ve k\u0131\u015fk\u0131rtmayla sunuluyor. Ayr\u0131ca, kavurucu bir \u00f6\u011fleden sonra serinlemek ve belki de bu s\u00fcre\u00e7te meydan okunmak i\u00e7in \u015fehrin en iyi yerlerinden biri.<\/p>\n<h3>Cali Hayvanat Bah\u00e7esi: \u015eehrin Vah\u015fi Kalbi<\/h3>\n<p>Z\u0131tl\u0131klar\u0131n \u015fehri Cali Hayvanat Bah\u00e7esi, nadir bir sentezdir. Yemye\u015fil, bak\u0131ml\u0131 ve \u00f6zenle d\u00fczenlenmi\u015f olan bu hayvanat bah\u00e7esi, Kolombiya&#039;n\u0131n zengin ekosistemlerine \u00f6zg\u00fc hayvanlara ev sahipli\u011fi yapar: jaguarlar, And ay\u0131lar\u0131, tukanlar ve daha fazlas\u0131. Ancak bir yarat\u0131k koleksiyonundan daha fazlas\u0131, korumac\u0131l\u0131\u011f\u0131n moda bir s\u00f6zc\u00fck de\u011fil, bir uygulama oldu\u011fu bir e\u011fitim ve rehabilitasyon alan\u0131d\u0131r. \u00c7ocuklar kocaman g\u00f6zlerle bakar ve yeti\u015fkinler de g\u00f6lgeli yollar\u0131nda genellikle hayreti yeniden ke\u015ffeder gibi g\u00f6r\u00fcn\u00fcr.<\/p>\n<h3>Andoke Kelebek \u00c7iftli\u011fi: F\u0131s\u0131ldayan Bir Cennet<\/h3>\n<p>\u015eehrin g\u00fcr\u00fclt\u00fcl\u00fc b\u00f6lgelerinden uzakta, Andoke Kelebek \u00c7iftli\u011fi var; rengin \u015fark\u0131 gibi havada u\u00e7u\u015ftu\u011fu bir s\u0131\u011f\u0131nak. Burada hayat narin hissettiriyor. Konservatuvarlar\u0131nda y\u00fcr\u00fcy\u00fcn ve d\u00fczinelerce kelebek t\u00fcr\u00fc omuzlar\u0131n\u0131z\u0131n \u00fczerinden u\u00e7up ge\u00e7iyor, kolunuza konuyor veya sadece sabah\u0131n ortas\u0131 \u0131\u015f\u0131\u011f\u0131nda parl\u0131yor. Bu sadece g\u00fczellikten daha fazlas\u0131; elle tutulur hale getirilmi\u015f biyolojik \u00e7e\u015fitlilik.<\/p>\n<h3>Cali Salsa Ba\u015fkenti ve Ulusal Salsa M\u00fczesi: Hareketin Haf\u0131za Oldu\u011fu Yer<\/h3>\n<p>Cali&#039;nin kalp at\u0131\u015f\u0131 salsad\u0131r. Geleneksel anlamda bir cazibe merkezi de\u011fildir; g\u00fcnl\u00fck hayat\u0131n fonudur. Yine de, Obrero semtindeki Cali Salsa Ba\u015fkenti ve Museo Nacional de la Salsa, bu kimli\u011fin derinli\u011fini anlamak i\u00e7in \u00f6zel alanlar olarak hizmet eder. Biri \u00f6\u011fretir; di\u011feri korur. Her ikisinde de ge\u00e7mi\u015f nesillerin yank\u0131lar\u0131n\u0131 ta\u015f\u0131yan ayak izleri, dili a\u015fan ritimler ve devrim niteli\u011finde hissettiren bir ne\u015fe bulacaks\u0131n\u0131z.<\/p>\n<h3>San Antonio: \u015eehrin \u0130\u00e7inde Bir K\u00f6y<\/h3>\n<p>San Antonio, acelecileri bile yava\u015flamaya te\u015fvik eden bir mahalledir. Arnavut kald\u0131r\u0131ml\u0131 sokaklar, art\u0131k f\u0131r\u0131nlara, el sanatlar\u0131 d\u00fckkanlar\u0131na ve \u015fiir kafelerine d\u00f6n\u00fc\u015ft\u00fcr\u00fclm\u00fc\u015f renkli s\u00f6m\u00fcrge evlerinin yan\u0131ndan ge\u00e7er. San Antonio Kilisesi, \u00f6zellikle g\u00fcn bat\u0131m\u0131nda, Farallones&#039;in arkas\u0131nda batt\u0131\u011f\u0131nda ve g\u00f6lgeler \u00e7at\u0131lar\u0131n \u00fczerinde uzun s\u00fcre uzand\u0131\u011f\u0131nda tepeden izler. \u015eairler ve m\u00fczisyenler hala burada toplan\u0131r ve y\u00fcr\u00fcy\u00fc\u015f bile yumu\u015fak bir t\u00f6rene d\u00f6n\u00fc\u015f\u00fcr.<\/p>\n<h3>Alameda Galerisi: Her Koridorda Hayat<\/h3>\n<p>Hi\u00e7bir m\u00fcze Galer\u00eda Alameda&#039;n\u0131n canl\u0131l\u0131\u011f\u0131yla boy \u00f6l\u00e7\u00fc\u015femez. Bu pazar\u2014da\u011f\u0131n\u0131k, aromatik, canl\u0131\u2014Cali&#039;nin yemek yedi\u011fi yerdir. Burada y\u0131\u011f\u0131nla maracuy\u00e1 ve guan\u00e1bana, hem t\u0131bbi hem de mistik otlarla dolu koridorlar ve taze yakalanm\u0131\u015f bal\u0131k veya arepas de choclo i\u00e7in pazarl\u0131k yapan yerliler vard\u0131r. Yo\u011fun ve ek\u015fi lulada&#039;y\u0131 deneyin veya sadece so\u011fuk bir cerveza ile oturup d\u00fcnyan\u0131n t\u00fcm renkleriyle ve filtresiz g\u00fcr\u00fclt\u00fcyle ak\u0131p gitmesini izleyin.<\/p>\n<h3>Di\u011fer \u00d6nemli Yerler<\/h3>\n<p>A\u015fa\u011f\u0131daki vadiye do\u011fru bronz bir parmak atan Sebasti\u00e1n de Belalc\u00e1zar heykeli, \u015fehrin fatih kurucusunu an\u0131yor; tart\u0131\u015fmal\u0131 ama merkezi. Bu arada Pascual Guerrero Olimpiyat Stadyumu, \u00f6zellikle Am\u00e9rica de Cali oynad\u0131\u011f\u0131nda futbol tutkusuyla titriyor. Caliwood M\u00fczesi, Kolombiya sinemas\u0131n\u0131n alt\u0131n g\u00fcnlerine \u015fefkatli bir sayg\u0131 duru\u015funda bulunuyor. Yak\u0131nlardaki Jairo Varela Meydan\u0131, m\u00fcziksel gururla nab\u0131z at\u0131yor ve Boulevard del R\u00edo, bir zamanlar ihmal edilmi\u015f bir kentsel alan\u0131, bir araya gelme, sokak performans\u0131 ve gece yar\u0131s\u0131 y\u00fcr\u00fcy\u00fc\u015fleri alan\u0131na d\u00f6n\u00fc\u015ft\u00fcrd\u00fc.<\/p>\n<p>Ayr\u0131ca, Hernando Tejada&#039;n\u0131n nehir kenar\u0131nda dinlenen bronz kedisi Gato de Tejada da var, etraf\u0131 d\u00fczinelerce k\u00fc\u00e7\u00fck kedi heykeliyle tuhaf bir \u015fekilde \u00e7evrili. Yerliler \u015fans i\u00e7in kuyru\u011funa dokunuyor ve \u00e7ocuklar sanki kendi yumu\u015fak orman spor salonlar\u0131ym\u0131\u015f gibi pen\u00e7elerinin \u00fczerinden t\u0131rman\u0131yor.<\/p>\n<p>Perspektif i\u00e7in\u2014ger\u00e7ek ve mecazi\u2014La Loma de la Cruz&#039;a t\u0131rman\u0131n veya Cali Kulesi&#039;ni ziyaret edin. \u0130lki size batan g\u00fcne\u015fin alt\u0131nda el sanatlar\u0131 ve k\u00fclt\u00fcr sunar; ikincisi ise her zaman b\u00fcy\u00fcyen, her zaman geli\u015fen bir \u015fehrin cam ve \u00e7elik panoramas\u0131d\u0131r.<\/p>\n<h3>Z\u0131tl\u0131klarla Yaz\u0131lm\u0131\u015f Bir \u015eehir<\/h3>\n<p>Santiago de Cali m\u00fckemmel de\u011fil ve \u00f6yleymi\u015f gibi de davranm\u0131yor. M\u00fccadelelerin \u015fehri\u2014s\u0131cak hava dalgalar\u0131n\u0131n ve a\u011f\u0131r i\u015flerin, trafi\u011fin ve karma\u015f\u0131k tarihlerin. Ama ayn\u0131 zamanda diren\u00e7li bir \u015fehir. \u0130nsanlar\u0131 kolayca g\u00fcl\u00fcyor. M\u00fczik sadece bir an\u0131 olsa bile dans ediyorlar. Simgesel yap\u0131lar\u0131 donmu\u015f kal\u0131nt\u0131lar de\u011fil, unutulmay\u0131 veya karikat\u00fcrize edilmeyi reddeden bir yerin ya\u015fayan vasiyetleridir.<\/p>\n<p>Meydanlar\u0131 ve pazarlar\u0131, kiliseleri ve dans salonlar\u0131, parklar\u0131 ve galerileriyle Cali, hikayesini g\u00f6steri yoluyla de\u011fil, ruhu yoluyla anlat\u0131r. Ve sonunda, en b\u00fcy\u00fck cazibesi budur.<\/p>","protected":false},"excerpt":{"rendered":"<p>Santiago de Cali, commonly referred to as\u00a0Cali, is situated in the lush\u00a0Cauca Valley\u00a0of southwestern\u00a0Colombia\u00a0and exhibits a distinctive energy and spirit.\u00a0Third biggest city in Colombia, this energetic city of more than\u00a02.5 million people\u00a0is the seat of\u00a0Valle del Cauca department.\u00a0Cali, however, enthrals guests with its seductive mix of\u00a0history,\u00a0culture, and\u00a0joie de vivre\u2014far beyond simple numbers.<\/p>","protected":false},"author":1,"featured_media":3575,"parent":7405,"menu_order":0,"comment_status":"closed","ping_status":"closed","template":"elementor_theme","meta":{"_eb_attr":"","footnotes":""},"class_list":["post-7443","page","type-page","status-publish","has-post-thumbnail"],"_links":{"self":[{"href":"https:\/\/travelshelper.com\/tr\/wp-json\/wp\/v2\/pages\/7443","targetHints":{"allow":["GET"]}}],"collection":[{"href":"https:\/\/travelshelper.com\/tr\/wp-json\/wp\/v2\/pages"}],"about":[{"href":"https:\/\/travelshelper.com\/tr\/wp-json\/wp\/v2\/types\/page"}],"author":[{"embeddable":true,"href":"https:\/\/travelshelper.com\/tr\/wp-json\/wp\/v2\/users\/1"}],"replies":[{"embeddable":true,"href":"https:\/\/travelshelper.com\/tr\/wp-json\/wp\/v2\/comments?post=7443"}],"version-history":[{"count":0,"href":"https:\/\/travelshelper.com\/tr\/wp-json\/wp\/v2\/pages\/7443\/revisions"}],"up":[{"embeddable":true,"href":"https:\/\/travelshelper.com\/tr\/wp-json\/wp\/v2\/pages\/7405"}],"wp:featuredmedia":[{"embeddable":true,"href":"https:\/\/travelshelper.com\/tr\/wp-json\/wp\/v2\/media\/3575"}],"wp:attachment":[{"href":"https:\/\/travelshelper.com\/tr\/wp-json\/wp\/v2\/media?parent=7443"}],"curies":[{"name":"wp","href":"https:\/\/api.w.org\/{rel}","templated":true}]}}