{"id":6656,"date":"2024-08-19T01:16:56","date_gmt":"2024-08-19T01:16:56","guid":{"rendered":"https:\/\/travelshelper.com\/staging\/?page_id=6656"},"modified":"2026-03-14T00:02:25","modified_gmt":"2026-03-14T00:02:25","slug":"paraguay","status":"publish","type":"page","link":"https:\/\/travelshelper.com\/tr\/destinations\/south-america\/paraguay\/","title":{"rendered":"Paraguay"},"content":{"rendered":"<p>Resmen Paraguay Cumhuriyeti olarak bilinen Paraguay, G\u00fcney Amerika k\u0131tas\u0131n\u0131n merkezi bir konumunda yer al\u0131r. Denizlere do\u011frudan eri\u015fimi olmad\u0131\u011f\u0131ndan, g\u00fcneyde ve g\u00fcneybat\u0131da Arjantin, do\u011fuda ve kuzeydo\u011fuda Brezilya ve kuzeybat\u0131da Bolivya ile \u00e7evrilidir. Paraguay Nehri&#039;nin ince bir \u015feridi \u00fclkeyi ikiye b\u00f6ler, ad\u0131n\u0131 verir ve iki ayr\u0131 b\u00f6lgeyi ay\u0131r\u0131r: engebeli ovalar ve ormanl\u0131k tepelerin bulundu\u011fu do\u011fu topraklar\u0131 ve seyrek bitki \u00f6rt\u00fcs\u00fc ve aral\u0131kl\u0131 batakl\u0131klar\u0131n bulundu\u011fu bir b\u00f6lge olan Gran Chaco&#039;nun bat\u0131 geni\u015fli\u011fi.<\/p>\n<p>N\u00fcfus 6,1 milyona yak\u0131n seyrediyor. Neredeyse 2,3 milyonu ba\u015fkent ve ticaret ve y\u00f6netimin ba\u015fl\u0131ca merkezi olan Asunci\u00f3n&#039;da ve biti\u015fik banliy\u00f6lerinde ya\u015f\u0131yor. Do\u011fu ovalar\u0131ndaki k\u0131rsal b\u00f6lgeler tar\u0131msal ritimlerini korurken, n\u00fcfusun yaln\u0131zca k\u00fc\u00e7\u00fck bir k\u0131sm\u0131 -y\u00fcz ki\u015fiden d\u00f6rd\u00fcnden az\u0131- ulusal alan\u0131n yar\u0131s\u0131ndan fazlas\u0131n\u0131 kaplayan geni\u015f Chaco topraklar\u0131nda ya\u015f\u0131yor.<\/p>\n<p>Modern Paraguay&#039;\u0131n k\u00f6kenleri 1524&#039;te \u0130spanyol ka\u015fiflerin geli\u015fine kadar uzan\u0131r. Sadece on y\u0131l sonra, 1537&#039;de, Asunci\u00f3n yerle\u015fimi fatihlerin himayesinde \u015fekillendi ve R\u00edo de la Plata Valili\u011fi&#039;nin ilk idari merkezi oldu. Sonraki y\u00fczy\u0131l boyunca, Cizvit misyonerler yerli Guaran\u00ed halk\u0131 aras\u0131nda bir misyon a\u011f\u0131 kurarak tar\u0131msal ve zanaatkar tekniklerinin yan\u0131 s\u0131ra dini e\u011fitim de verdiler. Bu yerle\u015fimler, Cizvit tarikat\u0131n\u0131n 1767&#039;de kovulmas\u0131na kadar yerli ve Avrupa ya\u015fam\u0131n\u0131n unsurlar\u0131n\u0131 birle\u015ftirdi. \u00c7evresel bir s\u00f6m\u00fcrge m\u00fclk\u00fcne indirgenen Paraguay, b\u00f6lgenin \u0130spanya&#039;dan ba\u011f\u0131ms\u0131zl\u0131\u011f\u0131n\u0131 kazand\u0131\u011f\u0131 1800&#039;lerin ba\u015flar\u0131na kadar varl\u0131\u011f\u0131n\u0131 s\u00fcrd\u00fcrd\u00fc.<\/p>\n<p>On dokuzuncu y\u00fczy\u0131l \u00e7alkant\u0131l\u0131 oldu. Yeni egemen devlet i\u00e7inde bir dizi g\u00fc\u00e7l\u00fc adam h\u00fck\u00fcmeti y\u00fckseldi. 1864&#039;ten 1870&#039;e kadar Paraguay Sava\u015f\u0131 olarak bilinen \u00e7at\u0131\u015fma Paraguay&#039;\u0131 Brezilya, Arjantin ve Uruguay ittifak\u0131na kar\u015f\u0131 kar\u015f\u0131ya getirdi. Sonu\u00e7 Paraguay&#039;\u0131 mahvetti: topraklar\u0131n\u0131n \u00fc\u00e7te birinden vazge\u00e7ti ve n\u00fcfusunun yakla\u015f\u0131k yar\u0131s\u0131n\u0131 kaybetti. \u0130yile\u015fme on y\u0131llar gerektirdi. Yirminci y\u00fczy\u0131l\u0131n ba\u015flar\u0131nda Paraguay, Bolivya&#039;ya kar\u015f\u0131 Chaco Sava\u015f\u0131 (1932-1935) s\u0131ras\u0131nda tekrar b\u00fcy\u00fck \u00e7apl\u0131 silahl\u0131 \u00e7at\u0131\u015fmaya girdi; bu kez Paraguay g\u00fc\u00e7leri tart\u0131\u015fmal\u0131 topraklardaki hakimiyetlerini s\u00fcrd\u00fcrd\u00fcler.<\/p>\n<p>Sonraki on y\u0131llardaki siyasi ya\u015fam, bir dizi askeri y\u00f6netim alt\u0131nda geli\u015fti. En uzun \u00f6m\u00fcrl\u00fc olan\u0131, Alfredo Stroessner&#039;in kontrol\u00fc ele ge\u00e7irdi\u011fi 1954&#039;te ortaya \u00e7\u0131kt\u0131. Y\u00f6netimi, 1989&#039;daki bir darbeyle sivil y\u00f6netim ve se\u00e7im rekabeti d\u00f6nemini ba\u015flatana kadar iktidarda kald\u0131.<\/p>\n<p>Paraguay&#039;\u0131n ekonomisi b\u00f6lgesel ticaret bloklar\u0131 \u00e7er\u00e7evesinde geli\u015fmi\u015ftir. G\u00fcney Ortak Pazar\u0131&#039;n\u0131n (Mercosur) kurucu \u00fcyeleri aras\u0131nda yer al\u0131r ve Birle\u015fmi\u015f Milletler, Amerikan Devletleri \u00d6rg\u00fct\u00fc, Ba\u011flant\u0131s\u0131zlar Hareketi ve Lima Grubu&#039;nda sandalyelere sahiptir. Karayla \u00e7evrili olmas\u0131na ra\u011fmen Paraguay, Paran\u00e1-Paraguay Su Yolu \u00fczerinden ihracat ve ithalat\u0131 y\u00f6nlendirerek Atlantik limanlar\u0131na ula\u015f\u0131r. Nehir ta\u015f\u0131mac\u0131l\u0131\u011f\u0131 hayati \u00f6neme sahiptir ve emtialar\u0131 kuzeye Asunci\u00f3n liman\u0131na ve oradan da uluslararas\u0131 nakliye hatlar\u0131n\u0131n yana\u015ft\u0131\u011f\u0131 Buenos Aires&#039;e ta\u015f\u0131r.<\/p>\n<p>Topo\u011frafik olarak, Do\u011fu B\u00f6lgesi (Regi\u00f3n Oriental) ormanl\u0131k y\u00fckseltilerle noktalanm\u0131\u015f \u00e7imenli ovalardan olu\u015fur. Verimli ve derin toprak, soya fasulyesi, m\u0131s\u0131r ve s\u0131\u011f\u0131r yeti\u015ftiricili\u011fini destekler. Bat\u0131da, Chaco veya Bat\u0131 B\u00f6lgesi&#039;nde, arazi \u00e7al\u0131l\u0131k ve aral\u0131kl\u0131 sulak alanlar halinde d\u00fczle\u015fir. Alt\u0131 ekolojik b\u00f6lge ulusal s\u0131n\u0131rlar i\u00e7inde kesi\u015fir: Alto Paran\u00e1 Atlantik ormanlar\u0131, nemli ve kurak Chaco, Cerrado savanlar\u0131, Pantanal ta\u015fk\u0131n yataklar\u0131 ve Paran\u00e1 ta\u015fk\u0131n otlaklar\u0131. Orman b\u00fct\u00fcnl\u00fc\u011f\u00fc k\u00fcresel \u00f6l\u00e7\u00fctlere g\u00f6re orta d\u00fczeydedir; 2019&#039;da Paraguay manzara koruma a\u00e7\u0131s\u0131ndan 172 \u00fclke aras\u0131nda yetmi\u015f d\u00f6rd\u00fcnc\u00fc s\u0131rada yer ald\u0131. Yeralt\u0131ndaki Guarani Akiferi, Amerika&#039;n\u0131n en b\u00fcy\u00fck tatl\u0131 su rezervuarlar\u0131ndan birini olu\u015fturur.<\/p>\n<p>\u0130klim iki mevsimden olu\u015fan bir \u00f6r\u00fcnt\u00fcye uymaktad\u0131r: Ekim&#039;den Mart&#039;a kadar nemli bir aral\u0131k ve Nisan&#039;dan Eyl\u00fcl&#039;e kadar daha kuru bir aral\u0131k. Da\u011f bariyerleri olmadan, k\u0131y\u0131 ve And Da\u011flar\u0131 hava k\u00fctleleri \u00fclke genelinde engelsiz bir \u015fekilde yay\u0131l\u0131r. May\u0131s&#039;tan A\u011fustos&#039;a kadar, And Da\u011flar\u0131&#039;ndan daha so\u011fuk r\u00fczgarlar iner ve k\u0131\u015f gecelerinde s\u0131cakl\u0131klar\u0131 zaman zaman donma noktas\u0131n\u0131n alt\u0131na d\u00fc\u015f\u00fcr\u00fcr. Buna kar\u015f\u0131l\u0131k, yaz aylar\u0131ndaki en y\u00fcksek s\u0131cakl\u0131klar Ocak ay\u0131nda Amazon Havzas\u0131&#039;ndan gelen kuzey ak\u0131nt\u0131lar\u0131 taraf\u0131ndan y\u00f6nlendirilen 29 santigrat dereceye yak\u0131n bir zirveye ula\u015f\u0131r. Ya\u011f\u0131\u015f bat\u0131ya do\u011fru azal\u0131r - do\u011fu ormanlar\u0131nda y\u0131ll\u0131k yakla\u015f\u0131k 170 santimetreden Chaco boyunca 50 santimetrenin alt\u0131na d\u00fc\u015fer - bu da tar\u0131msal olanaklar\u0131 ve yerle\u015fim yo\u011funlu\u011funu \u015fekillendirir.<\/p>\n<p>\u0130dari olarak Paraguay, ba\u015fkent Asunci\u00f3n b\u00f6lgesi art\u0131 on yedi departmana ayr\u0131l\u0131r. Departmanlar iki \u00fcst b\u00f6lgede k\u00fcmelenir: Chaco&#039;da \u00fc\u00e7\u00fc\u2014Boquer\u00f3n, Alto Paraguay ve Presidente Hayes\u2014ve geri kalan\u0131 ulusal ba\u015fkentin yan\u0131ndaki do\u011fu yar\u0131s\u0131nda. Yol a\u011flar\u0131 78.850 kilometreden fazla uzan\u0131r, ancak y\u00fczde on d\u00f6rd\u00fcnden daha az\u0131 asfalt y\u00fczeye sahiptir. Son altyap\u0131 giri\u015fimleri aras\u0131nda, Brezilya ve Arjantin limanlar\u0131n\u0131 kuzey Paraguay \u00fczerinden birbirine ba\u011flamak i\u00e7in bat\u0131ya do\u011fru uzanan ulus\u00f6tesi bir otoyol olan Biyoseanik Koridor yer almaktad\u0131r. Planlanan tamamlanmas\u0131n\u0131n ard\u0131ndan, seyrek ba\u011flant\u0131l\u0131 b\u00f6lgelerden yakla\u015f\u0131k 550 kilometre ge\u00e7ecek, ihracat trafi\u011fi i\u00e7in yeni rotalar vaat edecek ve i\u00e7 b\u00f6lgeleri yat\u0131r\u0131ma a\u00e7acakt\u0131r. 2022&#039;nin ba\u015flar\u0131nda Paraguay, Brezilya s\u0131n\u0131r\u0131ndaki Carmelo Peralta kasabas\u0131n\u0131 Boquer\u00f3n&#039;daki Loma Plata&#039;ya ba\u011flayan bu rotan\u0131n yakla\u015f\u0131k yar\u0131s\u0131n\u0131 hizmete a\u00e7t\u0131. Ayn\u0131 zamanda, Brezilya&#039;ya giden \u00f6nemli bir s\u0131n\u0131r kap\u0131s\u0131 olan Asunci\u00f3n ile Ciudad del Este aras\u0131ndaki 2. Yol \u00fczerindeki \u015feritlerin \u00e7iftle\u015ftirilmesi \u00e7al\u0131\u015fmalar\u0131 da ilerledi ve ayn\u0131 y\u0131l\u0131n Ocak ay\u0131na kadar yakla\u015f\u0131k 100 kilometre geni\u015fletildi.<\/p>\n<p>Hava ba\u011flant\u0131lar\u0131, G\u00fcney Amerika&#039;y\u0131 ge\u00e7en u\u00e7u\u015flar i\u00e7in s\u0131k s\u0131k arac\u0131 olan Asunci\u00f3n yak\u0131nlar\u0131ndaki Silvio Pettirossi Uluslararas\u0131 Havaalan\u0131 etraf\u0131nda d\u00f6ner. Daha do\u011fuda, Ciudad del Este&#039;deki havaalan\u0131, Brezilya ve Arjantin&#039;i birle\u015ftiren \u00fc\u00e7 s\u0131n\u0131r b\u00f6lgesinde \u00f6nemli miktarda kargoyu kanalize eder.<\/p>\n<p>Demografik olarak, Paraguay y\u00fcksek derecede etnik kar\u0131\u015f\u0131ma sahiptir. \u00c7o\u011funluk -y\u00fczde doksandan fazlas\u0131- hem Avrupal\u0131 \u200b\u200bhem de yerli atalardan, \u00e7o\u011funlukla Guaran\u00ed&#039;den gelen soylar\u0131 takip eder. Guaran\u00ed dili, \u0130spanyolca ile birlikte ortak bir dil olarak varl\u0131\u011f\u0131n\u0131 s\u00fcrd\u00fcrmektedir; on Paraguayl\u0131dan dokuzundan fazlas\u0131 Guaran\u00ed leh\u00e7elerini konu\u015fur ve Guaran\u00ed ve \u0130spanyolcan\u0131n yerel bir kar\u0131\u015f\u0131m\u0131 olan Jopara, g\u00fcnl\u00fck konu\u015fmalara n\u00fcfuz eder. Kentle\u015fme, G\u00fcney Amerika&#039;daki en d\u00fc\u015f\u00fck oranlardan biri olan yakla\u015f\u0131k y\u00fczde altm\u0131\u015f \u00fc\u00e7e ula\u015f\u0131r ve \u00e7o\u011fu sakin Asunci\u00f3n&#039;da ve \u00e7evresinde k\u00fcmelenir.<\/p>\n<p>K\u00fclt\u00fcrel ya\u015fam, Guaran\u00ed gelenekleri ve \u0130ber etkilerinin harmanlanmas\u0131n\u0131 yans\u0131t\u0131r. Ao po&#039;\u00ed ve \u00f1andut\u00ed olarak bilinen dantel gibi nak\u0131\u015f gelenekleri giyim ve ev tekstili boyunca g\u00f6r\u00fcl\u00fcr. M\u00fczik formlar\u0131, yerel arp ve gitara dayan\u0131r ve canl\u0131 polkalarda ve yirminci y\u00fczy\u0131l\u0131n ba\u015flar\u0131nda Jos\u00e9 Asunci\u00f3n Flores taraf\u0131ndan \u015fekillendirilen daha \u00f6l\u00e7\u00fcl\u00fc bir t\u00fcr olan guarania&#039;da kendini g\u00f6sterir. Halk enstr\u00fcmanlar\u0131 kasaba meydanlar\u0131nda yank\u0131lan\u0131rken radyo istasyonlar\u0131 iki dilli programlar\u0131n istikrarl\u0131 bir ak\u0131\u015f\u0131n\u0131 sa\u011flar.<\/p>\n<p>Paraguay mutfa\u011f\u0131 da bu f\u00fczyonu ifade eder. K\u00f6k bir temel g\u0131da olan manyok, ekmek ve keklerin temelini olu\u015fturur; en \u00f6nemlisi, peynir ve m\u0131s\u0131r unu ile kar\u0131\u015ft\u0131r\u0131lm\u0131\u015f halka \u015feklinde bir somun olan chipa ve toplant\u0131larda s\u0131kl\u0131kla servis edilen yo\u011fun bir m\u0131s\u0131r keki olan sopa paraguaya&#039;d\u0131r. Yemekler, g\u00fcve\u00e7lerde ve garnit\u00fcrlerde s\u00fct \u00fcr\u00fcnlerini, so\u011fanlar\u0131, dolmal\u0131k biberleri ve taze m\u0131s\u0131r\u0131 bir araya getirerek hem atalardan kalma hem de evlat edinilmi\u015f unsurlar\u0131 onurland\u0131ran bir mutfak kimli\u011fini s\u00fcrd\u00fcr\u00fcr.<\/p>\n<p>Edebiyat ve film, Jos\u00e9 Ricardo Maz\u00f3, Roque Vallejos ve Augusto Roa Bastos gibi yazarlar\u0131n yeni \u015fiirsel ve anlat\u0131sal alanlar \u00e7izmesiyle yirminci y\u00fczy\u0131l\u0131n ortalar\u0131nda ilerledi. Eserleri Nobel \u00d6d\u00fcl\u00fc alan Roa Bastos, psikolojik derinlikle i\u015faretlenmi\u015f d\u00fczyaz\u0131da Paraguay deneyimine ses verdi. \u00dclkenin sinematik \u00e7abalar\u0131 \u00f6l\u00e7ek olarak m\u00fctevaz\u0131 kalmaya devam ediyor ancak yerel hikayeleri belgelemeye y\u00f6nelik artan bir ilgiyi yans\u0131t\u0131yor.<\/p>\n<p>Evlerde, sosyal yap\u0131lar kar\u015f\u0131l\u0131kl\u0131 y\u00fck\u00fcml\u00fcl\u00fc\u011f\u00fc vurgular. Geni\u015f aile ba\u011flar\u0131 k\u0131rsal ve kentsel ortamlarda ayn\u0131 \u015fekilde \u00f6r\u00fcl\u00fcr. Bir\u00e7ok toplulukta, vaftiz ebeveynleri yar\u0131-hami rol\u00fc \u00fcstlenir, konumlar\u0131na g\u00f6re se\u00e7ilir ve gayriresmi bir destek a\u011f\u0131n\u0131n par\u00e7as\u0131 olarak vaftiz \u00e7ocuklar\u0131na rehberlik ve koruma sa\u011flamalar\u0131 beklenir.<\/p>\n<p>Uluslararas\u0131 alanda, Paraguay&#039;\u0131n insani geli\u015fim endeksi onu k\u00fcresel olarak 105. s\u0131raya yerle\u015ftirdi ve e\u011fitim, sa\u011fl\u0131k ve gelirde ilerleme oldu\u011funu g\u00f6sterdi, ancak iyile\u015ftirme i\u00e7in alan var. Sat\u0131n alma g\u00fcc\u00fc paritesine g\u00f6re \u00f6l\u00e7\u00fclen ki\u015fi ba\u015f\u0131na d\u00fc\u015fen GSY\u0130H, G\u00fcney Amerika \u00fclkeleri aras\u0131nda yedinci s\u0131rada yer ald\u0131. 2014&#039;te yap\u0131lan k\u00fcresel bir anket, Paraguay&#039;\u0131 &#034;d\u00fcnyan\u0131n en mutlu yeri&#034; olarak tan\u0131mlad\u0131 ve y\u00fcksek \u00f6z bildirimli ya\u015fam memnuniyetini toplum ba\u011flar\u0131na ve k\u00fclt\u00fcrel uyuma ba\u011flad\u0131.<\/p>\n<p>Bug\u00fcn Paraguay gelenek ve de\u011fi\u015fimin kav\u015fa\u011f\u0131nda duruyor. Yollar ve su yollar\u0131 yeni rotalar a\u00e7arken, \u015fehirler d\u0131\u015far\u0131ya do\u011fru geni\u015flerken ve ormanl\u0131k tepeler ke\u015ffedilmemi\u015f potansiyelleri f\u0131s\u0131ldarken, \u00fclke istikrarl\u0131 bir y\u00f6netim alt\u0131nda ilerliyor. Halk\u0131, nehrin ve topra\u011f\u0131n ritmine, miras al\u0131nan ve benimsenen dillere ve g\u00fcnl\u00fck ya\u015fam\u0131 sabitleyen geleneklere ba\u011fl\u0131 kal\u0131yor. Bu denize k\u0131y\u0131s\u0131 olmayan \u00fclkede, ge\u00e7mi\u015fin ve bug\u00fcn\u00fcn nabz\u0131 her kasabada, her ovada ve Paraguay&#039;a daha geni\u015f d\u00fcnyaya eri\u015fim sa\u011flayan nehrin her k\u0131vr\u0131m\u0131nda yank\u0131lan\u0131yor.<\/p>","protected":false},"excerpt":{"rendered":"<p>Paraguay, formally known as the Republic of Paraguay, is a landlocked nation located in South America, with an estimated population of around 6.1 million inhabitants. About 2.3 million people live in Asunci\u00f3n, the capital and biggest city, together with the metro area around it. Paraguay, in the center of South America, with borders to Brazil east and northeast, Argentina to the south and southwest, and Bolivia to the northwest.<\/p>","protected":false},"author":1,"featured_media":4079,"parent":24096,"menu_order":0,"comment_status":"closed","ping_status":"closed","template":"elementor_theme","meta":{"_eb_attr":"","footnotes":""},"class_list":["post-6656","page","type-page","status-publish","has-post-thumbnail"],"_links":{"self":[{"href":"https:\/\/travelshelper.com\/tr\/wp-json\/wp\/v2\/pages\/6656","targetHints":{"allow":["GET"]}}],"collection":[{"href":"https:\/\/travelshelper.com\/tr\/wp-json\/wp\/v2\/pages"}],"about":[{"href":"https:\/\/travelshelper.com\/tr\/wp-json\/wp\/v2\/types\/page"}],"author":[{"embeddable":true,"href":"https:\/\/travelshelper.com\/tr\/wp-json\/wp\/v2\/users\/1"}],"replies":[{"embeddable":true,"href":"https:\/\/travelshelper.com\/tr\/wp-json\/wp\/v2\/comments?post=6656"}],"version-history":[{"count":0,"href":"https:\/\/travelshelper.com\/tr\/wp-json\/wp\/v2\/pages\/6656\/revisions"}],"up":[{"embeddable":true,"href":"https:\/\/travelshelper.com\/tr\/wp-json\/wp\/v2\/pages\/24096"}],"wp:featuredmedia":[{"embeddable":true,"href":"https:\/\/travelshelper.com\/tr\/wp-json\/wp\/v2\/media\/4079"}],"wp:attachment":[{"href":"https:\/\/travelshelper.com\/tr\/wp-json\/wp\/v2\/media?parent=6656"}],"curies":[{"name":"wp","href":"https:\/\/api.w.org\/{rel}","templated":true}]}}