{"id":14583,"date":"2024-09-19T20:15:59","date_gmt":"2024-09-19T20:15:59","guid":{"rendered":"https:\/\/travelshelper.com\/staging\/?page_id=14583"},"modified":"2026-03-11T22:31:50","modified_gmt":"2026-03-11T22:31:50","slug":"genk","status":"publish","type":"page","link":"https:\/\/travelshelper.com\/tr\/destinations\/europe\/belgium\/genk\/","title":{"rendered":"Genk"},"content":{"rendered":"<p>Genk, Bel\u00e7ika kentsel manzaralar\u0131n\u0131n dokusunda belirgin bir yere sahiptir, karakteri y\u00fczy\u0131llarca s\u00fcren sakin k\u0131rsal ya\u015fam, ani end\u00fcstriyel \u00e7alkant\u0131lar ve son y\u0131llarda kararl\u0131 yeniden icatlarla \u015fekillenmi\u015ftir. Limburg eyaletindeki Albert Kanal\u0131 k\u0131y\u0131lar\u0131nda, Antwerp limanlar\u0131 ile Li\u00e8ge \u00e7elik fabrikalar\u0131 aras\u0131nda yer alan Genk, bug\u00fcn Flanders&#039;\u0131 \u015fekillendiren karma\u015f\u0131k g\u00fc\u00e7lere hem bir tan\u0131kl\u0131k hem de bir \u00f6vg\u00fc olarak durmaktad\u0131r: de\u011fi\u015fen s\u0131n\u0131rlar, kaynak odakl\u0131 g\u00f6\u00e7, sanatsal geli\u015fme ve ekonomik dayan\u0131kl\u0131l\u0131k.<\/p>\n<p>Makinelerin \u015fak\u0131rt\u0131s\u0131 ve kanaldaki mavnalar\u0131n h\u0131zla ilerlemesinden \u00e7ok \u00f6nce, art\u0131k Genk olarak bilinen yerle\u015fim yerinin k\u00f6keni m\u00fctevaz\u0131 b\u00fcy\u00fckl\u00fckteki bir Kelt k\u00f6y\u00fcne dayan\u0131yordu. Arkeolojik par\u00e7alar, onuncu y\u00fczy\u0131la tarihlenen erken d\u00f6nem ah\u015fap bir \u015fapele i\u015faret ediyor; bu, Hristiyanl\u0131\u011f\u0131n kademeli olarak geli\u015finin kan\u0131t\u0131. 1108&#039;de, Rohlic Manast\u0131r\u0131 topraklar\u0131n\u0131 ele ge\u00e7irdi\u011finde, yer Geneche ad\u0131yla bir manast\u0131r t\u00fcz\u00fc\u011f\u00fcnde yer al\u0131yor. Orta \u00c7a\u011f boyunca, Genk Loon Kontlu\u011fu&#039;nun y\u00f6r\u00fcngesine girdi; 1365&#039;te b\u00f6lge, g\u00fcnl\u00fck ya\u015fam\u0131n ritminde hemen hemen hi\u00e7bir de\u011fi\u015fiklik olmayan bir transfer olan Li\u00e8ge Prens-Piskoposlu\u011fu&#039;na ge\u00e7ti.<\/p>\n<p>Orta\u00e7a\u011f ve erken modern d\u00f6neminin b\u00fcy\u00fck bir b\u00f6l\u00fcm\u00fcnde Genk k\u00fc\u00e7\u00fck bir tar\u0131m toplulu\u011fu olarak kald\u0131. On dokuzuncu y\u00fczy\u0131l\u0131n \u015fafa\u011f\u0131nda, g\u00fcney Bel\u00e7ika&#039;n\u0131n daha geni\u015f b\u00f6lgesi h\u0131zl\u0131 bir end\u00fcstriyel d\u00f6n\u00fc\u015f\u00fcme ba\u015flam\u0131\u015ft\u0131 - k\u00f6m\u00fcr madenleri, demir i\u015fleri ve tekstil fabrikalar\u0131 Charleroi, Li\u00e8ge ve Mons \u00e7evresinde \u00e7o\u011fald\u0131 - ancak kumlu topraklar\u0131 ve mineral ara\u015ft\u0131rmalar\u0131n\u0131n eksikli\u011fiyle Limburg, daha eski tar\u0131m modellerine s\u0131k\u0131 s\u0131k\u0131ya ba\u011fl\u0131yd\u0131. 1900&#039;de Genk&#039;in n\u00fcfusu yakla\u015f\u0131k iki bin ki\u015fi civar\u0131ndayd\u0131, in\u015fa edilmi\u015f \u00e7evresi \u00e7iftlik evlerinin ve bir avu\u00e7 zanaatkar d\u00fckkan\u0131n\u0131n biraz \u00f6tesindeydi.<\/p>\n<p>Tam da bu sakin, m\u00fctevaz\u0131 manzara, on dokuzuncu y\u00fczy\u0131l\u0131n sonlar\u0131nda bir grup ressam ve yazar\u0131 kendine \u00e7ekmi\u015fti. Bunlar aras\u0131nda, k\u0131rsal emek ve toplumsal e\u015fitsizlik tasvirleri Genk&#039;in tarlalar\u0131ndan ve sokaklar\u0131ndan ilham alan bir yazar olan Neel Doff da vard\u0131. Baz\u0131 rivayetlere g\u00f6re, d\u00f6rt y\u00fczden fazla sanat\u00e7\u0131 a\u00e7\u0131k havada a\u00e7\u0131k hava resim gelene\u011finde \u00e7al\u0131\u015farak b\u00f6lgeden ge\u00e7mi\u015fti. Tuvalleri, fundal\u0131klarda ve hu\u015f korular\u0131nda de\u011fi\u015fen \u0131\u015f\u0131\u011f\u0131, \u00e7iftlik m\u00fc\u015ftemilatlar\u0131n\u0131n sessiz geometrisini ve su yollar\u0131n\u0131n par\u0131lt\u0131s\u0131n\u0131 yakalam\u0131\u015ft\u0131. Genk, k\u0131sa bir s\u00fcre boyunca hem tar\u0131msal bir durgun su hem de yarat\u0131c\u0131 ara\u015ft\u0131rman\u0131n merkezi olarak paralel olarak var oldu.<\/p>\n<p>Kasaban\u0131n kaderi, 1901 y\u0131l\u0131nda jeolog Andr\u00e9 Dumont&#039;un yak\u0131ndaki As k\u00f6y\u00fcnde k\u00f6m\u00fcre dair kan\u0131tlar ortaya \u00e7\u0131karmas\u0131yla geri d\u00f6n\u00fclmez bir \u015fekilde de\u011fi\u015fti. Maden aray\u0131c\u0131lar\u0131 k\u0131sa s\u00fcrede Genk&#039;in alt\u0131ndaki yataklar\u0131 izlediler ve birka\u00e7 y\u0131l i\u00e7inde \u00fc\u00e7 maden kuyusu -Zwartberg, Waterschei ve Winterslag- topra\u011f\u0131n alt\u0131na n\u00fcfuz etti. Madencilerin dedi\u011fi gibi kara alt\u0131n, dramatik bir geni\u015fleme d\u00f6nemini ba\u015flatt\u0131. Bel\u00e7ikal\u0131 i\u015f\u00e7iler b\u00fcy\u00fck say\u0131larda geldi, ard\u0131ndan \u0130talya, Yunanistan ve T\u00fcrkiye&#039;den gelen g\u00f6\u00e7menler geldi. Maden ocaklar\u0131n\u0131n etraf\u0131nda konut alanlar\u0131 t\u00fcredi ve yeni kurulan belediye altyap\u0131s\u0131 ani n\u00fcfus art\u0131\u015f\u0131na ayak uydurmaya \u00e7al\u0131\u015ft\u0131. Sonraki on y\u0131llarda Genk, Hasselt eyalet ba\u015fkenti hari\u00e7 t\u00fcm Limburg kasabalar\u0131n\u0131 geride b\u0131rakarak yirminci y\u00fczy\u0131l\u0131n ortalar\u0131nda yakla\u015f\u0131k yetmi\u015f binlik bir zirveye ula\u015ft\u0131.<\/p>\n<p>K\u00f6m\u00fcr, toplulu\u011fa hem refah hem de k\u0131r\u0131lganl\u0131k kazand\u0131rd\u0131. Madenler g\u00fcvenilir istihdam sa\u011flad\u0131 ancak yerel ekonomiyi enerji piyasalar\u0131ndaki k\u00fcresel dalgalanmalara ba\u011flad\u0131. \u0130kinci D\u00fcnya Sava\u015f\u0131&#039;ndan hemen sonraki y\u0131llarda, geli\u015fmi\u015f mekanizasyon ve i\u00e7 talep operasyonlar\u0131 s\u00fcrd\u00fcrd\u00fc. Yine de 1966&#039;da bir zamanlar hareketli bir faaliyet kovan\u0131 olan Zwartberg k\u00f6m\u00fcr oca\u011f\u0131 kuyular\u0131n\u0131 kapatt\u0131. Winterslag 1986&#039;ya ve Waterschei 1987&#039;ye kadar varl\u0131\u011f\u0131n\u0131 s\u00fcrd\u00fcrd\u00fc; bir nesil i\u00e7inde Genk&#039;in refah\u0131n\u0131n temelleri sessizli\u011fe g\u00f6m\u00fcld\u00fc.<\/p>\n<p>Ocaklar\u0131n kapat\u0131lmas\u0131 zorlu bir meydan okumayd\u0131. Derin \u00e7\u0131karmayla bir zamanlar sa\u011flanan on binlerce i\u015f nas\u0131l de\u011fi\u015ftirilecekti? Yerel liderler yeni sanayi yollar\u0131na y\u00f6neldi. Albert Kanal\u0131 koridoru hafif imalat ve lojistik firmalar\u0131n\u0131 cezbetti; otoyollar Genk&#039;i Antwerp ve Li\u00e8ge&#039;e daha etkili bir \u015fekilde ba\u011flad\u0131. Hem iyimserli\u011fin hem de s\u00fcreklili\u011fin bir sembol\u00fc olarak Ford Motor Company, bir noktada yakla\u015f\u0131k be\u015f bin \u00e7al\u0131\u015fan\u0131yla \u015fehrin en b\u00fcy\u00fck i\u015fvereni olan Genk G\u00f6vde ve Montaj fabrikas\u0131n\u0131 a\u00e7t\u0131. Yakla\u015f\u0131k otuz y\u0131l boyunca fabrika Mondeo sedanlar\u0131, Galaxy ve S-MAX modellerini monte ederek Genk&#039;i k\u00fcresel otomotiv tedarik zincirine entegre etti. 2014&#039;teki nihai kapan\u0131\u015f\u0131 end\u00fcstriyel bir b\u00f6l\u00fcm\u00fcn sonunu i\u015faret etti, ancak ayn\u0131 zamanda yeni ekonomik dayanak noktalar\u0131 aray\u0131\u015f\u0131na aciliyet kazand\u0131rd\u0131.<\/p>\n<p>Belki de yarat\u0131c\u0131 yeniden kullan\u0131m\u0131n en \u00e7arp\u0131c\u0131 \u00f6rne\u011fi, eski Winterslag k\u00f6m\u00fcr oca\u011f\u0131 sahas\u0131n\u0131n C-Mine&#039;a d\u00f6n\u00fc\u015ft\u00fcr\u00fclmesinde yatmaktad\u0131r. 2000 y\u0131l\u0131nda \u015fehir, terk edilmi\u015f binalar\u0131 Limburgse Reconversie Maatschappij&#039;den sat\u0131n ald\u0131. Mimari restorasyon, k\u00fclt\u00fcrel ve bilgi tabanl\u0131 giri\u015fimleri beslemeyi ama\u00e7layan yarat\u0131c\u0131 bir merkeze \u015fekil verdi. 2005 y\u0131l\u0131na gelindi\u011finde C-Mine ad\u0131, mesleki e\u011fitim, yarat\u0131c\u0131 ekonomi, e\u011flence deneyimleri ve sanatsal \u00fcretim olmak \u00fczere d\u00f6rt i\u00e7 i\u00e7e ge\u00e7mi\u015f i\u015fleve adanm\u0131\u015f bir kompleksi tan\u0131ml\u0131yordu. Bir \u00fcniversite koleji, bir zamanlar madencilik ekipman\u0131na d\u00f6n\u00fc\u015fmek i\u00e7in kullan\u0131lan s\u0131n\u0131flar\u0131 ald\u0131; yeni kurulan \u015firketler ve tasar\u0131m st\u00fcdyolar\u0131, eski at\u00f6lyelerde yuva buldu; bir k\u00fclt\u00fcr merkezi ve sinema, Flaman B\u00f6lgesi&#039;nin d\u00f6rt bir yan\u0131ndan ziyaret\u00e7i \u00e7ekiyor. Bug\u00fcn C-Mine, oyunlardan ve uygulamalardan sahne sanatlar\u0131na ve end\u00fcstriyel tasar\u0131ma kadar \u00e7e\u015fitli alanlarda \u00fc\u00e7 y\u00fczden fazla profesyoneli istihdam eden k\u0131rktan fazla \u015firket ve kurulu\u015fa ev sahipli\u011fi yap\u0131yor.<\/p>\n<p>Genk&#039;in kimli\u011fi art\u0131k k\u0131smen bu yak\u0131nla\u015fmalara dayan\u0131yor: ge\u00e7mi\u015f ve gelecek, end\u00fcstri ve sanat, yerel ya\u015fam ve uluslararas\u0131 de\u011fi\u015fim. 2006&#039;da Flamanlar\u0131n ilk ulusal park\u0131 olarak a\u00e7\u0131lan Hoge Kempen Milli Park\u0131&#039;na a\u00e7\u0131lan kap\u0131lardan biri olarak rol\u00fc, madencilikle yaralanm\u0131\u015f do\u011fal manzaralar\u0131 koruma ve yenileme taahh\u00fcd\u00fcn\u00fc vurgular. Ziyaret\u00e7iler fundal\u0131k ve \u00e7am korular\u0131 boyunca patikalar\u0131 takip eder veya topra\u011f\u0131 yava\u015f\u00e7a geri kazanan bir ye\u015fillik yamal\u0131 boh\u00e7as\u0131n\u0131 incelemek i\u00e7in terril olarak bilinen eski \u00e7\u00f6p y\u0131\u011f\u0131n\u0131na t\u0131rman\u0131r. \u015eehir s\u0131n\u0131rlar\u0131 i\u00e7inde Bokrijk Malikanesi mirasa ba\u015fka bir bak\u0131\u015f a\u00e7\u0131s\u0131 sunuyor: Flanders&#039;\u0131n d\u00f6rt bir yan\u0131ndan ta\u015f\u0131nan otantik \u00e7iftlik evlerinin, dokumac\u0131 kul\u00fcbelerinin ve yel de\u011firmenlerinin on yedinci ila on dokuzuncu y\u00fczy\u0131llardaki k\u0131rsal ya\u015fam\u0131 canland\u0131rd\u0131\u011f\u0131 bir a\u00e7\u0131k hava m\u00fczesi. Sezonda, kost\u00fcml\u00fc terc\u00fcmanlar ge\u00e7mi\u015f gelenekleri ve el sanatlar\u0131n\u0131 canland\u0131rarak misafirleri demircilik, dantel yap\u0131m\u0131 ve ekmek pi\u015firme gibi g\u00fcnl\u00fck rutinlerde y\u00f6nlendiriyor.<\/p>\n<p>Yine de Genk k\u00fclt\u00fcrel tarihinin daha mahrem izlerini koruyor. Emile Van Doren M\u00fczesi, burada varl\u0131klar\u0131 1840 ile 1940 y\u0131llar\u0131 aras\u0131nda k\u00f6pr\u00fc kuran manzara ressamlar\u0131 ku\u015fa\u011f\u0131n\u0131 an\u0131yor. \u015eehrin eski mahallelerinde k\u00fc\u00e7\u00fck galeriler ve st\u00fcdyolar yer al\u0131yor ve kamusal sanat enstalasyonlar\u0131 madencilik miras\u0131na g\u00f6nderme yap\u0131yor: an\u0131tsal bir ba\u015f iskeleti bir d\u00f6n\u00fcm noktas\u0131 olarak dururken, c\u00fcruf y\u0131\u011f\u0131n\u0131 patikalar\u0131 yerel ve uluslararas\u0131 sanat\u00e7\u0131lar taraf\u0131ndan yap\u0131lm\u0131\u015f sanatsal heykellere \u00e7\u0131k\u0131yor. G\u00fcne\u015f Saati Park\u0131 bile sadece zamansal bir meraktan fazlas\u0131n\u0131 sunuyor; ta\u015f ve metal gnomonlar\u0131 sadece g\u00fcnlerin de\u011fil, nesillerin d\u00f6ng\u00fclerine, g\u00fcne\u015fin yay\u0131 gibi y\u00fckselen ve geri \u00e7ekilen insan \u00e7abas\u0131na g\u00f6nderme yap\u0131yor.<\/p>\n<p>K\u00fclt\u00fcrel giri\u015fimlerin yan\u0131 s\u0131ra Genk&#039;in ticari hayat\u0131 da g\u00fc\u00e7l\u00fc kalmaya devam ediyor. Albert Kanal\u0131 boyunca uzanan sanayi b\u00f6lgesi k\u0131rk be\u015f binden fazla ki\u015fiye i\u015f sa\u011fl\u0131yor ve \u015fehri, Antwerp ve Gent&#039;ten sonra Flaman B\u00f6lgesi&#039;ndeki \u00fc\u00e7\u00fcnc\u00fc en \u00f6nemli istihdam merkezi haline getiriyor. Lojistik firmalar\u0131 mallar\u0131 su, kara ve demir yoluyla da\u011f\u0131t\u0131yor; \u00fcreticiler otomotiv, g\u0131da i\u015fleme ve kimya sekt\u00f6rleri i\u00e7in bile\u015fenler \u00fcretiyor. Kuzeydo\u011fudaki k\u00fc\u00e7\u00fck bir genel havac\u0131l\u0131k havaalan\u0131 \u00f6zel u\u00e7u\u015flar\u0131 ve e\u011fitimi kolayla\u015ft\u0131r\u0131yor; Hasselt&#039;e giden demir yolu ba\u011flant\u0131s\u0131 yolculara ve gezginlere s\u0131k s\u0131k hizmet sunuyor.<\/p>\n<p>Sportif ba\u015far\u0131lar Genk&#039;in ulusal profiline katk\u0131da bulunmu\u015ftur. 1996&#039;da birinci lige y\u00fckselen futbol kul\u00fcb\u00fc KRC Genk, Bel\u00e7ika&#039;n\u0131n elitleri aras\u0131nda yerini h\u0131zla ald\u0131, 1999, 2002, 2011 ve 2019&#039;da lig \u015fampiyonlu\u011fu kazand\u0131 ve 1998 ile 2021 aras\u0131nda be\u015f kez Bel\u00e7ika Kupas\u0131&#039;n\u0131 kald\u0131rd\u0131. Kul\u00fcb\u00fcn ana sahas\u0131 Luminus Arena, yirmi be\u015f bin seyirciye ev sahipli\u011fi yap\u0131yor ve spor d\u00fcnyas\u0131n\u0131n \u00f6tesinde konserlere ve etkinliklere ev sahipli\u011fi yap\u0131yor. Avrupa kampanyalar\u0131 Genk&#039;in itibar\u0131n\u0131 daha da parlatt\u0131: 2016-2017 UEFA Avrupa Ligi&#039;nde tak\u0131m \u00e7eyrek finale ula\u015ft\u0131 ve yerel rakip KAA Gent&#039;e kar\u015f\u0131 belirleyici bir 5-2 galibiyet elde etti. Motor sporlar\u0131 tutkunlar\u0131 da D\u00fcnya \u015eampiyonas\u0131&#039;na bir\u00e7ok kez ev sahipli\u011fi yapan CIK-FIA sertifikal\u0131 bir pist olan Karting Genk&#039;te bir mekan buluyor.<\/p>\n<p>\u015eehrin sosyal yap\u0131s\u0131, emek g\u00f6\u00e7\u00fc tarihini yans\u0131t\u0131r. Sakinlerin yakla\u015f\u0131k d\u00f6rtte biri yabanc\u0131 k\u00f6kenlidir ve \u0130talya, T\u00fcrkiye ve Yunanistan&#039;dan gelen \u00f6nemli topluluklarla birlikte yakla\u015f\u0131k seksen k\u00fcsur milliyeti temsil eder. \u00d6zellikle T\u00fcrk n\u00fcfusu, yerel say\u0131lara g\u00f6re Bel\u00e7ika&#039;daki en b\u00fcy\u00fck n\u00fcfuslardan biridir. Bu \u00e7e\u015fitlilik, entegrasyon i\u00e7in s\u00fcrekli \u00e7abalar gerektirirken, ayn\u0131 zamanda Genk&#039;in k\u00fclt\u00fcrel ya\u015fam\u0131n\u0131 da zenginle\u015ftirir: etnik restoranlar, b\u00f6lgesel m\u00fczik ve dans festivalleri ve dil ve miras koruma dernekleri kentsel ortam\u0131 canland\u0131r\u0131r.<\/p>\n<p>Genk&#039;in y\u0131ll\u0131k etkinlik takvimi gelenek ve yenili\u011fi dengeler. Liturjik takvime ba\u011fl\u0131 karnaval sezonu, K\u00fcl \u00c7ar\u015fambas\u0131 civar\u0131nda renkli alaylar ve maskeli balolarla ba\u015flar. \u0130lkbaharda \u015fehir, havai fi\u015feklerle doru\u011fa ula\u015fan \u00e7i\u00e7ek alay\u0131yla May\u0131s Krali\u00e7esi&#039;ni onurland\u0131r\u0131r; bu g\u00f6steri Limburg&#039;un d\u00f6rt bir yan\u0131ndan ziyaret\u00e7ileri \u00e7eker. Sonbahar\u0131n sonlar\u0131nda bir zamanlar cazdaki yeni ak\u0131mlar\u0131n bir araya geldi\u011fi Motives Festivali vard\u0131; bu festival sona ermi\u015f olsa da Genk, kubbenin alt\u0131ndaki konserlerin m\u00fczi\u011fi s\u00fcr\u00fckleyici projeksiyonla birle\u015ftirdi\u011fi C-Mine ve Europlanetarium&#039;da m\u00fczik ak\u015famlar\u0131na ev sahipli\u011fi yapmaya devam ediyor. Genk, 2012&#039;de Avrupa \u00c7a\u011fda\u015f Sanat Bienali Manifesta&#039;n\u0131n ev sahipli\u011fini payla\u015ft\u0131 ve Venedik ve Kassel gibi uluslararas\u0131 platformlarla uyum sa\u011flayarak y\u00fcksek profilli k\u00fclt\u00fcrel de\u011fi\u015fim i\u00e7in bir sahne olma kapasitesini g\u00f6sterdi.<\/p>\n<p>Sanayinin a\u011f\u0131r eline ra\u011fmen, Genk bug\u00fcn kimli\u011fini \u00e7elik ve z\u0131mba, tarihi haf\u0131za ve gelecek olas\u0131l\u0131\u011f\u0131 aras\u0131nda dengeliyor. De Groene Stad veya Ye\u015fil \u015eehir lakapl\u0131 olan \u015fehir, belediye s\u0131n\u0131rlar\u0131 i\u00e7inde ormanl\u0131k alanlar ve \u00e7ay\u0131r ceplerini koruyor. \u015eehir merkezine yak\u0131n sulak alanlar ve koruluklardan olu\u015fan bir mozaik olan De Maten do\u011fa rezervi, hem yaban hayat\u0131 i\u00e7in bir s\u0131\u011f\u0131nak hem de sakinler i\u00e7in bir dinlenme cenneti olarak hizmet veriyor. Europlanetarium&#039;un yan\u0131ndaki e\u011flence park\u0131 Kattevennen, a\u00e7\u0131k alanlar\u0131 aras\u0131nda patikalar, etkile\u015fimli sergiler ve oyun alanlar\u0131 sunuyor. Eski maden sahalar\u0131 ve kanal boyunca uzanan bir bisiklet yolu a\u011f\u0131, hem do\u011fay\u0131 hem de miras\u0131 ke\u015ffetmeye davet ediyor.<\/p>\n<p>Genk geli\u015fmeye devam ederken, Limburg&#039;un ge\u00e7mi\u015finin karma\u015f\u0131k anlat\u0131lar\u0131na ba\u011fl\u0131 kalmaya devam ediyor. Kelt k\u00f6kleri, orta\u00e7a\u011f ba\u011flant\u0131lar\u0131 ve tar\u0131m gelenekleri, k\u00f6m\u00fcrle \u00e7al\u0131\u015fan mekanizasyonun k\u00fckremesiyle geride b\u0131rak\u0131lan on dokuzuncu y\u00fczy\u0131l\u0131n sanatsal ara oyununa zemin haz\u0131rlad\u0131. Ocaklar\u0131n kapanmas\u0131 ve yarat\u0131c\u0131 bir ekonominin geli\u015fiyle i\u015faretlenen sanayi sonras\u0131 d\u00f6n\u00fc\u015f, tarihini silmeden kasaban\u0131n beklentilerini yeniden tan\u0131mlad\u0131. Sokaklar\u0131nda ve meydanlar\u0131nda, restore edilmi\u015f bir ba\u015f \u00e7er\u00e7evesinin k\u0131vr\u0131m\u0131nda ve y\u00fczy\u0131llard\u0131r var olan bir kilisenin kulesinde, \u015fehrin haf\u0131za katmanlar\u0131 g\u00f6r\u00fcn\u00fcr durumda. Yine de Genk&#039;in hikayesi, d\u00fczinelerce dil konu\u015fan, fabrikalarda, st\u00fcdyolarda ve ofislerde \u00e7al\u0131\u015fan yakla\u015f\u0131k altm\u0131\u015f be\u015f bin sakininin g\u00fcnl\u00fck ya\u015famlar\u0131nda en eksiksiz ifadesini buluyor; toprak, su, emek ve sanat\u0131n birle\u015fti\u011fi yerde hala ortaya \u00e7\u0131kan bir anlat\u0131.<\/p>","protected":false},"excerpt":{"rendered":"<p>Bel\u00e7ika&#039;n\u0131n Limburg eyaletindeki Genk, sanayile\u015fmenin ve k\u00fclt\u00fcrel \u00e7e\u015fitlili\u011fin etkilerini en iyi \u015fekilde g\u00f6stermektedir. Yakla\u015f\u0131k 65.000 ki\u015filik bir n\u00fcfusa sahip olan bu belediye, k\u00fc\u00e7\u00fck bir k\u00f6yden \u00f6nemli bir Flanders sanayi merkezine d\u00f6n\u00fc\u015fm\u00fc\u015ft\u00fcr. Antwerp ve Li\u00e8ge aras\u0131ndaki Albert Kanal\u0131 boyunca stratejik olarak bulunan Genk, Hasselt eyalet ba\u015fkentinin yak\u0131n\u0131nda Bel\u00e7ika&#039;n\u0131n ekonomik sisteminde \u00f6nemli bir merkez haline gelmi\u015ftir.<\/p>","protected":false},"author":1,"featured_media":3338,"parent":14562,"menu_order":0,"comment_status":"closed","ping_status":"closed","template":"elementor_theme","meta":{"_eb_attr":"","footnotes":""},"class_list":["post-14583","page","type-page","status-publish","has-post-thumbnail"],"_links":{"self":[{"href":"https:\/\/travelshelper.com\/tr\/wp-json\/wp\/v2\/pages\/14583","targetHints":{"allow":["GET"]}}],"collection":[{"href":"https:\/\/travelshelper.com\/tr\/wp-json\/wp\/v2\/pages"}],"about":[{"href":"https:\/\/travelshelper.com\/tr\/wp-json\/wp\/v2\/types\/page"}],"author":[{"embeddable":true,"href":"https:\/\/travelshelper.com\/tr\/wp-json\/wp\/v2\/users\/1"}],"replies":[{"embeddable":true,"href":"https:\/\/travelshelper.com\/tr\/wp-json\/wp\/v2\/comments?post=14583"}],"version-history":[{"count":0,"href":"https:\/\/travelshelper.com\/tr\/wp-json\/wp\/v2\/pages\/14583\/revisions"}],"up":[{"embeddable":true,"href":"https:\/\/travelshelper.com\/tr\/wp-json\/wp\/v2\/pages\/14562"}],"wp:featuredmedia":[{"embeddable":true,"href":"https:\/\/travelshelper.com\/tr\/wp-json\/wp\/v2\/media\/3338"}],"wp:attachment":[{"href":"https:\/\/travelshelper.com\/tr\/wp-json\/wp\/v2\/media?parent=14583"}],"curies":[{"name":"wp","href":"https:\/\/api.w.org\/{rel}","templated":true}]}}