{"id":12464,"date":"2024-09-16T01:26:46","date_gmt":"2024-09-16T01:26:46","guid":{"rendered":"https:\/\/travelshelper.com\/staging\/?page_id=12464"},"modified":"2026-03-12T18:30:03","modified_gmt":"2026-03-12T18:30:03","slug":"bar","status":"publish","type":"page","link":"https:\/\/travelshelper.com\/tr\/destinations\/europe\/montenegro\/bar\/","title":{"rendered":"Bar"},"content":{"rendered":"<p>Bar, Karada\u011f&#039;\u0131n ba\u015fl\u0131ca deniz kap\u0131s\u0131, 598 kilometrekarelik bir k\u0131y\u0131 \u015feridi ve hinterland \u00fczerinde yer alan 15.868 ki\u015filik bir kasaba ve Adriyatik&#039;ten Skadar G\u00f6l\u00fc k\u0131y\u0131lar\u0131na kadar uzanan 85 yerle\u015fim yerinde ya\u015fayan 46.171 n\u00fcfuslu bir belediyenin merkezi olarak durmaktad\u0131r. \u00dclkenin ba\u015fkenti Podgorica&#039;n\u0131n altm\u0131\u015f kilometre g\u00fcneybat\u0131s\u0131nda ve \u0130talya&#039;n\u0131n Bari \u015fehrinin tam kar\u015f\u0131s\u0131nda bulunan Bar, Akdeniz&#039;in ritimlerinin Balkanlar&#039;\u0131n i\u00e7 kesimlerindeki nab\u0131zla kar\u0131\u015ft\u0131\u011f\u0131 bir s\u0131n\u0131r noktas\u0131nda yer almaktad\u0131r.<\/p>\n<p>Antik k\u00f6kenleri olan Antibarium&#039;dan -Romal\u0131 denizcilerin dilinde &#034;Bari&#039;nin kar\u015f\u0131s\u0131nda&#034;- itibaren, kasaba imparatorluk, inan\u00e7 ve deniz ticareti d\u00f6nemlerine tan\u0131kl\u0131k etmi\u015ftir. Bug\u00fcn bir m\u00fcze par\u00e7as\u0131 olarak de\u011fil, ekonomisi derin su liman\u0131na dayanan, in\u015fa edilmi\u015f yap\u0131s\u0131 Venedik, Osmanl\u0131 ve Slav egemenli\u011finin izlerini ve zaferlerini ta\u015f\u0131yan ve manzaralar\u0131 \u00e7ak\u0131ll\u0131 k\u0131y\u0131lardan me\u015fe hal\u0131l\u0131 s\u0131rtlara kadar uzanan canl\u0131 bir topluluk olarak varl\u0131\u011f\u0131n\u0131 s\u00fcrd\u00fcrmektedir. Bar&#039;da co\u011frafya ve tarih, hem temel hem de anla\u015f\u0131lmaz bir \u015fekilde i\u00e7 i\u00e7e ge\u00e7erek merak kadar d\u00fc\u015f\u00fcnceye de davet eder.<\/p>\n<p>Bar&#039;\u0131n topografyas\u0131 \u00fc\u00e7 e\u015fmerkezli b\u00f6lgede ortaya \u00e7\u0131kar. Bat\u0131da, Adriyatik soluk akuamarin bantlar\u0131nda ortaya \u00e7\u0131kar, gelgitleri limanlar, zeytinlikler ve ara s\u0131ra surlarla \u00e7evrili bir k\u0131y\u0131ya vurur. Do\u011fuda, arazi Rumija ve Sutorman s\u0131rtlar\u0131na do\u011fru yava\u015f\u00e7a t\u0131rman\u0131r, yama\u00e7lar\u0131 maki ve me\u015fe ormanlar\u0131yla \u00f6rt\u00fcl\u00fcd\u00fcr, ard\u0131ndan G\u00fcney Avrupa&#039;n\u0131n en b\u00fcy\u00fck g\u00f6l\u00fc olan Skadar G\u00f6l\u00fc&#039;n\u00fcn u\u00e7suz bucaks\u0131z geni\u015fli\u011fine yol verir. Deniz ve g\u00f6l aras\u0131nda, y\u00fczy\u0131llard\u0131r g\u00fcne\u015fle y\u0131kanm\u0131\u015f iklimin besledi\u011fi subtropikal tar\u0131m\u0131n kan\u0131t\u0131 olan narenciye bah\u00e7eleri, \u00fcz\u00fcm ba\u011flar\u0131 ve nar tarlalar\u0131ndan olu\u015fan bir patchwork uzan\u0131r.<\/p>\n<p>Bar&#039;\u0131n iklimi iki belirgin Akdeniz rejiminin izlerini ta\u015f\u0131r. K\u0131\u015flar \u0131l\u0131man ve s\u00fcrekli \u0131slak kal\u0131r, Ocak ortalamalar\u0131 g\u00fcnd\u00fczleri 12,3 \u00b0C&#039;de seyrederken geceleri 4,3 \u00b0C&#039;ye d\u00fc\u015fer ve kar ya\u011f\u0131\u015f\u0131 sadece nadir, \u00f6l\u00e7\u00fcl\u00fc s\u00fcr\u00fcklenmeler halinde gelir \ufe58 en \u00f6nemlisi Ocak 2000&#039;deki dokuz santimetredir. Yazlar uzun ve ayd\u0131nl\u0131kt\u0131r, Temmuz&#039;daki en y\u00fcksek s\u0131cakl\u0131klar 27 \u00b0C ila 28 \u00b0C ve gece en d\u00fc\u015f\u00fck s\u0131cakl\u0131klar 18 \u00b0C&#039;dir ve k\u0131sa, \u0131l\u0131man ya\u011fmurlarla noktalan\u0131r. Y\u0131l boyunca, kasaba 2.500 saatten fazla g\u00fcne\u015f \u0131\u015f\u0131\u011f\u0131n\u0131n tad\u0131n\u0131 \u00e7\u0131kar\u0131r, ta\u015f duvarlar\u0131n\u0131 ve kiremitli \u00e7at\u0131lar\u0131n\u0131 s\u00fcrekli de\u011fi\u015fen \u0131\u015f\u0131k ve g\u00f6lgeyle boyar.<\/p>\n<p>Yine de b\u00f6lgenin katmanl\u0131 tarihi en belirgin \u015fekilde kendini Rumija Da\u011f\u0131&#039;n\u0131n eteklerinde, d\u00f6rt kilometre i\u00e7erideki Eski Bar&#039;\u0131n sessiz kal\u0131nt\u0131lar\u0131nda g\u00f6sterir. Burada, bir zamanlar bir orta\u00e7a\u011f kalesini koruyan kap\u0131lar\u0131n \u00f6tesinde, kiliselerin, camilerin ve su kemerlerinin y\u0131k\u0131nt\u0131 kal\u0131nt\u0131lar\u0131 yer al\u0131r. Onuncu y\u00fczy\u0131ldan kalma bir kap\u0131, on birinci y\u00fczy\u0131lda kurulan St. George Katedrali&#039;nin kal\u0131nt\u0131lar\u0131n\u0131n \u00fczerinde, St. Catherine Kilisesi&#039;nin ve 1662&#039;de in\u015fa edilen Omerba\u0161i\u0107 camisinin par\u00e7alar\u0131n\u0131n yan\u0131nda n\u00f6bet tutar. Bunlar\u0131n aras\u0131nda, 1979 depreminden sonra yeniden in\u015fa edilen bir Osmanl\u0131 su kemerinin kal\u0131nt\u0131 kemerleri ve 17. y\u00fczy\u0131l vaizi Dervi\u015f Hasan&#039;\u0131n mezar\u0131 da\u011f\u0131lm\u0131\u015f haldedir. K\u0131r\u0131lm\u0131\u015f ve y\u0131pranm\u0131\u015f bu ta\u015flar, bir zamanlar Slav prensleri, Venedik d\u00fckalar\u0131 ve Osmanl\u0131 pa\u015falar\u0131 aras\u0131nda el de\u011fi\u015ftiren bir kasabaya sessiz bir tan\u0131kl\u0131k eder.<\/p>\n<p>Modern liman\u0131 \u00e7evreleyen il\u00e7elerde, Bar&#039;\u0131n anlat\u0131s\u0131 geleneksel end\u00fcstri ile ortaya \u00e7\u0131kan turizm aras\u0131nda paralel olarak geli\u015fir. 3.100 metrelik r\u0131ht\u0131m\u0131, 800 hektarl\u0131k arazisi ve 200 hektarl\u0131k korunakl\u0131 sular\u0131 olan Bar Liman\u0131 her y\u0131l yakla\u015f\u0131k be\u015f milyon ton kargo elle\u00e7ler. Vin\u00e7leri ve konteyner y\u0131\u011f\u0131nlar\u0131, \u015fehrin Karada\u011f&#039;\u0131n ticaret a\u011f\u0131 i\u00e7in stratejik \u00f6nemini s\u00fcrekli hat\u0131rlatan bir \u015fekilde ufuk \u00e7izgisini \u00e7er\u00e7eveler. Hemen yan\u0131nda, onlarca y\u0131ll\u0131k m\u00fchendislik zorluklar\u0131n\u0131n ard\u0131ndan 1976&#039;da tamamlanan Belgrad-Bar demiryolu, Adriyatik&#039;i S\u0131rp ba\u015fkentine ba\u011flayarak ve i\u00e7 b\u00f6lgeleri ziyaret\u00e7ilere ve mallara a\u00e7arak da\u011f t\u00fcnelleri ve vadi viyad\u00fcklerinden ge\u00e7er.<\/p>\n<p>Tar\u0131m, Bar&#039;\u0131n kimli\u011finin ayr\u0131lmaz bir par\u00e7as\u0131 olmaya devam ediyor. Belediyenin topra\u011f\u0131, subtropikal g\u00fcne\u015f alt\u0131nda geli\u015fen yakla\u015f\u0131k 95.000 zeytin a\u011fac\u0131 ve 80.000 narenciye \u00f6rne\u011fini (limon, mandalina, portakal ve greyfurt) destekliyor. 1937&#039;de kurulan Subtropikal Mahsuller Merkezi, Karada\u011f&#039;\u0131n en eski bilimsel kurumu olarak duruyor, ara\u015ft\u0131rma alanlar\u0131 ve fidanl\u0131klar\u0131 bah\u00e7ecilik adaptasyonunun ya\u015fayan bir ar\u015fivi. Yar\u0131m y\u00fczy\u0131ldan fazla s\u00fcredir faaliyet g\u00f6steren yerel g\u0131da \u00fcreticisi Primorka, zeytinya\u011f\u0131n\u0131 presliyor ve nar suyunu \u015fi\u015feliyor ve 1920&#039;lerde erken end\u00fcstriyel operasyonlara dayanan mutfak geleneklerini s\u00fcrd\u00fcr\u00fcyor.<\/p>\n<p>Kasaban\u0131n dini mimarisi karma\u015f\u0131k toplumsal yap\u0131s\u0131n\u0131 yans\u0131t\u0131r. Ortodoks ve Katolik kiliseleri, Osmanl\u0131 himayesinde in\u015fa edilen camilerle mahalleleri payla\u015f\u0131r. Novi Bar&#039;\u0131n daha yeni semtinde, St. Nikola Kilisesi, on birinci y\u00fczy\u0131lda kurulan ba\u015fpiskoposlu\u011fa ev sahipli\u011fi yaparken, yak\u0131nlarda 2009 ile 2015 y\u0131llar\u0131 aras\u0131nda tamamlanan modern St. John Vladimir Katedrali, b\u00f6lgenin ilk orta\u00e7a\u011f azizine adanm\u0131\u015f fresklerle kapl\u0131 galerileriyle Podgorica&#039;n\u0131n ba\u015fl\u0131ca Ortodoks binas\u0131n\u0131n b\u00fcy\u00fckl\u00fc\u011f\u00fcyle rekabet eder. \u015eehrin di\u011fer taraf\u0131nda, Eski Bar&#039;daki Omerba\u0161i\u0107 Camii, on yedinci y\u00fczy\u0131ldaki temeline \u00e7ekilen hac\u0131lar taraf\u0131ndan ziyaret edilen ince minaresini ve dua salonunu korumaktad\u0131r.<\/p>\n<p>Bar&#039;\u0131n demografik yap\u0131s\u0131 g\u00f6\u00e7 dalgalar\u0131n\u0131 ve de\u011fi\u015fen s\u0131n\u0131rlar\u0131 yans\u0131t\u0131yor. 2011 n\u00fcfus say\u0131m\u0131na g\u00f6re, etnik Karada\u011fl\u0131lar ve S\u0131rplar birlikte kasaban\u0131n n\u00fcfusunun yakla\u015f\u0131k y\u00fczde seksen d\u00f6rd\u00fcn\u00fc olu\u015ftururken, Bo\u015fnaklar, M\u00fcsl\u00fcmanlar, Arnavutlar ve H\u0131rvatlar daha k\u00fc\u00e7\u00fck topluluklar olu\u015fturuyor. Din benzer \u00e7izgileri takip ediyor: Ortodoks inananlar neredeyse y\u00fczde seksenini olu\u015fturuyor, M\u00fcsl\u00fcmanlar ve Katolikler s\u0131ras\u0131yla y\u00fczde on ve be\u015fi olu\u015fturuyor. Bu rakamlar, kademeli de\u011fi\u015fime tabi olsa da, Adriyatik ve Balkanlar&#039;\u0131n ortak geleneklerine dayanan bir topluma i\u015faret ediyor.<\/p>\n<p>Stratejik liman\u0131na ra\u011fmen Bar m\u00fctevaz\u0131 bir \u00f6l\u00e7ekte kalmaya devam ediyor. Dar sokaklar\u0131n harap siperlere do\u011fru t\u0131rmand\u0131\u011f\u0131 orta\u00e7a\u011f \u00e7ekirde\u011fi sadece birka\u00e7 hektar b\u00fcy\u00fckl\u00fc\u011f\u00fcnde ve demiryollar\u0131 ve petrol tanklar\u0131yla \u00e7evrili \u00e7a\u011fda\u015f \u015fehir merkezi, al\u00e7ak katl\u0131 binalar\u0131n d\u00fczensiz bloklar\u0131 halinde uzan\u0131yor. K\u0131y\u0131 \u015feridi bir avu\u00e7 otel taraf\u0131ndan i\u015fgal ediliyor ancak konaklaman\u0131n \u00e7o\u011fu, sanayi b\u00f6lgesinin kuzeyinde, \u0160u\u0161anj gibi mahallelerde bulunan misafirhanelerde ve \u00f6zel konaklama yerlerinde bulunuyor. Burada, \u00e7am a\u011fa\u00e7lar\u0131yla \u00e7evrili plajlar \u00e7ak\u0131l ta\u015fl\u0131 sahillere yol veriyor ve yaz turizminin u\u011fultusu zirvedeyken bile \u00f6l\u00e7\u00fcl\u00fc kal\u0131yor.<\/p>\n<p>Ula\u015f\u0131m ba\u011flant\u0131lar\u0131 kasabadan bir tekerle\u011fin telleri gibi yay\u0131l\u0131yor. Adriyatik Otoyolu k\u0131y\u0131 \u015feridini \u00e7evreliyor ve Bar&#039;\u0131 kuzeyde Budva&#039;ya ve g\u00fcneyde Ulcinj&#039;e ba\u011fl\u0131yor. 2006&#039;da a\u00e7\u0131lan Sozina T\u00fcneli, Golija da\u011flar\u0131ndan Podgorica&#039;ya do\u011frudan bir rota \u00e7izerek seyahat s\u00fcresini bir saatin alt\u0131na indiriyor. Bir araba feribotu, \u0130talya&#039;daki Bari&#039;ye seksen kilometrelik ge\u00e7i\u015fi d\u00fczenliyor, mevsimsel program\u0131 turizmin ini\u015f \u00e7\u0131k\u0131\u015flar\u0131n\u0131 yans\u0131t\u0131yor; Ancona&#039;ya hizmet 2016&#039;n\u0131n sonlar\u0131nda durduruldu. \u0130\u00e7 kesimlerde, otob\u00fcs seferleri Bar&#039;\u0131 Sutomore&#039;ye, Budva Rivieras\u0131&#039;n\u0131n plajlar\u0131na ve Skadar G\u00f6l\u00fc&#039;n\u00fc \u00e7evreleyen k\u00f6ylere ba\u011flarken, saatte bir trenler istasyona var\u0131yor ve istasyondan ayr\u0131l\u0131yor, vagonlar\u0131 kasaban\u0131n end\u00fcstriyel miras\u0131n\u0131 hat\u0131rlat\u0131yor.<\/p>\n<p>Bar&#039;daki k\u00fclt\u00fcrel ya\u015fam, kraliyet kal\u0131nt\u0131lar\u0131nda bulunan iki kurum taraf\u0131ndan desteklenmektedir. 1885&#039;te eklektik tarzda in\u015fa edilen Kral Nikola Saray\u0131, yaprakl\u0131 bah\u00e7elerin ortas\u0131nda durmaktad\u0131r; seras\u0131 ve ferforje balkonlar\u0131 Art Nouveau etkilerine i\u015faret etmektedir. G\u00fcn\u00fcm\u00fczde yerel tarih m\u00fczesi olarak hizmet vermektedir; odalar\u0131, d\u00f6nem mobilyalar\u0131, portreler ve ar\u015fiv belgeleriyle birlikte, 19. y\u00fczy\u0131l sonu saray\u0131n\u0131n i\u00e7 mekan\u0131n\u0131 \u00e7a\u011fr\u0131\u015ft\u0131racak \u015fekilde d\u00fczenlenmi\u015ftir. Yak\u0131nlardaki orta\u00e7a\u011f kalesi Old Bar, k\u0131smen a\u00e7\u0131k hava m\u00fczesine d\u00f6n\u00fc\u015ft\u00fcr\u00fclm\u00fc\u015ft\u00fcr; burada rehberli yollar ziyaret\u00e7ileri sarn\u0131\u00e7lar, surlar ve iki bin y\u0131ll\u0131k oldu\u011fu s\u00f6ylenen bo\u011fumlu bir a\u011fa\u00e7 olan \u00fcnl\u00fc &#034;Old Olive&#034; aras\u0131nda gezdirir.<\/p>\n<p>Pazar hayat\u0131, tezgahlar\u0131n tahta k\u00fcvetlerde peynirler sundu\u011fu ve bal\u0131k pavyonunun Adriyatik&#039;in g\u00fcnl\u00fck av\u0131n\u0131 yerel fiyatlarla tedarik etti\u011fi Bulevar 24. Novembra boyunca geli\u015fir. \u0130stasyona yak\u0131n bir VOLI s\u00fcpermarketi, hipermarket, eczane ve mutfak ma\u011fazas\u0131yla sakinlere hizmet verir. Kafeler, park alan\u0131ndan Eski Bar&#039;\u0131n kap\u0131s\u0131na kadar uzanan asfalt soka\u011fa ta\u015far, masalar\u0131 \u00e7e\u015fitli stillerdedir; baz\u0131lar\u0131 kale duvarlar\u0131n\u0131n yak\u0131n\u0131ndaki m\u00fctevaz\u0131 ah\u015fap banklar, di\u011ferleri \u00e7izgili tenteler ve ferforje sandalyelerle \u015f\u0131k bir \u015fekilde d\u00f6\u015fenmi\u015ftir. Bunlar aras\u0131nda, baharatl\u0131 kuzu k\u00f6ftelerinin nar suyuyla masalar\u0131 payla\u015ft\u0131\u011f\u0131 \u0107evabd\u017einica Dino ve mezzaluna \u015feklindeki men\u00fcs\u00fcnde deniz cam\u0131ndan ambiyanslar e\u015fli\u011finde \u0131zgara spesiyaliteleri sunan Fish Bar Cvijo yer al\u0131r.<\/p>\n<p>Bar&#039;daki gece hayat\u0131 tela\u015fs\u0131zd\u0131r. Di\u011fer Adriyatik tatil k\u00f6yleri gece yar\u0131s\u0131na kadar \u0131\u015f\u0131k ve m\u00fczik sunarken, Bar&#039;\u0131n ak\u015famlar\u0131 501 Darts Bar ve Varadero gibi el yap\u0131m\u0131 bira barlar\u0131yla noktalanarak gece yar\u0131s\u0131 sona erer. Taksiler otob\u00fcs ve tren istasyonlar\u0131n\u0131n yak\u0131n\u0131nda k\u00fcmelenir ve \u0160u\u0161anj plajlar\u0131na ve \u00f6tesine giden saat ba\u015f\u0131 otob\u00fcslere hizmet eder. Daha hareketli bir arkada\u015f arayanlar i\u00e7in, karayoluyla on dakika g\u00fcneyde bulunan Sutomore k\u00f6y\u00fc kumlu k\u0131y\u0131lar ve mevsimlik kul\u00fcpler sunarken, Budva&#039;n\u0131n tarihi gece hayat\u0131 bir saat kuzeyde yer al\u0131r.<\/p>\n<p>\u0130\u00e7 kesimlerde, Ratac Manast\u0131r\u0131 ve Tabiya Kalesi&#039;nin kal\u0131nt\u0131lar\u0131 ormanl\u0131k tepelerin \u00fczerinde yer al\u0131r ve hem deniz hem de g\u00f6l manzaras\u0131 sunar. \u0130kincil bir yol, 1042&#039;de S\u0131rp g\u00fc\u00e7lerinin Stefan Vojislav komutas\u0131nda Bizansl\u0131lar\u0131 yendi\u011fi Bar Muharebesi&#039;ni anan bir an\u0131ta \u00e7\u0131kar; beton kaideleri art\u0131k panoramik bir seyir teras\u0131 olarak hizmet veren bir yerdir. Do\u011fuda, Skadar G\u00f6l\u00fc \u00e7evresindeki yama\u00e7lar, bal\u0131k\u00e7\u0131 k\u00f6yleri ve ku\u015f zengini sulak alanlar\u0131n bir mozai\u011fi olan ve tekneyle sabah\u0131n erken saatlerinde ke\u015fifler yapmay\u0131 \u00f6d\u00fcllendiren Skadarska Krajina&#039;ya a\u00e7\u0131l\u0131r.<\/p>\n<p>Modern Bar, Riviera&#039;n\u0131n kli\u015felerine direnir. Ne gi\u015fe rekorlar\u0131 k\u0131ran bir tatil k\u00f6y\u00fc ne de uykulu bir ta\u015fra liman\u0131d\u0131r, daha ziyade deniz ticareti ve tar\u0131m kadar g\u00fcne\u015f ve deniz turizmine de dayanan y\u0131ll\u0131k ritimlerin oldu\u011fu bir yerdir. Y\u0131l boyunca limandaki vin\u00e7ler harekete ge\u00e7er, zeytinler sonbaharda d\u00fc\u015fer, okullar ve d\u00fckkanlar eyl\u00fclde a\u00e7\u0131l\u0131r ve Ortodoks ve \u0130slam festivalleri ilkbahar ve yaz\u0131 i\u015faret eder. Burada g\u00fcnl\u00fck ya\u015famda bir sa\u011flaml\u0131k vard\u0131r, a\u00e7\u0131k deniz r\u00fczgar\u0131 selvileri hareketlendirdi\u011finde veya bir tren t\u00fcnelden istasyona d\u00fcd\u00fck \u00e7ald\u0131\u011f\u0131nda kendini g\u00f6steren bir tarih alt ak\u0131nt\u0131s\u0131 vard\u0131r.<\/p>\n<p>Ger\u00e7ek bir Adriyatik kasabas\u0131na tan\u0131kl\u0131k etmek isteyen gezginler i\u00e7in Bar, temel ve g\u00fcnl\u00fck olan\u0131n bir dengesini sunar. Bir Venedik kap\u0131s\u0131ndan ge\u00e7erken ayak izlerini takip edebilir, bir Osmanl\u0131 camisinin \u00f6n\u00fcnde durabilir veya bir rehberin g\u00fczergah\u0131n\u0131n belirledi\u011fi tempoyu hissetmeden yerel peynirlerden olu\u015fan bir masan\u0131n \u00fczerinde oyalanabilirsiniz. Burada Adriyatik ne bir metad\u0131r ne de sadece bir fondur, s\u00fcrekli bir muhatapt\u0131r\u2014\u015fafakta bal\u0131k\u00e7\u0131 teknelerinden alacakaranl\u0131kta \u0130talya&#039;ya hareket eden feribotlara kadar.<\/p>\n<p>Sonunda, Bar tek bir panoramada de\u011fil, bir dizi k\u00fc\u00e7\u00fck kar\u015f\u0131la\u015fmada kendini g\u00f6sterir: \u00f6\u011fle vakti saat kulesinin kesik kesik sesi, r\u0131ht\u0131m\u0131n yak\u0131n\u0131nda dizel egzozuyla i\u00e7 i\u00e7e ge\u00e7mi\u015f yasemin kokusu, St. Catherine Kilisesi&#039;nin y\u0131k\u0131k kemerleri aras\u0131nda \u00e7ocuk kahkahalar\u0131n\u0131n yank\u0131s\u0131. Bu ayr\u0131nt\u0131lar, hem miras\u0131na ba\u011fl\u0131 hem de de\u011fi\u015fim ak\u0131mlar\u0131na a\u00e7\u0131k bir kasaban\u0131n g\u00f6r\u00fcnt\u00fcs\u00fcnde birle\u015fir; burada antik ve modern, ge\u00e7ici bir uzla\u015fma bulur ve hikaye her zaman yap\u0131m a\u015famas\u0131ndad\u0131r.<\/p>","protected":false},"excerpt":{"rendered":"<p>Karada\u011f&#039;da bir sahil kasabas\u0131 olan Bar, ba\u015fkent Podgorica&#039;ya 75 kilometre uzakl\u0131ktad\u0131r. 13.719 sakini olan Bar, 83 yerle\u015fim birimini i\u00e7eren ve toplam n\u00fcfusu 40.037 olan daha geni\u015f bir belediyenin merkezi olarak hizmet vermektedir. Bu canl\u0131 \u015fehir, s\u0131n\u0131rlar\u0131 i\u00e7inde uyum i\u00e7inde ya\u015fayan etkileyici 25 farkl\u0131 millete ev sahipli\u011fi yaparak \u00e7e\u015fitli k\u00fclt\u00fcrel yap\u0131s\u0131yla \u00fcnl\u00fcd\u00fcr. Bar&#039;\u0131n benzersiz karakteri, Akdeniz ve Do\u011fu etkilerinin bir pota olarak tarihi \u00f6nemini yans\u0131t\u0131r ve bug\u00fcn kimli\u011fini tan\u0131mlamaya devam eden farkl\u0131 bir k\u00fclt\u00fcr kar\u0131\u015f\u0131m\u0131yla sonu\u00e7lan\u0131r.<\/p>","protected":false},"author":1,"featured_media":3036,"parent":12406,"menu_order":0,"comment_status":"closed","ping_status":"closed","template":"elementor_theme","meta":{"_eb_attr":"","footnotes":""},"class_list":["post-12464","page","type-page","status-publish","has-post-thumbnail"],"_links":{"self":[{"href":"https:\/\/travelshelper.com\/tr\/wp-json\/wp\/v2\/pages\/12464","targetHints":{"allow":["GET"]}}],"collection":[{"href":"https:\/\/travelshelper.com\/tr\/wp-json\/wp\/v2\/pages"}],"about":[{"href":"https:\/\/travelshelper.com\/tr\/wp-json\/wp\/v2\/types\/page"}],"author":[{"embeddable":true,"href":"https:\/\/travelshelper.com\/tr\/wp-json\/wp\/v2\/users\/1"}],"replies":[{"embeddable":true,"href":"https:\/\/travelshelper.com\/tr\/wp-json\/wp\/v2\/comments?post=12464"}],"version-history":[{"count":0,"href":"https:\/\/travelshelper.com\/tr\/wp-json\/wp\/v2\/pages\/12464\/revisions"}],"up":[{"embeddable":true,"href":"https:\/\/travelshelper.com\/tr\/wp-json\/wp\/v2\/pages\/12406"}],"wp:featuredmedia":[{"embeddable":true,"href":"https:\/\/travelshelper.com\/tr\/wp-json\/wp\/v2\/media\/3036"}],"wp:attachment":[{"href":"https:\/\/travelshelper.com\/tr\/wp-json\/wp\/v2\/media?parent=12464"}],"curies":[{"name":"wp","href":"https:\/\/api.w.org\/{rel}","templated":true}]}}