{"id":7443,"date":"2024-08-25T19:54:11","date_gmt":"2024-08-25T19:54:11","guid":{"rendered":"https:\/\/travelshelper.com\/staging\/?page_id=7443"},"modified":"2026-03-13T23:53:19","modified_gmt":"2026-03-13T23:53:19","slug":"cali","status":"publish","type":"page","link":"https:\/\/travelshelper.com\/hu\/destinations\/south-america\/colombia\/cali\/","title":{"rendered":"Cali"},"content":{"rendered":"<p>Santiago de Cali egy sz\u00e9les v\u00f6lgy sz\u00edv\u00e9ben fekszik, amelyet az Andok hegyvonulatai szeg\u00e9lyeznek. A v\u00e1ros felsz\u00edne \u2013 560,3 n\u00e9gyzetkilom\u00e9ter \u2013 m\u00e9lyebb, dombokkal, foly\u00f3kkal \u00e9s s\u00edks\u00e1gokkal tark\u00edtott f\u00f6ldrajzot rejt mag\u00e1ban. Sebasti\u00e1n de Belalc\u00e1zar 1536. j\u00falius 25-\u00e9n alap\u00edtotta, \u00e9s m\u00e1ra Valle del Cauca f\u0151v\u00e1ros\u00e1v\u00e1, valamint D\u00e9lnyugat-Kolumbia f\u0151 v\u00e1rosi k\u00f6zpontj\u00e1v\u00e1 n\u0151tte ki mag\u00e1t. A 2023-ban becs\u00fclt 2 280 522 lakos\u00fa lakoss\u00e1ggal az orsz\u00e1g harmadik legn\u00e9pesebb v\u00e1rosa, \u00e9s kiterjed\u00e9se a Farallones de Cali nyugati lejt\u0151it\u0151l Yumbo ipari s\u00edks\u00e1gain \u00e1t Jamund\u00ed d\u00e9li mez\u0151iig terjed.<\/p>\n<p>Cali k\u00f6rnyezet\u00e9nek k\u00f6rvonalai egyszerre dr\u00e1maiak \u00e9s finomak. Nyugaton a Farallones a v\u00e1ros \u00e9szaki negyed\u00e9ben tal\u00e1lhat\u00f3 mintegy 2000 m\u00e9teres magass\u00e1gb\u00f3l d\u00e9lre t\u00f6bb mint 4000 m\u00e9terre emelkedik, lejt\u0151in a Cauca foly\u00f3ba ereszked\u0151 foly\u00f3k h\u00faz\u00f3dnak. Az Aguacatal \u00e9s a Cali foly\u00f3k szelik \u00e1t a nyugati k\u00fclv\u00e1rosokat, m\u00edg d\u00e9lebbre a Mel\u00e9ndez, a Lil\u00ed \u00e9s a Ca\u00f1averalejo csatorn\u00e1k labirintus\u00e1t t\u00e1pl\u00e1lj\u00e1k, miel\u0151tt tal\u00e1lkoznak a Cauca foly\u00f3val. Partjaik ment\u00e9n a kikapcsol\u00f3d\u00e1st keres\u0151k a Pance foly\u00f3 hidegebb medenc\u00e9in\u00e9l gy\u0171lnek \u00f6ssze, mened\u00e9ket ny\u00fajtva a v\u00e1rosi h\u0151s\u00e9g el\u0151l.<\/p>\n<p>Cali \u00e9ghajlata a tr\u00f3pusi monszun \u00e9s a szavanna besorol\u00e1sa k\u00f6z\u00f6tti hat\u00e1ron mozog. B\u00e1r \u00e1tlagosan \u00e9vi k\u00f6zel 1500 millim\u00e9ter es\u0151 esik, a v\u00e1ros tov\u00e1bbra is er\u0151s es\u0151\u00e1rny\u00e9kban van. A csendes-\u00f3ce\u00e1ni szeleket a Buenaventura k\u00f6zel\u00e9ben fekv\u0151 part menti hegyek f\u00e9kezik, alig nyolcvan kilom\u00e9terre, \u00edgy Cali eg\u00e9t viszonylag m\u00e9rs\u00e9keltnek tartj\u00e1k. A nappali h\u0151m\u00e9rs\u00e9klet 24 \u00b0C k\u00f6r\u00fcl mozog, a kora reggeli legalacsonyabb h\u0151m\u00e9rs\u00e9klet 17 \u00b0C k\u00f6r\u00fcl, a d\u00e9lut\u00e1ni maximumok pedig 31 \u00b0C k\u00f6r\u00fcl alakulnak, \u00edgy eg\u00e9sz \u00e9vben \u00e1lland\u00f3 meleg van.<\/p>\n<p>Cali gazdas\u00e1gi \u00e9lete v\u00e1ltozatos ritmusban l\u00fcktet: a ny\u00fczsg\u0151 Buenaventura kik\u00f6t\u0151j\u00e9t\u0151l Yumbo gy\u00e1raiig, a San Fernando negyed aranyboltjait\u00f3l Ciudad Jard\u00edn high-tech klinik\u00e1iig. Kolumbiai egyetlen nagyobb, csendes-\u00f3ce\u00e1ni kapcsolattal rendelkez\u0151 v\u00e1rosk\u00e9nt a r\u00e9gi\u00f3 f\u0151 kereskedelmi k\u00f6zpontj\u00e1v\u00e1 v\u00e1lt. Az elm\u00falt \u00e9vtizedekben a n\u00f6veked\u00e9s felgyorsult, \u00e9s dinamizmus\u00e1r\u00f3l szerzett h\u00edrnevet az orsz\u00e1g d\u00e9li megy\u00e9i k\u00f6z\u00f6tt.<\/p>\n<p>A sport alkalmank\u00e9nt a nemzetk\u00f6zi figyelem k\u00f6z\u00e9ppontj\u00e1ba helyezte Calit. 1971-ben a v\u00e1ros adott otthont a Panamerikai J\u00e1t\u00e9koknak, majd 1992-ben a birk\u00f3z\u00f3 vil\u00e1gbajnoks\u00e1gnak. A vil\u00e1gj\u00e1t\u00e9kok 2013-ban \u00e9rkeztek, ezt k\u00f6vette a 2014-es UCI p\u00e1lyaker\u00e9kp\u00e1ros verseny, a 2015-\u00f6s ifj\u00fas\u00e1gi atl\u00e9tikai vil\u00e1gbajnoks\u00e1g, legut\u00f3bb pedig a 2021-es junior panamerikai j\u00e1t\u00e9kok, valamint a 2022-es U20-as atl\u00e9tikai vil\u00e1gbajnoks\u00e1g. Ezek az esem\u00e9nyek olyan helysz\u00edneket hagytak maguk ut\u00e1n, amelyek tov\u00e1bbra is a helyi sportol\u00f3kat \u00e9s n\u00e9z\u0151ket szolg\u00e1lj\u00e1k ki.<\/p>\n<p>A v\u00e1ros magja egy kompakt t\u00f6rt\u00e9nelmi negyedben \u0151rzi gyarmati lenyomat\u00e1t, melynek k\u00f6z\u00e9ppontj\u00e1ban a Plaza de Caicedo \u00e1ll. Itt Joaqu\u00edn de Caicedo y Cuero szobra \u0151rk\u00f6dik a La Catedral, a Palacio de Justicia \u00e9s a Teatro Municipal k\u00f6z\u00f6tt. A k\u00f6zelben tal\u00e1lhat\u00f3 az Iglesia de La Merced \u00e9s a La Ermita, amely a tizenhetedik sz\u00e1zadi \u00e1h\u00edtatr\u00f3l tan\u00faskodik, m\u00edg az \u00e1talak\u00edtott El Edificio Otero a huszadik sz\u00e1zad fordul\u00f3j\u00e1ra eml\u00e9keztet. Ezen eml\u00e9km\u0171vek k\u00f6z\u00f6tt parkok \u00e9s szobrok tal\u00e1lhat\u00f3k: La Merced faragott domborm\u0171vei, Hernando Tejada El Gato del R\u00edo c\u00edm\u0171 alkot\u00e1sa a foly\u00f3parton, valamint Sebasti\u00e1n de Belalc\u00e1zar \u00e9letnagys\u00e1g\u00fan\u00e1l is nagyobb bronzszobra, amely a v\u00f6lgy fel\u00e9 mutat.<\/p>\n<p>A k\u00f6zponton t\u00fal a v\u00e1rosr\u00e9szek jellegzetes karakterrel rendelkeznek. A nyugati dombon fekv\u0151 San Antonio meg\u0151rizte keskeny utc\u00e1it \u00e9s pasztellsz\u00edn\u0171 homlokzatait, a cs\u00facson l\u00e9v\u0151 parkb\u00f3l pedig kil\u00e1t\u00e1s ny\u00edlik a v\u00f6r\u00f6s cser\u00e9ptet\u0151kre. A Ciudad Jard\u00edn Avenida San Joaqu\u00edn nev\u0171 sug\u00e1r\u00fatja az el\u0151kel\u0151 kereskedelmet \u00e9s a szabadid\u0151t szolg\u00e1lja ki. D\u00e9lre a Juanchito salsaklubokkal \u00e9s szer\u00e9ny lak\u00f3h\u00e1zakkal tark\u00edtott, ahol a zene \u00e9s a mindennapi k\u00fczdelem tal\u00e1lkozik a k\u00e9s\u0151 esti \u00f3r\u00e1kban. Mindenekel\u0151tt a Cerro de las Tres Cruces vonzza a zar\u00e1ndokokat \u00e9s a t\u00far\u00e1z\u00f3kat egyar\u00e1nt, azokat, akik egy pillanatra elm\u00e9lkedni szeretn\u00e9nek 1480 m\u00e9teres tengerszint feletti magass\u00e1gban.<\/p>\n<p>Parkok \u00e9s term\u00e9szetes enkl\u00e1v\u00e9k h\u00e1l\u00f3zata sz\u00f6vi \u00e1t a metropoliszt. Az Orquideorama Enrique P\u00e9rez Arbel\u00e1ez, az AV 2 N.\u00ba 48\u201110 c\u00edmen, \u00e9vente orchidea ki\u00e1ll\u00edt\u00e1snak ad otthont, \u00e9s csendes mened\u00e9ket ny\u00fajt a mad\u00e1rmegfigyel\u0151k sz\u00e1m\u00e1ra. Nyugatabbra tal\u00e1lhat\u00f3 a Farallones de Cali Nemzeti Park, amely a magasan fekv\u0151 andoki \u00f6kosziszt\u00e9m\u00e1kat \u0151rzi, m\u00edg a La Ceiba \u2013 egyetlen, tiszteletre m\u00e9lt\u00f3 fa egy nyugati utcasarkon \u2013 \u00e1rny\u00e9kot ad a j\u00e1r\u00f3kel\u0151knek, \u00e9s a polg\u00e1ri szeretet kifejez\u0151helye.<\/p>\n<p>A k\u00f6zleked\u00e9si f\u0151utak az Alfonso Bonilla Arag\u00f3n nemzetk\u00f6zi rep\u00fcl\u0151t\u00e9rt\u0151l \u2013 utassz\u00e1m alapj\u00e1n Kolumbia harmadik legforgalmasabb rep\u00fcl\u0151ter\u00e9t\u0151l \u2013 a \u201erecta a Palmira\u201d nev\u0171, nagyobb kapacit\u00e1s \u00e9rdek\u00e9ben fel\u00faj\u00edtott aut\u00f3p\u00e1ly\u00e1n kereszt\u00fcl h\u00faz\u00f3dnak. K\u00f6zelebb tal\u00e1lhat\u00f3 a 2009 m\u00e1rcius\u00e1ban \u00e1tadott Masivo Integrado de Occidente (MIO) rendszer, amely csukl\u00f3s buszokat \u00e9s k\u00e1belvasutakat vezet \u00e1t kijel\u00f6lt s\u00e1vokon \u00e9s dombos ter\u00fcleteken, p\u00e9ld\u00e1ul Silo\u00e9ban, integr\u00e1lva a k\u00f6zter\u00fcletek fejleszt\u00e9s\u00e9t a k\u00f6zleked\u00e9si folyos\u00f3kkal. A taxik tov\u00e1bbra is megb\u00edzhat\u00f3 alternat\u00edv\u00e1t jelentenek a l\u00e1togat\u00f3k sz\u00e1m\u00e1ra, m\u00edg a hagyom\u00e1nyos buszok a munk\u00e1soszt\u00e1lybeli k\u00fclv\u00e1rosokat szolg\u00e1lj\u00e1k ki a sz\u00e9lesebb k\u00f6r\u0171 \u00fatvonal-\u00e1tszervez\u00e9s f\u00fcggv\u00e9ny\u00e9ben.<\/p>\n<p>Az ut\u00f3bbi \u00e9vekben Cali az eg\u00e9szs\u00e9gturizmusr\u00f3l is ismertt\u00e9 v\u00e1lt, k\u00fcl\u00f6n\u00f6sen a kozmetikai beavatkoz\u00e1sokr\u00f3l. 2010-re a seb\u00e9szek mintegy 50 000 beavatkoz\u00e1st v\u00e9geztek, amelyek k\u00f6z\u00fcl 14 000 k\u00fclf\u00f6ldi p\u00e1cienst vonzott. A San Fernando \u00e9s Ciudad Jard\u00edn negyedekben tal\u00e1lhat\u00f3 klinik\u00e1k nemzetk\u00f6zi figyelmet kaptak, mivel viszonylag m\u00e9rs\u00e9kelt \u00e1ron k\u00edn\u00e1lnak min\u0151s\u00e9gi ell\u00e1t\u00e1st, b\u00e1r az idegenvezet\u0151k tov\u00e1bbra is alapos egy\u00e9ni kutat\u00e1st javasolnak.<\/p>\n<p>Santiago de Cali t\u00f6bb, mint foly\u00f3inak, sug\u00e1r\u00fatjainak \u00e9s \u00e9p\u00fcleteinek \u00f6sszess\u00e9ge, visszhangot \u00e9breszt azok eml\u00e9kezet\u00e9ben, akik a dombjai \u00e9s terei k\u00f6z\u00f6tt mozognak. A v\u00e1ros ritmusa \u2013 a hajnalban ny\u00edl\u00f3 piacok, a hegyoldalakon megcsillan\u00f3 esti f\u00e9ny, a h\u00e9tv\u00e9gi leveg\u0151t bet\u00f6lt\u0151 salsazenekarok \u2013 egy k\u00e9zzelfoghat\u00f3 \u00e9s megfoghatatlan helyr\u0151l \u00e1rulkodik. A t\u00f6rt\u00e9nelem v\u00e1ltoz\u00f3 \u00e1ramlatai k\u00f6zepette az emberi er\u0151fesz\u00edt\u00e9sek bizony\u00edt\u00e9kak\u00e9nt marad meg, egy olyan helysz\u00edn, ahol minden utca \u00e9s foly\u00f3part a m\u00falt \u00e9vsz\u00e1zadainak visszhangj\u00e1t \u00e9s a m\u00e9g elj\u00f6vend\u0151 napok \u00edg\u00e9ret\u00e9t hordozza mag\u00e1ban.<\/p>\n<h2>T\u00f6rt\u00e9nelmi h\u00e1tt\u00e9r<\/h2>\n<p>Santiago de Cali \u2013 ismertebb nev\u00e9n egyszer\u0171en Cali \u2013 nem egy v\u00e1ros, amit megl\u00e1togatsz. Egy hely, amit magadba sz\u00edvsz. Nem turisztikai l\u00e1tv\u00e1nyoss\u00e1gk\u00e9nt l\u00e9p be, hanem a ritmus, az izzads\u00e1g \u00e9s a t\u00f6rt\u00e9nelem suttog\u00e1sak\u00e9nt, amely a s\u0171r\u0171 tr\u00f3pusi leveg\u0151be van varrva. Calit, amelyet 1536. j\u00falius 25-\u00e9n alap\u00edtott Sebasti\u00e1n de Belalc\u00e1zar konkviszt\u00e1dor, Kolumbia d\u00e9lnyugati r\u00e9sz\u00e9nek dobog\u00f3 sz\u00edve \u00e9s Valle del Cauca f\u0151v\u00e1rosa. Az orsz\u00e1g harmadik legn\u00e9pesebb v\u00e1rosa, a kontrasztok \u00e9s az \u00e9leter\u0151 hatalmas v\u00e1szna, 2023-ban 2,28 milli\u00f3 lakossal.<\/p>\n<p>M\u00e1r j\u00f3val a spanyolok \u00e9rkez\u00e9se el\u0151tt ez a v\u00f6lgy a Calima \u00e9s Gorrones n\u00e9p otthona volt, akik a mez\u0151gazdas\u00e1got \u00e9s a ker\u00e1mi\u00e1t elsaj\u00e1t\u00edtott\u00e1k, k\u00eds\u00e9rteties r\u00e9g\u00e9szeti lenyomatot hagyva maguk ut\u00e1n, amely m\u00e9g ma is \u00e9rz\u0151dik a k\u00f6rnyez\u0151 dombokon. Ezek az emberek ismert\u00e9k a f\u00f6ld ritmus\u00e1t \u2013 a Cauca-v\u00f6lgy ny\u00falv\u00e1ny\u00e1t, a Farallones de Cali vad lehelet\u00e9t \u00e9s a Cauca foly\u00f3ig lefoly\u00f3 foly\u00f3kat. Ez az \u00e9let b\u00f6lcs\u0151je volt, j\u00f3val azel\u0151tt, hogy a gyarmati t\u00e9rk\u00e9pekbe belev\u00e9st\u00e9k volna.<\/p>\n<h3>Eredet \u00e9s h\u00f3d\u00edt\u00e1s: Santiago de Cali sz\u00fclet\u00e9se<\/h3>\n<p>Amikor Sebasti\u00e1n de Belalc\u00e1zar meg\u00e9rkezett, nem csup\u00e1n megalap\u00edtott egy v\u00e1rost \u2013 t\u00f6bbr\u00e9teg\u0171 tisztelettel nevezte el. A \u201eCali\u201d a Calima v\u00e1ros\u00e1ra utal, utalva a f\u00f6ld \u0151si gy\u00f6kereire. A \u201eSantiago\u201d Szent Jakabot tiszteleg, akinek az \u00fcnnepnapja j\u00falius 25-e, \u00f6sszehangolva a vall\u00e1si hagyom\u00e1nyokat a birodalmi amb\u00edci\u00f3kkal. A tengerszint felett 1000 m\u00e9terrel fekv\u0151 helysz\u00edn strat\u00e9giai fontoss\u00e1g\u00fa helyet k\u00edn\u00e1lt Kolumbia csendes-\u00f3ce\u00e1ni partvid\u00e9k\u00e9n, mind\u00f6ssze 100 km-re nyugatra a zord Nyugati Kordiller\u00e1n \u00e1t, a foly\u00f3 menti vonalak mellett, amelyek \u00e9vsz\u00e1zadokon \u00e1t fenntartott\u00e1k az \u0151slakos k\u00f6z\u00f6ss\u00e9geket.<\/p>\n<p>Gyarmati megalap\u00edt\u00e1s\u00e1t\u00f3l kezdve Cali k\u00fcl\u00f6n\u00e1ll\u00f3 volt \u2013 nem tengerparti, nem andoki, nem dzsungelbe z\u00e1rt \u2013, hanem hibrid, egy k\u00fcsz\u00f6b. A spanyol korona el\u0151\u0151rsk\u00e9nt haszn\u00e1lta, hogy m\u00e9lyebbre nyomuljon D\u00e9l-Amerik\u00e1ba, de Cali csendesen fejl\u0151d\u00f6tt, k\u00fcl\u00f6nb\u00f6zve Bogot\u00e1 vagy Cartagena hangosabb dobjait\u00f3l. Id\u0151vel az afrikai, spanyol \u00e9s \u0151slakos kult\u00far\u00e1k \u00f6sszefon\u00f3dtak, ellen\u00e1ll\u00e1ssal, ritmussal \u00e9s nyers kitart\u00e1ssal alak\u00edtva ki Cali identit\u00e1s\u00e1t.<\/p>\n<h3>19. sz\u00e1zad: F\u00fcggetlens\u00e9g \u00e9s a hossz\u00fa \u00e9bred\u00e9s<\/h3>\n<p>A 19. sz\u00e1zad l\u00e1zk\u00e9nt s\u00f6p\u00f6rt v\u00e9gig Latin-Amerik\u00e1n a f\u00fcggetlens\u00e9g \u00fatj\u00e1n, \u00e9s Cali 1810-ben csatlakozott a spanyolok elleni felkel\u00e9shez. K\u00e9s\u0151bb Nagy-Kolumbia, majd \u00daj-Granada K\u00f6zt\u00e1rsas\u00e1g r\u00e9sze lett, a modern Kolumbia kezdeti form\u00e1i. Cali viszonylag szer\u00e9ny maradt ezekben az \u00e9vtizedekben \u2013 m\u00e9rete elt\u00f6rp\u00fclt m\u00e1s kolumbiai v\u00e1rosokhoz k\u00e9pest \u2013, de lak\u00f3i m\u00e1r el\u00fcltett\u00e9k a polg\u00e1ri b\u00fcszkes\u00e9g \u00e9s a region\u00e1lis identit\u00e1s magvait.<\/p>\n<p>Ezek a lass\u00fa \u00e9bred\u00e9s, a l\u00f3vontat\u00e1s\u00fa n\u00f6veked\u00e9s \u00e9s a macskak\u00f6ves amb\u00edci\u00f3k \u00e9vei voltak. Piacok n\u0151ttek ki a v\u00e1rosk\u00f6zpontban, templomok, mint p\u00e9ld\u00e1ul a La Merced, tal\u00e1lkoz\u00f3helyekk\u00e9 v\u00e1ltak, \u00e9s a helyi korm\u00e1nyz\u00e1s kezdett \u00e9rlel\u0151dni, mik\u00f6zben a t\u00e1gabb nemzet polg\u00e1rh\u00e1bor\u00fakkal \u00e9s sz\u00e9tt\u00f6redezetts\u00e9ggel k\u00fczd\u00f6tt.<\/p>\n<h3>20. sz\u00e1zad eleje: ac\u00e9l, g\u0151z \u00e9s v\u00e1rosi csontok<\/h3>\n<p>Ha a 19. sz\u00e1zad volt Cali suttog\u00e1sa, akkor a 20. sz\u00e1zad eleje volt a h\u00edv\u00e1sa. A vas\u00fat 1915-\u00f6s meg\u00e9rkez\u00e9se \u00f6sszek\u00f6t\u00f6tte Calit Buenaventur\u00e1val, Kolumbia f\u0151 csendes-\u00f3ce\u00e1ni kik\u00f6t\u0151j\u00e9vel. Az ac\u00e9ls\u00ednekkel egy\u00fctt ac\u00e9l ir\u00e1nti amb\u00edci\u00f3k is megsz\u00fclettek. Az egykor \u00e1lmos v\u00f6lgyv\u00e1ros gazdas\u00e1gi csom\u00f3pontt\u00e1 alakult \u00e1t. A munk\u00e1sokkal teli cukorn\u00e1df\u00f6ldek sz\u00e9tsz\u00f3r\u00f3dtak a k\u00f6rnyez\u0151 vid\u00e9ken, a v\u00e1ros ipari b\u00e1zisa pedig malmokkal, gy\u00e1rakkal \u00e9s kisv\u00e1llalkoz\u00e1sokkal b\u0151v\u00fclt.<\/p>\n<p>Ez volt a modern v\u00e1rosi \u00e9let kezdete is. Utc\u00e1kat k\u00f6veztek ki. Iskol\u00e1kat \u00e9p\u00edtettek. Az \u00e9szakkeleti Yumbo ipari k\u00f6zpontt\u00e1 v\u00e1lt, m\u00edg az Alfonso Bonilla Arag\u00f3n nemzetk\u00f6zi rep\u00fcl\u0151t\u00e9r \u2013 amely ma Kolumbia harmadik legforgalmasabb rep\u00fcl\u0151tere \u2013 \u00faj kapukat nyitott a vil\u00e1g fel\u00e9.<\/p>\n<h3>20. sz\u00e1zad k\u00f6zepe: A j\u00e1t\u00e9kok, amelyek mindent megv\u00e1ltoztattak<\/h3>\n<p>Cali \u00e1talakul\u00e1s\u00e1nak meg\u00e9rt\u00e9s\u00e9hez el\u00e9g 1971-ig tekinten\u00fcnk. Abban az \u00e9vben a v\u00e1ros adott otthont a P\u00e1namerikai J\u00e1t\u00e9koknak, ami Calit a kontinent\u00e1lis porondra rep\u00edtette. Felk\u00e9sz\u00fcl\u00e9sk\u00e9ppen Cali olyan infrastrukt\u00far\u00e1t \u00e9p\u00edtett, amely ma is meghat\u00e1rozza a v\u00e1ros v\u00e1z\u00e1t: sportkomplexumokat, sz\u00e9les sug\u00e1rutakat \u00e9s \u00faj polg\u00e1ri \u00f6nbizalmat. A sok\u00e1ig mag\u00e1t\u00f3l \u00e9rtet\u0151d\u0151nek tartott Cali foly\u00f3 a v\u00e1rosi meg\u00fajul\u00e1s k\u00f6zpontj\u00e1v\u00e1 v\u00e1lt.<\/p>\n<p>Ez a korszak b\u00fcszkes\u00e9get \u00e9s embereket hozott mag\u00e1val \u2013 vid\u00e9kr\u0151l \u00e9rkez\u0151 migr\u00e1nsokat, m\u00e1s r\u00e9gi\u00f3kb\u00f3l \u00e9rkez\u0151 \u00e1lmodoz\u00f3kat \u00e9s Kolumbia konfliktus\u00f6vezeteib\u0151l sz\u00e1m\u0171z\u00f6tteket. Emellett n\u00f6vekv\u0151 fesz\u00fclts\u00e9geket is hozott mag\u00e1val, \u00e9s a v\u00e1ros sz\u00e9ps\u00e9ge \u00e1rny\u00e9kot vetett, ahogy a szeg\u00e9nys\u00e9g, az egyenl\u0151tlens\u00e9g \u00e9s a korrupci\u00f3 bef\u00e9szkelte mag\u00e1t a hegyoldalakon \u00e9s a v\u00e1rosnegyedekben.<\/p>\n<h3>20. sz\u00e1zad v\u00e9ge: Lesz\u00e1rmaz\u00e1s, dac \u00e9s t\u00e1nc<\/h3>\n<p>Az 1980-as \u00e9s 1990-es \u00e9vek megr\u00e1z\u00f3ak voltak. Calit mag\u00e1val r\u00e1ntotta Kolumbia k\u00e1b\u00edt\u00f3szer-kereskedelemmel, politikai er\u0151szakkal \u00e9s v\u00e1rosi hanyatl\u00e1ssal k\u00fczd\u0151 t\u00e1gabb k\u00fczdelme. A Cali kartell, amelyet egykor kev\u00e9sb\u00e9 hivalkod\u00f3nak tartottak, mint medell\u00edni megfelel\u0151j\u00e9t, most titokban \u00e9s hat\u00e9konyan m\u0171k\u00f6d\u00f6tt. Eg\u00e9sz v\u00e1rosr\u00e9szek v\u00e1ltak h\u00e1bor\u00fas \u00f6vezetekk\u00e9, \u00e9s a v\u00e1ros nemzetk\u00f6zi h\u00edrneve megrong\u00e1l\u00f3dott.<\/p>\n<p>De a rugalmass\u00e1g is itt sz\u00fcletett. K\u00f6z\u00f6ss\u00e9gi h\u00e1l\u00f3zatok, egyh\u00e1zak \u00e9s helyi vezet\u0151k harcoltak az utc\u00e1k visszaszerz\u00e9s\u00e9\u00e9rt. M\u0171v\u00e9szek \u00e9s zen\u00e9szek k\u00f6vetelt\u00e9k vissza a narrat\u00edv\u00e1t. \u00c9s mindezek alatt Cali t\u00e1ncolt \u2013 nem \u00e1tvitt \u00e9rtelemben, hanem sz\u00f3 szerint. A Juanchito \u00e9jszakai klubjainak hangsz\u00f3r\u00f3ib\u00f3l l\u00fcktet\u0151 salsazene a v\u00e1ros dacos sz\u00edvver\u00e9s\u00e9v\u00e9 v\u00e1lt.<\/p>\n<h3>21. sz\u00e1zad: Meg\u00fajul\u00e1s, ritmus \u00e9s durva \u00e9lek<\/h3>\n<p>Az elm\u00falt \u00e9vtizedekben Cali nagyot fordult. A v\u00e1rosrehabilit\u00e1ci\u00f3s projektek, k\u00fcl\u00f6n\u00f6sen a Cali foly\u00f3parti k\u00f6r\u00fat ment\u00e9n, \u00fajra\u00e9rtelmezt\u00e9k a v\u00e1rosk\u00e9pet. Az omladoz\u00f3 j\u00e1rd\u00e1kat gyalogos s\u00e9t\u00e1nyok v\u00e1ltott\u00e1k fel. Az olyan m\u00fazeumok, mint a La Tertulia, az olyan szobrok, mint az El Gato del R\u00edo, \u00e9s a ceibaf\u00e1k alatt megb\u00fav\u00f3 k\u00e1v\u00e9z\u00f3k egy l\u00e1gyabb, kreat\u00edvabb Cali alapk\u00f6veiv\u00e9 v\u00e1ltak. Az olyan v\u00e1rosr\u00e9szek, mint San Antonio, gyarmati h\u00e1zaival \u00e9s dombtet\u0151n \u00e1ll\u00f3 parkj\u00e1val, mened\u00e9khelyg\u00e9 v\u00e1ltak mind a helyiek, mind az autentikuss\u00e1got keres\u0151 utaz\u00f3k sz\u00e1m\u00e1ra.<\/p>\n<p>A v\u00e1ros alap\u00edt\u00f3j\u00e1nak, Sebasti\u00e1n de Belalc\u00e1zarnak szentelt eml\u00e9km\u0171 paradox m\u00f3don elfel\u00e9 mutat a v\u00f6lgyt\u0151l \u2013 egyesek szerint arra eml\u00e9keztet, hogy a v\u00e1ros j\u00f6v\u0151je az ellentmond\u00e1sokban rejlik. \u00c9s tal\u00e1n semmi sem ragadja meg jobban Cali lelk\u00e9t, mint a dombok tetej\u00e9n \u00e1ll\u00f3 31 m\u00e9teres Cristo Rey szobor, amely nem nagyszer\u0171s\u00e9ggel, hanem egyfajta f\u00e1radt kecsess\u00e9ggel \u0151rk\u00f6dik a v\u00e1ros felett.<\/p>\n<h2>Santiago de Cali: F\u00f6ldrajz, \u00e9ghajlat \u00e9s egy v\u00f6lgy lelke<\/h2>\n<p>Santiago de Cali t\u00f6bb mint egy Kolumbia d\u00e9lnyugati r\u00e9sz\u00e9n megb\u00fav\u00f3 v\u00e1ros; egy olyan hely, ahol a t\u00e1j \u00e9s az \u00e9let eggy\u00e9 olvad. Cali nem csup\u00e1n a Cauca-v\u00f6lgyben \u00e9p\u00fclt \u2013 ez maga a v\u00f6lgy, ahogyan egy foly\u00f3 is a hegyek hangj\u00e1v\u00e1 v\u00e1lik. A f\u00f6ldrajz itt nem a h\u00e1tt\u00e9rben h\u00faz\u00f3dik; minden l\u00e9legzetv\u00e9telt, minden t\u00e9gl\u00e1t \u00e9s minden eml\u00e9ket form\u00e1l. Ha valaki meg akarja \u00e9rteni Calit, a t\u00e1jjal kell kezdenie, amely ugyan\u00fagy r\u00e9sze szem\u00e9lyis\u00e9g\u00e9nek, mint az utc\u00e1in visszhangz\u00f3 zene.<\/p>\n<h3>Egy v\u00f6lgy, amihez foghat\u00f3t m\u00e9g nem tal\u00e1ltam<\/h3>\n<p>A Valle del Cauca megy\u00e9ben fekv\u0151 Cali k\u00f6r\u00fclbel\u00fcl 1000 m\u00e9terrel (3280 l\u00e1bbal) a tengerszint felett fekszik. A Cauca-v\u00f6lgy gyomr\u00e1ban fekszik, amely Kolumbia egyik legterm\u00e9kenyebb \u00e9s legjelent\u0151sebb geol\u00f3giai k\u00e9pz\u0151dm\u00e9nye. Az egyik oldalon a Nyugati-, a m\u00e1sikon a K\u00f6z\u00e9ps\u0151-Kordiller\u00e1k \u2013 a hatalmas Andok-hegys\u00e9g k\u00e9t magas \u00e1ga \u2013 szeg\u00e9lyezik a v\u00f6lgyet, amely egyszerre folyos\u00f3 \u00e9s b\u00f6lcs\u0151 is.<\/p>\n<p>A v\u00f6lgy nev\u00e9t ad\u00f3 Cauca foly\u00f3 t\u00f6bb mint 250 kilom\u00e9ter hosszan kanyarog a ter\u00fcleten, lass\u00fa adagol\u00e1sa cukorn\u00e1d-, k\u00e1v\u00e9- \u00e9s gy\u00fcm\u00f6lcsf\u00f6ldeket, valamint a foly\u00f3partj\u00e1n \u00e9l\u0151 t\u00f6bb ezer ember \u00e9let\u00e9t t\u00e1pl\u00e1lja. B\u00e1r Cali nem k\u00f6zvetlen\u00fcl a foly\u00f3parton fekszik, a v\u00f6lgy enyhe lejt\u00e9se \u00e9s egyenl\u00edt\u0151i elhelyezked\u00e9se egy\u00fcttesen \u00e1lland\u00f3an tavaszias \u00e9ghajlatot biztos\u00edt, amely nemcsak a mez\u0151gazdas\u00e1g\u00e1t, hanem a hangulat\u00e1t is meghat\u00e1rozza.<\/p>\n<p>Van valami megnyugtat\u00f3 Cali leveg\u0151j\u00e9ben \u2013 meleg, de soha nem b\u00fcntet\u0151, p\u00e1r\u00e1s, de elviselhet\u0151, mint egy \u00f6lel\u00e9s, amit eg\u00e9sz \u00e9letedben ismert\u00e9l. A t\u00e1j k\u00f6r\u00fcl\u00f6leli a v\u00e1rost, \u00e9s cser\u00e9be a v\u00e1ros alkalmazkodik a ritmus\u00e1hoz.<\/p>\n<h3>A Cali foly\u00f3: V\u00e1rosi \u00e9letvonal \u00e9s eml\u00e9kezetfolyam<\/h3>\n<p>M\u00edg a Cauca foly\u00f3 t\u00e1pl\u00e1lja a v\u00f6lgyet, mag\u00e1t a Cali foly\u00f3 hat\u00e1rozza meg a v\u00e1rost. A Farallones de Calib\u00f3l ered\u0151, karcs\u00fa, gyors hegyi foly\u00f3 kelet fel\u00e9 kanyarog Cali sz\u00edv\u00e9ben, csillog\u00f3 sz\u00e1lk\u00e9nt, amely \u00f6sszek\u00f6ti a v\u00e1rosr\u00e9szeket, parkokat \u00e9s eml\u00e9keket. T\u00f6bb mint puszta v\u00edzforr\u00e1s, t\u00f6rt\u00e9nelmileg term\u00e9szetes hat\u00e1rk\u00e9nt, kikapcsol\u00f3d\u00e1si lehet\u0151s\u00e9gk\u00e9nt \u00e9s sok szempontb\u00f3l a v\u00e1ros lelkek\u00e9nt is szolg\u00e1lt.<\/p>\n<p>Egyes r\u00e9szeken a foly\u00f3 alig t\u00f6bb egy bugybor\u00e9kol\u00f3 patakn\u00e1l egy kocog\u00f3 gyalogh\u00eddja alatt. M\u00e1sutt t\u00fck\u00f6rr\u00e9 v\u00e1lik, t\u00fckr\u00f6zve a v\u00e1ros amb\u00edci\u00f3it a nemr\u00e9g fel\u00faj\u00edtott R\u00edo Cali k\u00f6r\u00faton. Ez a z\u00f6ld folyos\u00f3, amelyet m\u0171v\u00e9szeti install\u00e1ci\u00f3k, s\u00e9t\u00e1nyok \u00e9s gyarmati \u00e9p\u00edt\u00e9szet szeg\u00e9lyez, egyike azon kev\u00e9s helyeknek, ahol minden t\u00e1rsadalmi r\u00e9tegb\u0151l \u00e9s h\u00e1tt\u00e9rb\u0151l \u00e9rkez\u0151 lakos \u00f6sszegy\u0171lik \u2013 ceiba falak alatt, k\u00f6zt\u00e9ri szobrok k\u00f6zel\u00e9ben, utcazen\u00e9szeket hallgatva, vagy egyszer\u0171en csak a v\u00edz elvonul\u00e1s\u00e1t n\u00e9zve.<\/p>\n<p>De nem mindig volt ilyen idilli. A foly\u00f3t egykor elhanyagolt\u00e1k, a szennyez\u00e9s eldugult r\u00f3la, a tervez\u0151k elfelejtett\u00e9k. Csak az ut\u00f3bbi \u00e9vtizedekben kezdt\u00e9k \u00fajra befogadni \u2013 nemcsak infrastrukt\u00farak\u00e9nt, hanem \u00f6r\u00f6ks\u00e9gk\u00e9nt is.<\/p>\n<h3>A Farallones: K\u0151falak, felh\u0151z\u00e1tonyok<\/h3>\n<p>Nyugaton, szinte minden el\u0151zetes figyelmeztet\u00e9s n\u00e9lk\u00fcl emelkednek a Farallones de Cali-hegys\u00e9g \u2013 a Nyugati Kordiller\u00e1k vadreg\u00e9nyes, l\u00e9legzetel\u00e1ll\u00edt\u00f3 szakasza. Ezek a cs\u00facsok, amelyek n\u00e9melyike \u200b\u200bt\u00f6bb mint 4000 m\u00e9ter magas, alkotj\u00e1k azt a dr\u00e1mai l\u00e1tk\u00e9pet, amelyet minden kaliforniai ismer. Nem t\u00e1voli szimb\u00f3lumok, hanem mindennapi jelenl\u00e9t, gyakran k\u00f6dbe burkol\u00f3zva, mint az alattuk elter\u00fcl\u0151 v\u00e1rost figyel\u0151 \u00f6reg \u0151rszemek.<\/p>\n<p>T\u00e1masz\u00e1n\u00e1l fekszik a Farallones de Cali Nemzeti Term\u00e9szetv\u00e9delmi Park, egy k\u00f6derd\u0151k, p\u00e1ram\u00f3k \u00e9s \u00f6kol\u00f3giai csod\u00e1k rezerv\u00e1tuma. Itt menek\u00fclnek a helyiek a h\u0151s\u00e9g \u00e9s a h\u00edrek el\u0151l, itt \u00f3l\u00e1lkodnak m\u00e9g mindig ritka fajok, mint az andoki szem\u00fcveges medve \u00e9s a puma, \u00e9s ahol t\u00f6bb sz\u00e1z mad\u00e1rfaj var\u00e1zsolja szimf\u00f3ni\u00e1kk\u00e1 a lombkoron\u00e1kat. \u00d6sv\u00e9nyek kanyarognak v\u00edzes\u00e9sek, viaszp\u00e1lm\u00e1k \u00e9s k\u0151kib\u00fav\u00e1sok mellett, amelyek a f\u00f6ld \u00e1ltal \u00e9p\u00edtett erk\u00e9lyekk\u00e9nt tekintenek le a v\u00f6lgyre.<\/p>\n<p>A Farallones-hegys\u00e9g a helyi \u00e9ghajlatot is alak\u00edtja, nedvess\u00e9get gy\u0171jtenek \u00e9s olyan mikrokl\u00edm\u00e1t hoznak l\u00e9tre, amely Cali egyik oldal\u00e1t is finoman megk\u00fcl\u00f6nb\u00f6zteti a m\u00e1sikt\u00f3l. T\u00far\u00e1z\u00f3k, tud\u00f3sok \u00e9s misztikusok egyar\u00e1nt vigaszt tal\u00e1lnak ezeknek a hegyeknek a red\u0151iben.<\/p>\n<h3>Kelet fel\u00e9: A K\u00f6z\u00e9p-Kordiller\u00e1k csendes jelenl\u00e9te<\/h3>\n<p>B\u00e1r a K\u00f6z\u00e9p-Kordillera keletebbre fekszik, \u00e9s nem uralja annyira er\u0151teljesen a l\u00e1tk\u00e9pet, m\u00e9gis befoly\u00e1solja Cali \u00e9ghajlat\u00e1t \u00e9s f\u00f6ldrajz\u00e1t. Ez a hegys\u00e9g az Andok hossz\u00fa gerinc\u00e9nek r\u00e9sze, amely Kolumbia eg\u00e9sz belsej\u00e9t form\u00e1lja. Oldalair\u00f3l ereszkednek le az id\u0151j\u00e1r\u00e1si rendszerek, a v\u00e1ndormadarak \u00e9s a passz\u00e1tszelek, amelyek befoly\u00e1solj\u00e1k a v\u00f6lgy \u00e9vszakait.<\/p>\n<p>V\u00e1rostervez\u00e9s szempontj\u00e1b\u00f3l a K\u00f6z\u00e9p-Kordiller\u00e1knak kev\u00e9sb\u00e9 van k\u00f6zvetlen hat\u00e1sa, mint nyugati rokon\u00e1nak, de jelenl\u00e9te ennek ellen\u00e9re a r\u00e9gi\u00f3 egyens\u00faly\u00e1nak r\u00e9sze. E k\u00e9t hegyrendszer k\u00f6z\u00f6tt fekszik egy v\u00e1ros, amelynek t\u00f6rt\u00e9net\u00e9t a k\u00f6rnyezete alak\u00edtja.<\/p>\n<h3>Kl\u00edma: \u00d6r\u00f6k tavasz l\u00fcktet\u00e9ssel<\/h3>\n<p>Cali \u00e9ghajlat\u00e1t tr\u00f3pusi szavann\u00e1nak min\u0151s\u00edtik, de ez a megnevez\u00e9s aligha ragadja meg a val\u00f3s\u00e1got. Az eg\u00e9sz \u00e9vben 25\u00b0C k\u00f6r\u00fcli \u00e1tlagh\u0151m\u00e9rs\u00e9klettel elker\u00fclhet\u0151k a tr\u00f3pusi sz\u00e9less\u00e9gi k\u00f6r\u00f6kre jellemz\u0151 sz\u00e9ls\u0151s\u00e9gek. A legt\u00f6bben kellemesnek \u00e9rzik a leveg\u0151t \u2013 sem nem cs\u00edp\u0151s, sem nem nyomaszt\u00f3, csak \u00e1lland\u00f3.<\/p>\n<p>Az \u00e9v nem n\u00e9gy, hanem kett\u0151 \u00e9vszakra oszlik: a sz\u00e1raz \u00e9vszakokra decembert\u0151l febru\u00e1rig \u00e9s j\u00faniust\u00f3l augusztusig, valamint a nedves \u00e9vszakokra m\u00e1rciust\u00f3l m\u00e1jusig \u00e9s szeptembert\u0151l novemberig. Az es\u0151 nem mindig \u00e9rkezik id\u0151ben, \u00e9s nem mindig enyhe. De \u00e9letet ad mindennek, az utcai mang\u00f3f\u00e1kt\u00f3l a fenti l\u00e1pvid\u00e9kig.<\/p>\n<p>A v\u00e1rosban \u00e1tlagosan \u00e9vente k\u00f6r\u00fclbel\u00fcl 1000 millim\u00e9ter (39 h\u00fcvelyk) es\u0151 esik. Ez el\u00e9g ahhoz, hogy a dombok z\u00f6ldek maradjanak, a foly\u00f3k folyjanak, a hangulat pedig j\u00f3 legyen \u2013 an\u00e9lk\u00fcl, hogy elnyomn\u00e1 a v\u00e1rost, ahogy az sok tr\u00f3pusi v\u00e1rosban t\u00f6rt\u00e9nik. A meleg, a csapad\u00e9k, a terep \u2013 mindez egy olyan ritmusba sz\u00f6v\u0151dik, amellyel az emberek itt egy\u00fctt mozognak, nem pedig ellene.<\/p>\n<h3>Mez\u0151gazdas\u00e1g \u00e9s biodiverzit\u00e1s: Term\u00e9keny motor<\/h3>\n<p>Ez a szel\u00edd \u00e9ghajlat, a v\u00f6lgy m\u00e9ly, vulkanikus talaj\u00e1val p\u00e1rosulva, a Cauca-v\u00f6lgyet Kolumbia egyik mez\u0151gazdas\u00e1gi motorj\u00e1v\u00e1 teszi. A leveg\u0151b\u0151l n\u00e1d\u00fcltetv\u00e9nyek, k\u00e1v\u00e9\u00fcltetv\u00e9nyek, f\u0151z\u0151ban\u00e1nsorok \u00e9s vir\u00e1gz\u00f3 s\u00f6v\u00e9nyek tarka sz\u00f6ved\u00e9ke. A f\u00f6ldr\u0151l n\u00e9zve munkaig\u00e9nyes, gener\u00e1ci\u00f3kon \u00e1t\u00edvel\u0151 munkater\u00fclet, amely gyakran l\u00e1thatatlan azok sz\u00e1m\u00e1ra, akik csak ell\u00e1togatnak ide.<\/p>\n<p>A v\u00e1roslak\u00f3k is profit\u00e1lnak ebb\u0151l a b\u0151s\u00e9gb\u0151l. Az olyan piacok, mint a Galer\u00eda Alameda vagy a La Placita, tele vannak hihetetlen\u00fcl \u00e9des \u00edz\u0171 gy\u00fcm\u00f6lcs\u00f6kkel, amelyeket kevesebb mint 100 kilom\u00e9terre termesztenek. Focilabda m\u00e9ret\u0171 papay\u00e1k, arany lul\u00f3k, m\u00e9lylila maracuja \u2013 ezek egy olyan f\u00f6ldrajzi kincsek, amelyek nem tartanak pihen\u0151napokat.<\/p>\n<p>Mindezt pedig olyan s\u0171r\u0171 biodiverzit\u00e1s veszi k\u00f6r\u00fcl, hogy lehetetlen katalogiz\u00e1lni. Cali olyan sz\u00edn\u0171 pillang\u00f3knak ad otthont, amelyek mintha kital\u00e1lt\u00e1k volna \u0151ket, b\u00e9k\u00e1knak, amelyek az \u00e9jszakai es\u0151ben dalolnak, \u00e9s f\u00e1knak, amelyek b\u00edbor, narancss\u00e1rga \u00e9s r\u00f3zsasz\u00edn sz\u00ednekben vir\u00e1goznak, mintha a figyelem\u00e9rt versengen\u00e9nek.<\/p>\n<h3>V\u00e1rosi n\u00f6veked\u00e9s \u00e9s a sz\u00e9lek nyom\u00e1sa<\/h3>\n<p>Cali, ahogy minden v\u00e1ros, kifel\u00e9 \u00e9s felfel\u00e9 is terjeszkedett. A v\u00f6lgyfen\u00e9k azonban korl\u00e1tozza, hogy milyen messzire terjeszkedhet k\u00f6vetkezm\u00e9nyek n\u00e9lk\u00fcl. Az olyan v\u00e1rosr\u00e9szek, mint Silo\u00e9, amelyek a hegyoldalba \u00e9kel\u0151dnek, egyszerre \u00e9l\u00e9nk k\u00f6z\u00f6ss\u00e9gek \u00e9s esettanulm\u00e1nyok a v\u00e1rosi stresszr\u0151l \u2013 meredek l\u00e9pcs\u0151k, r\u00f6gt\u00f6nz\u00f6tt h\u00e1zak \u00e9s nehezen megszerzett ellen\u00e1ll\u00f3 k\u00e9pess\u00e9g.<\/p>\n<p>A terjeszked\u00e9s \u00e9s a term\u00e9szetv\u00e9delem k\u00f6z\u00f6tti fesz\u00fclts\u00e9g \u00e9vr\u0151l \u00e9vre \u00e9lesebb\u00e9 v\u00e1lik. Ahogy a n\u00e9pess\u00e9g n\u00f6vekszik \u00e9s az infrastruktur\u00e1lis terhek nehezednek r\u00e1nk, heves vit\u00e1k folynak az \u00f6vezeti besorol\u00e1sr\u00f3l, az erd\u0151irt\u00e1sr\u00f3l \u00e9s arr\u00f3l, hogy ki alak\u00edthatja a v\u00e1ros j\u00f6v\u0151j\u00e9t. De a f\u00f6ldrajz nem passz\u00edv szerepl\u0151. Visszah\u00faz\u00f3dik. Az \u00e1rterek tiszteletet k\u00f6vetelnek. A hegyoldalak erod\u00e1l\u00f3dnak. A foly\u00f3k t\u00falcsordulnak. \u00cdgy a v\u00e1ros megtanulja, n\u00e9ha f\u00e1jdalmasan, hallgatni a f\u00f6ldre.<\/p>\n<h3>F\u00f6ldrajz mint identit\u00e1s<\/h3>\n<p>Santiago de Caliban a f\u00f6ldrajz nem csup\u00e1n fizikai \u2013 hanem a v\u00e1ros \u00e9rzelmi keretrendszere is. A hegyek nem h\u00e1tterek, hanem metafor\u00e1k. A foly\u00f3 nem csup\u00e1n v\u00edz, hanem mozg\u00e1sban l\u00e9v\u0151 t\u00f6rt\u00e9nelem. A leveg\u0151 nem semleges; illatokkal, eml\u00e9kekkel \u00e9s zajokkal van \u00e1titatva.<\/p>\n<p>Az emberek itt melegs\u00e9ggel fogadnak, amely ut\u00e1nozza az \u00e9ghajlatot \u2013 gyeng\u00e9d, m\u00e9gis rend\u00edthetetlen. Nemcsak b\u00fcszk\u00e9n, hanem gy\u00f6kerekkel is besz\u00e9lnek a v\u00e1rosukr\u00f3l. \u201eV\u00f6lgyemberek vagyunk\u201d \u2013 mondj\u00e1k, \u00e9s ez nem csak a helysz\u00ednre vonatkoz\u00f3 megjegyz\u00e9s \u2013 ez egy vil\u00e1gn\u00e9zet. Caliban \u00e9lni annyit tesz, mint a hegyekre \u00e9bredni az ablakodban, a foly\u00f3ra a f\u00fcledben, \u00e9s a guava illat\u00e1ra a piacon. Meg\u00e9rteni, hogy a hely form\u00e1lhatja a szem\u00e9lyis\u00e9get \u2013 \u00e9s hogy n\u00e9h\u00e1ny ritka v\u00e1rosban a f\u00f6ldrajz a sors.<\/p>\n<h2>Santiago de Cali nevezetess\u00e9gei \u00e9s nevezetess\u00e9gei<\/h2>\n<p>Santiago de Cali egy fokozatosan felt\u00e1rul\u00f3 v\u00e1ros. Nem csillog a turisztikai f\u0151v\u00e1rosok t\u00falf\u00e9nyes csillog\u00e1s\u00e1ban; lassan \u00e9s ritmikusan, salsa temp\u00f3ban l\u00e9legzik. A v\u00f6lgyv\u00e1rosban sz\u00e9tsz\u00f3rt l\u00e1tnival\u00f3k \u00e9s nevezetess\u00e9gek ugyanolyan r\u00e9tegzettek, mint a t\u00f6rt\u00e9nelme \u2013 n\u00e9melyik kopott, m\u00e1sok dacosak, sok pedig buja. Calin s\u00e9t\u00e1lni olyan, mintha \u00e9vsz\u00e1zadok k\u00f6z\u00f6tt sodr\u00f3dn\u00e1nk, tereken, erd\u0151s lejt\u0151k\u00f6n, \u00e9s Kolumbia egyik legjellegzetesebb v\u00e1rosi lelk\u00e9nek ritmikus l\u00fcktet\u00e9s\u00e9be mer\u00fcln\u00e9nk.<\/p>\n<h3>Cristo Rey: A v\u00e1ros kiny\u00fajtott karjai<\/h3>\n<p>Tal\u00e1n egyetlen eml\u00e9km\u0171 sem magasodik annyira a kale\u00f1\u00f3k pszich\u00e9j\u00e9be, mint a Cristo Rey. A nyugati hegyekben \u00e1ll\u00f3 domb tetej\u00e9r\u0151l a 26 m\u00e9teres Krisztus-szobor n\u00e9m\u00e1n tekint a v\u00e1rosra. A leveg\u0151 itt h\u0171v\u00f6sebb, a forgalom t\u00e1voli morajl\u00e1sa hallatszik, a v\u00e1rosk\u00e9p ellentmond\u00e1sok foltjaib\u00f3l \u00e1ll \u2013 a v\u00e1rosi s\u0171r\u0171s\u00e9g a dzsungel reped\u00e9seibe gy\u0171r\u0151dik. M\u00edg a Rio de Janeir\u00f3i Megv\u00e1lt\u00f3 Krisztus-szoborhoz val\u00f3 \u00f6sszehasonl\u00edt\u00e1s elker\u00fclhetetlen, a kaliforniai Cristo bens\u0151s\u00e9gesebbnek \u00e9rz\u0151dik. Ide a csal\u00e1dok nemcsak a kil\u00e1t\u00e1s miatt j\u00f6nnek, hanem az \u00fatsz\u00e9len \u00e1rus\u00edtott empanad\u00e1k, a l\u00e9pcs\u0151k k\u00f6zel\u00e9ben boler\u00f3n j\u00e1tsz\u00f3 mag\u00e1nyos git\u00e1ros hangja, \u00e9s a belv\u00e1rosi k\u00e1oszt\u00f3l valahogyan csak percekre l\u00e9v\u0151 csend miatt is.<\/p>\n<h3>Plaza de Cayzedo: Ahol a v\u00e1ros l\u00e9legzik<\/h3>\n<p>Minden kolumbiai v\u00e1rosnak megvan a saj\u00e1t k\u00f6zponti tere, de a Plaza de Cayzedo t\u00f6bb mint egy \u00fcnnepi k\u00f6zpont \u2013 egy l\u00e9legzetel\u00e1ll\u00edt\u00f3 hely. A F\u0151v\u00e1rosi Sz\u00e9kesegyh\u00e1z, a V\u00e1rosh\u00e1za \u00e9s egy m\u00e1sik korb\u00f3l sz\u00e1rmaz\u00f3 iroda\u00e9p\u00fcletek \u00e1ltal k\u00f6r\u00fclv\u00e9ve, itt pihennek a kale\u00f1\u00f3k a magas p\u00e1lmaf\u00e1k \u00e1rny\u00e9k\u00e1ban, az utcai \u00e1rusok lime-mal szeletelt mang\u00f3t \u00e1rulnak, \u00e9s az \u00fcgyv\u00e9dek siettek el mellette a b\u00edr\u00f3s\u00e1gra menet. A f\u00fcggetlens\u00e9gi h\u0151sr\u0151l, Joaqu\u00edn de Cayzedo y Cuer\u00f3r\u00f3l elnevezett t\u00e9r a gyarmati elnyom\u00e1s \u00e9s a kem\u00e9nyen kiharcolt felszabadul\u00e1s eml\u00e9k\u00e9t hordozza mag\u00e1ban, melyeket ma m\u00e1r egy k\u00f6zeli padon \u00e1ll\u00f3 r\u00e9gi tranzisztoros r\u00e1di\u00f3b\u00f3l sz\u0171r\u0151d\u0151 zene l\u00e1gy\u00edt.<\/p>\n<h3>A Metropolitan katedr\u00e1lis: Hit a m\u00e1rv\u00e1nyban<\/h3>\n<p>A Szent P\u00e9ter apostol f\u0151v\u00e1rosi sz\u00e9kesegyh\u00e1za egy neoklasszicista \u00e9p\u00edtm\u00e9ny, amely szigor\u00fa kecsess\u00e9ggel uralja a teret. K\u0151homlokzata, amely a 19. sz\u00e1zad v\u00e9g\u00e9n k\u00e9sz\u00fclt el, arra az id\u0151re utal, amikor Cali \u00e9ppen csak kezdte elk\u00e9pzelni mag\u00e1t tekint\u00e9lyes v\u00e1rosk\u00e9nt. Bel\u00e9pve azonnal csend honol. A csill\u00e1rok, a kopott padok \u00e9s a pisl\u00e1kol\u00f3 gyerty\u00e1k nemcsak a hitr\u0151l, hanem a hagyom\u00e1nyok csendes kitart\u00e1s\u00e1r\u00f3l is \u00e1rulkodnak egy olyan v\u00e1rosban, amely megtapasztalta a nyugtalans\u00e1g meg\u00e9lt\u00e9teit.<\/p>\n<h3>La Merced Komplexum: A kol\u00f3nia visszhangjai<\/h3>\n<p>A t\u00f6rt\u00e9nelem m\u00e9lyen \u00e9l a La Merced komplexumban. Itt \u00e1ll Cali egyik legr\u00e9gebbi temploma, feh\u00e9rre meszelt falai \u00e9s v\u00f6r\u00f6s agyagcsemp\u00e9i \u00e9vsz\u00e1zados im\u00e1k \u00e9s suttog\u00e1sok otthon\u00e1t rejtik. A m\u00fazeumhoz kapcsol\u00f3dik a La Merced R\u00e9g\u00e9szeti M\u00fazeum, ahol prekolumbi\u00e1n leletek k\u00f6tik \u00f6ssze a modern calen\u00f3t a h\u00f3d\u00edt\u00e1s el\u0151tti \u0151slakos gy\u00f6kerekkel. A m\u00fazeumban halv\u00e1nyan fa \u00e9s por illata terjeng, a leveg\u0151 pedig az \u00f6sszeomlott id\u0151 \u00e9rz\u00e9s\u00e9t\u0151l s\u0171r\u0171.<\/p>\n<h3>La Tertulia M\u00fazeum: Ecsetvon\u00e1sok p\u00e1rbesz\u00e9de<\/h3>\n<p>A foly\u00f3parton tal\u00e1lhat\u00f3 a La Tertulia Modern M\u0171v\u00e9szetek M\u00fazeuma, amely felt\u0171n\u0151 kontrasztot alkot Cali gyarmati st\u00edlus\u00e1val. Beton- \u00e9s \u00fcveg\u00e9p\u00edt\u00e9szeti alkot\u00e1sai kolumbiai \u00e9s nemzetk\u00f6zi m\u0171v\u00e9szek mer\u00e9sz, olykor megr\u00e1z\u00f3 alkot\u00e1sainak adnak otthont. A csarnokaiban s\u00e9t\u00e1lva szembes\u00fclhet\u00fcnk Kolumbia ellentmond\u00e1saival \u2013 er\u0151szakkal, \u00f6r\u00f6mmel, \u00f6r\u00f6ks\u00e9ggel \u00e9s modernizmussal, mindezt sz\u00ednben, text\u00far\u00e1ban \u00e9s provok\u00e1ci\u00f3ban megjelen\u00edtve. Ez a v\u00e1ros egyik legjobb helye a leh\u0171l\u00e9sre egy perzsel\u0151 d\u00e9lut\u00e1non, \u00e9s tal\u00e1n k\u00f6zben kih\u00edv\u00e1sok el\u00e9 \u00e1ll\u00edtva magunkat.<\/p>\n<h3>Cali \u00c1llatkert: A v\u00e1ros vad sz\u00edve<\/h3>\n<p>Egy kontrasztokkal teli v\u00e1rosban a Cali \u00c1llatkert ritka szint\u00e9zis. Buja, j\u00f3l gondozott \u00e9s gondosan v\u00e1logatott \u00e1llatkert, amely Kolumbia gazdag \u00f6kosziszt\u00e9m\u00e1iban \u0151shonos \u00e1llatoknak ad otthont: jagu\u00e1roknak, andoki medv\u00e9knek, tuk\u00e1noknak \u00e9s m\u00e9g sok m\u00e1snak. De t\u00f6bb mint egy \u00e9l\u0151l\u00e9nygy\u0171jtem\u00e9ny, ez az oktat\u00e1s \u00e9s a rehabilit\u00e1ci\u00f3 tere, ahol a term\u00e9szetv\u00e9delem nem divatos sz\u00f3, hanem gyakorlat. A gyerekek t\u00e1gra ny\u00edlt szemekkel b\u00e1mulnak, \u00e9s a feln\u0151ttek is gyakran \u00fajra felfedezik a csod\u00e1t az \u00e1rny\u00e9kos \u00f6sv\u00e9nyeken.<\/p>\n<h3>Andoke Pillang\u00f3farm: Suttog\u00f3 \u00c9denkert<\/h3>\n<p>A v\u00e1ros zajosabb r\u00e9szeit\u0151l t\u00e1vol tal\u00e1lhat\u00f3 az Andoke Pillang\u00f3farm \u2013 egy mened\u00e9k, ahol a sz\u00ednek dallamk\u00e9nt kavarognak a leveg\u0151ben. Itt az \u00e9let finomnak \u00e9rz\u0151dik. S\u00e9t\u00e1lj v\u00e9gig a t\u00e9likerteken, \u00e9s tucatnyi pillang\u00f3faj suhan el a v\u00e1llad mellett, sz\u00e1ll le a kab\u00e1tujdra, vagy egyszer\u0171en csak csillog a d\u00e9lel\u0151tti f\u00e9nyben. Ez t\u00f6bb mint sz\u00e9ps\u00e9g \u2013 ez a biodiverzit\u00e1s k\u00e9zzelfoghat\u00f3v\u00e1 v\u00e1l\u00e1sa.<\/p>\n<h3>Cali Salsa F\u0151v\u00e1ros \u00e9s Nemzeti Salsam\u00fazeum: Ahol a mozg\u00e1s az eml\u00e9kezet<\/h3>\n<p>Cali sz\u00edve-lelke a salsa. Nem a sz\u00f3 hagyom\u00e1nyos \u00e9rtelm\u00e9ben vett l\u00e1tv\u00e1nyoss\u00e1g \u2013 hanem a mindennapok h\u00e1ttere. Ennek ellen\u00e9re az Obrero negyedben tal\u00e1lhat\u00f3 Cali Salsa Capital \u00e9s a Museo Nacional de la Salsa elk\u00f6telezett teret biztos\u00edt e identit\u00e1s m\u00e9lys\u00e9g\u00e9nek meg\u00e9rt\u00e9s\u00e9hez. Az egyik tan\u00edt; a m\u00e1sik meg\u0151rzi. Mindkett\u0151ben olyan l\u00e9pteket tal\u00e1lhatunk, amelyek a m\u00falt gener\u00e1ci\u00f3inak eml\u00e9keit id\u00e9zik, olyan ritmusokat, amelyek t\u00falmutatnak a nyelven, \u00e9s olyan \u00f6r\u00f6m\u00f6t, amely forradalmi \u00e9rz\u00e9st kelt.<\/p>\n<h3>San Antonio: Egy falu a v\u00e1roson bel\u00fcl<\/h3>\n<p>San Antonio az a fajta k\u00f6rny\u00e9k, amely m\u00e9g a siet\u0151sebbeket is arra cs\u00e1b\u00edtja, hogy lelass\u00edtsanak. A macskak\u00f6ves utc\u00e1k sz\u00ednes gyarmati h\u00e1zak mellett kanyarognak, amelyeket ma p\u00e9ks\u00e9gekk\u00e9, k\u00e9zm\u0171ves boltokk\u00e1 \u00e9s k\u00f6lt\u0151i k\u00e1v\u00e9z\u00f3kk\u00e1 alak\u00edtottak \u00e1t. A San Antonio-i templom a dombtet\u0151r\u0151l n\u00e9z, k\u00fcl\u00f6n\u00f6sen sz\u00e9p alkonyatkor, amikor a nap lenyugszik a Farallones-hegys\u00e9g m\u00f6g\u00f6tt, \u00e9s az \u00e1rny\u00e9kok hosszan ny\u00falnak a h\u00e1ztet\u0151k\u00f6n. K\u00f6lt\u0151k \u00e9s zen\u00e9szek ma is \u00f6sszegy\u0171lnek itt, \u00e9s m\u00e9g egy s\u00e9ta is egyfajta l\u00e1gy szertart\u00e1ss\u00e1 v\u00e1lik.<\/p>\n<h3>Alameda Gal\u00e9ria: \u00c9let minden folyos\u00f3n<\/h3>\n<p>Egyetlen m\u00fazeum sem veheti fel a versenyt a Galer\u00eda Alameda \u00e9l\u00e9nks\u00e9g\u00e9vel. Ez a piac \u2013 rendetlen, illatos, \u00e9l\u00e9nk \u2013 Cali f\u0151 \u00e9tterme. Itt maracuy\u00e1 \u00e9s guan\u00e1bana halmai vannak, gy\u00f3gyhat\u00e1s\u00fa \u00e9s misztikus gy\u00f3gyn\u00f6v\u00e9nyek sorai, \u00e9s a helyiek frissen fogott halakr\u00f3l vagy arepas de choclo-r\u00f3l alkudoznak. Pr\u00f3b\u00e1lja ki a s\u0171r\u0171 \u00e9s savanyk\u00e1s lulad\u00e1t, vagy egyszer\u0171en csak \u00fclj\u00f6n le egy hideg cerveza mellett, \u00e9s n\u00e9zze, ahogy a vil\u00e1g teljes sz\u00ednben \u00e9s sz\u0171retlen zajban m\u00falik el.<\/p>\n<h3>Egy\u00e9b nevezetes nevezetess\u00e9gek<\/h3>\n<p>A Sebasti\u00e1n de Belalc\u00e1zar-szobor, amely bronz ujj\u00e1t a lenti v\u00f6lgy fel\u00e9 szegezi, a v\u00e1ros konkviszt\u00e1dor alap\u00edt\u00f3j\u00e1nak \u00e1ll\u00edt eml\u00e9ket \u2013 ellentmond\u00e1sos, m\u00e9gis k\u00f6zponti helyet foglal el. A Pascual Guerrero Olimpiai Stadion ek\u00f6zben l\u00fcktet a futballszenved\u00e9ly, k\u00fcl\u00f6n\u00f6sen az Am\u00e9rica de Cali m\u00e9rk\u0151z\u00e9sein. A Caliwood M\u00fazeum gyeng\u00e9d tisztelg\u00e9ssel ad\u00f3zik a kolumbiai mozi aranykora el\u0151tt. A k\u00f6zeli Jairo Varela t\u00e9r zenei b\u00fcszkes\u00e9ggel l\u00fcktet, a Boulevard del R\u00edo pedig az egykor elhanyagolt v\u00e1rosi r\u00e9szt a gy\u00fclekez\u00e9s, az utcai el\u0151ad\u00e1sok \u00e9s a k\u00e9s\u0151 esti s\u00e9t\u00e1k sz\u00ednter\u00e9v\u00e9 alak\u00edtotta.<\/p>\n<p>Ott van m\u00e9g a Gato de Tejada is, Hernando Tejada bronz macsk\u00e1ja, amely a foly\u00f3parton pihen, szesz\u00e9lyesen tucatnyi kisebb macskaszobor veszi k\u00f6r\u00fcl. A helyiek szerencs\u00e9\u00e9rt meg\u00e9rintik a fark\u00e1t, a gyerekek pedig \u00fagy m\u00e1sznak a mancsaira, mintha az lenne a saj\u00e1t szel\u00edd m\u00e1sz\u00f3k\u00e1juk.<\/p>\n<p>A perspekt\u00edva \u2013 sz\u00f3 szerinti \u00e9s \u00e1tvitt \u00e9rtelemben is \u2013 \u00e9rdek\u00e9ben m\u00e1ssza meg a La Loma de la Cruz cs\u00facs\u00e1t, vagy l\u00e1togassa meg a Cali-tornyot. Az el\u0151bbi k\u00e9zm\u0171ves foglalkoz\u00e1sokat \u00e9s kult\u00far\u00e1t k\u00edn\u00e1l a lenyugv\u00f3 nap alatt; az ut\u00f3bbi egy folyamatosan n\u00f6vekv\u0151, folyamatosan fejl\u0151d\u0151 v\u00e1ros \u00fcveg- \u00e9s ac\u00e9lpanor\u00e1m\u00e1j\u00e1t t\u00e1rja el\u00e9nk.<\/p>\n<h3>Egy kontrasztokban meg\u00edrt v\u00e1ros<\/h3>\n<p>Santiago de Cali nem t\u00f6k\u00e9letes, \u00e9s nem is tetteti mag\u00e1t annak. A k\u00fczdelmek v\u00e1rosa \u2013 h\u0151hull\u00e1mok \u00e9s kem\u00e9ny munka, forgalom \u00e9s kusza t\u00f6rt\u00e9nelem. De a rugalmass\u00e1g v\u00e1rosa is. Az emberek k\u00f6nnyen nevetnek. M\u00e9g akkor is t\u00e1ncolnak, amikor a zene m\u00e1r csak eml\u00e9k. Nevezetess\u00e9gei nem megfagyott erekly\u00e9k, hanem \u00e9l\u0151 bizony\u00edt\u00e9kok egy olyan helyr\u0151l, amely nem hajland\u00f3 feled\u00e9sbe mer\u00fclni vagy karikat\u00far\u00e1v\u00e1 laposodni.<\/p>\n<p>Cali a tereken \u00e9s piacokon, a templomokban \u00e9s t\u00e1nctermekben, a parkokban \u00e9s gal\u00e9ri\u00e1kban mes\u00e9li el t\u00f6rt\u00e9net\u00e9t \u2013 nem l\u00e1tv\u00e1nyoss\u00e1gokon, hanem l\u00e9leken kereszt\u00fcl. \u00c9s v\u00e9gs\u0151 soron ez a legnagyobb vonzereje.<\/p>","protected":false},"excerpt":{"rendered":"<p>Santiago de Cali, commonly referred to as\u00a0Cali, is situated in the lush\u00a0Cauca Valley\u00a0of southwestern\u00a0Colombia\u00a0and exhibits a distinctive energy and spirit.\u00a0Third biggest city in Colombia, this energetic city of more than\u00a02.5 million people\u00a0is the seat of\u00a0Valle del Cauca department.\u00a0Cali, however, enthrals guests with its seductive mix of\u00a0history,\u00a0culture, and\u00a0joie de vivre\u2014far beyond simple numbers.<\/p>","protected":false},"author":1,"featured_media":3575,"parent":7405,"menu_order":0,"comment_status":"closed","ping_status":"closed","template":"elementor_theme","meta":{"_eb_attr":"","footnotes":""},"class_list":["post-7443","page","type-page","status-publish","has-post-thumbnail"],"_links":{"self":[{"href":"https:\/\/travelshelper.com\/hu\/wp-json\/wp\/v2\/pages\/7443","targetHints":{"allow":["GET"]}}],"collection":[{"href":"https:\/\/travelshelper.com\/hu\/wp-json\/wp\/v2\/pages"}],"about":[{"href":"https:\/\/travelshelper.com\/hu\/wp-json\/wp\/v2\/types\/page"}],"author":[{"embeddable":true,"href":"https:\/\/travelshelper.com\/hu\/wp-json\/wp\/v2\/users\/1"}],"replies":[{"embeddable":true,"href":"https:\/\/travelshelper.com\/hu\/wp-json\/wp\/v2\/comments?post=7443"}],"version-history":[{"count":0,"href":"https:\/\/travelshelper.com\/hu\/wp-json\/wp\/v2\/pages\/7443\/revisions"}],"up":[{"embeddable":true,"href":"https:\/\/travelshelper.com\/hu\/wp-json\/wp\/v2\/pages\/7405"}],"wp:featuredmedia":[{"embeddable":true,"href":"https:\/\/travelshelper.com\/hu\/wp-json\/wp\/v2\/media\/3575"}],"wp:attachment":[{"href":"https:\/\/travelshelper.com\/hu\/wp-json\/wp\/v2\/media?parent=7443"}],"curies":[{"name":"wp","href":"https:\/\/api.w.org\/{rel}","templated":true}]}}