{"id":6705,"date":"2024-08-19T09:41:47","date_gmt":"2024-08-19T09:41:47","guid":{"rendered":"https:\/\/travelshelper.com\/staging\/?page_id=6705"},"modified":"2026-03-14T00:18:05","modified_gmt":"2026-03-14T00:18:05","slug":"uruguay","status":"publish","type":"page","link":"https:\/\/travelshelper.com\/hu\/destinations\/south-america\/uruguay\/","title":{"rendered":"Uruguay"},"content":{"rendered":"<p>Uruguay egy keskeny ter\u00fclets\u00e1vot foglal el a d\u00e9li R\u00edo de la Plata \u00e9s az \u00e9szaki Cuchillas hull\u00e1mz\u00f3 alacsony dombjai k\u00f6z\u00f6tt. Nagyj\u00e1b\u00f3l 176 215 n\u00e9gyzetkilom\u00e9teren ter\u00fcl el, \u00e9s tov\u00e1bbra is a m\u00e1sodik legkisebb f\u00fcggetlen nemzet a d\u00e9l-amerikai sz\u00e1razf\u00f6ld\u00f6n. Montevideo, f\u0151v\u00e1rosa \u00e9s f\u0151 kik\u00f6t\u0151je, a d\u00e9li partot foglalja el, k\u00f6zel k\u00e9tmilli\u00f3 lakost vonzva egy nagyv\u00e1rosi mozaikba, amely r\u00e9gi er\u0151d\u00edtm\u00e9nyeket, modernista sug\u00e1rutakat \u00e9s csendes lak\u00f3negyedeket foglal mag\u00e1ban. Ezen a v\u00e1rosi sz\u00edven t\u00fal mintegy 3,4 milli\u00f3s lakoss\u00e1g \u00e9l term\u00e9keny legel\u0151k\u00f6n, foly\u00f3parti s\u00edks\u00e1gokon \u00e9s alkalmank\u00e9nt erd\u0151s emelked\u0151k\u00f6n.<\/p>\n<p>A f\u00f6ldrajz szel\u00edd vonalvezet\u00e9s\u0171. Nem hegyl\u00e1ncok has\u00edtj\u00e1k a t\u00e1jat; ehelyett alacsony dombvonulatok emelkednek szer\u00e9ny magass\u00e1gokba, legmagasabb pontjuk \u2013 a Cerro Catedral \u2013 514 m\u00e9terrel a tengerszint felett fekszik. Ezeket a dombokat v\u00edzi utak h\u00e1l\u00f3ja bor\u00edtja. Az Uruguay foly\u00f3, amely a nyugati hat\u00e1rt jel\u00f6li, d\u00e9lnyugati sarokban \u00f6mlik a R\u00edo de la Plata torkolat\u00e1ba. A sz\u00e1razf\u00f6ld belsej\u00e9ben a R\u00edo Negro kett\u00e9szeli az orsz\u00e1got, foly\u00e1sa 1945-ben \u00e1llt meg, l\u00e9trehozva a Rinc\u00f3n del Bonete v\u00edzt\u00e1roz\u00f3t. Az atlanti part ment\u00e9n lag\u00fan\u00e1k \u00e9s vizes \u00e9l\u0151helyek sorozata t\u00e1mogatja az uruguayi szavannak\u00e9nt ismert v\u00e1ltozatos \u00f6kosziszt\u00e9m\u00e1t. T\u00edz nemzeti park v\u00e9di a vizes \u00e9l\u0151helyeket, a dombvid\u00e9keket \u00e9s a parti erd\u0151ket, b\u00e1r egy szer\u00e9ny Erd\u0151t\u00e1j Integrit\u00e1si Index pontsz\u00e1m azt jelzi, hogy az eredeti fa\u00e1llom\u00e1ny nagy r\u00e9sze legel\u0151v\u00e9 v\u00e1lt.<\/p>\n<p>Uruguay, amely teljes eg\u00e9sz\u00e9ben a Bakt\u00e9r\u00edt\u0151t\u0151l d\u00e9lre fekszik, egyenletesen m\u00e9rs\u00e9kelt \u00e9ghajlattal rendelkezik. A ny\u00e1r decembert\u0151l m\u00e1rciusig tart, atlanti szell\u0151 enyh\u00edti az id\u0151j\u00e1r\u00e1st, m\u00edg a t\u00e9l j\u00faniust\u00f3l szeptemberig tart, \u00e9ves fagyokkal, de ritk\u00e1n er\u0151s hideggel. A csapad\u00e9k egyenletesen oszlik el az \u00e9v sor\u00e1n; id\u0151nk\u00e9nt viharok s\u00f6p\u00f6rnek v\u00e9gig a ny\u00edlt s\u00edks\u00e1gokon, sz\u00e9ll\u00f6k\u00e9seket, j\u00e9ges\u0151t vagy ritk\u00e1n torn\u00e1d\u00f3kat hozva. K\u00f6d telepszik a foly\u00f3v\u00f6lgyekre \u00e9s a part menti s\u00edks\u00e1gra; a p\u00e1ratartalom tov\u00e1bbra is magas marad.<\/p>\n<p>Az emberi jelenl\u00e9t itt t\u00f6bb mint 13 000 \u00e9vre ny\u00falik vissza, amikor vad\u00e1sz\u00f3-gy\u0171jt\u00f6get\u0151 n\u00e9pek k\u00f6vett\u00e9k a vadat a s\u00edks\u00e1gokon. Az eur\u00f3paiak \u00e9rkez\u00e9s\u00e9nek el\u0151est\u00e9j\u00e9n a charr\u00faa n\u00e9p uralta a mai Uruguay k\u00f6z\u00e9ps\u0151 r\u00e9sz\u00e9t, \u00e9szakon a guaran\u00ed k\u00f6z\u00f6ss\u00e9gekkel \u00e9s a v\u00edzi utak ment\u00e9n a chan\u00e1 n\u00e9pcsoportokkal egy\u00fctt. Portug\u00e1l telepesek alap\u00edtott\u00e1k Colonia do Sacrament\u00f3t a R\u00edo de la Plata partj\u00e1n, ami arra k\u00e9sztette a spanyol korm\u00e1nyz\u00f3kat, hogy m\u00e9g a sz\u00e1zad k\u00f6zepe el\u0151tt megalap\u00edts\u00e1k Montevide\u00f3t.<\/p>\n<p>A tizenkilencedik sz\u00e1zad elej\u00e9n ezek a gyarmati el\u0151\u0151rs\u00f6k Spanyolorsz\u00e1g, Portug\u00e1lia, majd k\u00e9s\u0151bb a felt\u00f6rekv\u0151 Argent\u00edna \u00e9s Braz\u00edlia k\u00f6zt\u00e1rsas\u00e1gok egym\u00e1ssal verseng\u0151 ig\u00e9nyeinek sz\u00ednter\u00e9v\u00e9 v\u00e1ltak. 1811 \u00e9s 1828 k\u00f6z\u00f6tt egy n\u00e9gyoldal\u00fa verseny cs\u00facsosodott ki Uruguay f\u00fcggetlens\u00e9g\u00e9vel. Az \u00faj \u00e1llam azonban a sz\u00e1zad k\u00f6zep\u00e9ig k\u00fclf\u00f6ldi befoly\u00e1s \u00e9s beavatkoz\u00e1s alatt maradt. Az ezt k\u00f6vet\u0151 \u00e9vtizedekben t\u00e1rsadalmi \u00e9s gazdas\u00e1gi reformok sorozata rakta le az alapokat egy \u00e1tfog\u00f3 j\u00f3l\u00e9ti rendszerhez. A k\u00f6zoktat\u00e1s, a munkav\u00e1llal\u00f3k v\u00e9delme \u00e9s a nyugd\u00edjprogramok az 1880-as \u00e9s az 1920-as \u00e9vek k\u00f6z\u00f6tt gy\u00f6kereztek meg. A korszak megfigyel\u0151i a t\u00e1rsadalmi kereteket Sv\u00e1jc\u00e9hoz hasonl\u00edtott\u00e1k, ami Uruguay-t az \u201eAmerika Sv\u00e1jca\u201d jelz\u0151vel illette.<\/p>\n<p>Ez a p\u00e1lya a huszadik sz\u00e1zad v\u00e9g\u00e9n megv\u00e1ltozott. Az 1960-as \u00e9vek gazdas\u00e1gi v\u00e1ls\u00e1gai egybeestek a v\u00e1rosi gerillatev\u00e9kenys\u00e9ggel, ami 1973-ban \u00e1llamcs\u00ednyhez vezetett. A polg\u00e1ri-katonai k\u00f6zigazgat\u00e1s szigor\u00fa ellen\u0151rz\u00e9st vezetett be 1985-ig. Az alkotm\u00e1nyos uralom helyre\u00e1ll\u00edt\u00e1sa \u00f3ta Uruguay megszil\u00e1rd\u00edtotta a demokratikus int\u00e9zm\u00e9nyeket. Az eln\u00f6k \u00e1llamf\u0151k\u00e9nt \u00e9s korm\u00e1nyf\u0151k\u00e9nt is szolg\u00e1l. A 2023-as Economist Demokr\u00e1cia Indexben Uruguay azon kev\u00e9s nemzet k\u00f6z\u00e9 tartozott, amelyeket teljes \u00e9rt\u00e9k\u0171 demokr\u00e1ci\u00e1nak min\u0151s\u00edtettek. Az orsz\u00e1g a korm\u00e1nyzati \u00e1tl\u00e1that\u00f3s\u00e1g, a gazdas\u00e1gi szabads\u00e1g \u00e9s a t\u00e1rsadalmi halad\u00e1s \u00e9rt\u00e9kel\u00e9s\u00e9ben is j\u00f3l teljes\u00edt.<\/p>\n<p>Az elm\u00falt \u00e9vek jogi reformjai a szoci\u00e1lpolitika \u00e1tgondolt megk\u00f6zel\u00edt\u00e9s\u00e9t t\u00fckr\u00f6zik. Uruguay volt az els\u0151 orsz\u00e1g, amely szab\u00e1lyozott keretet hozott l\u00e9tre a kannabisz el\u0151\u00e1ll\u00edt\u00e1s\u00e1ra, forgalmaz\u00e1s\u00e1ra \u00e9s haszn\u00e1lat\u00e1ra vonatkoz\u00f3an. Az azonos nem\u0171ek h\u00e1zass\u00e1g\u00e1hoz \u00e9s az abortuszhoz val\u00f3 jog parlamenti j\u00f3v\u00e1hagy\u00e1st \u00e9s v\u00e9grehajt\u00e1st kapott, ezzel az orsz\u00e1got a r\u00e9gi\u00f3 polg\u00e1ri szabads\u00e1gjogainak \u00e9lvonal\u00e1ba helyezve.<\/p>\n<p>A k\u00f6zigazgat\u00e1si hat\u00f3s\u00e1g tizenkilenc r\u00e9szlegre osztja az orsz\u00e1got. Minden r\u00e9szleg egy fel\u00fcgyel\u0151t v\u00e1laszt a v\u00e9grehajt\u00f3 funkci\u00f3k fel\u00fcgyelet\u00e9re, valamint egy r\u00e9szleges tan\u00e1csot a t\u00f6rv\u00e9nyhoz\u00e1s\u00e9rt. Ez a strukt\u00fara a hatalmi \u00e1gak orsz\u00e1gos sz\u00e9tv\u00e1laszt\u00e1s\u00e1t t\u00fckr\u00f6zi region\u00e1lis szinten. Ez a decentraliz\u00e1ci\u00f3 t\u00e1mogatja a helyi korm\u00e1nyz\u00e1st a v\u00e1rosi k\u00f6zpontokban, a p\u00e1sztorbirtokokon \u00e9s a tengerparti \u00fcd\u00fcl\u0151helyeken.<\/p>\n<p>A turizmus n\u00f6vekv\u0151 gazdas\u00e1gi \u00e1gazatt\u00e1 v\u00e1lt. 2012-ben a GDP mintegy 9 sz\u00e1zal\u00e9k\u00e1t tette ki, \u00e9s k\u00f6zel 97 000 munkahelyet biztos\u00edtott; 2023-ra k\u00f6zel 3,8 milli\u00f3 l\u00e1togat\u00f3 \u00e9rkezett, t\u00f6bbs\u00e9g\u00fck a szomsz\u00e9dos Argent\u00edn\u00e1b\u00f3l \u00e9s Braz\u00edli\u00e1b\u00f3l, \u0151ket k\u00f6vett\u00e9k kisebb csoportok Chil\u00e9b\u0151l, Paraguayb\u00f3l, az Egyes\u00fclt \u00c1llamokb\u00f3l \u00e9s Eur\u00f3p\u00e1b\u00f3l. Colonia del Sacramento fel\u00faj\u00edtott gyarmati negyede k\u0151utc\u00e1ival, kalicanto falaival \u00e9s a tizenkilencedik sz\u00e1zadi spanyol er\u0151d\u00edtm\u00e9nyek \u00e1rny\u00e9k\u00e1val vonzza az utaz\u00f3kat. Montevide\u00f3ban a kultur\u00e1lis \u00fatvonalak k\u00f6z\u00e9 tartozik a Jos\u00e9 Gurvich Gal\u00e9ria, a Torres Garc\u00eda M\u00fazeum \u2013 amely a modernista fest\u0151, Joaqu\u00edn Torres Garc\u00eda alkot\u00e1sainak ad otthont \u2013, valamint az Estadio Centenario, az a stadion, amely 1930-ban az els\u0151 FIFA-vil\u00e1gbajnoks\u00e1g d\u00f6nt\u0151j\u00e9nek adott otthont.<\/p>\n<p>Keletebbre Punta del Este egy keskeny f\u00e9lszigeten fekszik a Mansa-\u00f6b\u00f6l nyugodt vize \u00e9s a Brava-part ny\u00edlt \u00f3ce\u00e1nja k\u00f6z\u00f6tt. Luxusbirtokok \u00e9s kort\u00e1rs gal\u00e9ri\u00e1k a huszonegyedik sz\u00e1zadi szabadid\u0151s tev\u00e9kenys\u00e9gekre utalnak; h\u00e9tv\u00e9genk\u00e9nt a t\u00f6megek a kik\u00f6t\u0151ben, a vil\u00e1g\u00edt\u00f3toronyban \u00e9s a leny\u0171g\u00f6z\u0151 Playa Brava partvid\u00e9ken gy\u0171lnek \u00f6ssze. A k\u00f6zeli \u00fcd\u00fcl\u0151helyek \u2013 La Barra \u00e9s Jos\u00e9 Ignacio \u2013 csendesebb homokos partszakaszokat \u00e9s d\u0171n\u00e9kkel szeg\u00e9lyezett strandokat k\u00edn\u00e1lnak. A Carlos Ott \u00e1ltal tervezett \u00e9s 1997-ben megnyitott Punta del Este nemzetk\u00f6zi rep\u00fcl\u0151t\u00e9r az orsz\u00e1g m\u00e1sodik legforgalmasabb rep\u00fcl\u0151tere.<\/p>\n<p>A tengeri kereskedelem k\u00f6z\u00e9ppontj\u00e1ban \u00e1ll\u00f3 Montevideo kik\u00f6t\u0151je \u00e9vente t\u00f6bb mint 1,1 milli\u00f3 kont\u00e9nert kezel, rakpartjai ak\u00e1r 14 m\u00e9teres mer\u00fcl\u00e9s\u0171 haj\u00f3kat is fogadnak. A daruk \u00f3r\u00e1nk\u00e9nt nyolcvan-sz\u00e1z mozg\u00e1st v\u00e9geznek a rakom\u00e1nyban. Feljebb a foly\u00f3n Nueva Palmira region\u00e1lis \u00e1ruk \u00e1trakod\u00f3k\u00f6zpontjak\u00e9nt m\u0171k\u00f6dik, \u00e1llami \u00e9s mag\u00e1nl\u00e9tes\u00edtm\u00e9nyeket \u00f6tv\u00f6zve.<\/p>\n<p>A l\u00e9gi k\u00f6zleked\u00e9s k\u00f6zpontja a Carrasco Nemzetk\u00f6zi Rep\u00fcl\u0151t\u00e9r is, amelyet el\u0151sz\u00f6r 1947-ben nyitottak meg, majd 2009-ben moderniz\u00e1ltak a Rafael Vi\u00f1oly Architects 165 milli\u00f3 doll\u00e1ros b\u0151v\u00edt\u00e9se sor\u00e1n. Utastermin\u00e1lja, egy f\u00e9ny- \u00e9s \u00fcvegcsarnok, \u00e9vente ak\u00e1r 4,5 milli\u00f3 utast is fogad. Feloszlat\u00e1s\u00e1ig Uruguay nemzeti l\u00e9git\u00e1rsas\u00e1ga, a PLUNA itt m\u0171k\u00f6d\u00f6tt.<\/p>\n<p>Uruguay demogr\u00e1fi\u00e1ja a migr\u00e1ci\u00f3s hull\u00e1mokat t\u00fckr\u00f6zi. A 2023-as n\u00e9psz\u00e1ml\u00e1l\u00e1s szerint a lakosok nagyj\u00e1b\u00f3l 85 sz\u00e1zal\u00e9ka feh\u00e9rnek vallja mag\u00e1t, ezt a sz\u00e1mot a Spanyolorsz\u00e1gb\u00f3l, Olaszorsz\u00e1gb\u00f3l, N\u00e9metorsz\u00e1gb\u00f3l, Franciaorsz\u00e1gb\u00f3l \u00e9s Nagy-Britanni\u00e1b\u00f3l a 19. \u00e9s a 20. sz\u00e1zad elej\u00e9n \u00e9rkez\u0151 bev\u00e1ndorl\u00e1s alak\u00edtotta. A gyarmati korszakban behozott afrikai n\u00e9pekb\u0151l sz\u00e1rmaz\u00f3 k\u00f6z\u00f6ss\u00e9g a lakoss\u00e1g mintegy 5 sz\u00e1zal\u00e9k\u00e1t teszi ki. A jap\u00e1n sz\u00e1rmaz\u00e1s\u00fa \u00e9s vegyes \u00f6r\u00f6ks\u00e9g\u0171 k\u00f6z\u00f6ss\u00e9gek kisebb csoportjai teszik ki a t\u00e1rsadalmi mozaikot, hasonl\u00f3an a szomsz\u00e9dos Argent\u00edna \u00e9s D\u00e9l-Braz\u00edlia tartom\u00e1nyokhoz.<\/p>\n<p>A spanyol nyelv a nemzeti nyelv, amelynek uruguayi v\u00e1ltozat\u00e1t a rioplatense-i mint\u00e1k, a voseo-ragoz\u00e1sok \u00e9s a ye\u00edsmo-i besz\u00e9dv\u00e1lt\u00e1sok befoly\u00e1solj\u00e1k. Az olasz dialektusok \u00e1thatj\u00e1k a helyi szlenget, m\u00edg a hat\u00e1rvid\u00e9keken egy portug\u00e1l-spanyol hibrid forog hivatalos kodifik\u00e1ci\u00f3 n\u00e9lk\u00fcl. Az angol nyelvtanul\u00e1s kiemelked\u0151 szerepet j\u00e1tszik az iskolai tantervekben, felk\u00e9sz\u00edtve az uruguayiakat a kereskedelemre \u00e9s a diplom\u00e1ci\u00e1ra.<\/p>\n<p>A kultur\u00e1lis \u00e9let az eur\u00f3pai m\u0171v\u00e9szeti \u00e1ramlatok \u00e9s a gaucs\u00f3k \u00e1ltal form\u00e1lt helyi ethosz lenyomat\u00e1t hordozza. A ranch hagyom\u00e1nyok \u00e1thatj\u00e1k a folkl\u00f3rt, az irodalmat \u00e9s a vizu\u00e1lis m\u0171v\u00e9szeteket, tisztelegve a mag\u00e1nyos lovas el\u0151tt, aki egykor szarvasmarh\u00e1kat keresve v\u00e1ndorolt \u200b\u200bbe a pamp\u00e1kon. V\u00e1rosi \u00e9s vid\u00e9ki k\u00f6rnyezetben egyar\u00e1nt a fesztiv\u00e1lok a szezon\u00e1lis munkaciklusokat, a vall\u00e1si \u00fcnnepeket \u00e9s a nemzet \u00f6sszetett \u00f6r\u00f6ks\u00e9g\u00e9t jelzik.<\/p>\n<p>Uruguay h\u00e1rom \u00e9vsz\u00e1zados p\u00e1lyafut\u00e1sa az emberi er\u0151fesz\u00edt\u00e9sek egyenletes r\u00e9tegz\u0151d\u00e9s\u00e9t mutatja a ny\u00edlt terepen. A korai vad\u00e1sz\u00f3-gy\u0171jt\u00f6get\u0151k lak\u00f3helyeit\u0151l Montevideo utc\u00e1inak h\u00e1l\u00f3zat\u00e1ig, a gyarmati el\u0151\u0151rs\u00f6kt\u0151l a modern rep\u00fcl\u0151terekig az orsz\u00e1g a m\u00e9rs\u00e9kelt v\u00e1ltoz\u00e1sok tanulm\u00e1ny\u00e1t mutatja be. M\u00e9rs\u00e9kelt \u00e9g\u00f6vi s\u00edks\u00e1gai a t\u00e1rsadalmi fejl\u0151d\u00e9s, a politikai \u00e1talakul\u00e1s \u00e9s a kultur\u00e1lis csere nyomait viselik magukon. Itt a gazdas\u00e1g \u00e9s a k\u00f6rnyezet tov\u00e1bbra is \u00f6sszefon\u00f3dik, a korm\u00e1nyz\u00e1s a helyi \u00e9s nemzeti r\u00e9szv\u00e9telen alapul, a s\u00edks\u00e1gok \u00e9s kik\u00f6t\u0151k \u00f6r\u00f6ks\u00e9ge pedig tov\u00e1bb \u00e9l az emberek mindennapi mozg\u00e1s\u00e1ban.<\/p>","protected":false},"excerpt":{"rendered":"<p>Uruguay, a small but intriguing nation situated between Brazil and Argentina, frequently goes unnoticed by many travelers. This nation offers a unique mix of natural, historical, and cultural aspects that could challenge those of its more well-known neighbors. Beyond its breathtaking beaches and mesmerizing sunsets, Uruguay offers a convincing case for investigation marked by its outstanding coastline, energetic metropolitan centers, and rich agricultural areas.<\/p>","protected":false},"author":1,"featured_media":4280,"parent":24096,"menu_order":0,"comment_status":"closed","ping_status":"closed","template":"elementor_theme","meta":{"_eb_attr":"","footnotes":""},"class_list":["post-6705","page","type-page","status-publish","has-post-thumbnail"],"_links":{"self":[{"href":"https:\/\/travelshelper.com\/hu\/wp-json\/wp\/v2\/pages\/6705","targetHints":{"allow":["GET"]}}],"collection":[{"href":"https:\/\/travelshelper.com\/hu\/wp-json\/wp\/v2\/pages"}],"about":[{"href":"https:\/\/travelshelper.com\/hu\/wp-json\/wp\/v2\/types\/page"}],"author":[{"embeddable":true,"href":"https:\/\/travelshelper.com\/hu\/wp-json\/wp\/v2\/users\/1"}],"replies":[{"embeddable":true,"href":"https:\/\/travelshelper.com\/hu\/wp-json\/wp\/v2\/comments?post=6705"}],"version-history":[{"count":0,"href":"https:\/\/travelshelper.com\/hu\/wp-json\/wp\/v2\/pages\/6705\/revisions"}],"up":[{"embeddable":true,"href":"https:\/\/travelshelper.com\/hu\/wp-json\/wp\/v2\/pages\/24096"}],"wp:featuredmedia":[{"embeddable":true,"href":"https:\/\/travelshelper.com\/hu\/wp-json\/wp\/v2\/media\/4280"}],"wp:attachment":[{"href":"https:\/\/travelshelper.com\/hu\/wp-json\/wp\/v2\/media?parent=6705"}],"curies":[{"name":"wp","href":"https:\/\/api.w.org\/{rel}","templated":true}]}}