{"id":15033,"date":"2024-09-20T14:08:14","date_gmt":"2024-09-20T14:08:14","guid":{"rendered":"https:\/\/travelshelper.com\/staging\/?page_id=15033"},"modified":"2026-03-11T17:39:31","modified_gmt":"2026-03-11T17:39:31","slug":"tel-aviv","status":"publish","type":"page","link":"https:\/\/travelshelper.com\/hu\/destinations\/asia\/israel\/tel-aviv\/","title":{"rendered":"Tel-Aviv"},"content":{"rendered":"<p>Tel-Aviv-Jaffa, amelyet gyakran egyszer\u0171en csak Tel-Avivk\u00e9nt emlegetnek, Izrael f\u00f6ldk\u00f6zi-tengeri partj\u00e1n fekszik, az ellent\u00e9tek v\u00e1rosak\u00e9nt, ahol az \u0151si k\u00f6vek \u00e9s a modern ac\u00e9l csendes harm\u00f3ni\u00e1ban \u00e9lnek egy\u00fctt. Az 1909-ben zsid\u00f3 \u00fatt\u00f6r\u0151k \u00e1ltal Ahuzat Bayit n\u00e9ven alap\u00edtott telep\u00fcl\u00e9s az oszm\u00e1n kori Jaffa kik\u00f6t\u0151j\u00e9t szeg\u00e9lyez\u0151 homokd\u0171n\u00e9kb\u0151l n\u0151tt ki. Egy \u00e9ven bel\u00fcl felvette a Tel-Aviv \u2013 \u201eTavasz h\u00edrn\u00f6ke\u201d \u2013 nevet, amelyet Nahum Sokolow Theodor Herzl Altneuland c\u00edm\u0171 reg\u00e9ny\u00e9nek h\u00e9ber ford\u00edt\u00e1s\u00e1b\u00f3l k\u00f6lcs\u00f6nz\u00f6tt. 1934-re Tel-Aviv elszakadt Jaffa \u00f6nkorm\u00e1nyzat\u00e1t\u00f3l; 1950-re hivatalosan is \u00fajraegyes\u00fclt Tel-Aviv-Jaffa n\u00e9ven, t\u00fckr\u00f6zve modern sz\u00edv\u00e9t \u00e9s \u00e9vezredes el\u0151zm\u00e9nyeit.<\/p>\n\n\n\n<p>F\u00f6ldrajzilag Tel-Aviv mintegy 52 n\u00e9gyzetkilom\u00e9ternyi lapos tengerparti s\u00edks\u00e1got foglal el, nagyj\u00e1b\u00f3l az \u00e9szaki sz\u00e9less\u00e9g 32\u00b005\u2032-\u00e9n \u00e9s a keleti hossz\u00fas\u00e1g 34\u00b048\u2032-\u00e9n. Nyugati hat\u00e1ra a F\u00f6ldk\u00f6zi-tengert \u00f6leli \u00e1t, amelyet szikl\u00e1k \u00e9s laza homok koron\u00e1z, m\u00edg a sz\u00e1razf\u00f6ld belsej\u00e9ben a Yarkon foly\u00f3 z\u00f6ldell\u0151 szeg\u00e9lyt jel\u00f6l. B\u00e1r talaja tov\u00e1bbra is homokos \u00e9s alacsony term\u00e9kenys\u00e9g\u0171, a v\u00e1rosrendez\u0151k beavatkoz\u00e1sai \u2013 Patrick Geddes kertv\u00e1rosi terv\u00e9t\u0151l kezdve egy megsz\u0171nt er\u0151m\u0171 Gan HaHashmal parkk\u00e1 alak\u00edt\u00e1s\u00e1ig \u2013 z\u00f6ldter\u00fcleteket \u00e9p\u00edtettek a v\u00e1rosi sz\u00f6vetbe. Ma a parkok a v\u00e1ros ter\u00fclet\u00e9nek k\u00f6zel egy\u00f6t\u00f6d\u00e9t foglalj\u00e1k el: a Yarkon Park \u00f6nmag\u00e1ban \u00e9vente mintegy 16 milli\u00f3 l\u00e1togat\u00f3t fogad, \u00e9s a F\u00f6ld \u00d3r\u00e1ja alkalm\u00e1b\u00f3l \u00e9vente ki\u00e1ll\u00edtott \u00e1ram is bizony\u00edtja a v\u00e1rosi b\u00fcszkes\u00e9get Tel-Aviv Izrael legz\u00f6ldebb v\u00e1rosak\u00e9nt bet\u00f6lt\u00f6tt st\u00e1tusz\u00e1val kapcsolatban.<\/p>\n\n\n\n<p>Az 1960-as \u00e9vek elej\u00e9n m\u00e9rt nagyj\u00e1b\u00f3l 390 000 f\u0151s demogr\u00e1fiai cs\u00facsr\u00f3l Tel-Aviv lakoss\u00e1ga az 1980-as \u00e9vekben k\u00f6r\u00fclbel\u00fcl 317 000 f\u0151re cs\u00f6kkent, miel\u0151tt az 1990-es \u00e9vekben \u00fajra n\u00f6vekedni kezdett. 2025-re k\u00f6zel f\u00e9lmilli\u00f3 lakos \u00e9lt itt, \u00e9s a jelenlegi v\u00e1rosrendez\u00e9si tervek szerint 2035-re ez a sz\u00e1m v\u00e1rhat\u00f3an 600 000-re n\u0151. A lakoss\u00e1g t\u00f6bb mint 90 sz\u00e1zal\u00e9k\u00e1t k\u00fcl\u00f6nb\u00f6z\u0151 sz\u00e1rmaz\u00e1s\u00fa zsid\u00f3k \u2013 asken\u00e1zi, szef\u00e1rd, mizrahi, eti\u00f3p, k\u00f6z\u00e9p-\u00e1zsiai \u00e9s m\u00e1sok \u2013 alkotj\u00e1k, m\u00edg a fennmarad\u00f3 r\u00e9szt arab muszlimok, kereszt\u00e9nyek, dr\u00fazok \u00e9s nem besorolt \u200b\u200bcsoportok t\u00f6ltik meg. A h\u00e9ber nyelv uralkodik, de az orosz, arab, angol, valamint sz\u00e1mos afrikai \u00e9s \u00e1zsiai nyelv \u00e9l az utc\u00e1kon. Jelent\u0151s sz\u00e1m\u00fa k\u00fclf\u00f6ldi munkav\u00e1llal\u00f3 \u00e9s menek\u00fclt \u00e9l f\u0151k\u00e9nt d\u00e9len, r\u00e9tegzett t\u00e1rsadalmi text\u00far\u00e1kat k\u00f6lcs\u00f6n\u00f6zve a k\u00f6rny\u00e9keknek.<\/p>\n\n\n\n<p>A t\u00e1rsadalmi-gazdas\u00e1gi jellemz\u0151k Tel-Avivot \u00e9szakra \u00e9s d\u00e9lre osztj\u00e1k. Az \u00e9szaki negyedek, mint p\u00e9ld\u00e1ul a Ramat Aviv \u00e9s az Afeka, el\u0151kel\u0151 lak\u00f3h\u00e1zakkal, a Tel-Avivi Egyetem kampusz\u00e1val \u00e9s a Yarkon Park lombos kiterjed\u00e9s\u00e9vel b\u00fcszk\u00e9lkedhetnek. A d\u00e9li negyedek ezzel szemben az egym\u00e1st k\u00f6vet\u0151 migr\u00e1ci\u00f3k \u00e9s a szer\u00e9ny j\u00f6vedelmek lenyomat\u00e1t viselik magukon, b\u00e1r olyan negyedek, mint a Neve Tzedek \u2013 a v\u00e1ros els\u0151 zsid\u00f3 k\u00fclv\u00e1rosa, amelyet 1887-ben \u00e9p\u00edtettek \u2013 apr\u00f3l\u00e9kos fel\u00faj\u00edt\u00e1son estek \u00e1t, \u00e9s ma m\u00e1r az \u00e9szakival vetekednek a preszt\u00edzsben. Tel-Aviv k\u00f6zpontj\u00e1ban a p\u00e9nz\u00fcgyek \u00e9s a kereskedelem az Ayalon aut\u00f3p\u00e1lya ment\u00e9n koncentr\u00e1l\u00f3dnak, ahol az Azrieli Center magasod\u00f3 tornyai Izrael m\u00e1sodik legnagyobb egy f\u0151re jut\u00f3 gazdas\u00e1g\u00e1t uralj\u00e1k a K\u00f6zel-Keleten.<\/p>\n\n\n\n<p>Tel-Aviv val\u00f3ban a vil\u00e1g innov\u00e1ci\u00f3s motorjai k\u00f6z\u00e9 tartozik. A b\u00e9ta+ glob\u00e1lis v\u00e1ros az \u00f6tvenharmadik helyen v\u00e9gzett a 2022-es Glob\u00e1lis P\u00e9nz\u00fcgyi K\u00f6zpontok Index\u00e9ben, \u00e9s a Szil\u00edcium-v\u00e1di, Izrael high-tech folyos\u00f3j\u00e1nak k\u00f6zpontja. Az 1972-ben megnyitott Kiryat Atidim z\u00f3na m\u00e1r kor\u00e1n elvetette a magokat; a 2010-es \u00e9vekre a startupok sz\u00e1ma meghaladta a h\u00e9tsz\u00e1zat, ezzel Tel-Aviv a negyedik vezet\u0151 glob\u00e1lis startup \u00f6kosziszt\u00e9m\u00e1v\u00e1 v\u00e1lt. Utc\u00e1it k\u00fclf\u00f6ldi nagyk\u00f6vets\u00e9gek szeg\u00e9lyezik, \u00e9s a k\u00fclf\u00f6ldi l\u00e1togat\u00f3k sz\u00e1ma meghaladja az \u00e9vi 2,5 milli\u00f3t, akiket a strandok, az \u00e9jszakai \u00e9let \u00e9s a v\u00e1rosnak a vil\u00e1g legdr\u00e1g\u00e1bb lakhat\u00e1si helyek\u00e9nt val\u00f3 h\u00edrneve vonz.<\/p>\n\n\n\n<p>Tel-Aviv m\u00fazeumainak \u00e9s kultur\u00e1lis helysz\u00edneinek multiplexe egy \u00e9vsz\u00e1zados m\u0171v\u00e9szeti erjed\u00e9sr\u0151l tan\u00faskodik. A Feh\u00e9r V\u00e1ros negyed, amely 2003 \u00f3ta az UNESCO Vil\u00e1g\u00f6r\u00f6ks\u00e9g r\u00e9sze, t\u00f6bb mint \u00f6tezer p\u00e9ld\u00e1t tartalmaz a nemzetk\u00f6zi st\u00edlus \u00e9s a Bauhaus \u00e9p\u00edt\u00e9szetre, az 1930-as \u00e9vekben a n\u00e1cizmus el\u0151l menek\u00fcl\u0151 eur\u00f3pai emigr\u00e1ns \u00e9p\u00edt\u00e9szek k\u00f6z\u00f6s munk\u00e1j\u00e1nak gy\u00fcm\u00f6lcs\u00e9re. A Neve Tzedek \u00e9s a Rothschild Boulevard fasorral szeg\u00e9lyezett sug\u00e1r\u00fatjain t\u00fal a nevezetess\u00e9gek az Eretz Izrael M\u00fazeumt\u00f3l \u00e9s a Tel-Avivi M\u0171v\u00e9szeti M\u00fazeumt\u00f3l a Palmach \u00e9s Batey Haosef hadt\u00f6rt\u00e9neti int\u00e9zm\u00e9nyekig terjednek. A t\u00e1nc \u00e9s a zene vir\u00e1gzik a Suzanne Dellal K\u00f6zpontban, a Heichal HaTarbutban \u00e9s a Tel-Avivi El\u0151ad\u00f3m\u0171v\u00e9szeti K\u00f6zpontban, amelyek mindegyike oper\u00e1t, filharmonikus koncerteket \u00e9s kort\u00e1rs t\u00e1ncot mutat be.<\/p>\n\n\n\n<p>Jaffa tov\u00e1bbra is a v\u00e1ros lelke \u2013 egy k\u0151sik\u00e1torokb\u00f3l \u00e1ll\u00f3 labirintus, ahol az arab \u00e9s a zsid\u00f3 t\u00f6rt\u00e9nelem tal\u00e1lkozik. \u0150si kik\u00f6t\u0151je, amely r\u00e9g\u00e9szeti leletekben gazdag, gal\u00e9ri\u00e1knak, k\u00e1v\u00e9z\u00f3knak \u00e9s az \u00e9venk\u00e9nt megrendezett Tel Aviv-i Ny\u00edlt Napnak ad otthont, amikor mag\u00e1nh\u00e1zak \u00e9s rejtett udvarok ny\u00edlnak meg a nagyk\u00f6z\u00f6ns\u00e9g el\u0151tt. Az ottani \u00e9s Florentin boh\u00e9m utc\u00e1in v\u00e9gzett restaur\u00e1l\u00e1s \u00edzl\u00e9st alak\u00edtott ki a sz\u00ednes utcai m\u0171v\u00e9szet, az illatos piacok \u00e9s a k\u00e9s\u0151 esti mulats\u00e1g ir\u00e1nt, ami megszil\u00e1rd\u00edtotta Tel-Aviv \u201ea soha nem alv\u00f3 v\u00e1ros\u201d becenevet.<\/p>\n\n\n\n<p>\u00c9p\u00edt\u00e9szetileg Tel-Aviv sz\u00fcntelen\u00fcl \u00fajra\u00e9rtelmezi l\u00e1tk\u00e9p\u00e9t. A Shalom Meir-torony, amelyet 1965-ben emeltek Izrael els\u0151 felh\u0151karcol\u00f3jak\u00e9nt, az 1990-es \u00e9vek k\u00f6zep\u00e9n \u00e1tadta hely\u00e9t a felh\u0151karcol\u00f3k burj\u00e1nz\u00e1s\u00e1nak. Egy 2010-es f\u0151terv a kil\u00e1t\u00e1s meg\u0151rz\u00e9se \u00e9rdek\u00e9ben tov\u00e1bbi tornyok \u00e9p\u00edt\u00e9s\u00e9t korl\u00e1tozza a part ment\u00e9n, mik\u00f6zben az Ibn Gabirol utc\u00e1t\u00f3l keletre \u00faj iroda- \u00e9s sz\u00e1lloda\u00e9p\u00fcleteket alak\u00edt ki. A Sde Dov rep\u00fcl\u0151t\u00e9r bez\u00e1r\u00e1sa felszabad\u00edtotta a tengerparti ter\u00fcleteket a luxus felh\u0151karcol\u00f3k sz\u00e1m\u00e1ra, mik\u00f6zben az \u00faj tel-avivi k\u00f6nny\u0171vas\u00fat \u00e9s a k\u00e9sz\u00fcl\u0151 metr\u00f3h\u00e1l\u00f3zat \u00edg\u00e9retet tesz a t\u00f6megk\u00f6zleked\u00e9s \u00e9s a v\u00e1rosi s\u0171r\u0171s\u00e9g \u00e1talak\u00edt\u00e1s\u00e1ra.<\/p>\n\n\n\n<p>Az \u00e9ghajlat egy\u00e9rtelm\u0171en mediterr\u00e1n: \u00f6t h\u00f3napig tart\u00f3 ny\u00e1r j\u00faniust\u00f3l okt\u00f3berig tart, melyet p\u00e1r\u00e1s h\u0151s\u00e9g szak\u00edt meg, ami \u0151sszel vagy tavasszal ak\u00e1r 35\u00b0C f\u00f6l\u00e9 is emelheti a h\u0151m\u00e9rs\u00e9kletet. A telek enyh\u00e9k \u00e9s es\u0151sek, az \u00e1tlagos janu\u00e1ri maximumh\u0151m\u00e9rs\u00e9klet 18\u00b0C \u200b\u200bk\u00f6r\u00fcl, a minimumh\u0151m\u00e9rs\u00e9klet pedig 10\u00b0C k\u00f6r\u00fcl alakul; fagy \u00e9s h\u00f3 szinte ismeretlen. Az \u00e9ves csapad\u00e9kmennyis\u00e9g nagyj\u00e1b\u00f3l 528 mm, amely okt\u00f3ber \u00e9s \u00e1prilis k\u00f6z\u00f6tt koncentr\u00e1l\u00f3dik.<\/p>\n\n\n\n<p>Tel-Aviv kulin\u00e1ris \u00e9lete t\u00fckr\u00f6zi a v\u00e1ros kozmopolita DNS-\u00e9t. A helyi \u00e9telek \u00e9tlapjain glob\u00e1lis hat\u00e1sok is megjelennek: a falafel t\u00f6bb mint sz\u00e1z sushi b\u00e1r mellett tal\u00e1lhat\u00f3, m\u00edg a datolyasziruppal \u00e9s piszt\u00e1ci\u00e1val meglocsolt halva fagylalt a levantei hagyom\u00e1nyokr\u00f3l tan\u00faskodik. K\u00e1v\u00e9z\u00f3k, piacok \u00e9s \u00e9ttermek minden k\u00f6rny\u00e9ken megtal\u00e1lhat\u00f3k, egyar\u00e1nt kiel\u00e9g\u00edtve a vil\u00e1gi \u00e9s vall\u00e1si ig\u00e9nyeket.<\/p>\n\n\n\n<p>A v\u00e1ros magj\u00e1b\u00f3l indulnak a k\u00f6zleked\u00e9si art\u00e9ri\u00e1k. Az Ayalon aut\u00f3p\u00e1lya \u00e9szak-d\u00e9li ir\u00e1ny\u00fa, \u00e9s csatlakozik a Haifa \u00e9s Jeruzs\u00e1lem fel\u00e9 vezet\u0151 orsz\u00e1gos \u00fatvonalakhoz. A buszok, a megosztott taxik (serutok) \u00e9s \u00f6t vas\u00fat\u00e1llom\u00e1s havonta t\u00f6bb mint egymilli\u00f3 vas\u00fati utast szolg\u00e1lnak ki, b\u00e1r a szombat \u00e9s az \u00fcnnepek miatt a vonatk\u00f6zleked\u00e9s sz\u00fcnetel. 2023 augusztus\u00e1ban kezdte meg m\u0171k\u00f6d\u00e9s\u00e9t a k\u00f6nny\u0171vas\u00fat els\u0151 piros vonala, a lila \u00e9s a z\u00f6ld vonalak \u00e9p\u00edt\u00e9s alatt \u00e1llnak, a teljes metr\u00f3rendszer megnyit\u00e1s\u00e1t pedig a 2030-as \u00e9vek elej\u00e9re tervezik.<\/p>\n\n\n\n<p>A vall\u00e1si \u00e9s vil\u00e1gi hat\u00e1sok egy\u00fctt \u00e9lnek a form\u00e1lis int\u00e9zm\u00e9nyekben \u00e9s a mindennapi gyakorlatban. T\u00f6bb mint \u00f6tsz\u00e1z akt\u00edv zsinag\u00f3ga tal\u00e1lhat\u00f3 itt, az 1930-as \u00e9vekbeli Nagy Zsinag\u00f3g\u00e1t\u00f3l az \u00fajabb vil\u00e1gi zsid\u00f3 tanulm\u00e1nyi k\u00f6zpontokig. T\u00f6bb tucat templom szolg\u00e1l diplomat\u00e1kat \u00e9s migr\u00e1ns k\u00f6z\u00f6ss\u00e9geket, m\u00edg az \u00f6nkorm\u00e1nyzat egy LMBT k\u00f6z\u00f6ss\u00e9gi k\u00f6zpontnak ad otthont, amely mintegy k\u00e9tsz\u00e1zezer r\u00e9sztvev\u0151b\u0151l \u00e1ll\u00f3 b\u00fcszkes\u00e9gfelvonul\u00e1snak ad otthont, \u00edgy Tel-Aviv a tolerancia \u00e9s a v\u00e1rosi vitalit\u00e1s glob\u00e1lis szimb\u00f3lum\u00e1v\u00e1 v\u00e1lt.<\/p>\n\n\n\n<p>A Jaffa d\u0171n\u00e9in \u00e1ll\u00f3 kis birtok kezdeti napjait\u00f3l kezdve eg\u00e9szen Izrael gazdas\u00e1gi \u00e9s kultur\u00e1lis \u00e9lvonal\u00e1nak jelenlegi rangj\u00e1ig Tel-Aviv-Jaffa a folyamatos \u00e1talakul\u00e1s \u00e1ltal jellemzett v\u00e1rosk\u00e9nt maradt fenn. R\u00e9teges negyedei, pezsg\u0151 m\u0171v\u00e9szeti \u00e9lete \u00e9s emblematikus strandjai egy olyan hely t\u00f6rt\u00e9net\u00e9t mes\u00e9lik el, ahol a t\u00f6rt\u00e9nelem \u00e9s a modernit\u00e1s tal\u00e1lkozik \u2013 tan\u00fabizonys\u00e1got t\u00e9ve az emberek, a helyek \u00e9s a c\u00e9lok tart\u00f3s k\u00f6lcs\u00f6nhat\u00e1s\u00e1r\u00f3l.<\/p>","protected":false},"excerpt":{"rendered":"<p>Tel Aviv-Yafo, amelyet Tel Avivk\u00e9nt emlegetnek, Izrael Gush Dan nagyv\u00e1rosi r\u00e9gi\u00f3j\u00e1nak legn\u00e9pesebb v\u00e1rosa, 474 530 lakossal. A fest\u0151i izraeli F\u00f6ldk\u00f6zi-tenger partvonala ment\u00e9n elhelyezked\u0151, dinamikus nagyv\u00e1rosi ter\u00fclet az orsz\u00e1g gazdas\u00e1gi \u00e9s m\u0171szaki magj\u00e1v\u00e1 v\u00e1lt, \u00e9s glob\u00e1lis cs\u00facstechnol\u00f3giai er\u0151m\u0171v\u00e9 v\u00e1lt. A v\u00e1ros jelent\u0151s\u00e9ge t\u00falmutat hat\u00e1rain, hiszen itt tal\u00e1lhat\u00f3 Izrael k\u00fclf\u00f6ldi nagyk\u00f6vets\u00e9gei t\u00f6bbs\u00e9ge, meger\u0151s\u00edtve a nemzetk\u00f6zi \u00fcgyek kulcsszerep\u00e9t.<\/p>","protected":false},"author":1,"featured_media":3981,"parent":15000,"menu_order":0,"comment_status":"closed","ping_status":"closed","template":"elementor_theme","meta":{"_eb_attr":"","footnotes":""},"class_list":["post-15033","page","type-page","status-publish","has-post-thumbnail"],"_links":{"self":[{"href":"https:\/\/travelshelper.com\/hu\/wp-json\/wp\/v2\/pages\/15033","targetHints":{"allow":["GET"]}}],"collection":[{"href":"https:\/\/travelshelper.com\/hu\/wp-json\/wp\/v2\/pages"}],"about":[{"href":"https:\/\/travelshelper.com\/hu\/wp-json\/wp\/v2\/types\/page"}],"author":[{"embeddable":true,"href":"https:\/\/travelshelper.com\/hu\/wp-json\/wp\/v2\/users\/1"}],"replies":[{"embeddable":true,"href":"https:\/\/travelshelper.com\/hu\/wp-json\/wp\/v2\/comments?post=15033"}],"version-history":[{"count":0,"href":"https:\/\/travelshelper.com\/hu\/wp-json\/wp\/v2\/pages\/15033\/revisions"}],"up":[{"embeddable":true,"href":"https:\/\/travelshelper.com\/hu\/wp-json\/wp\/v2\/pages\/15000"}],"wp:featuredmedia":[{"embeddable":true,"href":"https:\/\/travelshelper.com\/hu\/wp-json\/wp\/v2\/media\/3981"}],"wp:attachment":[{"href":"https:\/\/travelshelper.com\/hu\/wp-json\/wp\/v2\/media?parent=15033"}],"curies":[{"name":"wp","href":"https:\/\/api.w.org\/{rel}","templated":true}]}}