{"id":14583,"date":"2024-09-19T20:15:59","date_gmt":"2024-09-19T20:15:59","guid":{"rendered":"https:\/\/travelshelper.com\/staging\/?page_id=14583"},"modified":"2026-03-11T22:31:50","modified_gmt":"2026-03-11T22:31:50","slug":"genk","status":"publish","type":"page","link":"https:\/\/travelshelper.com\/hu\/destinations\/europe\/belgium\/genk\/","title":{"rendered":"Genk"},"content":{"rendered":"<p>Genk megk\u00fcl\u00f6nb\u00f6ztet\u0151 helyet foglal el a belga v\u00e1rosi t\u00e1jk\u00e9p sz\u00f6vev\u00e9ny\u00e9ben, jelleg\u00e9t \u00e9vsz\u00e1zadoknyi csendes vid\u00e9ki \u00e9let, hirtelen ipari felfordul\u00e1s \u00e9s az elm\u00falt \u00e9vtizedek elsz\u00e1nt meg\u00fajul\u00e1s form\u00e1lta. A Limburg tartom\u00e1nyban, az Albert-csatorna partj\u00e1n, Antwerpen kik\u00f6t\u0151i \u00e9s Li\u00e8ge ac\u00e9lm\u0171vei k\u00f6z\u00f6tt f\u00e9l\u00faton fekv\u0151 Genk ma egyben tan\u00fabizonys\u00e1ga \u00e9s tisztelg\u00e9s is a Flandri\u00e1t form\u00e1l\u00f3 \u00f6sszetett er\u0151k el\u0151tt: a v\u00e1ltoz\u00f3 hat\u00e1rok, az er\u0151forr\u00e1s-vez\u00e9relt migr\u00e1ci\u00f3, a m\u0171v\u00e9szeti vir\u00e1gz\u00e1s \u00e9s a gazdas\u00e1gi ellen\u00e1ll\u00f3 k\u00e9pess\u00e9g.<\/p>\n<p>J\u00f3val a g\u00e9pek cs\u00f6r\u00f6mp\u00f6l\u00e9se \u00e9s a csatorn\u00e1n z\u00fag\u00f3 b\u00e1rk\u00e1k felbukkan\u00e1sa el\u0151tt a ma Genk n\u00e9ven ismert telep\u00fcl\u00e9s eredete egy szer\u00e9ny m\u00e9ret\u0171 kelta faluhoz k\u00f6t\u0151dik. R\u00e9g\u00e9szeti t\u00f6red\u00e9kek egy korai, f\u00e1b\u00f3l k\u00e9sz\u00fclt k\u00e1poln\u00e1ra utalnak, amely a tizedik sz\u00e1zadb\u00f3l sz\u00e1rmazik, \u00e9s a kereszt\u00e9nys\u00e9g fokozatos elterjed\u00e9s\u00e9t bizony\u00edtja. 1108-ban a hely egy szerzetesi oklev\u00e9lben Geneche n\u00e9ven szerepel, mivel a Rohlic ap\u00e1ts\u00e1g birtokba vette a f\u00f6ldjeit. A k\u00f6z\u00e9pkorban Genk Loon megye fennhat\u00f3s\u00e1ga al\u00e1 tartozott; 1365-ben a ter\u00fclet a Li\u00e8ge-i hercegi p\u00fcsp\u00f6ks\u00e9ghez ker\u00fclt, ami kev\u00e9s azonnali v\u00e1ltoz\u00e1st jelentett a mindennapi \u00e9let ritmus\u00e1ban.<\/p>\n<p>K\u00f6z\u00e9pkori \u00e9s kora \u00fajkori fenn\u00e1ll\u00e1s\u00e1nak nagy r\u00e9sz\u00e9ben Genk kis agr\u00e1rk\u00f6z\u00f6ss\u00e9g maradt. A tizenkilencedik sz\u00e1zad hajnal\u00e1ra D\u00e9l-Belgium t\u00e1gabb r\u00e9gi\u00f3ja gyors ipari \u00e1talakul\u00e1snak indult \u2013 sz\u00e9nb\u00e1ny\u00e1k, vasm\u0171vek \u00e9s textilgy\u00e1rak burj\u00e1noztak Charleroi, Li\u00e8ge \u00e9s Mons k\u00f6rny\u00e9k\u00e9n \u2013, Limburg azonban homokos talaj\u00e1val \u00e9s \u00e1sv\u00e1nylel\u0151hely-felm\u00e9r\u00e9sek hi\u00e1ny\u00e1val ragaszkodott a r\u00e9gebbi m\u0171vel\u00e9si mint\u00e1khoz. 1900-ban Genk lakoss\u00e1ga nagyj\u00e1b\u00f3l k\u00e9tezer f\u0151 k\u00f6r\u00fcl mozgott, \u00e9p\u00edtett k\u00f6rnyezete alig volt t\u00f6bb n\u00e9h\u00e1ny paraszth\u00e1zn\u00e1l \u00e9s n\u00e9h\u00e1ny k\u00e9zm\u0171ves \u00fczletn\u00e9l.<\/p>\n<p>Pontosan ez a nyugodt, szer\u00e9ny t\u00e1j vonzotta a fest\u0151k \u00e9s \u00edr\u00f3k egy csoportj\u00e1t a tizenkilencedik sz\u00e1zad v\u00e9g\u00e9n. K\u00f6zt\u00fck volt Neel Doff is, az az \u00edr\u00f3, akinek a vid\u00e9ki munka \u00e9s a t\u00e1rsadalmi egyenl\u0151tlens\u00e9g \u00e1br\u00e1zol\u00e1sai Genk f\u00f6ldjeir\u0151l \u00e9s \u00f6sv\u00e9nyeir\u0151l mer\u00edtettek ihletet. Egyes besz\u00e1mol\u00f3k szerint t\u00f6bb mint n\u00e9gysz\u00e1z m\u0171v\u00e9sz haladt \u00e1t a k\u00f6rny\u00e9ken, akik a plein air fest\u00e9szet hagyom\u00e1nyait k\u00f6vetve a szabadban dolgoztak. V\u00e1sznaik meg\u00f6r\u00f6k\u00edtett\u00e9k a hang\u00e1s \u00e9s ny\u00edrligetek v\u00e1ltoz\u00f3 f\u00e9ny\u00e9t, a gazdas\u00e1gi mell\u00e9k\u00e9p\u00fcletek csendes geometri\u00e1j\u00e1t \u00e9s a v\u00edzi utak csillog\u00e1s\u00e1t. Genk r\u00f6vid ideig p\u00e1rhuzamosan l\u00e9tezett mez\u0151gazdas\u00e1gi holt\u00e1gk\u00e9nt \u00e9s a kreat\u00edv kutat\u00e1sok helysz\u00ednek\u00e9nt is.<\/p>\n<p>A v\u00e1ros sorsa visszavonhatatlanul megv\u00e1ltozott 1901-ben, amikor Andr\u00e9 Dumont geol\u00f3gus sz\u00e9nnyomokra bukkant a k\u00f6zeli As faluban. A kutat\u00f3k hamarosan Genk alatti lel\u0151helyekre bukkantak, \u00e9s n\u00e9h\u00e1ny \u00e9ven bel\u00fcl h\u00e1rom b\u00e1nyaakna \u2013 Zwartberg, Waterschei \u00e9s Winterslag \u2013 hatoltak be az altalajba. A fekete arany, ahogy a b\u00e1ny\u00e1szok nevezt\u00e9k, dr\u00e1mai terjeszked\u00e9s korszak\u00e1t hozta el. T\u00f6megesen \u00e9rkeztek a belga munk\u00e1sok, majd \u0151ket k\u00f6vett\u00e9k az olasz, g\u00f6r\u00f6g \u00e9s t\u00f6r\u00f6k \u200b\u200bbev\u00e1ndorl\u00f3k. Lak\u00f3telepek \u00e9p\u00fcltek a b\u00e1ny\u00e1k k\u00f6r\u00fcl, \u00e9s a fejl\u0151d\u0151 \u00f6nkorm\u00e1nyzati infrastrukt\u00fara nehezen tudott l\u00e9p\u00e9st tartani a hirtelen n\u00e9pess\u00e9gn\u00f6veked\u00e9ssel. Az ezt k\u00f6vet\u0151 \u00e9vtizedekben Genk Hasselt tartom\u00e1nyi f\u0151v\u00e1rosa kiv\u00e9tel\u00e9vel minden m\u00e1s limburgi v\u00e1rost fel\u00fclm\u00falt, \u00e9s a huszadik sz\u00e1zad k\u00f6zep\u00e9re a lakoss\u00e1g sz\u00e1ma el\u00e9rte a hetvenezer f\u0151t.<\/p>\n<p>A sz\u00e9n egyszerre biztos\u00edtotta a k\u00f6z\u00f6ss\u00e9g j\u00f3l\u00e9t\u00e9t \u00e9s sebezhet\u0151s\u00e9g\u00e9t. A b\u00e1ny\u00e1k megb\u00edzhat\u00f3 munkahelyeket biztos\u00edtottak, de a helyi gazdas\u00e1got a glob\u00e1lis energiapiaci ingadoz\u00e1sokhoz k\u00f6t\u00f6tt\u00e9k. A m\u00e1sodik vil\u00e1gh\u00e1bor\u00fat k\u00f6vet\u0151 \u00e9vekben a g\u00e9pes\u00edt\u00e9s fejl\u0151d\u00e9se \u00e9s a belf\u00f6ldi kereslet fenntartotta a m\u0171k\u00f6d\u00e9st. 1966-ra azonban a Zwartberg sz\u00e9nb\u00e1nya \u2013 amely egykor ny\u00fczsg\u0151 tev\u00e9kenys\u00e9g k\u00f6zpontja volt \u2013 bez\u00e1rta a t\u00e1rn\u00e1it. A Winterslag 1986-ig, a Waterschei pedig 1987-ig tartotta fenn mag\u00e1t; egy gener\u00e1ci\u00f3n bel\u00fcl Genk j\u00f3l\u00e9t\u00e9nek pill\u00e9rei elhallgattak.<\/p>\n<p>A b\u00e1ny\u00e1k bez\u00e1r\u00e1sa komoly kih\u00edv\u00e1st jelentett. Hogyan lehetne p\u00f3tolni a m\u00e9lym\u0171vel\u00e9s \u00e1ltal biztos\u00edtott t\u00f6bb t\u00edzezer munkahelyet? A helyi vezet\u0151k az ipar \u00faj \u00fatjai fel\u00e9 fordultak. Az Albert-csatorna folyos\u00f3ja vonzotta a k\u00f6nny\u0171ipari \u00e9s logisztikai c\u00e9geket; az aut\u00f3p\u00e1ly\u00e1k hat\u00e9konyabban k\u00f6t\u00f6tt\u00e9k \u00f6ssze Genket Antwerpennel \u00e9s Li\u00e8ge-gel. Az optimizmus \u00e9s a folytonoss\u00e1g szimb\u00f3lumak\u00e9nt a Ford Motor Company megnyitotta a genki karossz\u00e9ria- \u00e9s \u00f6sszeszerel\u0151 \u00fczemet, amely egykor a v\u00e1ros legnagyobb munkaad\u00f3ja volt, mintegy \u00f6tezer alkalmazottal. K\u00f6zel harminc \u00e9ven \u00e1t a gy\u00e1r Mondeo szed\u00e1nokat, Galaxy \u00e9s S-MAX modelleket szerelt \u00f6ssze, integr\u00e1lva Genket a glob\u00e1lis aut\u00f3ipari ell\u00e1t\u00e1si l\u00e1ncba. A 2014-es bez\u00e1r\u00e1sa egy ipari fejezet v\u00e9g\u00e9t jelentette, de egyben s\u00fcrget\u0151v\u00e9 tette az \u00faj gazdas\u00e1gi horgonyok keres\u00e9s\u00e9t is.<\/p>\n<p>A kreat\u00edv \u00fajrahasznos\u00edt\u00e1s tal\u00e1n legszembet\u0171n\u0151bb p\u00e9ld\u00e1ja a r\u00e9gi Winterslag sz\u00e9nb\u00e1nya telephely\u00e9nek C-Mine-v\u00e9 alak\u00edt\u00e1sa. 2000-ben a v\u00e1ros megv\u00e1s\u00e1rolta az elhagyatott \u00e9p\u00fcleteket a Limburgse Reconversie Maatschappij-t\u00f3l. Az \u00e9p\u00edt\u00e9szeti restaur\u00e1l\u00e1s egy kreat\u00edv k\u00f6zpontot adott form\u00e1t, amelynek c\u00e9lja a kultur\u00e1lis \u00e9s tud\u00e1salap\u00fa v\u00e1llalkoz\u00e1sok \u00e1pol\u00e1sa volt. 2005-re a C-Mine n\u00e9v egy olyan komplexumot jel\u00f6lt, amely n\u00e9gy \u00f6sszekapcsol\u00f3d\u00f3 funkci\u00f3nak volt szentelve: szakk\u00e9pz\u00e9s, kreat\u00edv gazdas\u00e1g, szabadid\u0151s \u00e9lm\u00e9nyek \u00e9s m\u0171v\u00e9szeti alkot\u00e1s. Egy egyetemi f\u0151iskola vette \u00e1t a b\u00e1ny\u00e1szati \u200b\u200bfelszerel\u00e9sek \u00e1t\u00f6lt\u00f6z\u00e9s\u00e9re haszn\u00e1lt tantermeket; startupok \u00e9s tervez\u0151st\u00fadi\u00f3k tal\u00e1ltak otthont egykori m\u0171helyekben; egy kultur\u00e1lis k\u00f6zpont \u00e9s mozi vonzza a l\u00e1togat\u00f3kat Flandria minden r\u00e9sz\u00e9r\u0151l. Ma a C-Mine t\u00f6bb mint negyven v\u00e1llalatnak \u00e9s szervezetnek ad otthont, t\u00f6bb mint h\u00e1romsz\u00e1z szakembert foglalkoztatva a j\u00e1t\u00e9kokt\u00f3l \u00e9s alkalmaz\u00e1sokt\u00f3l kezdve a sz\u00ednpadm\u0171v\u00e9szeten \u00e1t az ipari formatervez\u00e9sig.<\/p>\n<p>Genk identit\u00e1sa ma r\u00e9szben ezeken az \u00f6sszefon\u00f3d\u00e1sokon nyugszik \u2013 a m\u00falt \u00e9s a j\u00f6v\u0151, az ipar \u00e9s a m\u0171v\u00e9szet, a helyi \u00e9let \u00e9s a nemzetk\u00f6zi csere k\u00f6z\u00f6tt. A 2006-ban Flandria els\u0151 nemzeti parkjak\u00e9nt megny\u00edlt Hoge Kempen Nemzeti Park egyik kapujak\u00e9nt bet\u00f6lt\u00f6tt szerepe hangs\u00falyozza a b\u00e1ny\u00e1szat \u00e1ltal s\u00fajtott term\u00e9szeti t\u00e1jak meg\u0151rz\u00e9se \u00e9s regener\u00e1l\u00e1sa ir\u00e1nti elk\u00f6telezetts\u00e9get. A l\u00e1togat\u00f3k gyalogutakat k\u00f6vetnek hangy\u00e1kon \u00e9s fenyveseken kereszt\u00fcl, vagy felm\u00e1szhatnak a terril n\u00e9ven ismert egykori medd\u0151h\u00e1ny\u00f3ra, hogy megtekints\u00e9k a z\u00f6ld foltokat, amelyek lassan visszah\u00f3d\u00edtott\u00e1k a f\u00f6ldet. A v\u00e1ros hat\u00e1rain bel\u00fcl a Bokrijk Estate egy m\u00e1sik lencs\u00e9t k\u00edn\u00e1l az \u00f6r\u00f6ks\u00e9gre: egy szabadt\u00e9ri m\u00fazeumot, ahol az autentikus paraszth\u00e1zak, tak\u00e1cskunyh\u00f3k \u00e9s Flandria minden r\u00e9sz\u00e9r\u0151l \u00e1ttelep\u00edtett sz\u00e9lmalmok id\u00e9zik fel a vid\u00e9ki \u00e9letet a 17. \u00e9s 19. sz\u00e1zad k\u00f6z\u00f6tt. Szezonban jelmezes tolm\u00e1csok keltik \u00e9letre a r\u00e9gi szok\u00e1sokat \u00e9s k\u00e9zm\u0171vess\u00e9geket, v\u00e9gigvezetve a vend\u00e9geket a kov\u00e1csmesters\u00e9g, a csipkever\u00e9s \u00e9s a keny\u00e9rs\u00fct\u00e9s mindennapjain.<\/p>\n<p>Genk m\u00e9gis bens\u0151s\u00e9gesebb nyomokat \u0151riz kult\u00fart\u00f6rt\u00e9net\u00e9b\u0151l. Az Emile Van Doren M\u00fazeum a t\u00e1jk\u00e9pfest\u0151k gener\u00e1ci\u00f3j\u00e1nak \u00e1ll\u00edt eml\u00e9ket, akiknek jelenl\u00e9te \u00e1thidalta az 1840 \u00e9s 1940 k\u00f6z\u00f6tti \u00e9veket. Kis gal\u00e9ri\u00e1k \u00e9s m\u0171termek tark\u00edtj\u00e1k a v\u00e1ros r\u00e9gebbi negyedeit, a k\u00f6zt\u00e9ri m\u0171v\u00e9szeti install\u00e1ci\u00f3k pedig a b\u00e1ny\u00e1szati \u200b\u200b\u00f6r\u00f6ks\u00e9gr\u0151l sz\u00f3lnak: egy monument\u00e1lis fejt\u00e1mla \u00e1ll nevezetess\u00e9gk\u00e9nt, m\u00edg a salakhalom-\u00f6sv\u00e9nyek helyi \u00e9s nemzetk\u00f6zi m\u0171v\u00e9szek \u00e1ltal k\u00e9sz\u00edtett m\u0171v\u00e9szi szobrokhoz vezetnek. M\u00e9g a Nap\u00f3ra Park is t\u00f6bbet k\u00edn\u00e1l, mint puszt\u00e1n id\u0151beli kuri\u00f3zumot; k\u0151- \u00e9s f\u00e9mgnomonjai nemcsak a napok, hanem a gener\u00e1ci\u00f3k ciklusaira, az emberi er\u0151fesz\u00edt\u00e9sek nap\u00edvhez hasonl\u00f3 felemelked\u00e9s\u00e9re \u00e9s lenyugv\u00e1s\u00e1ra utalnak.<\/p>\n<p>A kultur\u00e1lis v\u00e1llalkoz\u00e1sok mellett Genk kereskedelmi \u00e9lete is \u00e9l\u00e9nk marad. Az Albert-csatorna menti ipari \u00f6vezet t\u00f6bb mint negyven\u00f6tezer embernek biztos\u00edt munk\u00e1t, \u00edgy a v\u00e1ros Flandria harmadik legjelent\u0151sebb foglalkoztat\u00e1si k\u00f6zpontja Antwerpen \u00e9s Gent ut\u00e1n. A logisztikai c\u00e9gek v\u00edzi, k\u00f6z\u00fati \u00e9s vas\u00fati \u00faton sz\u00e1ll\u00edtj\u00e1k az \u00e1rukat; a gy\u00e1rt\u00f3k alkatr\u00e9szeket gy\u00e1rtanak az aut\u00f3ipar, az \u00e9lelmiszer-feldolgoz\u00e1s \u00e9s a vegyipar sz\u00e1m\u00e1ra. Egy \u00e9szakkeleten tal\u00e1lhat\u00f3 kis \u00e1ltal\u00e1nos rep\u00fcl\u00e9si rep\u00fcl\u0151t\u00e9r mag\u00e1nj\u00e1ratokat \u00e9s k\u00e9pz\u00e9seket tesz lehet\u0151v\u00e9; a Hasselttel \u00f6sszek\u00f6t\u0151 vas\u00fati \u00f6sszek\u00f6ttet\u00e9s gyakori j\u00e1ratokat k\u00edn\u00e1l az ing\u00e1z\u00f3k \u00e9s az utaz\u00f3k sz\u00e1m\u00e1ra.<\/p>\n<p>A sportteljes\u00edtm\u00e9nyek hozz\u00e1j\u00e1rultak a Genk nemzeti ismerts\u00e9g\u00e9hez. A KRC Genk futballklub, amely 1996-ban feljutott az els\u0151 oszt\u00e1lyba, gyorsan ki\u00e9rdemelte hely\u00e9t a belga elitben, 1999-ben, 2002-ben, 2011-ben \u00e9s 2019-ben bajnoki c\u00edmet szerzett, 1998 \u00e9s 2021 k\u00f6z\u00f6tt pedig \u00f6tsz\u00f6r nyerte meg a Belga Kup\u00e1t. A klub hazai p\u00e1ly\u00e1ja, a Luminus Ar\u00e9na, huszon\u00f6tezer n\u00e9z\u0151t befogad, \u00e9s koncerteknek \u00e9s a sporton t\u00fali rendezv\u00e9nyeknek ad otthont. Az eur\u00f3pai szerepl\u00e9sek tov\u00e1bb er\u0151s\u00edtett\u00e9k a Genk meg\u00edt\u00e9l\u00e9s\u00e9t: a 2016\u20132017-es UEFA Eur\u00f3pa-lig\u00e1ban a csapat bejutott a negyedd\u00f6nt\u0151be, ahol d\u00f6nt\u0151, 5\u20132-es gy\u0151zelmet aratott hazai riv\u00e1lisa, a KAA Gent felett. Az aut\u00f3sport szerelmesei is tal\u00e1lnak helysz\u00ednt a Karting Genkben, egy CIK-FIA \u00e1ltal hiteles\u00edtett p\u00e1ly\u00e1n, amely t\u00f6bbsz\u00f6r is adott otthont a vil\u00e1gbajnoks\u00e1gnak.<\/p>\n<p>A v\u00e1ros t\u00e1rsadalmi sz\u00f6vete t\u00fckr\u00f6zi a munkaer\u0151-migr\u00e1ci\u00f3 t\u00f6rt\u00e9net\u00e9t. A lakosok k\u00f6r\u00fclbel\u00fcl negyede k\u00fclf\u00f6ldi h\u00e1tter\u0171, mintegy nyolcvanegyn\u00e9h\u00e1ny nemzetis\u00e9get k\u00e9pviselve, jelent\u0151s k\u00f6z\u00f6ss\u00e9gekkel Olaszorsz\u00e1gb\u00f3l, T\u00f6r\u00f6korsz\u00e1gb\u00f3l \u00e9s G\u00f6r\u00f6gorsz\u00e1gb\u00f3l. K\u00fcl\u00f6n\u00f6sen a t\u00f6r\u00f6k \u200b\u200blakoss\u00e1g sz\u00e1m\u00edt Belgium legnagyobbjai k\u00f6z\u00e9 a helyi lakoss\u00e1ghoz k\u00e9pest. B\u00e1r ez a soksz\u00edn\u0171s\u00e9g folyamatos integr\u00e1ci\u00f3s er\u0151fesz\u00edt\u00e9seket ig\u00e9nyel, gazdag\u00edtja Genk kultur\u00e1lis \u00e9let\u00e9t is: etnikai \u00e9ttermek, region\u00e1lis zenei \u00e9s t\u00e1ncfesztiv\u00e1lok, valamint a nyelvi \u00e9s \u00f6r\u00f6ks\u00e9gv\u00e9delmi egyes\u00fcletek \u00e9l\u00e9nk\u00edtik a v\u00e1rosi mili\u0151t.<\/p>\n<p>Genk \u00e9ves rendezv\u00e9nynapt\u00e1ra egyens\u00falyt teremt a hagyom\u00e1ny \u00e9s az innov\u00e1ci\u00f3 k\u00f6z\u00f6tt. A liturgikus napt\u00e1rhoz k\u00f6t\u00f6tt karnev\u00e1li szezon hamvaz\u00f3szerda k\u00f6r\u00fcl bontakozik ki sz\u00ednes felvonul\u00e1sokkal \u00e9s \u00e1larcosb\u00e1lokkal. Tavasszal a v\u00e1ros vir\u00e1gfelvonul\u00e1ssal tiszteleg a M\u00e1jus Kir\u00e1lyn\u0151 el\u0151tt, amely t\u0171zij\u00e1t\u00e9kkal z\u00e1rul, egy l\u00e1tv\u00e1nyoss\u00e1ggal, amely Limburg-szerte vonzza a l\u00e1togat\u00f3kat. K\u00e9s\u0151 \u0151sszel egykor megrendez\u00e9sre ker\u00fclt a Mot\u00edvumok Fesztiv\u00e1lja, a jazz \u00faj \u00e1ramlatai sz\u00e1m\u00e1ra szervezett tal\u00e1lkoz\u00f3hely; b\u00e1r ez a fesztiv\u00e1l m\u00e1ra megsz\u0171nt, Genk tov\u00e1bbra is zenei esteket szervez a C-Mine-ben \u00e9s az Europlanetariumban, ahol a kupola alatti koncertek a zen\u00e9t mag\u00e1val ragad\u00f3 vet\u00edt\u00e9ssel \u00f6tv\u00f6zik. 2012-ben Genk megosztotta a Manifesta, a Kort\u00e1rs M\u0171v\u00e9szeti Eur\u00f3pai Bienn\u00e1l\u00e9 h\u00e1zigazd\u00e1i feladatait, egy\u00fcttm\u0171k\u00f6dve olyan nemzetk\u00f6zi platformokkal, mint Velence \u00e9s Kassel, \u00e9s bizony\u00edtva, hogy k\u00e9pes a magas sz\u00ednvonal\u00fa kultur\u00e1lis csere sz\u00ednterek\u00e9nt szolg\u00e1lni.<\/p>\n<p>Az ipar neh\u00e9zkess\u00e9ge ellen\u00e9re Genk ma az ac\u00e9l \u00e9s a t\u0171z\u0151g\u00e9p, a t\u00f6rt\u00e9nelmi eml\u00e9kezet \u00e9s a j\u00f6v\u0151beli lehet\u0151s\u00e9gek k\u00f6z\u00f6tt egyens\u00falyozik. A De Groene Stad, vagyis a Z\u00f6ld V\u00e1ros becenev\u00e9n erd\u0151k \u00e9s r\u00e9tek tal\u00e1lhat\u00f3k a telep\u00fcl\u00e9s hat\u00e1rain bel\u00fcl. A De Maten term\u00e9szetv\u00e9delmi ter\u00fclet, a v\u00e1rosk\u00f6zpont k\u00f6zel\u00e9ben tal\u00e1lhat\u00f3 vizes \u00e9l\u0151helyek \u00e9s erd\u0151telkek mozaikja, mened\u00e9ket ny\u00fajt a vadon \u00e9l\u0151 \u00e1llatoknak \u00e9s kikapcsol\u00f3d\u00e1st ny\u00fajt a lakosoknak. A Kattevennen, az Europlanetarium melletti szabadid\u0151park, t\u00fara\u00fatvonalakat, interakt\u00edv ki\u00e1ll\u00edt\u00e1sokat \u00e9s j\u00e1tsz\u00f3tereket k\u00edn\u00e1l ny\u00edlt terein. Ker\u00e9kp\u00e1rutak h\u00e1l\u00f3zata sz\u00f6vi \u00e1t a kor\u00e1bbi b\u00e1ny\u00e1szati \u200b\u200bter\u00fcleteket \u00e9s a csatorna ment\u00e9n, cs\u00e1b\u00edtva a term\u00e9szet \u00e9s a kultur\u00e1lis \u00f6r\u00f6ks\u00e9g felfedez\u00e9s\u00e9t.<\/p>\n<p>Genk folyamatos fejl\u0151d\u00e9se sor\u00e1n tov\u00e1bbra is Limburg m\u00faltj\u00e1nak \u00f6sszetett narrat\u00edv\u00e1ihoz k\u00f6t\u0151dik. Kelta gy\u00f6kerei, k\u00f6z\u00e9pkori k\u00f6t\u0151d\u00e9sei \u00e9s agr\u00e1rhagyom\u00e1nyai megalapozt\u00e1k a tizenkilencedik sz\u00e1zad m\u0171v\u00e9szeti korszak\u00e1t, amelyet azonban a sz\u00e9nt\u00fczel\u00e9s\u0171 g\u00e9pes\u00edt\u00e9s d\u00fcb\u00f6rg\u00e9se elnyomott. A posztindusztri\u00e1lis fordulat, amelyet a b\u00e1ny\u00e1k bez\u00e1r\u00e1sa \u00e9s a kreat\u00edv gazdas\u00e1g megjelen\u00e9se jellemzett, \u00fajra\u00e9rtelmezte a v\u00e1ros kil\u00e1t\u00e1sait an\u00e9lk\u00fcl, hogy elt\u00f6r\u00f6lte volna t\u00f6rt\u00e9nelm\u00e9t. Utc\u00e1in \u00e9s terein, egy fel\u00faj\u00edtott s\u00edreml\u00e9k \u00edv\u00e9ben \u00e9s egy \u00e9vsz\u00e1zados templom torny\u00e1ban l\u00e1that\u00f3k a v\u00e1ros eml\u00e9kezet\u00e9nek r\u00e9tegei. M\u00e9gis a k\u00f6zel hatvan\u00f6tezer lakos mindennapjaiban, akik t\u00f6bb tucat nyelven besz\u00e9lnek, gy\u00e1rakban, st\u00fadi\u00f3kban \u00e9s irod\u00e1kban dolgoznak, nyeri el Genk t\u00f6rt\u00e9nete a legteljesebb kifejez\u00e9st \u2013 egy narrat\u00edva, amely m\u00e9g mindig a talaj, a v\u00edz, a munka \u00e9s a m\u0171v\u00e9szet tal\u00e1lkoz\u00e1s\u00e1n\u00e1l bontakozik ki.<\/p>","protected":false},"excerpt":{"rendered":"<p>A belgiumi Limburg tartom\u00e1nyban tal\u00e1lhat\u00f3 Genk szeml\u00e9lteti legjobban az iparosod\u00e1s \u00e9s a kultur\u00e1lis v\u00e1ltozatoss\u00e1g hat\u00e1sait. A mintegy 65 000 lakos\u00fa telep\u00fcl\u00e9s egy kis falub\u00f3l jelent\u0151s flandriai ipari k\u00f6zpontt\u00e1 fejl\u0151d\u00f6tt. Strat\u00e9giailag az Antwerpen \u00e9s Li\u00e8ge k\u00f6z\u00f6tti Albert-csatorna ment\u00e9n Genk a belga gazdas\u00e1gi rendszer egyik f\u0151 csom\u00f3pontj\u00e1v\u00e1 v\u00e1lt Hasselt tartom\u00e1nyi f\u0151v\u00e1ros k\u00f6zel\u00e9ben.<\/p>","protected":false},"author":1,"featured_media":3338,"parent":14562,"menu_order":0,"comment_status":"closed","ping_status":"closed","template":"elementor_theme","meta":{"_eb_attr":"","footnotes":""},"class_list":["post-14583","page","type-page","status-publish","has-post-thumbnail"],"_links":{"self":[{"href":"https:\/\/travelshelper.com\/hu\/wp-json\/wp\/v2\/pages\/14583","targetHints":{"allow":["GET"]}}],"collection":[{"href":"https:\/\/travelshelper.com\/hu\/wp-json\/wp\/v2\/pages"}],"about":[{"href":"https:\/\/travelshelper.com\/hu\/wp-json\/wp\/v2\/types\/page"}],"author":[{"embeddable":true,"href":"https:\/\/travelshelper.com\/hu\/wp-json\/wp\/v2\/users\/1"}],"replies":[{"embeddable":true,"href":"https:\/\/travelshelper.com\/hu\/wp-json\/wp\/v2\/comments?post=14583"}],"version-history":[{"count":0,"href":"https:\/\/travelshelper.com\/hu\/wp-json\/wp\/v2\/pages\/14583\/revisions"}],"up":[{"embeddable":true,"href":"https:\/\/travelshelper.com\/hu\/wp-json\/wp\/v2\/pages\/14562"}],"wp:featuredmedia":[{"embeddable":true,"href":"https:\/\/travelshelper.com\/hu\/wp-json\/wp\/v2\/media\/3338"}],"wp:attachment":[{"href":"https:\/\/travelshelper.com\/hu\/wp-json\/wp\/v2\/media?parent=14583"}],"curies":[{"name":"wp","href":"https:\/\/api.w.org\/{rel}","templated":true}]}}