{"id":12464,"date":"2024-09-16T01:26:46","date_gmt":"2024-09-16T01:26:46","guid":{"rendered":"https:\/\/travelshelper.com\/staging\/?page_id=12464"},"modified":"2026-03-12T18:30:03","modified_gmt":"2026-03-12T18:30:03","slug":"bar","status":"publish","type":"page","link":"https:\/\/travelshelper.com\/hu\/destinations\/europe\/montenegro\/bar\/","title":{"rendered":"Bar"},"content":{"rendered":"<p>Bar Montenegr\u00f3 f\u0151 tengeri kapuja, egy 15 868 lakos\u00fa v\u00e1ros, amely egy 598 n\u00e9gyzetkilom\u00e9teres tengerparton \u00e9s h\u00e1torsz\u00e1gon fekszik, \u00e9s egy olyan k\u00f6zs\u00e9g sz\u00e9khelye, amelynek 46 171 lakosa 85 telep\u00fcl\u00e9sen \u00e9l az Adriai-tengert\u0151l a Skadar-t\u00f3 partj\u00e1ig. Podgoric\u00e1t\u00f3l, az orsz\u00e1g f\u0151v\u00e1ros\u00e1t\u00f3l hatvan kilom\u00e9terre d\u00e9lnyugatra, \u00e9s k\u00f6zvetlen\u00fcl a tengeren \u00e1t, az olaszorsz\u00e1gi Bari v\u00e1ros\u00e1t\u00f3l, Bar egy olyan hat\u00e1rmezsgy\u00e9n fekszik, ahol a F\u00f6ldk\u00f6zi-tenger ritmusa keveredik a Balk\u00e1n sz\u00e1razf\u00f6ldi l\u00fcktet\u00e9s\u00e9vel.<\/p>\n<p>Antibariumk\u00e9nt \u2013 a r\u00f3mai tenger\u00e9szek nyelv\u00e9n \u201eBarival szemben\u201d \u2013 ismert v\u00e1rosa a birodalom, a hit \u00e9s a tengeri kereskedelem korszakainak tan\u00faja volt. Ma m\u00e1r nem m\u00fazeumi darabk\u00e9nt, hanem \u00e9l\u0151 k\u00f6z\u00f6ss\u00e9gk\u00e9nt \u00e9l, melynek gazdas\u00e1ga a m\u00e9lyv\u00edzi kik\u00f6t\u0151j\u00e9t\u0151l f\u00fcgg, melynek \u00e9p\u00fcletei a velencei, oszm\u00e1n \u00e9s szl\u00e1v uralom sebeit \u00e9s diadalmait viselik magukon, \u00e9s melynek t\u00e1jai a kavicsos partokt\u00f3l a t\u00f6lgyf\u00e1kkal bor\u00edtott gerincekig terjednek. Barban a f\u00f6ldrajz \u00e9s a t\u00f6rt\u00e9nelem egyszerre element\u00e1ris \u00e9s kif\u00fcrk\u00e9szhetetlen m\u00f3don fon\u00f3dik \u00f6ssze, egyszerre \u00f6szt\u00f6n\u00f6zve az elm\u00e9lked\u00e9st \u00e9s a k\u00edv\u00e1ncsis\u00e1got.<\/p>\n<p>Bar domborzata h\u00e1rom koncentrikus z\u00f3n\u00e1ra oszlik. Nyugaton az Adriai-tenger halv\u00e1ny akvamarin s\u00e1vokban h\u00faz\u00f3dik, \u00e1rap\u00e1ly\u00e1nak hull\u00e1mai a kik\u00f6t\u0151kkel, olajfaligetekkel \u00e9s helyenk\u00e9nt felbukkan\u00f3 s\u00e1ncokkal szeg\u00e9lyezett partszakaszt mossanak. Keleten a f\u00f6ld enyh\u00e9n emelkedik a Rumija \u00e9s a Sutorman hegygerincei fel\u00e9, lejt\u0151iket maquis \u00e9s t\u00f6lgyerd\u0151 bor\u00edtja, miel\u0151tt \u00e1tadn\u00e1 a hely\u00e9t a hatalmas Skadar-t\u00f3nak \u2013 D\u00e9l-Eur\u00f3pa legnagyobb tav\u00e1nak. A tenger \u00e9s a t\u00f3 k\u00f6z\u00f6tt citrusf\u00e9l\u00e9k, sz\u0151l\u0151\u00fcltetv\u00e9nyek \u00e9s gr\u00e1n\u00e1talma\u00fcltetv\u00e9nyek tarka foltjai h\u00faz\u00f3dnak, amelyek a naps\u00fct\u00f6tte \u00e9ghajlat \u00e1ltal t\u00e1pl\u00e1lt \u00e9vsz\u00e1zados szubtr\u00f3pusi mez\u0151gazdas\u00e1g bizony\u00edt\u00e9kai.<\/p>\n<p>Bar \u00e9ghajlata k\u00e9t k\u00fcl\u00f6n\u00e1ll\u00f3 mediterr\u00e1n rendszer lenyomat\u00e1t viseli mag\u00e1n. A telek enyh\u00e9k \u00e9s tart\u00f3san nedvesek maradnak, a janu\u00e1ri \u00e1tlagh\u0151m\u00e9rs\u00e9klet 12,3 \u00b0C k\u00f6r\u00fcl mozog a nappali cs\u00facsh\u0151m\u00e9rs\u00e9kletekn\u00e9l, \u00e9jszaka pedig 4,3 \u00b0C-ra s\u00fcllyed, a havaz\u00e1s pedig csak ritka, m\u00e9rs\u00e9kelt h\u00f3f\u00fav\u00e1sokban esik, amelyek k\u00f6z\u00fcl a legjelent\u0151sebb a 2000 janu\u00e1ri kilenc centim\u00e9teres h\u00f3f\u00fav\u00e1s. A nyarak hossz\u00faak \u00e9s f\u00e9nyesek, a j\u00faliusi cs\u00facsh\u0151m\u00e9rs\u00e9kletek 27 \u00b0C \u00e9s 28 \u00b0C k\u00f6z\u00f6tt, az \u00e9jszakai minimumh\u0151m\u00e9rs\u00e9kletek pedig 18 \u00b0C k\u00f6r\u00fcl alakulnak, r\u00f6vid, m\u00e9rs\u00e9kelt \u00f6vi es\u0151z\u00e9sekkel tark\u00edtva. Az \u00e9v sor\u00e1n a v\u00e1ros t\u00f6bb mint 2500 naps\u00fct\u00e9ses \u00f3r\u00e1nak \u00f6rvend, k\u0151falait \u00e9s cser\u00e9ptet\u0151it folyamatosan v\u00e1ltoz\u00f3 f\u00e9nyben \u00e9s \u00e1rny\u00e9kban festik.<\/p>\n<p>M\u00e9gis \u00d3-Bar csendes romjaiban, n\u00e9gy kilom\u00e9terre a sz\u00e1razf\u00f6ld belsej\u00e9ben, a Rumija-hegy l\u00e1b\u00e1n\u00e1l nyilv\u00e1nul meg a r\u00e9gi\u00f3 sokr\u00e9t\u0171 t\u00f6rt\u00e9nelme a legk\u00e9zzelfoghat\u00f3bban. Itt, a k\u00f6z\u00e9pkori er\u0151d\u00f6t egykor \u0151rz\u0151 kapukon t\u00fal, templomok, mecsetek \u00e9s v\u00edzvezet\u00e9kek omladoz\u00f3 maradv\u00e1nyai nyugszanak. Egy tizedik sz\u00e1zadi kapu \u0151rk\u00f6dik a 11. sz\u00e1zadban alap\u00edtott Szent Gy\u00f6rgy-sz\u00e9kesegyh\u00e1z romjai felett, a Szent Katalin-templom \u00e9s az 1662-ben \u00e9p\u00fclt Omerba\u0161i\u0107-mecset t\u00f6red\u00e9kei mellett. K\u00f6z\u00f6tt\u00fck sz\u00e9tsz\u00f3rva egy oszm\u00e1n v\u00edzvezet\u00e9k maradv\u00e1nyai \u2013 melyeket az 1979-es f\u00f6ldreng\u00e9s ut\u00e1n \u00e9p\u00edtettek \u00fajj\u00e1 \u2013, valamint a 17. sz\u00e1zadi Dervis Hasan pr\u00e9dik\u00e1tor s\u00edrja. Ezek a t\u00f6r\u00f6tt \u00e9s viharvert k\u00f6vek n\u00e9ma tan\u00fabizonys\u00e1got tesznek egy olyan v\u00e1rosr\u00f3l, amely egykor szl\u00e1v fejedelmek, velencei d\u00f3zs\u00e9k \u00e9s oszm\u00e1n pas\u00e1k k\u00f6z\u00f6tt cser\u00e9lt kezeket.<\/p>\n<p>A modern kik\u00f6t\u0151t k\u00f6r\u00fclvev\u0151 negyedekben Bar t\u00f6rt\u00e9nete p\u00e1rhuzamosan bontakozik ki a hagyom\u00e1nyos ipar \u00e9s a felt\u00f6rekv\u0151 turizmus k\u00f6z\u00f6tt. Bar kik\u00f6t\u0151je 3100 m\u00e9teres rakpartj\u00e1val, 800 hekt\u00e1ros f\u00f6ldter\u00fclet\u00e9vel \u00e9s 200 hekt\u00e1ros v\u00e9dett viz\u00e9vel \u00e9vente mintegy \u00f6tmilli\u00f3 tonna rakom\u00e1nyt kezel. Darui \u00e9s kont\u00e9nerrak\u00e1sai keretezik a l\u00e1tk\u00e9pet, folyamatosan eml\u00e9keztetve a v\u00e1ros strat\u00e9giai fontoss\u00e1g\u00e1ra Montenegr\u00f3 kereskedelmi h\u00e1l\u00f3zat\u00e1ban. Mellette a Belgr\u00e1d\u2013Bar vas\u00fatvonal \u2013 amely \u00e9vtizedekig tart\u00f3 m\u00e9rn\u00f6ki kih\u00edv\u00e1sok ut\u00e1n 1976-ban k\u00e9sz\u00fclt el \u2013 hegyi alagutakon \u00e9s v\u00f6lgyi viaduktokon kereszt\u00fcl kanyarog, \u00f6sszek\u00f6tve az Adriai-tengert a szerb f\u0151v\u00e1rossal, \u00e9s megnyitva a h\u00e1torsz\u00e1got a l\u00e1togat\u00f3k \u00e9s az \u00e1ruk el\u0151tt egyar\u00e1nt.<\/p>\n<p>A mez\u0151gazdas\u00e1g tov\u00e1bbra is szerves r\u00e9sze Bar identit\u00e1s\u00e1nak. A telep\u00fcl\u00e9s talaja mintegy 95 000 olajf\u00e1t \u00e9s 80 000 citrusf\u00e9l\u00e9t \u2013 citromot, mandarint, narancsot \u00e9s gr\u00e9pfr\u00fatot \u2013 tart fenn, amelyek a szubtr\u00f3pusi nap alatt vir\u00e1goznak. Az 1937-ben alap\u00edtott Szubtr\u00f3pusi N\u00f6v\u00e9nyek K\u00f6zpontja Montenegr\u00f3 legr\u00e9gebbi tudom\u00e1nyos int\u00e9zm\u00e9nye, kutat\u00f3ter\u00fcletei \u00e9s faiskol\u00e1i a kert\u00e9szeti alkalmazkod\u00e1s \u00e9l\u0151 arch\u00edvumai. A t\u00f6bb mint f\u00e9l \u00e9vsz\u00e1zada m\u0171k\u00f6d\u0151 helyi \u00e9lelmiszer-termel\u0151, a Primorka ol\u00edvaolajat pr\u00e9seli \u00e9s gr\u00e1n\u00e1talmalevet palackoz, meg\u0151rizve azokat a kulin\u00e1ris hagyom\u00e1nyokat, amelyek az 1920-as \u00e9vek korai ipari tev\u00e9kenys\u00e9g\u00e9ig ny\u00falnak vissza.<\/p>\n<p>A v\u00e1ros vall\u00e1si \u00e9p\u00edt\u00e9szete t\u00fckr\u00f6zi \u00f6sszetett t\u00e1rsadalmi sz\u00f6vet\u00e9t. Az ortodox \u00e9s katolikus templomok az oszm\u00e1nok \u00e1ltal \u00e9p\u00edtett mecsetekkel osztoznak a v\u00e1rosr\u00e9szekben. Novi Bar \u00fajabb negyed\u00e9ben a Szent Mikl\u00f3s-templom ad otthont a XI. sz\u00e1zadban alap\u00edtott \u00e9rseks\u00e9gnek, m\u00edg a k\u00f6zelben tal\u00e1lhat\u00f3, 2009 \u00e9s 2015 k\u00f6z\u00f6tt elk\u00e9sz\u00fclt modern Szent J\u00e1nos Vlagyimir-sz\u00e9kesegyh\u00e1z m\u00e9ret\u00e9vel vetekszik Podgorica f\u0151 ortodox \u00e9p\u00fclet\u00e9vel, amelynek fresk\u00f3kkal d\u00edsz\u00edtett gal\u00e9ri\u00e1it a r\u00e9gi\u00f3 els\u0151 k\u00f6z\u00e9pkori szentj\u00e9nek szentelt\u00e9k. A v\u00e1ros t\u00faloldal\u00e1n, az \u00d3-Barban tal\u00e1lhat\u00f3 Omerba\u0161i\u0107-mecset meg\u0151rizte karcs\u00fa minaretj\u00e9t \u00e9s imaterm\u00e9t, amelyet a XVII. sz\u00e1zadi alapjaihoz vonz\u00f3 zar\u00e1ndokok l\u00e1togatnak.<\/p>\n<p>Bar demogr\u00e1fiai \u00f6sszet\u00e9tele a migr\u00e1ci\u00f3s hull\u00e1mokat \u00e9s a v\u00e1ltoz\u00f3 hat\u00e1rokat t\u00fckr\u00f6zi. A 2011-es n\u00e9psz\u00e1ml\u00e1l\u00e1s szerint a montenegr\u00f3i \u00e9s szerb etnikai csoportok egy\u00fcttesen a v\u00e1ros lakoss\u00e1g\u00e1nak mintegy nyolcvann\u00e9gy sz\u00e1zal\u00e9k\u00e1t teszik ki, m\u00edg a bosny\u00e1kok, muszlimok, alb\u00e1nok \u00e9s horv\u00e1tok kisebb k\u00f6z\u00f6ss\u00e9geket alkotnak. A vall\u00e1s hasonl\u00f3 vonalat k\u00f6vet: az ortodox h\u00edv\u0151k k\u00f6zel nyolcvan sz\u00e1zal\u00e9kot, a muszlimok t\u00edz, a katolikusok pedig \u00f6t sz\u00e1zal\u00e9kot tesznek ki. Ezek a sz\u00e1mok, b\u00e1r fokozatosan v\u00e1ltozhatnak, egy olyan t\u00e1rsadalomra utalnak, amely az adriai \u00e9s a balk\u00e1ni k\u00f6z\u00f6s hagyom\u00e1nyokon alapul.<\/p>\n<p>Strat\u00e9giai kik\u00f6t\u0151je ellen\u00e9re Bar szer\u00e9ny m\u00e9ret\u0171 maradt. K\u00f6z\u00e9pkori magja \u2013 ahol keskeny utc\u00e1k kanyarognak a romos b\u00e1sty\u00e1k fel\u00e9 \u2013 alig n\u00e9h\u00e1ny hekt\u00e1rt tesz ki, a kort\u00e1rs v\u00e1rosk\u00f6zpont pedig, amelyet vas\u00fati s\u00ednek \u00e9s olajtart\u00e1lyok szeg\u00e9lyeznek, alacsony \u00e9p\u00fcletek szab\u00e1lytalan t\u00f6mbjeiben ter\u00fcl el. N\u00e9h\u00e1ny sz\u00e1lloda tal\u00e1lhat\u00f3 a v\u00edzparton, de a sz\u00e1ll\u00e1shelyek nagy r\u00e9sze panzi\u00f3kban \u00e9s mag\u00e1nsz\u00e1ll\u00e1shelyeken tal\u00e1lhat\u00f3 az ipari \u00f6vezett\u0151l \u00e9szakra, olyan v\u00e1rosr\u00e9szekben, mint \u0160u\u0161anj. Itt a fenyvesekkel szeg\u00e9lyezett strandok kavicsos partszakaszokra v\u00e1ltanak, \u00e9s a ny\u00e1ri turizmus zsivaja m\u00e9g a cs\u00facspontj\u00e1n is m\u00e9rs\u00e9kelt marad.<\/p>\n<p>A v\u00e1rosb\u00f3l a k\u00f6zleked\u00e9si kapcsolatok \u00fagy sug\u00e1roznak, mint a k\u00fcll\u0151k a ker\u00e9ken. Az adriai aut\u00f3p\u00e1lya szeli a partot, \u00e9szakon Bart Budv\u00e1val, d\u00e9len pedig Ulcinjjal k\u00f6ti \u00f6ssze. A 2006-ban megny\u00edlt Sozina-alag\u00fat k\u00f6zvetlen \u00fatvonalat v\u00e1jt a Golija-hegys\u00e9gen kereszt\u00fcl Podgoric\u00e1ba, \u00edgy az utaz\u00e1si id\u0151 egy \u00f3ra al\u00e1 cs\u00f6kkent. Egy aut\u00f3komp k\u00f6zlekedik a nyolcvan kilom\u00e9teres \u00e1tkel\u0151n Bariba, Olaszorsz\u00e1gba, amelynek szezon\u00e1lis menetrendje a turizmus ap\u00e1ly\u00e1t \u00e9s dag\u00e1ly\u00e1t t\u00fckr\u00f6zi; az Ancon\u00e1ba tart\u00f3 j\u00e1ratot 2016 v\u00e9g\u00e9n megsz\u00fcntett\u00e9k. A sz\u00e1razf\u00f6ld belsej\u00e9ben buszj\u00e1ratok k\u00f6tik \u00f6ssze Bart Sutomore-val, a Budvai Rivi\u00e9ra strandjaival \u00e9s a Skadar-tavat \u00f6vez\u0151 falvakkal, m\u00edg \u00f3r\u00e1nk\u00e9nt indulnak \u00e9s \u00e9rkeznek vonatok az \u00e1llom\u00e1sra, kocsijaik a v\u00e1ros ipari \u00f6r\u00f6ks\u00e9g\u00e9re eml\u00e9keztetnek.<\/p>\n<p>Bar kultur\u00e1lis \u00e9let\u00e9t k\u00e9t, kir\u00e1lyi maradv\u00e1nyokban tal\u00e1lhat\u00f3 int\u00e9zm\u00e9ny jellemzi. Mikl\u00f3s kir\u00e1ly palot\u00e1ja, egy 1885-ben eklektikus st\u00edlus\u00fa \u00e9p\u00edtm\u00e9ny, lombos kertek k\u00f6z\u00f6tt \u00e1ll, narancs\u00e9ri\u00e1ja \u00e9s kov\u00e1csoltvas erk\u00e9lyei a szecesszi\u00f3 hat\u00e1sait \u00e1rasztj\u00e1k. Ma helyt\u00f6rt\u00e9neti m\u00fazeumk\u00e9nt m\u0171k\u00f6dik, termei a 19. sz\u00e1zad v\u00e9gi udvar bels\u0151 ter\u00e9t id\u00e9zik, korabeli b\u00fatorokkal, portr\u00e9kkal \u00e9s lev\u00e9lt\u00e1ri dokumentumokkal. A k\u00f6zelben tal\u00e1lhat\u00f3 \u00d3-Bar k\u00f6z\u00e9pkori er\u0151d\u00edtm\u00e9ny\u00e9t r\u00e9szben szabadt\u00e9ri m\u00fazeumm\u00e1 alak\u00edtott\u00e1k \u00e1t, ahol vezetett \u00f6sv\u00e9nyek vezetik a l\u00e1togat\u00f3kat a cisztern\u00e1k, a b\u00e1sty\u00e1k \u00e9s a h\u00edres \u201e\u00d6reg Olajfa\u201d \u2013 egy g\u00f6cs\u00f6rt\u00f6s fa \u2013 k\u00f6z\u00f6tt, amelyr\u0151l azt tartj\u00e1k, hogy k\u00e9tezer \u00e9ves.<\/p>\n<p>A piaci \u00e9let pezseg a Bulevar 24. Novembra ment\u00e9n, ahol a standok fadobozokban k\u00edn\u00e1lnak sajtokat, a halpavilon pedig helyi \u00e1ron l\u00e1tja el az Adriai-tenger napi fog\u00e1sait. Az \u00e1llom\u00e1s k\u00f6zel\u00e9ben tal\u00e1lhat\u00f3 VOLI szupermarket hipermarkettel, gy\u00f3gyszert\u00e1rral \u00e9s kulin\u00e1ris bolttal szolg\u00e1lja ki a lakosokat. A parkol\u00f3t\u00f3l az Old Bar kapuj\u00e1ig emelked\u0151, aszfaltozott utc\u00e1n k\u00e1v\u00e9z\u00f3k sorakoznak, asztalaik st\u00edlusosak \u2013 n\u00e9melyik szer\u00e9ny fapad az er\u0151d falai k\u00f6zel\u00e9ben, m\u00e1sok st\u00edlusosan berendezettek cs\u00edkos napellenz\u0151kkel \u00e9s kov\u00e1csoltvas sz\u00e9kekkel. Ezek k\u00f6z\u00e9 tartozik a \u0107evabd\u017einica Dino, ahol f\u0171szerezett b\u00e1r\u00e1nyh\u00fasgoly\u00f3k osztoznak az asztalokon gr\u00e1n\u00e1talmal\u00e9vel, valamint a Fish Bar Cvijo, amelynek mezzaluna alak\u00fa \u00e9tlapja grillezett specialit\u00e1sokat k\u00edn\u00e1l tengeri poh\u00e1rral bor\u00edtott k\u00f6rnyezetben.<\/p>\n<p>Bar \u00e9jszakai \u00e9lete laza. M\u00edg m\u00e1s adriai \u00fcd\u00fcl\u0151helyek f\u00e9nyt \u00e9s zen\u00e9t \u00e1rasztanak a hajnali \u00f3r\u00e1kba, Bar est\u00e9i \u00e9jf\u00e9lre lecsengenek, melyeket olyan k\u00e9zm\u0171ves s\u00f6r\u00f6z\u0151k tark\u00edtanak, mint a 501 Darts Bar \u00e9s a Varadero. A taxik a busz- \u00e9s vas\u00fat\u00e1llom\u00e1sok k\u00f6zel\u00e9ben csoportosulnak, ahonnan \u00f3r\u00e1nk\u00e9nt j\u00e1rnak a \u0160u\u0161anj strandjaira \u00e9s azon t\u00falra k\u00f6zleked\u0151 buszok. Azok sz\u00e1m\u00e1ra, akik \u00e9l\u00e9nkebb t\u00e1rsas\u00e1gra v\u00e1gynak, Sutomore \u2013 egy t\u00edz percre d\u00e9lre fekv\u0151 falu k\u00f6z\u00faton \u2013 homokos partokat \u00e9s szezon\u00e1lis klubokat k\u00edn\u00e1l, m\u00edg Budva legend\u00e1s \u00e9jszakai \u00e9lete egy \u00f3r\u00e1nyira \u00e9szakra tal\u00e1lhat\u00f3.<\/p>\n<p>A h\u00e1torsz\u00e1gban a Ratac kolostor romjai \u00e9s a Tabiya er\u0151d erd\u0151s dombokon \u00e1llnak, ahonnan kil\u00e1t\u00e1s ny\u00edlik a tengerre \u00e9s a t\u00f3ra. Egy mell\u00e9k\u00fat vezet egy eml\u00e9km\u0171h\u00f6z, amely az 1042-es bari csat\u00e1nak \u00e1ll\u00edt eml\u00e9ket, ahol Stefan Vojislav szerb er\u0151i legy\u0151zt\u00e9k a biz\u00e1nciakat \u2013 egy olyan helysz\u00ednhez, amelynek beton l\u00e1bazatai ma panor\u00e1m\u00e1s kil\u00e1t\u00f3pontk\u00e9nt szolg\u00e1lnak. Keleten a Skadar-t\u00f3 k\u00f6r\u00fcli lejt\u0151k a Skadarska Krajin\u00e1ba ny\u00edlnak, amely hal\u00e1szfalvak \u00e9s mad\u00e1rban gazdag vizes \u00e9l\u0151helyek mozaikja, \u00e9s amely megjutalmazza a kora reggeli haj\u00f3s felfedez\u00e9seket.<\/p>\n<p>A Modern Bar ellen\u00e1ll a Rivi\u00e9ra sztereot\u00edpi\u00e1inak. Sem egy kasszasiker \u00fcd\u00fcl\u0151hely, sem egy \u00e1lmos vid\u00e9ki kik\u00f6t\u0151, hanem ink\u00e1bb egy olyan hely, ahol az \u00e9ves ritmusok ugyan\u00fagy gy\u00f6kereznek a tengeri kereskedelemben \u00e9s a mez\u0151gazdas\u00e1gban, mint a naps\u00fct\u00e9ses tengerparti turizmusban. Az \u00e9v sor\u00e1n a kik\u00f6t\u0151ben daruk lend\u00fclnek mozg\u00e1sba, \u0151sszel hullanak az olajbogy\u00f3k, szeptemberben nyitnak az iskol\u00e1k \u00e9s az \u00fczletek, a tavaszt \u00e9s a nyarat pedig ortodox \u00e9s iszl\u00e1m fesztiv\u00e1lok jellemzik. A mindennapi \u00e9letnek van egyfajta szil\u00e1rds\u00e1ga, egyfajta t\u00f6rt\u00e9nelmi \u00e1ramlat, amely \u00e9rv\u00e9nyes\u00fcl, valah\u00e1nyszor a tengeri sz\u00e9l megr\u00e1zza a ciprusokat, vagy egy vonat f\u00fcty\u00fclve beg\u00f6rd\u00fcl az alag\u00faton kereszt\u00fcl az \u00e1llom\u00e1sra.<\/p>\n<p>Azoknak az utaz\u00f3knak, akik egy igazi adriai v\u00e1rosban szeretn\u00e9nek gy\u00f6ny\u00f6rk\u00f6dni, Bar az elemek \u00e9s a mindennapok egyens\u00faly\u00e1t k\u00edn\u00e1lja. K\u00f6vethetj\u00fck a l\u00e9pteket egy velencei kapu mellett, meg\u00e1llhatunk egy oszm\u00e1n mecset el\u0151tt, vagy elid\u0151zhet\u00fcnk egy helyi sajtokkal teli asztaln\u00e1l an\u00e9lk\u00fcl, hogy valaha is \u00e9rezn\u00e9nk az \u00fatik\u00f6nyv \u00fatiterv\u00e9nek temp\u00f3j\u00e1t. Itt az Adria nem \u00e1rucikk \u00e9s nem is puszta h\u00e1tt\u00e9r, hanem \u00e1lland\u00f3 besz\u00e9lget\u0151partner \u2013 a hajnali hal\u00e1szhaj\u00f3kt\u00f3l az alkonyati Olaszorsz\u00e1gba indul\u00f3 kompokig.<\/p>\n<p>V\u00e9g\u00fcl Bar nem egyetlen panor\u00e1m\u00e1ban, hanem apr\u00f3 tal\u00e1lkoz\u00e1sok sorozat\u00e1ban t\u00e1rul fel: az \u00f3ratorony szaggatott kong\u00e1sa d\u00e9lben, a rakpart k\u00f6zel\u00e9ben d\u00edzel kipufog\u00f3g\u00e1zzal \u00f6sszefon\u00f3d\u00f3 j\u00e1zminillat, a Szent Katalin-templom romos \u00edvei k\u00f6z\u00f6tt visszhangz\u00f3 gyermeknevet\u00e9s. Ezek a r\u00e9szletek egy olyan v\u00e1ros k\u00e9p\u00e9v\u00e9 \u00e1llnak \u00f6ssze, amely egyszerre gy\u00f6kerezik \u00f6r\u00f6ks\u00e9g\u00e9ben \u00e9s nyitott a v\u00e1ltoz\u00e1s \u00e1ramlataira \u2013 ahol az \u0151si \u00e9s a modern bizonytalan helyre ker\u00fcl, \u00e9s ahol a t\u00f6rt\u00e9net m\u00e9g mindig form\u00e1l\u00f3dik.<\/p>","protected":false},"excerpt":{"rendered":"<p>Bar, Montenegr\u00f3 tengerparti v\u00e1rosa, 75 kilom\u00e9terre fekszik Podgoric\u00e1t\u00f3l. Bar a maga 13 719 lakos\u00e1val egy t\u00e1gabb telep\u00fcl\u00e9s k\u00f6zpontjak\u00e9nt m\u0171k\u00f6dik, amely 83 telep\u00fcl\u00e9st foglal mag\u00e1ban, \u00e9s \u00f6sszlakoss\u00e1ga 40 037. Ezt a ny\u00fczsg\u0151 v\u00e1rost soksz\u00edn\u0171 kultur\u00e1lis sz\u00f6vete miatt \u00fcnneplik, amely leny\u0171g\u00f6z\u0151 25 k\u00fcl\u00f6nb\u00f6z\u0151 nemzetis\u00e9gnek ad otthont, amelyek harm\u00f3ni\u00e1ban \u00e9lnek egy\u00fctt hat\u00e1rain bel\u00fcl. Bar egyedi jellege t\u00fckr\u00f6zi t\u00f6rt\u00e9nelmi jelent\u0151s\u00e9g\u00e9t a mediterr\u00e1n \u00e9s keleti hat\u00e1sok olvaszt\u00f3t\u00e9gelyek\u00e9nt, amely a kult\u00far\u00e1k jellegzetes kever\u00e9k\u00e9t eredm\u00e9nyezi, amely ma is meghat\u00e1rozza identit\u00e1s\u00e1t.<\/p>","protected":false},"author":1,"featured_media":3036,"parent":12406,"menu_order":0,"comment_status":"closed","ping_status":"closed","template":"elementor_theme","meta":{"_eb_attr":"","footnotes":""},"class_list":["post-12464","page","type-page","status-publish","has-post-thumbnail"],"_links":{"self":[{"href":"https:\/\/travelshelper.com\/hu\/wp-json\/wp\/v2\/pages\/12464","targetHints":{"allow":["GET"]}}],"collection":[{"href":"https:\/\/travelshelper.com\/hu\/wp-json\/wp\/v2\/pages"}],"about":[{"href":"https:\/\/travelshelper.com\/hu\/wp-json\/wp\/v2\/types\/page"}],"author":[{"embeddable":true,"href":"https:\/\/travelshelper.com\/hu\/wp-json\/wp\/v2\/users\/1"}],"replies":[{"embeddable":true,"href":"https:\/\/travelshelper.com\/hu\/wp-json\/wp\/v2\/comments?post=12464"}],"version-history":[{"count":0,"href":"https:\/\/travelshelper.com\/hu\/wp-json\/wp\/v2\/pages\/12464\/revisions"}],"up":[{"embeddable":true,"href":"https:\/\/travelshelper.com\/hu\/wp-json\/wp\/v2\/pages\/12406"}],"wp:featuredmedia":[{"embeddable":true,"href":"https:\/\/travelshelper.com\/hu\/wp-json\/wp\/v2\/media\/3036"}],"wp:attachment":[{"href":"https:\/\/travelshelper.com\/hu\/wp-json\/wp\/v2\/media?parent=12464"}],"curies":[{"name":"wp","href":"https:\/\/api.w.org\/{rel}","templated":true}]}}