{"id":12037,"date":"2024-09-15T12:46:46","date_gmt":"2024-09-15T12:46:46","guid":{"rendered":"https:\/\/travelshelper.com\/staging\/?page_id=12037"},"modified":"2026-03-12T21:54:54","modified_gmt":"2026-03-12T21:54:54","slug":"szocsi","status":"publish","type":"page","link":"https:\/\/travelshelper.com\/hu\/destinations\/europe\/russian-federation\/sochi\/","title":{"rendered":"Szocsi"},"content":{"rendered":"<p>Szocsi, Oroszorsz\u00e1g legnagyobb \u00fcd\u00fcl\u0151v\u00e1rosa, egy keskeny, 176,77 n\u00e9gyzetkilom\u00e9teres tengerparti s\u00e1vban fekszik a Fekete-tenger ment\u00e9n az \u00c9szak-Kauk\u00e1zusban, 466 078 lakossal a telep\u00fcl\u00e9seken, \u00e9s a v\u00e1rosi ter\u00fcleten \u00e9l\u0151k sz\u00e1ma k\u00f6r\u00fclbel\u00fcl 600 000 f\u0151re duzzad. Lazarevszkoj\u00e9t\u00f3l \u00e9szaknyugaton Adlerig 145 kilom\u00e9ter hosszan h\u00faz\u00f3d\u00f3 Szocsi Eur\u00f3pa leghosszabb v\u00e1rosa, \u00e9s a D\u00e9li Sz\u00f6vets\u00e9gi K\u00f6rzet \u00f6t\u00f6dik, a Krasznodari hat\u00e1rter\u00fclet m\u00e1sodik, a Fekete-tenger partj\u00e1n pedig hatodik legnagyobb v\u00e1rosi k\u00f6zpont. Moszkv\u00e1t\u00f3l mintegy 1603 kilom\u00e9terre k\u00f6z\u00faton fekv\u0151 Szocsi szubtr\u00f3pusi partvonalakat \u00f6tv\u00f6z meredek, erd\u0151s lejt\u0151kkel, \u00edgy olyan \u00fcd\u00fcl\u0151t\u00e1jt hoz l\u00e9tre, amely p\u00e1ratlan Oroszorsz\u00e1g sz\u00e9less\u00e9gi k\u00f6rein.<\/p>\n<p>A v\u00e1ros fejl\u0151d\u00e9se a tengerparti, foly\u00f3parti \u00e9s hegyvid\u00e9ki k\u00f6rnyezet tal\u00e1lkoz\u00e1s\u00e1n\u00e1l elfoglalt strat\u00e9giai elhelyezked\u00e9s\u00e9re vezethet\u0151 vissza. Az \u00f3kori ubih lakosok a helyet \u201e\u0428\u044a\u0443\u0430\u0447\u0430\u201d-nak nevezt\u00e9k, ami \u201etengerpartot\u201d jelent, \u00e9s a 19. sz\u00e1zad k\u00f6zep\u00e9ig f\u00fcggetlen telep\u00fcl\u00e9sek csoportja maradt. Az orosz katonai el\u0151\u0151rs\u00f6k \u00e9s a genovai kereskedelmi \u00e1llom\u00e1sok egykor tark\u00edtott\u00e1k a partvonalat, lerakva a modern mikrorajong\u00e1sok alapjait. A mai \u00f6nkorm\u00e1nyzati strukt\u00fara n\u00e9gy v\u00e1rosr\u00e9szt foglal mag\u00e1ban \u2013 a Centralnij, a Lazarevszkij, a Khostinszkij \u00e9s az Adlerszkij ker\u00fcletet \u2013, valamint Krasznaja Poljana v\u00e1rosi t\u00edpus\u00fa telep\u00fcl\u00e9st \u00e9s hetvenkilenc vid\u00e9ki telep\u00fcl\u00e9st, amelyeket egy\u00fcttesen Szocsi V\u00e1rosi K\u00f6rzetk\u00e9nt igazgatnak.<\/p>\n<p>K\u00f6z\u00e9p-Szocsi, kor\u00e1bban a Tsentralnij v\u00e1rosr\u00e9sz, mind\u00f6ssze 32 n\u00e9gyzetkilom\u00e9tert foglal mag\u00e1ban, m\u00e9gis nagyj\u00e1b\u00f3l 137 677 lakosnak ad otthont, \u00edgy ez a legs\u0171r\u0171bben lakott ker\u00fclet. Itt a 19. sz\u00e1zadi egyh\u00e1zi \u00e9p\u00edt\u00e9szet a v\u00edzparti s\u00e9t\u00e1nyokat szt\u00e1linista nevezetess\u00e9gekkel osztja meg. A t\u00f6rt\u00e9nelmi k\u00f6zpontot a Mih\u00e1ly Arkangyal-sz\u00e9kesegyh\u00e1z alkotja, amelyet 1873 \u00e9s 1891 k\u00f6z\u00f6tt \u00e9p\u00edtettek a kauk\u00e1zusi h\u00e1bor\u00fa v\u00e9g\u00e9nek eml\u00e9k\u00e9re. A k\u00f6zelben egy 2006-ban fel\u00e1ll\u00edtott v\u00f6r\u00f6s gr\u00e1nit oszlop tiszteleg a konfliktusban elesett katon\u00e1k el\u0151tt, Mih\u00e1ly arkangyal bronzszobra h\u00e9t m\u00e9terrel magasodik egy eml\u00e9kt\u00e9r f\u00f6l\u00e9. A botanikai t\u00f6rekv\u00e9sek a Szocsi Arbor\u00e9tumban testes\u00fclnek meg, amelynek egzotikus p\u00e1lma- \u00e9s szubtr\u00f3pusi fagy\u0171jtem\u00e9nye t\u00e1jba \u00f6lt\u00f6z\u00f6tt ligetek k\u00f6z\u00f6tt vir\u00e1gzik. Az Arbor\u00e9tum Mayors Alle\u00e9 sik\u00e1tor\u00e1ban vend\u00e9gel\u0151ad\u00f3k \u00e1ltal bemutatott p\u00e1lma\u00fcltetv\u00e9nyek l\u00e1that\u00f3k, amelyek Szocsi nemzetk\u00f6zi \u00fcd\u00fcl\u0151helyi st\u00e1tusz\u00e1t hangs\u00falyozz\u00e1k. A szubtr\u00f3pusi botanikus kertben \u00e1ll a hibrid citrusf\u00e9l\u00e9k bar\u00e1ts\u00e1gfa, amelyet 1940 \u00f3ta t\u00f6bbsz\u00f6r oltottak a vil\u00e1g minden t\u00e1j\u00e1r\u00f3l sz\u00e1rmaz\u00f3 fajt\u00e1kkal; a szomsz\u00e9dos m\u00fazeum t\u00f6bb t\u00edzezer diplom\u00e1ciai aj\u00e1nd\u00e9kot \u0151riz.<\/p>\n<p>A v\u00e1rosk\u00f6zpontt\u00f3l \u00e9szaknyugatra fekszik a Lazarevszkij v\u00e1rosr\u00e9sz, amely mintegy 1744 n\u00e9gyzetkilom\u00e9teren ter\u00fcl el, \u00e9s a 2010-es n\u00e9psz\u00e1ml\u00e1l\u00e1s adatai szerint 63 894 lakosnak adott otthont. Az alk\u00f6rzetek k\u00f6z\u00e9 tartozik a Lazarevszkoje, ahol egy 1903-as templom \u00e9s egy korabeli megfelel\u0151je \u00e1ll egym\u00e1s mellett egy delfin\u00e1rium mellett; a Loo, amely egy biz\u00e1nci kori er\u0151dtemplom romjaival szemben \u00e1ll; a Dagomisz, amely a cs\u00e1sz\u00e1ri tea\u00fcltetv\u00e9nyeir\u0151l \u00e9s II. Mikl\u00f3s \u00e1ltal megb\u00edzott botanikus kertj\u00e9r\u0151l, valamint egy 1982-b\u0151l sz\u00e1rmaz\u00f3 foly\u00f3parti sz\u00e1llodakomplexumr\u00f3l h\u00edres; \u00e9s a Golovinka, a Sahe foly\u00f3 t\u00f6rt\u00e9nelmi torkolata, ahol a decembrista fegyencek egykor a Golovinszkij er\u0151d\u00f6t \u0151rizt\u00e9k, eg\u00e9szen a kr\u00edmi h\u00e1bor\u00faban t\u00f6rt\u00e9nt lerombol\u00e1s\u00e1ig. A k\u00f6z\u00e9pkori kereskedelem visszhangjai megmaradtak a Godlik er\u0151d ritka eml\u00e9keiben, amelyet egykor biz\u00e1nciak v\u00e9dtek, kaz\u00e1rok ostromoltak, \u00e9s genovai keresked\u0151k \u00e9p\u00edtettek \u00fajj\u00e1.<\/p>\n<p>D\u00e9lkeleten a Hoszti v\u00e1rosr\u00e9sz mintegy 374 n\u00e9gyzetkilom\u00e9teren ter\u00fcl el, \u00e9s 65 229 lakosnak ad otthont. Sz\u00e1mos patak v\u00e1jja a z\u00f6ldell\u0151 v\u00f6lgyeket, amelyek nev\u00fcket \u2013 Macesta, \u201el\u00e1ngsz\u00edn\u0171 foly\u00f3\u201d, Kudepsta \u00e9s Hosta \u2013 a szomsz\u00e9dos mikrorajongoknak adt\u00e1k. A Macesta gy\u00f3gy\u00edt\u00f3 forr\u00e1sai a szanat\u00f3riumok korai fejl\u0151d\u00e9s\u00e9t \u00f6szt\u00f6n\u00f6zt\u00e9k; \u00e1sv\u00e1nyi anyagokban gazdag viz\u00fck, amelyet egykor exportra palackoztak, ma is vonzza a l\u00e1badoz\u00f3kat. A dombtet\u0151kre ny\u00edl\u00f3 kil\u00e1t\u00e1s keretezi a lejt\u0151kbe ny\u00fal\u00f3 teaf\u00f6ldeket, smaragdz\u00f6ld teraszaik pedig a Kauk\u00e1zusi Bioszf\u00e9ra Rezerv\u00e1tum fel\u00e9 emelkednek. Ez a rezerv\u00e1tum, amely az UNESCO Vil\u00e1g\u00f6r\u00f6ks\u00e9g r\u00e9sze, a Krasznodari hat\u00e1rter\u00fcleten \u00e9s az Adigea-f\u00e9lszigeten terjed ki \u00e9szakkeleten, meg\u0151rizve az \u00e9rintetlen vegyes erd\u0151ket \u00e9s a gleccserv\u00f6lgyeket, k\u00f6zvetlen\u00fcl Szocsi strandjait\u00f3l a sz\u00e1razf\u00f6ld belsej\u00e9ben.<\/p>\n<p>A d\u00e9li v\u00e9g\u00e9n fekszik az Adlerszkij v\u00e1rosr\u00e9sz, amely 1352 n\u00e9gyzetkilom\u00e9tert foglal el \u00e9s 76 534 lakost sz\u00e1ml\u00e1l. Az 1961-ig t\u00f6rt\u00e9nelmileg elk\u00fcl\u00f6n\u00fclt Adler a Fekete-tenger partvid\u00e9k\u00e9t a hegyvid\u00e9ki h\u00e1torsz\u00e1ggal \u00f6tv\u00f6zi. Az \u0151si Sadz falu \u00e9s a k\u00f6z\u00e9pkori genovai kik\u00f6t\u0151, amely egykor a ter\u00fcletet foglalta el, turista s\u00e9t\u00e1nyoknak \u00e9s egy nemzetk\u00f6zi rep\u00fcl\u0151t\u00e9rnek adott otthont. Az \u00f6bl\u00f6n t\u00fal a terep meredeken emelkedik a Nyugat-Kauk\u00e1zusba, ahol az Akhsztir-szurdok k\u00f6r\u00fcl aulok, t\u00e1voli hegyi falvak h\u00e1l\u00f3zata, a hagyom\u00e1nyos adige kult\u00fara nyomai \u00e9s pisztr\u00e1nghorg\u00e1szatok csoportosulnak. Itt egy 160 m\u00e9teres m\u00e9szk\u0151barlang \u00e9vezredeknyi emberi telep\u00fcl\u00e9st t\u00e1r fel. Az eredetileg \u00e9szt gyarmatk\u00e9nt ismert Esztoszadok felf\u00f6ldi falucska ma Krasznaja Poljana kapujak\u00e9nt szolg\u00e1l, amely a 2014-es t\u00e9li olimpia alatt alpesi \u00e9s \u00e9szaki s\u00edversenyeknek adott otthont.<\/p>\n<p>A 2014-es t\u00e9li j\u00e1t\u00e9kok \u00e9s a XI. paralimpia v\u00edzv\u00e1laszt\u00f3t jelentett Szocsi \u00e1talakul\u00e1s\u00e1ban. Az olimpiai helysz\u00ednek egyar\u00e1nt tele voltak tengerparti csoportokkal \u00e9s hegyvid\u00e9ki komplexumokkal, ami jelent\u0151s infrastruktur\u00e1lis fejleszt\u00e9seket tett sz\u00fcks\u00e9gess\u00e9. A k\u00f6zeli Rosa Khutor s\u00edk\u00f6zpont, amely egy meredek v\u00f6lgyben fekszik Krasznaja Poljan\u00e1t\u00f3l \u00e9szakra, lesikl\u00f3- \u00e9s ugr\u00f3versenyeknek adott otthont. A j\u00e1t\u00e9kokba t\u00f6rt\u00e9n\u0151 beruh\u00e1z\u00e1sok meghaladt\u00e1k az egybilli\u00f3 rubelt az el\u0151z\u0151 \u00e9vtizedben, bele\u00e9rtve a k\u00f6zleked\u00e9st, a vend\u00e9gl\u00e1t\u00e1st \u00e9s a v\u00e1rosrehabilit\u00e1ci\u00f3t. A vas\u00fati \u00f6sszek\u00f6ttet\u00e9seket korszer\u0171s\u00edtett\u00e9k; \u00f6t \u00e1llom\u00e1s \u2013 Dagomisz, Szocsi, Maceszta, Hoszta \u00e9s Adler \u2013 fel\u00faj\u00edt\u00e1son esett \u00e1t, m\u00edg \u00faj \u00e1llom\u00e1sok \u00e9p\u00fcltek Adlerben \u00e9s Esztoszadokban. A k\u00f6nny\u0171metr\u00f3-h\u00e1l\u00f3zat terveit v\u00e9g\u00fcl f\u00e9lretett\u00e9k a vas\u00fat fel\u00faj\u00edt\u00e1sa jav\u00e1ra, m\u00e9gis elszaporodtak a k\u00e1belvasutak \u00e9s a sikl\u00f3vasutak, amelyek az alf\u00f6ldi szanat\u00f3riumokat \u00e9s a hegyoldali sz\u00e1llod\u00e1kat k\u00f6t\u00f6tt\u00e9k \u00f6ssze. A Forma-1 Orosz Nagyd\u00edja, amelyet 2014 \u00e9s 2021 k\u00f6z\u00f6tt egy erre a c\u00e9lra \u00e9p\u00edtett tengerparti p\u00e1ly\u00e1n rendeztek, tov\u00e1bb er\u0151s\u00edtette Szocsi profilj\u00e1t, mint t\u00f6bb \u00e9vszakos \u00fati c\u00e9l. 2018-ban Szocsi csatlakozott Moszkv\u00e1hoz \u00e9s Szentp\u00e9terv\u00e1rhoz, hogy FIFA-vil\u00e1gbajnoks\u00e1g-m\u00e9rk\u0151z\u00e9seknek adjon otthont.<\/p>\n<p>F\u00f6ldrajzilag a v\u00e1ros egy keskeny folyos\u00f3n fekszik, amelyet a Fekete-tenger enyhe vize \u00e9s a Nyugat-Kauk\u00e1zus meredek lejt\u0151i szeg\u00e9lyeznek. Hat jelent\u0151s foly\u00f3 \u00f6nt\u00f6zi ezt a ter\u00fcletet: a Mzimta \u00e9s a Sahe hegyi v\u00f6lgyeken \u00e1t folyik a tengerig, m\u00edg az Ase, Pszuapsze, Szocsi, Hoszta \u00e9s Maceszta foly\u00f3k a medr\u00fckr\u0151l elnevezett mikrorajong\u00e1sokat szelik \u00e1t. D\u00e9lkeleten a Pszu foly\u00f3 jel\u00f6li a hat\u00e1rt Abh\u00e1zia de facto \u00e1llammal. A \u00fcd\u00fcl\u0151helyekt\u0151l a sz\u00e1razf\u00f6ld belsej\u00e9ben a Szocsi Nemzeti Park a part menti perem \u00e9s a bioszf\u00e9ra-rezerv\u00e1tum kiv\u00e9tel\u00e9vel mindent bebor\u00edt, meg\u0151rizve mind a t\u0171level\u0171 hegyvid\u00e9keket, mind a szubtr\u00f3pusi alf\u00f6ldi kanyonokat.<\/p>\n<p>Szocsi \u00e9ghajlata \u00e9lesen elt\u00e9r a legt\u00f6bb orosz v\u00e1ros\u00e9t\u00f3l. Alacsonyabb tengerszint feletti magass\u00e1gban nedves szubtr\u00f3pusi (K\u00f6ppen Cfa) \u00e9ghajlatnak min\u0151s\u00fcl, t\u00e9len 11 \u00b0C, ny\u00e1ron pedig 24 \u00b0C az \u00e1tlagos nappali h\u0151m\u00e9rs\u00e9klet, m\u00edg az \u00e9jszakai \u00e1tlagh\u0151m\u00e9rs\u00e9klet 4 \u00b0C \u00e9s 16 \u00b0C. A strandszezonban a tenger h\u0151m\u00e9rs\u00e9klete febru\u00e1rban 9 \u00b0C-t\u00f3l augusztusban ak\u00e1r 27 \u00b0C-ig is terjed. Az \u00e9ves csapad\u00e9kmennyis\u00e9g nagyj\u00e1b\u00f3l 1700 mm, mintegy 2200 naps\u00fct\u00e9ses \u00f3r\u00e1n \u00e1t esik, ami enyhe \u00e1tmeneti \u00e9vszakokat eredm\u00e9nyez \u00e1prilisban \u00e9s novemberben, amikor a nappali maximumok n\u00e9ha el\u00e9rik a 20 \u00b0C-ot. Szubtr\u00f3pusi vonatkoz\u00e1sai ellen\u00e9re \u00e9jszakai fagyok is el\u0151fordulnak, \u00e9s a t\u00e9li minimumok -13,4 \u00b0C-ra s\u00fcllyedtek (1892. janu\u00e1r 25-\u00e9n), m\u00edg a ny\u00e1ri maximumok 2000. j\u00falius 30-\u00e1n 39,4 \u00b0C-on tet\u0151ztek. A v\u00e1ros USDA 8b-9a z\u00f3n\u00e1kba val\u00f3 besorol\u00e1sa lehet\u0151v\u00e9 teszi k\u00fcl\u00f6nf\u00e9le p\u00e1lma- \u00e9s teaf\u00e9l\u00e9k termeszt\u00e9s\u00e9t \u2013 ami ritkas\u00e1g az orosz mez\u0151gazdas\u00e1gban.<\/p>\n<p>A tea termeszt\u00e9se jellegzetes gazdas\u00e1gi \u00e9s kultur\u00e1lis sz\u00e1lat k\u00e9pvisel. Szocsi \u00e9szaki \u00fcltetv\u00e9nyei eredet\u00fcket a 19. sz\u00e1zadra k\u00f6sz\u00f6nhetik, amikor II. Mikl\u00f3s kerteket l\u00e9tes\u00edtett Dagomiszban \u00e9s a k\u00f6rnyez\u0151 v\u00f6lgyekben. Ma a teagy\u00e1rak a helyi levelek mellett import tealeveleket is feldolgoznak, a t\u00f6rt\u00e9nelmi birtokok pedig m\u00fazeumk\u00e9nt, farmk\u00e9nt \u00e9s k\u00f3stol\u00f3helyk\u00e9nt szolg\u00e1lnak. Hasonl\u00f3k\u00e9ppen, a szubtr\u00f3pusi arbor\u00e9tum az egzotikus n\u00f6v\u00e9nyvil\u00e1ggal val\u00f3 k\u00eds\u00e9rletez\u00e9sr\u0151l tan\u00faskodik; \u00fcvegh\u00e1zai \u00e9s t\u00e1j\u00e9p\u00edt\u00e9szeti v\u00edzmos\u00e1sai olyan fajokat mutatnak be, amelyek t\u00fckr\u00f6zik a r\u00e9gi\u00f3 \u00e9ghajlati \u00e1rnyalatait.<\/p>\n<p>Gazdas\u00e1gi szempontb\u00f3l Szocsi egyr\u00e9szt \u00fcd\u00fcl\u0151helyi m\u00e1gnesk\u00e9nt, m\u00e1sr\u00e9szt region\u00e1lis n\u00f6veked\u00e9si motork\u00e9nt is funkcion\u00e1l. Natalia Zubarevics k\u00f6zgazd\u00e1sz-f\u00f6ldrajztud\u00f3s Oroszorsz\u00e1g \u201eszabadid\u0151s f\u0151v\u00e1rosak\u00e9nt\u201d jellemezte a v\u00e1rost, amelynek j\u00f3l\u00e9te befoly\u00e1solja a nemzeti fejl\u0151d\u00e9s vektorait. 2015-ben a kiskereskedelem a gazdas\u00e1g 59 sz\u00e1zal\u00e9k\u00e1t tette ki, ezt k\u00f6vette az \u00e9p\u00edt\u0151ipar (15 sz\u00e1zal\u00e9k), az \u00fcd\u00fcl\u0151- \u00e9s turisztikai szolg\u00e1ltat\u00e1sok (11 sz\u00e1zal\u00e9k), az ipar (10,6 sz\u00e1zal\u00e9k), a k\u00f6zleked\u00e9s (3,5 sz\u00e1zal\u00e9k) \u00e9s a mez\u0151gazdas\u00e1g (0,9 sz\u00e1zal\u00e9k). A k\u00f6z\u00e9p- \u00e9s nagyv\u00e1llalatok 2017-ben meghaladta a 191,3 milli\u00e1rd rubelt a forgalom felett, ami 12 sz\u00e1zal\u00e9kos n\u00f6veked\u00e9st jelent az el\u0151z\u0151 \u00e9vhez k\u00e9pest. 2005 \u00f3ta Szocsi gazdas\u00e1g\u00e1ba t\u00f6rt\u00e9n\u0151 \u00f6sszes\u00edtett beruh\u00e1z\u00e1sok meghaladt\u00e1k az 1,1 billi\u00f3 rubelt, ami az olimpi\u00e1hoz \u00e9s a t\u00e1gabb \u00e9rtelemben vett \u00fajj\u00e1\u00e9p\u00edt\u00e9si er\u0151fesz\u00edt\u00e9sekhez kapcsol\u00f3d\u00f3 t\u0151ken\u00f6veked\u00e9st t\u00fckr\u00f6zi.<\/p>\n<p>Szocsi folyamatosan j\u00f3l teljes\u00edtett a nemzeti ranglist\u00e1kon. Az Urbanika Int\u00e9zet 2010-ben az orosz v\u00e1rosok k\u00f6z\u00f6tt az els\u0151 helyre sorolta az \u00e9letmin\u0151s\u00e9g tekintet\u00e9ben, 2014-ben \u00e9s 2015-ben pedig az els\u0151 \u00f6t k\u00f6z\u00e9, a gyors fejl\u0151d\u00e9sre, a k\u00f6rnyezeti vonzer\u0151re \u00e9s a k\u00f6zbiztons\u00e1gra hivatkozva. A Forbes Russia 2012-ben Szocsit ismerte el a legjobb \u00fczleti v\u00e1rosnak, elismerve a befektet\u00e9si folyamatokat \u00e9s a felt\u00f6rekv\u0151 p\u00e9nz\u00fcgyi szolg\u00e1ltat\u00e1si szektorokat. Csak a turisztikai \u00e1gazat mintegy 30 milli\u00e1rd rubel bev\u00e9telt gener\u00e1lt 2015-ben, ami az orsz\u00e1g teljes sz\u00e1ll\u00e1shely- \u00e9s vend\u00e9gl\u00e1t\u00f3ipar\u00e1nak 18,6 sz\u00e1zal\u00e9k\u00e1val egyenl\u0151. Az \u00e9ves turista\u00e9rkez\u00e9sek sz\u00e1ma 2016-ban meghaladta az 5,2 milli\u00f3t, ami 5,9 sz\u00e1zal\u00e9kos n\u00f6veked\u00e9st jelent, a sz\u00e1llod\u00e1k \u00e1tlagos kihaszn\u00e1lts\u00e1ga pedig k\u00f6zel 77 sz\u00e1zal\u00e9k volt, b\u00e1r er\u0151sen szezon\u00e1lis.<\/p>\n<p>A sz\u00e1ll\u00e1slehet\u0151s\u00e9gek 705 min\u0151s\u00edtett l\u00e9tes\u00edtm\u00e9nyt foglalnak magukban, k\u00f6zt\u00fck 66 szanat\u00f3riumot, 20 panzi\u00f3t \u00e9s rekre\u00e1ci\u00f3s k\u00f6zpontot, valamint 618 sz\u00e1llod\u00e1t. A strandok \u00fczemeltet\u0151i 183 kijel\u00f6lt z\u00f3n\u00e1t kezelnek, m\u00edg t\u00f6bb mint sz\u00e1z utaz\u00e1si iroda szervez kir\u00e1ndul\u00e1sokat hegyi rezerv\u00e1tumokba, kultur\u00e1lis nevezetess\u00e9gekhez \u00e9s tengeri l\u00e1tnival\u00f3khoz. A tengeri tev\u00e9kenys\u00e9gek k\u00f6z\u00e9ppontj\u00e1ban a szt\u00e1linista st\u00edlus\u00fa kik\u00f6t\u0151i termin\u00e1l \u00e1ll, amelyet 1955-ben Karo Alabyan \u00e9s Leonid Karlik \u00e9p\u00edt\u00e9szek fejeztek be; 71 m\u00e9teres toronycs\u00facsa \u00e9s allegorikus szobrai az \u00e9vszakokat \u00e9s a f\u0151 \u00e9gt\u00e1jakat \u00fcnneplik. A m\u0171v\u00e9szi csarnokokban kedvtel\u00e9si c\u00e9l\u00fa haj\u00f3k \u00e9s kereskedelmi haj\u00f3k osztoznak.<\/p>\n<p>A k\u00f6zleked\u00e9si infrastrukt\u00fara folyamatosan fejl\u0151dik. Az Adler-Szocsi Nemzetk\u00f6zi Rep\u00fcl\u0151t\u00e9r belf\u00f6ldi \u00e9s korl\u00e1tozott sz\u00e1m\u00fa nemzetk\u00f6zi j\u00e1ratokat fogad, Moszkv\u00e1ba, Szentp\u00e9terv\u00e1rra, Isztambulba \u00e9s region\u00e1lis csom\u00f3pontokba csatlakozva. A t\u00f6megk\u00f6zleked\u00e9s buszokb\u00f3l \u00e9s taxikb\u00f3l \u00e1ll\u00f3 h\u00e1l\u00f3zatb\u00f3l \u00e1ll, amelyet a K\u00f6zponti Katonai Szanat\u00f3riumban \u00e9s az Ordzhonikidze \u00dcd\u00fcl\u0151helyen tal\u00e1lhat\u00f3 kieg\u00e9sz\u00edt\u0151 sikl\u00f3vasutak, valamint h\u00e1rom dr\u00f3tk\u00f6t\u00e9lp\u00e1lya a Hajnal Arbor\u00e9tum Szanat\u00f3riumban \u00e9s a Neva Panzi\u00f3ban t\u00e1mogat. Krasznaja Poljan\u00e1ban tov\u00e1bbi dr\u00f3tk\u00f6t\u00e9lp\u00e1ly\u00e1k sz\u00e1ll\u00edtj\u00e1k a t\u00e9li sportok szerelmeseit t\u00f6bb mint ezer m\u00e9teres tengerszint feletti magass\u00e1gba.<\/p>\n<p>Szocsi kultur\u00e1lis \u00e9let\u00e9nek k\u00f6z\u00e9ppontj\u00e1ban az \u00e9venk\u00e9nti fesztiv\u00e1lok \u00e9s az el\u0151ad\u00f3m\u0171v\u00e9szet \u00e1llnak. Az 1991 \u00f3ta minden ny\u00e1ron megrendezett Kinotavr filmfesztiv\u00e1l orosz \u00e9s nemzetk\u00f6zi mozit hoz a helyi k\u00e9perny\u0151kre. Szimfonikus koncertek, kamarazenekari hangversenyek \u00e9s balettel\u0151ad\u00e1sok ker\u00fclnek megrendez\u00e9sre fel\u00faj\u00edtott termekben, k\u00f6zt\u00fck az Orgona- \u00e9s Kamarazenei Csarnokban, ahol a Szocsi Szimfonikus Zenekar \u2013 \u00e9vekig Oleg Szoldatov vez\u00e9nylet\u00e9vel \u2013 sz\u00f3rakoztatja a lakosokat \u00e9s a l\u00e1togat\u00f3kat egyar\u00e1nt. A region\u00e1lis t\u00f6rt\u00e9nelemnek, m\u0171v\u00e9szetnek \u00e9s term\u00e9szettudom\u00e1nynak szentelt m\u00fazeumok \u00e1talak\u00edtott kereskedelmi \u00e9p\u00fcletekben \u00e9s erre a c\u00e9lra \u00e9p\u00edtett gal\u00e9ri\u00e1kban kapnak helyet.<\/p>\n<p>Annak ellen\u00e9re, hogy Szocsi glob\u00e1lis ismerts\u00e9ge n\u0151tt, a k\u00f6rnyezetv\u00e9delem tov\u00e1bbra is k\u00f6zponti k\u00e9rd\u00e9s. A Kauk\u00e1zusi Bioszf\u00e9ra-rezerv\u00e1tum \u00e9s a szomsz\u00e9dos nemzeti park v\u00e9di az endemikus fajokat, mint p\u00e9ld\u00e1ul a kauk\u00e1zusi h\u00f3kakas \u00e9s a perzsa leop\u00e1rd, mik\u00f6zben meg\u0151rzi a part menti k\u00f6z\u00f6ss\u00e9geket iv\u00f3v\u00edzzel ell\u00e1t\u00f3 foly\u00f3k v\u00edzgy\u0171jt\u0151 ter\u00fclet\u00e9nek \u00e9ps\u00e9g\u00e9t. A fenntarthat\u00f3 turisztikai kezdem\u00e9nyez\u00e9sek el\u0151seg\u00edtik az alacsony k\u00f6rnyezeti hat\u00e1s\u00fa t\u00far\u00e1z\u00e1st \u00e9s a vadvil\u00e1g megfigyel\u00e9s\u00e9t, az erd\u0151telep\u00edt\u00e9si projektek pedig a m\u00faltbeli fejleszt\u00e9sek \u00e1ltal elhagyott lejt\u0151k rehabilit\u00e1ci\u00f3j\u00e1t c\u00e9lozz\u00e1k. A helyi hat\u00f3s\u00e1gok szab\u00e1lyokat hoznak az ellen\u0151rizetlen part menti \u00e9p\u00edtkez\u00e9sekkel szemben, igyekezve egyens\u00falyt teremteni a gazdas\u00e1gi lehet\u0151s\u00e9gek \u00e9s az \u00f6kosziszt\u00e9ma meg\u0151rz\u00e9se k\u00f6z\u00f6tt.<\/p>\n<p>Az infrastrukt\u00fara \u00e9s a p\u00e9nz\u00fcgyek \u00f6sszefon\u00f3dnak a folyamatos v\u00e1rosmoderniz\u00e1ci\u00f3ban. A sz\u00e9less\u00e1v\u00fa h\u00e1l\u00f3zatok \u00e9s az optikai k\u00e1beles kapcsolatok dr\u00e1maian kib\u0151v\u00fcltek a t\u00e9li olimpia el\u0151tt, lehet\u0151v\u00e9 t\u00e9ve az intelligens v\u00e1rosi alkalmaz\u00e1sokat a k\u00f6zbiztons\u00e1g \u00e9s a forgalomir\u00e1ny\u00edt\u00e1s ter\u00fclet\u00e9n. A v\u00edzparti s\u00e9t\u00e1nyokat \u00e9s a foly\u00f3partokat rekonstru\u00e1lt\u00e1k, hogy ellen\u00e1lljanak az id\u00e9nyjelleg\u0171 \u00e1rad\u00e1soknak, a csatornarendszereket pedig korszer\u0171s\u00edtett\u00e9k, hogy a f\u0151szezonban \u00e9l\u0151 lakoss\u00e1got kiszolg\u00e1lj\u00e1k. A befektet\u00e9si \u00f6szt\u00f6nz\u0151k vonzz\u00e1k a technol\u00f3giai \u00e9s szolg\u00e1ltat\u00f3 c\u00e9geket, diverzifik\u00e1lva Szocsi gazdas\u00e1gi b\u00e1zis\u00e1t a vend\u00e9gl\u00e1t\u00e1son t\u00fal is.<\/p>\n<p>Az oktat\u00e1si int\u00e9zm\u00e9nyek, bele\u00e9rtve a vezet\u0151 orosz egyetemek fi\u00f3ktelepeit is, kutat\u00e1sokat v\u00e9geznek a szubtr\u00f3pusi mez\u0151gazdas\u00e1g, a szeizmikus kock\u00e1zatok m\u00e9rs\u00e9kl\u00e9se \u00e9s a turizmusmenedzsment ter\u00fclet\u00e9n. Nemzetk\u00f6zi konferenci\u00e1k h\u00edvj\u00e1k \u00f6ssze az \u00e9ghajlatv\u00e1ltoz\u00e1shoz val\u00f3 alkalmazkod\u00e1s \u00e9s az \u00f6r\u00f6ks\u00e9gv\u00e9delem szak\u00e9rt\u0151it, kihaszn\u00e1lva Szocsi egyed\u00fcl\u00e1ll\u00f3 helyzet\u00e9t Eur\u00f3pa \u00e9s \u00c1zsia metsz\u00e9spontj\u00e1ban. Az UNESCO-val \u00e9s a Term\u00e9szetv\u00e9delmi Vil\u00e1gsz\u00f6vets\u00e9ggel k\u00f6z\u00f6s programok a v\u00e9dett ter\u00fcletek ir\u00e1ny\u00edt\u00e1s\u00e1val foglalkoznak, m\u00edg a kultur\u00e1lis csereprogramok a kauk\u00e1zusi zen\u00e9t, t\u00e1ncot \u00e9s k\u00e9zm\u0171vess\u00e9get helyezik el\u0151t\u00e9rbe.<\/p>\n<p>El\u0151retekintve Szocsi azzal a kih\u00edv\u00e1ssal n\u00e9z szembe, hogy fenntartsa az eg\u00e9sz \u00e9ves tev\u00e9kenys\u00e9get. A t\u00e9li h\u00f3napokban a kultur\u00e1lis turizmus el\u0151mozd\u00edt\u00e1s\u00e1ra ir\u00e1nyul\u00f3 er\u0151fesz\u00edt\u00e9sek, mint p\u00e9ld\u00e1ul a kar\u00e1csonyi v\u00e1s\u00e1rok, m\u0171v\u00e9szeti ki\u00e1ll\u00edt\u00e1sok \u00e9s wellness-elvonul\u00e1sok, az \u00e9vszakos ingadoz\u00e1sok kiegyenl\u00edt\u00e9s\u00e9t c\u00e9lozz\u00e1k. A Krasznaja Poljana \u00e9s az Olimpiai Park s\u00ed- \u00e9s hegyiker\u00e9kp\u00e1r-l\u00e9tes\u00edtm\u00e9nyeinek b\u0151v\u00edt\u00e9se belf\u00f6ldi \u00e9s region\u00e1lis l\u00e1togat\u00f3k vonz\u00e1s\u00e1ra t\u00f6rekszik. Az \u00faj v\u00f6lgyekbe vezet\u0151 felvon\u00f3-\u00f6sszek\u00f6ttet\u00e9sekre vonatkoz\u00f3 javaslatok tov\u00e1bbi alpesi ter\u00fcleteket nyithatnak meg, b\u00e1r a k\u00f6rnyezeti vizsg\u00e1latok korl\u00e1tozhatj\u00e1k az ilyen projekteket.<\/p>\n<p>A v\u00e1rostervez\u0151k a demogr\u00e1fiai trendeket is figyelembe veszik: az el\u00f6reged\u0151 lakoss\u00e1g \u00e9s a be\u00e9rkez\u0151 migr\u00e1nsok miatt Szocsinak foglalkoznia kell a megfizethet\u0151 lakhat\u00e1s \u00e9s a szoci\u00e1lis infrastrukt\u00fara k\u00e9rd\u00e9s\u00e9vel. Az eg\u00e9szs\u00e9g\u00fcgyi szolg\u00e1ltat\u00e1sokat modern klinik\u00e1k \u00e9s rehabilit\u00e1ci\u00f3s k\u00f6zpontok er\u0151s\u00edtik, amelyek sportbalesetekre \u00e9s az \u00e9ghajlati t\u00e9nyez\u0151kkel \u00f6sszef\u00fcgg\u0151 kr\u00f3nikus betegs\u00e9gekre specializ\u00e1l\u00f3dtak. Az \u00e1llami iskol\u00e1k \u00e9s szakiskol\u00e1k a vend\u00e9gl\u00e1t\u00e1shoz, a mez\u0151gazdas\u00e1ghoz \u00e9s a m\u0171szaki szakm\u00e1khoz igazod\u00f3 programokat k\u00edn\u00e1lnak, reag\u00e1lva a munkaer\u0151piaci ig\u00e9nyekre.<\/p>\n<p>A k\u00f6zleked\u00e9sben \u00fajra felmer\u00fclhetnek a mikrorajonok k\u00f6z\u00f6tti k\u00f6nny\u0171vas\u00fati \u00f6sszek\u00f6ttet\u00e9sekre vonatkoz\u00f3 javaslatok, a megl\u00e9v\u0151 busz- \u00e9s taxih\u00e1l\u00f3zatokhoz viszony\u00edtott k\u00f6lts\u00e9g-haszon ar\u00e1nyokat vizsg\u00e1l\u00f3 tanulm\u00e1nyokkal. A modern villamosok vagy elektromos minibuszok cs\u00f6kkenthetn\u00e9k a part menti aut\u00f3p\u00e1lya ment\u00e9n a k\u00f6z\u00fati torl\u00f3d\u00e1sokat, amelyeken nagy a forgalom az \u00fcnnepi szezonban. A v\u00edzi k\u00f6zleked\u00e9s, bele\u00e9rtve a region\u00e1lis kik\u00f6t\u0151kbe k\u00f6zleked\u0151 nagysebess\u00e9g\u0171 kompokat, alternat\u00edv kapcsolatokat k\u00edn\u00e1lhat olyan c\u00e9l\u00e1llom\u00e1sokhoz, mint Anapa \u00e9s Novorosszijszk.<\/p>\n<p>Kultur\u00e1lis szempontb\u00f3l a v\u00e1ros t\u00f6bbnemzetis\u00e9g\u0171 \u00f6r\u00f6ks\u00e9g\u00e9nek kiemel\u00e9s\u00e9re ir\u00e1nyul\u00f3 er\u0151fesz\u00edt\u00e9sek az ubih, adige, gr\u00faz \u00e9s orosz narrat\u00edv\u00e1kra \u00e9p\u00fclnek. A m\u00fazeumok \u00e9s az ismeretterjeszt\u0151 k\u00f6zpontok c\u00e9lja, hogy kontextusba helyezz\u00e9k az \u0151skori \u00e9s k\u00f6z\u00e9pkori r\u00e9g\u00e9szeti leleteket, hidat k\u00e9pezve a m\u00falt \u00e9s a jelen k\u00f6z\u00f6tt. A kauk\u00e1zusi zen\u00e9t \u00e9s konyh\u00e1t \u00fcnnepl\u0151 fesztiv\u00e1lok, az ortodox \u00e9s muszlim \u00f6r\u00f6ks\u00e9gi helysz\u00ednek mellett, hangs\u00falyozz\u00e1k Szocsi szerep\u00e9t a hagyom\u00e1nyok tal\u00e1lkoz\u00f3helyek\u00e9nt.<\/p>\n<p>Szocsi \u00edgy a f\u00f6ldrajzi egym\u00e1s mell\u00e9 helyez\u00e9s felt\u0171n\u0151 p\u00e9ld\u00e1ja: egy p\u00e1r\u00e1s szubtr\u00f3pusi partvid\u00e9k, amely gleccserhegys\u00e9gekkel hat\u00e1ros, modern \u00fcd\u00fcl\u0151helyek, amelyeket \u00e9vsz\u00e1zados falvak sz\u00f6vnek \u00e1t, \u00e9s egy olyan gazdas\u00e1g, amely a szezon\u00e1lis turizmust\u00f3l az eg\u00e9sz \u00e9ves diverzifik\u00e1ci\u00f3ig fejl\u0151dik. A foly\u00f3kkal szeg\u00e9lyezett lejt\u0151kt\u0151l az UNESCO \u00e1ltal v\u00e9dett erd\u0151kig, az olimpiai nagyszer\u0171s\u00e9gt\u0151l a meghitt botanikai gy\u0171jtem\u00e9nyekig a v\u00e1ros a term\u00e9szeti \u00e9s az emberi t\u00f6rt\u00e9nelem tal\u00e1lkoz\u00e1s\u00e1t testes\u00edti meg. Folyamatos kih\u00edv\u00e1sa e kett\u0151s \u00f6r\u00f6ks\u00e9g \u00e1pol\u00e1sa \u2013 az \u00f6kol\u00f3giai integrit\u00e1s meg\u0151rz\u00e9se, mik\u00f6zben fenntartja azt a t\u00e1rsadalmi \u00e9s infrastruktur\u00e1lis vitalit\u00e1st, amely Szocsi felemelked\u00e9s\u00e9t Oroszorsz\u00e1g kiemelked\u0151 tengerparti c\u00e9lpontj\u00e1v\u00e1 tette.<\/p>","protected":false},"excerpt":{"rendered":"<p>Szocsi, Oroszorsz\u00e1g legnagyobb \u00fcd\u00fcl\u0151v\u00e1rosa, a Fekete-tenger partj\u00e1n, D\u00e9l-Oroszorsz\u00e1gban tal\u00e1lhat\u00f3, lakoss\u00e1ga 466 078 f\u0151, v\u00e1rosi kapacit\u00e1sa pedig ak\u00e1r 600 000 f\u0151. Ez a rendk\u00edv\u00fcli metropolisz t\u00f6bb mint 145 kilom\u00e9ter hossz\u00fa, \u00edgy Eur\u00f3pa leghosszabb v\u00e1rosa, ter\u00fclete pedig 176,77 n\u00e9gyzetkilom\u00e9ter. Szocsi el\u0151ny\u00f6s helyzete a Szocsi foly\u00f3 ment\u00e9n, mintegy 1603 kilom\u00e9terre Moszkv\u00e1t\u00f3l, meger\u0151s\u00edtette a t\u00e9rs\u00e9g jelent\u0151s turisztikai csom\u00f3pontja \u00e9s kereskedelmi k\u00f6zpontja st\u00e1tusz\u00e1t.<\/p>","protected":false},"author":1,"featured_media":4089,"parent":11976,"menu_order":0,"comment_status":"closed","ping_status":"closed","template":"elementor_theme","meta":{"_eb_attr":"","footnotes":""},"class_list":["post-12037","page","type-page","status-publish","has-post-thumbnail"],"_links":{"self":[{"href":"https:\/\/travelshelper.com\/hu\/wp-json\/wp\/v2\/pages\/12037","targetHints":{"allow":["GET"]}}],"collection":[{"href":"https:\/\/travelshelper.com\/hu\/wp-json\/wp\/v2\/pages"}],"about":[{"href":"https:\/\/travelshelper.com\/hu\/wp-json\/wp\/v2\/types\/page"}],"author":[{"embeddable":true,"href":"https:\/\/travelshelper.com\/hu\/wp-json\/wp\/v2\/users\/1"}],"replies":[{"embeddable":true,"href":"https:\/\/travelshelper.com\/hu\/wp-json\/wp\/v2\/comments?post=12037"}],"version-history":[{"count":0,"href":"https:\/\/travelshelper.com\/hu\/wp-json\/wp\/v2\/pages\/12037\/revisions"}],"up":[{"embeddable":true,"href":"https:\/\/travelshelper.com\/hu\/wp-json\/wp\/v2\/pages\/11976"}],"wp:featuredmedia":[{"embeddable":true,"href":"https:\/\/travelshelper.com\/hu\/wp-json\/wp\/v2\/media\/4089"}],"wp:attachment":[{"href":"https:\/\/travelshelper.com\/hu\/wp-json\/wp\/v2\/media?parent=12037"}],"curies":[{"name":"wp","href":"https:\/\/api.w.org\/{rel}","templated":true}]}}