{"id":7443,"date":"2024-08-25T19:54:11","date_gmt":"2024-08-25T19:54:11","guid":{"rendered":"https:\/\/travelshelper.com\/staging\/?page_id=7443"},"modified":"2026-03-13T23:53:19","modified_gmt":"2026-03-13T23:53:19","slug":"cali","status":"publish","type":"page","link":"https:\/\/travelshelper.com\/cs\/destinations\/south-america\/colombia\/cali\/","title":{"rendered":"Cali"},"content":{"rendered":"<p>Santiago de Cali le\u017e\u00ed v srdci \u0161irok\u00e9ho \u00fadol\u00ed lemovan\u00e9ho Andsk\u00fdmi poho\u0159\u00edmi. M\u011bsto, jeho\u017e rozloha \u2013 560,3 kilometr\u016f \u010dtvere\u010dn\u00edch \u2013 skr\u00fdv\u00e1 hlub\u0161\u00ed geografii kopc\u016f, \u0159ek a rovin. M\u011bsto, zalo\u017een\u00e9 25. \u010dervence 1536 Sebasti\u00e1nem de Belalc\u00e1zarem, se rozrostlo v hlavn\u00ed m\u011bsto Valle del Cauca a hlavn\u00ed m\u011bstsk\u00e9 centrum jihoz\u00e1padn\u00ed Kolumbie. S odhadovanou populac\u00ed 2 280 522 obyvatel v roce 2023 se \u0159ad\u00ed mezi t\u0159et\u00ed nejlidnat\u011bj\u0161\u00ed m\u011bsta v zemi a jeho p\u016fsobnost sah\u00e1 od z\u00e1padn\u00edch svah\u016f Farallones de Cali a\u017e po pr\u016fmyslov\u00e9 pl\u00e1n\u011b Yumbo a ji\u017en\u00ed pole Jamund\u00ed.<\/p>\n<p>Obrysy Cali jsou dramatick\u00e9 i decentn\u00ed z\u00e1rove\u0148. Na z\u00e1pad\u011b se zvedaj\u00ed Farallones z v\u00fd\u0161ky asi 2 000 metr\u016f v severn\u00ed \u010dtvrti m\u011bsta a\u017e po v\u00edce ne\u017e 4 000 metr\u016f na jihu, jejich\u017e svahy jsou protk\u00e1ny \u0159ekami, kter\u00e9 se vl\u00e9vaj\u00ed do Caucy. Z\u00e1padn\u00edmi p\u0159edm\u011bst\u00edmi prot\u00e9kaj\u00ed \u0159eky Aguacatal a Cali, zat\u00edmco d\u00e1le na jih se Mel\u00e9ndez, Lil\u00ed a Ca\u00f1averalejo doslova vl\u00e9vaj\u00ed do bludi\u0161t\u011b kan\u00e1l\u016f, ne\u017e se vl\u00e9vaj\u00ed do Caucy. Na jejich b\u0159ez\u00edch se u chladn\u011bj\u0161\u00edch t\u016fn\u00ed \u0159eky Pance, kter\u00e1 je \u00fato\u010di\u0161t\u011bm p\u0159ed m\u011bstsk\u00fdm horkem, shroma\u017e\u010fuj\u00ed milovn\u00edci rekreace.<\/p>\n<p>Klima Cali se pohybuje na hranici mezi tropick\u00fdm monzunem a savanou. P\u0159esto\u017ee zde ro\u010dn\u011b spadne v pr\u016fm\u011bru t\u00e9m\u011b\u0159 1 500 milimetr\u016f sr\u00e1\u017eek, m\u011bsto z\u016fst\u00e1v\u00e1 ve v\u00fdrazn\u00e9m de\u0161\u0165ov\u00e9m st\u00ednu. V\u011btry od Pacifiku jsou zastaveny pob\u0159e\u017en\u00edmi horami pobl\u00ed\u017e Buenaventury, vzd\u00e1len\u00e9 sotva osmdes\u00e1t kilometr\u016f, tak\u017ee obloha v Cali je pom\u011brn\u011b m\u00edrn\u00e1. Denn\u00ed teploty se pohybuj\u00ed kolem 24 \u00b0C, s rann\u00edmi minimy kolem 17 \u00b0C a odpoledn\u00edmi maximy bl\u00ed\u017e\u00edc\u00edmi se 31 \u00b0C, co\u017e zaji\u0161\u0165uje stabiln\u00ed teplo po cel\u00fd rok.<\/p>\n<p>Ekonomick\u00fd \u017eivot v Kalifornii pulzuje v rozmanit\u00fdch rytmech: od ru\u0161n\u00e9ho p\u0159\u00edstavu Buenaventura po tov\u00e1rny v Yumbu, od zlatnictv\u00ed v okrese San Fernando po high-tech kliniky v Ciudad Jard\u00edn. Jako jedin\u00e9 velk\u00e9 kolumbijsk\u00e9 m\u011bsto s p\u0159\u00edstupem k Tich\u00e9mu oce\u00e1nu se stalo hlavn\u00edm obchodn\u00edm centrem regionu. V posledn\u00edch desetilet\u00edch se r\u016fst zrychlil, co\u017e mu vyneslo pov\u011bst dynamiky mezi ji\u017en\u00edmi departmenty zem\u011b.<\/p>\n<p>Sport ob\u010das dostal Cali do mezin\u00e1rodn\u00edho centra pozornosti. V roce 1971 m\u011bsto hostilo Panamerick\u00e9 hry a pozd\u011bji v roce 1992 hostilo mistrovstv\u00ed sv\u011bta v z\u00e1pasen\u00ed. Sv\u011btov\u00e9 hry se konaly v roce 2013, n\u00e1sledovaly z\u00e1vody v dr\u00e1hov\u00e9 cyklistice UCI v roce 2014, mistrovstv\u00ed sv\u011bta ml\u00e1de\u017ee v atletice v roce 2015 a naposledy juniorsk\u00e9 Panamerick\u00e9 hry v roce 2021 a mistrovstv\u00ed sv\u011bta v atletice hr\u00e1\u010d\u016f do 20 let v roce 2022. Tyto akce po sob\u011b zanechaly m\u00edsta, kter\u00e1 dodnes slou\u017e\u00ed m\u00edstn\u00edm sportovc\u016fm a div\u00e1k\u016fm.<\/p>\n<p>M\u011bstsk\u00e9 j\u00e1dro si zachov\u00e1v\u00e1 sv\u016fj koloni\u00e1ln\u00ed otisk v kompaktn\u00ed historick\u00e9 \u010dtvrti soust\u0159ed\u011bn\u00e9 kolem n\u00e1m\u011bst\u00ed Plaza de Caicedo. Zde stoj\u00ed socha Joaqu\u00edna de Caicedo y Cuero na str\u00e1\u017ei uprost\u0159ed katedr\u00e1ly La Catedral, pal\u00e1ce Palacio de Justicia a m\u011bstsk\u00e9ho divadla Teatro Municipal. Nedaleko se nach\u00e1zej\u00ed kostely Iglesia de La Merced a La Ermita, kter\u00e9 p\u0159ipom\u00ednaj\u00ed zbo\u017enost sedmn\u00e1ct\u00e9ho stolet\u00ed, zat\u00edmco zrekonstruovan\u00fd El Edificio Otero p\u0159ipom\u00edn\u00e1 p\u0159elom dvac\u00e1t\u00e9ho a dvac\u00e1t\u00e9ho stolet\u00ed. Mezi t\u011bmito pam\u00e1tkami se nach\u00e1zej\u00ed parky a sochy: \u0159ezan\u00e9 reli\u00e9fy od La Merceda, El Gato del R\u00edo od Hernanda Tejady u b\u0159ehu \u0159eky a nad\u017eivotn\u00ed bronzov\u00e1 socha Sebasti\u00e1na de Belalc\u00e1zara sm\u011b\u0159uj\u00edc\u00ed do \u00fadol\u00ed.<\/p>\n<p>Za centrem m\u011bsta se nach\u00e1zej\u00ed dal\u0161\u00ed \u010dtvrti s osobit\u00fdm charakterem. San Antonio, le\u017e\u00edc\u00ed na z\u00e1padn\u00edm kopci, si zachov\u00e1v\u00e1 sv\u00e9 \u00fazk\u00e9 uli\u010dky a pastelov\u00e9 fas\u00e1dy, p\u0159i\u010dem\u017e park na vrcholu nab\u00edz\u00ed v\u00fdhledy p\u0159es \u010derven\u00e9 ta\u0161kov\u00e9 st\u0159echy. Avenida San Joaqu\u00edn v Ciudad Jard\u00edn nab\u00edz\u00ed luxusn\u00ed obchod a volno\u010dasov\u00e9 aktivity. Na jihu se Juanchito hem\u017e\u00ed salsa kluby a skromn\u00fdmi obydl\u00edmi, m\u00edstem, kde se v pozdn\u00edch no\u010dn\u00edch hodin\u00e1ch setk\u00e1v\u00e1 hudba s ka\u017edodenn\u00edm \u017eivotem. P\u0159edev\u0161\u00edm Cerro de las Tres Cruces p\u0159itahuje poutn\u00edky i turisty a l\u00e1k\u00e1 ty, kte\u0159\u00ed hledaj\u00ed chvilku zamy\u0161len\u00ed v nadmo\u0159sk\u00e9 v\u00fd\u0161ce 1 480 metr\u016f.<\/p>\n<p>Metropol\u00ed se vine s\u00ed\u0165 park\u016f a p\u0159\u00edrodn\u00edch enkl\u00e1v. Orquideorama Enrique P\u00e9rez Arbel\u00e1ez na adrese AV 2 N.\u00ba 48\u201110 host\u00ed ka\u017edoro\u010dn\u00ed v\u00fdstavu orchidej\u00ed a slou\u017e\u00ed jako klidn\u00e9 \u00fato\u010di\u0161t\u011b pro pozorovatele pt\u00e1k\u016f. D\u00e1le na z\u00e1pad se nach\u00e1z\u00ed N\u00e1rodn\u00ed park Farallones de Cali, kter\u00fd chr\u00e1n\u00ed ekosyst\u00e9my vysok\u00fdch andsk\u00fdch oblast\u00ed, zat\u00edmco La Ceiba \u2013 osam\u011bl\u00fd, \u00factyhodn\u00fd strom na z\u00e1padn\u00edm rohu ulice \u2013 nab\u00edz\u00ed st\u00edn kolemjdouc\u00edm a z\u00e1rove\u0148 je m\u00edstem ob\u010dansk\u00e9 n\u00e1klonnosti.<\/p>\n<p>Dopravn\u00ed tepny se t\u00e1hnou od mezin\u00e1rodn\u00edho leti\u0161t\u011b Alfonso Bonilla Arag\u00f3n \u2013 t\u0159et\u00edho nejru\u0161n\u011bj\u0161\u00edho leti\u0161t\u011b v Kolumbii co do po\u010dtu cestuj\u00edc\u00edch \u2013 p\u0159es \u201erecta a Palmira\u201c, d\u00e1lnici zrekonstruovanou pro v\u011bt\u0161\u00ed kapacitu. Bl\u00ed\u017ee se nach\u00e1z\u00ed syst\u00e9m Masivo Integrado de Occidente (MIO), slavnostn\u011b otev\u0159en\u00fd v b\u0159eznu 2009, kter\u00fd propojuje kloubov\u00e9 autobusy a lanovky vyhrazen\u00fdmi pruhy a kopcovit\u00fdmi oblastmi, jako je Silo\u00e9, a integruje tak vylep\u0161en\u00ed ve\u0159ejn\u00fdch prostor s tranzitn\u00edmi koridory. Tax\u00edky z\u016fst\u00e1vaj\u00ed pro n\u00e1v\u0161t\u011bvn\u00edky spolehlivou mo\u017enost\u00ed, zat\u00edmco tradi\u010dn\u00ed autobusy obsluhuj\u00ed d\u011blnick\u00e1 p\u0159edm\u011bst\u00ed, dokud nedojde k \u0161ir\u0161\u00ed reorganizaci tras.<\/p>\n<p>V posledn\u00edch letech se Kalifornie stala zn\u00e1mou tak\u00e9 pro zdravotn\u00ed turistiku, zejm\u00e9na pro kosmetick\u00e9 z\u00e1kroky. Do roku 2010 chirurgov\u00e9 provedli p\u0159ibli\u017en\u011b 50 000 z\u00e1krok\u016f, z nich\u017e 14 000 p\u0159il\u00e1kalo pacienty ze zahrani\u010d\u00ed. Kliniky ve \u010dtvrt\u00edch San Fernando a Ciudad Jard\u00edn si z\u00edskaly mezin\u00e1rodn\u00ed pozornost d\u00edky nab\u00eddce kvalitn\u00ed p\u00e9\u010de za pom\u011brn\u011b n\u00edzk\u00e9 ceny, a\u010dkoli pr\u016fvodci i nad\u00e1le doporu\u010duj\u00ed d\u016fkladn\u00fd individu\u00e1ln\u00ed pr\u016fzkum.<\/p>\n<p>Santiago de Cali nen\u00ed jen souhrnem \u0159ek, ulic a budov, ale rezonuje v pam\u011bti t\u011bch, kte\u0159\u00ed se pohybuj\u00ed mezi jeho kopci a n\u00e1m\u011bst\u00edmi. Rytmy m\u011bsta \u2013 trhy otev\u00edraj\u00edc\u00ed se za \u00fasvitu, ve\u010dern\u00ed sv\u011btlo na horsk\u00fdch svaz\u00edch, salsa kapely napl\u0148uj\u00edc\u00ed v\u00edkendov\u00fd vzduch \u2013 hovo\u0159\u00ed o m\u00edst\u011b, kter\u00e9 je z\u00e1rove\u0148 konkr\u00e9tn\u00ed i nepolapiteln\u00e9. P\u0159etrv\u00e1v\u00e1 jako sv\u011bdectv\u00ed lidsk\u00e9ho \u00fasil\u00ed uprost\u0159ed prom\u011bnliv\u00fdch d\u011bjin, prost\u0159ed\u00ed, kde ka\u017ed\u00e1 ulice a b\u0159eh \u0159eky nese ozv\u011bny minul\u00fdch stalet\u00ed a p\u0159\u00edslib dn\u016f, kter\u00e9 teprve p\u0159ijdou.<\/p>\n<h2>Historick\u00e9 pozad\u00ed<\/h2>\n<p>Santiago de Cali \u2013 zn\u00e1m\u00e9 jednodu\u0161e jako Cali \u2013 nen\u00ed m\u011bsto, kter\u00e9 byste nav\u0161t\u00edvili. Je to m\u00edsto, kter\u00e9 vst\u0159eb\u00e1te. Vstupuje do v\u00e1s nikoli jako turistick\u00e1 atrakce, ale jako \u0161epot rytmu, potu a historie v\u0161it\u00fd do hust\u00e9ho tropick\u00e9ho vzduchu. Cali, zalo\u017een\u00e9 25. \u010dervence 1536 conquistadorem Sebasti\u00e1nem de Belalc\u00e1zarem, je tlukouc\u00edm srdcem jihoz\u00e1padn\u00ed Kolumbie a hlavn\u00edm m\u011bstem Valle del Cauca. Je to t\u0159et\u00ed nejlidnat\u011bj\u0161\u00ed m\u011bsto v zemi, rozlehl\u00e9 pl\u00e1tno kontrast\u016f a vitality s 2,28 miliony obyvatel (v roce 2023).<\/p>\n<p>P\u0159esto dlouho p\u0159ed p\u0159\u00edchodem \u0160pan\u011bl\u016f bylo toto \u00fadol\u00ed domovem Calim\u016f a Gorron\u016f, domorod\u00fdch civilizac\u00ed, kter\u00e9 zvl\u00e1dly zem\u011bd\u011blstv\u00ed a keramiku a zanechaly po sob\u011b stra\u0161ideln\u00fd archeologick\u00fd otisk, kter\u00fd je dodnes patrn\u00fd v okoln\u00edch kopc\u00edch. Tito lid\u00e9 znali rytmy krajiny \u2013 rozlohu \u00fadol\u00ed Cauca, divok\u00fd dech Farallones de Cali a \u0159eky, kter\u00e9 se vl\u00e9valy dol\u016f k \u0159ece Cauca. Toto \u00fadol\u00ed bylo kol\u00e9bkou \u017eivota d\u00e1vno p\u0159edt\u00edm, ne\u017e se objevilo na koloni\u00e1ln\u00edch map\u00e1ch.<\/p>\n<h3>Po\u010d\u00e1tky a dobyt\u00ed: Zrozen\u00ed Santiaga de Cali<\/h3>\n<p>Kdy\u017e Sebasti\u00e1n de Belalc\u00e1zar dorazil, nezalo\u017eil jen m\u011bsto \u2013 pojmenoval ho jako poctu mnoha r\u016fzn\u00fdm zp\u016fsobem. \u201eCali\u201c evokuje Calimu, co\u017e je odkaz na p\u016fvodn\u00ed ko\u0159eny zem\u011b. \u201eSantiago\u201c ct\u00ed svat\u00e9ho Jakuba, jeho\u017e sv\u00e1tek je 25. \u010dervence, a spojuje tak n\u00e1bo\u017eenskou tradici s imperi\u00e1ln\u00edmi ambicemi. M\u00edsto le\u017e\u00edc\u00ed 1 000 metr\u016f nad mo\u0159em nab\u00edzelo strategick\u00fd op\u011brn\u00fd bod pobl\u00ed\u017e kolumbijsk\u00e9ho tichomo\u0159sk\u00e9ho pob\u0159e\u017e\u00ed, pouh\u00fdch 100 km z\u00e1padn\u011b p\u0159es drsn\u00e9 Z\u00e1padn\u00ed Kordillery a soused\u00edc\u00ed s \u0159\u00ed\u010dn\u00edmi tepnami, kter\u00e9 po stalet\u00ed \u017eivily domorod\u00e9 komunity.<\/p>\n<p>Od sv\u00e9ho koloni\u00e1ln\u00edho vzniku st\u00e1la Cali odli\u0161n\u011b \u2013 ne jako pob\u0159e\u017en\u00ed, ne jako andsk\u00e1, ne jako d\u017eungle \u2013 ale jako hybrid, jako pr\u00e1h. \u0160pan\u011blsk\u00e1 koruna ji pou\u017e\u00edvala jako z\u00e1kladnu, aby se prosadila hloub\u011bji do Ji\u017en\u00ed Ameriky, ale Cali se tak\u00e9 vyv\u00edjela ti\u0161e, odli\u0161n\u011b od hlasit\u011bj\u0161\u00edch bubn\u016f Bogoty nebo Cartageny. Postupem \u010dasu se africk\u00e1, \u0161pan\u011blsk\u00e1 a domorod\u00e1 kultura propl\u00e9taly a utv\u00e1\u0159ely identitu Cali s odolnost\u00ed, rytmem a syrovou vytrvalost\u00ed.<\/p>\n<h3>19. stolet\u00ed: Nez\u00e1vislost a dlouh\u00e9 probuzen\u00ed<\/h3>\n<p>19. stolet\u00ed se nez\u00e1vislost p\u0159ehnala Latinskou Amerikou jako hore\u010dka a Cali se v roce 1810 p\u0159ipojilo k povst\u00e1n\u00ed proti \u0160pan\u011bl\u016fm. Pozd\u011bji se stalo sou\u010d\u00e1st\u00ed Velk\u00e9 Kolumbie a pot\u00e9 Republiky Nov\u00e1 Granada, z\u00e1rode\u010dn\u00fdch forem toho, co se nakonec stalo modern\u00ed Kolumbi\u00ed. Cali z\u016fstalo b\u011bhem t\u011bchto desetilet\u00ed relativn\u011b skromn\u00e9 \u200b\u200b\u2013 jeho velikost byla oproti jin\u00fdm kolumbijsk\u00fdm m\u011bst\u016fm zakrsl\u00e1 \u2013 ale jeho obyvatel\u00e9 ji\u017e zas\u00e9vali sem\u00ednka ob\u010dansk\u00e9 hrdosti a region\u00e1ln\u00ed identity.<\/p>\n<p>Byly to roky pomal\u00e9ho probuzen\u00ed, r\u016fstu s ko\u0148sk\u00fdm sp\u0159e\u017een\u00edm a ambic\u00ed na dl\u00e1\u017ed\u011bn\u00ed. V centru m\u011bsta vyr\u016fstaly trhy, kostely jako La Merced se staly m\u00edsty setk\u00e1v\u00e1n\u00ed a m\u00edstn\u00ed spr\u00e1va za\u010dala dozr\u00e1vat, a to i v dob\u011b, kdy se \u0161ir\u0161\u00ed n\u00e1rod pot\u00fdkal s ob\u010dansk\u00fdmi v\u00e1lkami a fragmentac\u00ed.<\/p>\n<h3>Po\u010d\u00e1tek 20. stolet\u00ed: Ocel, p\u00e1ra a m\u011bstsk\u00e9 kosti<\/h3>\n<p>Pokud bylo 19. stolet\u00ed \u0161epotem Cali, pak po\u010d\u00e1tek 20. stolet\u00ed byl jej\u00edm vol\u00e1n\u00edm. P\u0159\u00edchod \u017eeleznice v roce 1915 spojil Cali s Buenaventurou, hlavn\u00edm kolumbijsk\u00fdm tichomo\u0159sk\u00fdm p\u0159\u00edstavem. S ocelov\u00fdmi kolejemi p\u0159i\u0161ly i ocel\u00e1\u0159sk\u00e9 ambice. Kdysi ospal\u00e9 \u00fadoln\u00ed m\u011bsto se prom\u011bnilo v ekonomick\u00fd uzel. Pole cukrov\u00e9 t\u0159tiny, hu\u010d\u00edc\u00ed d\u011bln\u00edky, se rozprost\u0159ela po okoln\u00ed krajin\u011b a pr\u016fmyslov\u00e1 z\u00e1kladna m\u011bsta se rozrostla o ml\u00fdny, tov\u00e1rny a mal\u00e9 podniky.<\/p>\n<p>To byl tak\u00e9 za\u010d\u00e1tek modern\u00edho m\u011bstsk\u00e9ho \u017eivota. Ulice byly dl\u00e1\u017ed\u011bny. Byly postaveny \u0161koly. Yumbo na severov\u00fdchod\u011b se stalo pr\u016fmyslovou velmoc\u00ed a mezin\u00e1rodn\u00ed leti\u0161t\u011b Alfonso Bonilla Arag\u00f3n \u2013 dnes t\u0159et\u00ed nejru\u0161n\u011bj\u0161\u00ed v Kolumbii \u2013 otev\u0159elo nov\u00e9 dve\u0159e do sv\u011bta.<\/p>\n<h3>Polovina 20. stolet\u00ed: Hry, kter\u00e9 zm\u011bnily v\u0161echno<\/h3>\n<p>Abychom pochopili transformaci Cali, sta\u010d\u00ed se pod\u00edvat do roku 1971. V tomto roce m\u011bsto hostilo Panamerick\u00e9 hry, co\u017e katapultovalo Cali na kontinent\u00e1ln\u00ed sc\u00e9nu. V r\u00e1mci p\u0159\u00edpravy Cali vybudovala infrastrukturu, kter\u00e1 dodnes definuje jej\u00ed kostru: sportovn\u00ed komplexy, \u0161irok\u00e9 bulv\u00e1ry a novou ob\u010danskou sebed\u016fv\u011bru. \u0158eka Cali, dlouho pova\u017eov\u00e1na za samoz\u0159ejmost, se stala \u00fast\u0159edn\u00edm bodem m\u011bstsk\u00e9 obnovy.<\/p>\n<p>Tato \u00e9ra p\u0159inesla hrdost i lidi \u2013 migranty z venkova, sn\u00edlky z jin\u00fdch region\u016f a exulanty z konfliktn\u00edch z\u00f3n Kolumbie. Z\u00e1rove\u0148 v\u0161ak p\u0159inesla rostouc\u00ed nap\u011bt\u00ed a kr\u00e1sa m\u011bsta se uvrhla do st\u00ednu, proto\u017ee chudoba, nerovnost a korupce se zako\u0159enily na svaz\u00edch a v \u010dtvrt\u00edch.<\/p>\n<h3>Konec 20. stolet\u00ed: Sestup, vzdor a tanec<\/h3>\n<p>Osmdes\u00e1t\u00e1 a devades\u00e1t\u00e1 l\u00e9ta 20. stolet\u00ed byla drsn\u00e1. Cali se ocitlo v \u0161ir\u0161\u00edch kolumbijsk\u00fdch probl\u00e9mech s obchodov\u00e1n\u00edm s drogami, politick\u00fdm n\u00e1sil\u00edm a \u00fapadkem m\u011bst. Caliho kartel, kdysi pova\u017eov\u00e1n za m\u00e9n\u011b ok\u00e1zal\u00fd ne\u017e jeho medell\u00ednsk\u00fd prot\u011bj\u0161ek, operoval nen\u00e1padn\u011b a efektivn\u011b. Cel\u00e9 \u010dtvrti se staly v\u00e1le\u010dn\u00fdmi z\u00f3nami a pov\u011bst m\u011bsta byla mezin\u00e1rodn\u011b po\u0161ramocena.<\/p>\n<p>Ale zrodila se zde i odolnost. Komunitn\u00ed s\u00edt\u011b, c\u00edrkve a m\u00edstn\u00ed v\u016fdci bojovali za znovudobyt\u00ed ulic. Um\u011blci a hudebn\u00edci se znovu ujali tohoto p\u0159\u00edb\u011bhu. A b\u011bhem toho v\u0161eho Cali tan\u010dila \u2013 ne metaforicky, ale doslova. Salsa, pulzuj\u00edc\u00ed z reproduktor\u016f v no\u010dn\u00edch klubech v Juanchitu, se stala vzdorovit\u00fdm srdcem m\u011bsta.<\/p>\n<h3>21. stolet\u00ed: Obnova, rytmus a drsn\u00e9 hrany<\/h3>\n<p>V posledn\u00edch desetilet\u00edch se Cali zm\u011bnilo. Projekty m\u011bstsk\u00e9 obnovy, zejm\u00e9na pod\u00e9l bulv\u00e1ru Cali River Boulevard, nov\u011b definovaly podobu m\u011bsta. Rozpadaj\u00edc\u00ed se chodn\u00edky byly nahrazeny p\u011b\u0161\u00edmi promen\u00e1dami. Muzea jako La Tertulia, sochy jako El Gato del R\u00edo a kav\u00e1rny zasazen\u00e9 pod stromy ceiba se staly oporou jemn\u011bj\u0161\u00ed a kreativn\u011bj\u0161\u00ed Cali. \u010ctvrti jako San Antonio s koloni\u00e1ln\u00edmi domy a parkem na kopci se staly \u00fato\u010di\u0161t\u011bm jak pro m\u00edstn\u00ed obyvatele, tak pro cestovatele hledaj\u00edc\u00ed autenticitu.<\/p>\n<p>Pam\u00e1tn\u00edk m\u011bsta v\u011bnovan\u00fd jeho zakladateli Sebasti\u00e1nu de Belalc\u00e1zarovi paradoxn\u011b sm\u011b\u0159uje od \u00fadol\u00ed \u2013 n\u011bkte\u0159\u00ed tvrd\u00ed, \u017ee m\u00e1 p\u0159ipom\u00ednat, \u017ee budoucnost m\u011bsta spo\u010d\u00edv\u00e1 v rozporu. A mo\u017en\u00e1 nic nevystihuje du\u0161i Cali v\u00edce ne\u017e Cristo Rey, 31 metr\u016f vysok\u00e1 socha na vrcholc\u00edch kopc\u016f, kter\u00e1 nad m\u011bstem bd\u00ed ne s velkolepost\u00ed, ale s jakousi unavenou gr\u00e1ci\u00ed.<\/p>\n<h2>Santiago de Cali: Geografie, klima a du\u0161e \u00fadol\u00ed<\/h2>\n<p>Santiago de Cali je v\u00edc ne\u017e jen m\u011bsto zasazen\u00e9 na jihoz\u00e1pad\u011b Kolumbie; je to m\u00edsto, kde se krajina a \u017eivot prol\u00ednaj\u00ed v jedno. Cali nen\u00ed jen postaveno v \u00fadol\u00ed Cauca \u2013 je to \u00fadol\u00ed, stejn\u011b jako se \u0159eka st\u00e1v\u00e1 hlasem jeho hor. Geografie zde nestoj\u00ed v pozad\u00ed; utv\u00e1\u0159\u00ed ka\u017ed\u00fd n\u00e1dech, ka\u017edou cihlu a ka\u017edou vzpom\u00ednku. Chce-li \u010dlov\u011bk porozum\u011bt Cali, mus\u00ed za\u010d\u00edt s jej\u00edm ter\u00e9nem, \u200b\u200bkter\u00fd je stejn\u011b tak sou\u010d\u00e1st\u00ed jej\u00ed osobnosti jako hudba, kter\u00e1 se oz\u00fdv\u00e1 jej\u00edmi ulicemi.<\/p>\n<h3>\u00dadol\u00ed jako \u017e\u00e1dn\u00e9 jin\u00e9<\/h3>\n<p>M\u011bsto Cali, kter\u00e9 se nach\u00e1z\u00ed v departmentu Valle del Cauca, le\u017e\u00ed p\u0159ibli\u017en\u011b 1 000 metr\u016f nad mo\u0159em. Le\u017e\u00ed v \u00fatrob\u00e1ch \u00fadol\u00ed Cauca, jednoho z nej\u00farodn\u011bj\u0161\u00edch a nejv\u00fdznamn\u011bj\u0161\u00edch geologick\u00fdch \u00fatvar\u016f Kolumbie. \u00dadol\u00ed, lemovan\u00e9 na jedn\u00e9 stran\u011b Z\u00e1padn\u00edmi Kordillerami a na druh\u00e9 stran\u011b Centr\u00e1ln\u00edmi Kordillerami \u2013 dv\u011bma mohutn\u00fdmi rameny rozlehl\u00fdch And \u2013 slou\u017e\u00ed jako koridor i kol\u00e9bka.<\/p>\n<p>\u0158eka Cauca, po n\u00ed\u017e je \u00fadol\u00ed pojmenov\u00e1no, se vine v d\u00e9lce p\u0159es 250 kilometr\u016f a jej\u00ed pomal\u00fd tok \u017eiv\u00ed pole cukrov\u00e9 t\u0159tiny, k\u00e1vy a ovoce, ale i tis\u00edce lidsk\u00fdch \u017eivot\u016f shlukl\u00fdch kolem jej\u00edho toku. A\u010dkoli samotn\u00e9 Cali nele\u017e\u00ed p\u0159\u00edmo na b\u0159ehu \u0159eky, m\u00edrn\u00fd svah \u00fadol\u00ed a jeho rovn\u00edkov\u00e1 poloha dohromady vytv\u00e1\u0159ej\u00ed trvale jarn\u00ed klima, kter\u00e9 definuje nejen jeho zem\u011bd\u011blstv\u00ed, ale i jeho atmosf\u00e9ru.<\/p>\n<p>Na vzduchu v Kalifornii je n\u011bco uklid\u0148uj\u00edc\u00edho \u2013 tepl\u00fd, ale nikdy ne krut\u00fd, vlhk\u00fd, ale snesiteln\u00fd, jako objet\u00ed, kter\u00e9 zn\u00e1te cel\u00fd \u017eivot. Ter\u00e9n je kol\u00e9bkou m\u011bsta a m\u011bsto se na opl\u00e1tku p\u0159izp\u016fsobuje jeho rytm\u016fm.<\/p>\n<h3>\u0158eka Cali: M\u011bstsk\u00e1 z\u00e1chrann\u00e1 lano a proud pam\u011bti<\/h3>\n<p>Zat\u00edmco \u0159eka Cauca vy\u017eivuje \u00fadol\u00ed, \u0159eka Cali definuje samotn\u00e9 m\u011bsto. Tato \u0161t\u00edhl\u00e1, rychl\u00e1 horsk\u00e1 \u0159eka, pramen\u00edc\u00ed z poho\u0159\u00ed Farallones de Cali, si raz\u00ed cestu na v\u00fdchod srdcem Cali jako t\u0159pytiv\u00e1 nit, kter\u00e1 spojuje \u010dtvrti, parky a vzpom\u00ednky. V\u00edce ne\u017e jen zdroj vody, historicky fungovala jako p\u0159\u00edrodn\u00ed hranice, rekrea\u010dn\u00ed \u00fato\u010di\u0161t\u011b a v mnoha ohledech i jako du\u0161e m\u011bsta.<\/p>\n<p>V n\u011bkter\u00fdch \u010d\u00e1stech je \u0159eka jen bublaj\u00edc\u00edm potokem pod l\u00e1vkou pro b\u011b\u017ece. V jin\u00fdch se st\u00e1v\u00e1 zrcadlem, kter\u00e9 odr\u00e1\u017e\u00ed ambice m\u011bsta v jeho ned\u00e1vno zrekonstruovan\u00e9m bulv\u00e1ru R\u00edo Cali. Tato zelen\u00e1 chodba, lemovan\u00e1 um\u011bleck\u00fdmi instalacemi, chodn\u00edky a koloni\u00e1ln\u00ed architekturou, je jedn\u00edm z m\u00e1la m\u00edst, kde se shroma\u017e\u010fuj\u00ed obyvatel\u00e9 ze v\u0161ech spole\u010densk\u00fdch vrstev a prost\u0159ed\u00ed \u2013 pod ceibas, pobl\u00ed\u017e ve\u0159ejn\u00fdch soch, poslouchaj\u00ed pouli\u010dn\u00ed hudebn\u00edky nebo jen sleduj\u00ed, jak voda ut\u00edk\u00e1.<\/p>\n<p>Ale ne v\u017edy to bylo tak idylick\u00e9. \u0158eka byla kdysi zanedb\u00e1v\u00e1na, zan\u00e1\u0161ena zne\u010di\u0161t\u011bn\u00edm, zapomenuta pl\u00e1nova\u010di. Teprve v posledn\u00edch desetilet\u00edch se k n\u00ed znovu dostalo p\u0159ijet\u00ed \u2013 nejen jako k infrastruktu\u0159e, ale jako k d\u011bdictv\u00ed.<\/p>\n<h3>Farallones: Kamenn\u00e9 zdi, \u00fatesy z oblak\u016f<\/h3>\n<p>Na z\u00e1pad\u011b se t\u00e9m\u011b\u0159 bez varov\u00e1n\u00ed ty\u010d\u00ed Farallones de Cali \u2013 drsn\u00fd a \u00fachvatn\u00fd \u00fasek Z\u00e1padn\u00edch Kordiller. Tyto vrcholy, z nich\u017e n\u011bkter\u00e9 se ty\u010d\u00ed p\u0159es 4 000 metr\u016f, tvo\u0159\u00ed dramatickou siluetu, kterou zn\u00e1 ka\u017ed\u00fd Caleno. Nejsou to vzd\u00e1len\u00e9 symboly, ale ka\u017edodenn\u00ed p\u0159\u00edtomnosti, \u010dasto zahalen\u00e9 v mlze, jako sta\u0159\u00ed str\u00e1\u017eci sleduj\u00edc\u00ed m\u011bsto pod sebou.<\/p>\n<p>Na jejich \u00fapat\u00ed le\u017e\u00ed N\u00e1rodn\u00ed p\u0159\u00edrodn\u00ed park Farallones de Cali, rezervace ml\u017en\u00fdch les\u016f, p\u00e1ramos a ekologick\u00fdch z\u00e1zrak\u016f. Je to m\u00edsto, kde m\u00edstn\u00ed unikaj\u00ed p\u0159ed horkem a novinov\u00fdmi titulky, kde se st\u00e1le hem\u017e\u00ed vz\u00e1cn\u00e9 druhy, jako je andsk\u00fd medv\u011bd br\u00fdlat\u00fd a puma, a kde stovky druh\u016f pt\u00e1k\u016f prom\u011b\u0148uj\u00ed koruny strom\u016f v symfonie. Stezky se vine kolem vodop\u00e1d\u016f, voskov\u00fdch palem a kamenn\u00fdch v\u00fdb\u011b\u017ek\u016f, kter\u00e9 shl\u00ed\u017eej\u00ed na \u00fadol\u00ed jako balkony vybudovan\u00e9 samotnou zem\u00ed.<\/p>\n<p>Farallony tak\u00e9 utv\u00e1\u0159ej\u00ed m\u00edstn\u00ed klima, zachycuj\u00ed vlhkost a vytv\u00e1\u0159ej\u00ed mikroklima, d\u00edky kter\u00e9mu se i jedna strana Cali jemn\u011b li\u0161\u00ed od druh\u00e9. V z\u00e1hybech t\u011bchto hor nach\u00e1zej\u00ed \u00fat\u011bchu turist\u00e9, v\u011bdci i mystici.<\/p>\n<h3>Na v\u00fdchod: Tich\u00e1 p\u0159\u00edtomnost Centr\u00e1ln\u00edch Kordiller<\/h3>\n<p>A\u010dkoli Centr\u00e1ln\u00ed Kordillera le\u017e\u00ed d\u00e1le na v\u00fdchod\u011b a nedominuje panoramatu Kolumbie tak siln\u011b, st\u00e1le ovliv\u0148uje klima a geografii Cali. Toto poho\u0159\u00ed je sou\u010d\u00e1st\u00ed dlouh\u00e9ho p\u00e1te\u0159e And, kter\u00e9 utv\u00e1\u0159\u00ed cel\u00e9 vnitrozem\u00ed Kolumbie. Z jeho svah\u016f sestupuj\u00ed pov\u011btrnostn\u00ed syst\u00e9my, st\u011bhovav\u00ed pt\u00e1ci a pas\u00e1ty, kter\u00e9 ovliv\u0148uj\u00ed ro\u010dn\u00ed obdob\u00ed v \u00fadol\u00ed.<\/p>\n<p>Z hlediska urbanistick\u00e9ho pl\u00e1nov\u00e1n\u00ed m\u00e1 Centr\u00e1ln\u00ed Kordillera men\u0161\u00ed bezprost\u0159edn\u00ed dopad ne\u017e jej\u00ed z\u00e1padn\u00ed p\u0159\u00edbuzn\u00fd, ale jej\u00ed p\u0159\u00edtomnost je p\u0159esto sou\u010d\u00e1st\u00ed rovnov\u00e1hy regionu. Mezi t\u011bmito dv\u011bma horsk\u00fdmi syst\u00e9my le\u017e\u00ed m\u011bsto, jeho\u017e p\u0159\u00edb\u011bh je utv\u00e1\u0159en t\u00edm, co ho obklopuje.<\/p>\n<h3>Podneb\u00ed: V\u011b\u010dn\u00e9 jaro s pulsem<\/h3>\n<p>Podneb\u00ed v Cali je klasifikov\u00e1no jako tropick\u00e1 savana, ale toto ozna\u010den\u00ed sotva vystihuje realitu. S pr\u016fm\u011brn\u00fdmi teplotami pohybuj\u00edc\u00edmi se po cel\u00fd rok kolem 25 \u00b0C se zde vyh\u00fdb\u00e1 extr\u00e9m\u016fm typick\u00fdm pro tropick\u00e9 zem\u011bpisn\u00e9 \u0161\u00ed\u0159ky. Pro v\u011bt\u0161inu obyvatel je vzduch p\u0159\u00edjemn\u00fd \u2013 ani \u0161tiplav\u00fd, ani t\u00edsniv\u00fd, jen stabiln\u00ed.<\/p>\n<p>Rok se ned\u011bl\u00ed na \u010dty\u0159i ro\u010dn\u00ed obdob\u00ed, ale na dv\u011b: obdob\u00ed sucha od prosince do \u00fanora a od \u010dervna do srpna a obdob\u00ed de\u0161\u0165\u016f od b\u0159ezna do kv\u011btna a od z\u00e1\u0159\u00ed do listopadu. De\u0161t\u011b ne v\u017edy p\u0159ich\u00e1zej\u00ed v\u010das a nejsou v\u017edy jen m\u00edrn\u00e9. Ale d\u00e1vaj\u00ed \u017eivot v\u0161emu, od mangovn\u00edk\u016f u ulic a\u017e po horsk\u00e1 v\u0159esovi\u0161t\u011b nad nimi.<\/p>\n<p>M\u011bsto v pr\u016fm\u011bru ro\u010dn\u011b p\u0159ijme asi 1 000 milimetr\u016f (39 palc\u016f) sr\u00e1\u017eek. To sta\u010d\u00ed k tomu, aby kopce z\u016fstaly zelen\u00e9, \u0159eky tekly a n\u00e1lada byla optimistick\u00e1 \u2013 ani\u017e by se m\u011bsto topilo, jak se st\u00e1v\u00e1 v mnoha tropick\u00fdch m\u011bstech. Teplo, sr\u00e1\u017eky, ter\u00e9n \u2013 to v\u0161e se prol\u00edn\u00e1 do rytmu, s n\u00edm\u017e se lid\u00e9 zde pohybuj\u00ed, ne proti n\u011bmu.<\/p>\n<h3>Zem\u011bd\u011blstv\u00ed a biodiverzita: \u00farodn\u00fd motor<\/h3>\n<p>Toto m\u00edrn\u00e9 klima v kombinaci s hlubok\u00fdmi sope\u010dn\u00fdmi p\u016fdami \u00fadol\u00ed d\u011bl\u00e1 z \u00fadol\u00ed Cauca jeden z kolumbijsk\u00fdch zem\u011bd\u011blsk\u00fdch motor\u016f. Z pta\u010d\u00ed perspektivy je to mozaika t\u0159tinov\u00fdch pol\u00ed, k\u00e1vov\u00fdch plant\u00e1\u017e\u00ed, \u0159ad plant\u00e1\u017e\u00ed a kvetouc\u00edch \u017eiv\u00fdch plot\u016f. Z pohledu ze zem\u011b je to m\u00edsto n\u00e1ro\u010dn\u00e9 na pr\u00e1ci, generacemi propojen\u00e9 a \u010dasto neviditeln\u00e9 pro ty, kte\u0159\u00ed jej pouze nav\u0161t\u011bvuj\u00ed.<\/p>\n<p>Z t\u00e9to hojnosti t\u011b\u017e\u00ed i obyvatel\u00e9 m\u011bst. Trhy jako Galer\u00eda Alameda nebo La Placita se hem\u017e\u00ed ovocem, kter\u00e9 chutn\u00e1 neuv\u011b\u0159iteln\u011b sladce a p\u011bstuje se necel\u00fdch 100 kilometr\u016f daleko. Pap\u00e1je velikosti fotbalov\u00fdch m\u00ed\u010d\u016f, zlatav\u00e9 lulos, tmav\u011b fialov\u00e1 mu\u010denka \u2013 to je poklad zem\u011b, kter\u00e1 si nebere dny volna.<\/p>\n<p>A kolem toho v\u0161eho je tak hust\u00e1 biodiverzita, \u017ee se br\u00e1n\u00ed katalogizaci. Kalifornie je domovem mot\u00fdl\u016f takov\u00fdch barev, \u017ee se zdaj\u00ed b\u00fdt vymy\u0161len\u00ed, \u017eab, kter\u00e9 zp\u00edvaj\u00ed v no\u010dn\u00edm de\u0161ti, a strom\u016f, kter\u00e9 kvetou v karm\u00ednov\u00e9, oran\u017eov\u00e9 a r\u016f\u017eov\u00e9 barv\u011b, jako by soupe\u0159ily o pozornost.<\/p>\n<h3>R\u016fst m\u011bst a tlak okraj\u016f<\/h3>\n<p>Cali se rozrostla, stejn\u011b jako v\u0161echna m\u011bsta, sm\u011brem ven a nahoru. \u00dadol\u00ed v\u0161ak omezuje, kam a\u017e se m\u016f\u017ee rozr\u016fstat bez n\u00e1sledk\u016f. \u010ctvrti jako Silo\u00e9, zasazen\u00e9 do svahu, jsou z\u00e1rove\u0148 \u017eiv\u00fdmi komunitami a p\u0159\u00edpadov\u00fdmi studiemi m\u011bstsk\u00e9ho stresu \u2013 strm\u00e1 schodi\u0161t\u011b, improvizovan\u00e9 domy a t\u011b\u017ece vydobyt\u00e1 odolnost.<\/p>\n<p>Nap\u011bt\u00ed mezi expanz\u00ed a ochranou p\u0159\u00edrody se ka\u017ed\u00fdm rokem stup\u0148uje. S rostouc\u00ed populac\u00ed a zat\u011b\u017eov\u00e1n\u00edm infrastruktury zu\u0159\u00ed debaty o \u00fazemn\u00edm pl\u00e1nov\u00e1n\u00ed, odles\u0148ov\u00e1n\u00ed a o tom, kdo bude utv\u00e1\u0159et budoucnost m\u011bsta. Geografie v\u0161ak nen\u00ed pasivn\u00edm hr\u00e1\u010dem. Je to jej\u00ed tlak. Z\u00e1plavov\u00e9 oblasti vy\u017eaduj\u00ed respekt. Svahy kopc\u016f eroduj\u00ed. \u0158eky se rozl\u00e9vaj\u00ed. A tak se m\u011bsto u\u010d\u00ed, n\u011bkdy bolestn\u011b, naslouchat krajin\u011b.<\/p>\n<h3>Geografie jako identita<\/h3>\n<p>V Santiagu de Cali nen\u00ed geografie jen fyzick\u00e1 \u2013 je to emocion\u00e1ln\u00ed r\u00e1mec m\u011bsta. Hory nejsou kulisou; jsou to metafory. \u0158eka nen\u00ed jen voda; je to historie v pohybu. Vzduch nen\u00ed neutr\u00e1ln\u00ed; je napln\u011bn v\u016fn\u00ed, vzpom\u00ednkami a hlukem.<\/p>\n<p>Lid\u00e9 v\u00e1s zde v\u00edtaj\u00ed s v\u0159elost\u00ed, kter\u00e1 napodobuje klima \u2013 m\u00edrn\u00e9, ale neochv\u011bjn\u00e9. O sv\u00e9m m\u011bst\u011b mluv\u00ed nejen s hrdost\u00ed, ale i s oddanost\u00ed. \u201eJsme lid\u00e9 z \u00fadol\u00ed,\u201c \u0159\u00edkaj\u00ed, a to nen\u00ed jen pozn\u00e1mka k poloze \u2013 je to pohled na sv\u011bt. \u017d\u00edt v Kalifornii znamen\u00e1 probouzet se s horami v okn\u011b, \u0159ekou v uchu a v\u016fn\u00ed guavy na trhu. Znamen\u00e1 to pochopit, \u017ee m\u00edsto m\u016f\u017ee formovat osobnost \u2013 a \u017ee v n\u011bkter\u00fdch vz\u00e1cn\u00fdch m\u011bstech je geografie osudem.<\/p>\n<h2>Atrakce a pam\u00e1tky Santiaga de Cali<\/h2>\n<p>Santiago de Cali je m\u011bsto, kter\u00e9 se odhaluje postupn\u011b. Net\u0159pyt\u00ed se p\u0159ehnan\u00fdm leskem turistick\u00fdch metropol\u00ed; d\u00fdch\u00e1 pomalu a rytmicky v tempu salsy. Atrakce a pam\u00e1tky roztrou\u0161en\u00e9 po tomto \u00fadoln\u00edm m\u011bst\u011b jsou stejn\u011b vrstven\u00e9 jako jeho historie \u2013 n\u011bkter\u00e9 opot\u0159ebovan\u00e9, jin\u00e9 vzdorovit\u00e9, mnoh\u00e9 bujar\u00e9. Proch\u00e1zet se Cali znamen\u00e1 un\u00e1\u0161et se mezi stalet\u00edmi, p\u0159es n\u00e1m\u011bst\u00ed, po zalesn\u011bn\u00fdch svaz\u00edch a do rytmick\u00e9ho pulsu jedn\u00e9 z nejv\u00fdrazn\u011bj\u0161\u00edch m\u011bstsk\u00fdch du\u0161\u00ed Kolumbie.<\/p>\n<h3>Cristo Rey: Rozta\u017een\u00e1 n\u00e1ru\u010d m\u011bsta<\/h3>\n<p>Snad \u017e\u00e1dn\u00fd monument se v psychice cale\u00f1os nevyno\u0159uje tak v\u00fdznamn\u011b jako Cristo Rey. Z vrcholu kopce v z\u00e1padn\u00edch hor\u00e1ch se 26metrov\u00e1 socha Krista ti\u0161e d\u00edv\u00e1 na rozlehl\u00e9 m\u011bsto. Vzduch je zde chladn\u011bj\u0161\u00ed, doprava pod nimi vzd\u00e1len\u00e9 \u0161um\u011bn\u00ed, m\u011bstsk\u00e1 krajina je mozaikou rozpor\u016f \u2013 hust\u00e1 z\u00e1stavba se vm\u00e1\u010dkla do \u0161t\u011brbin d\u017eungle. Zat\u00edmco srovn\u00e1n\u00ed s Kristem Spasitelem v Rio de Janeiru jsou nevyhnuteln\u00e1, kalifornsk\u00fd Cristo p\u016fsob\u00ed komorn\u011bji. Rodiny sem nechod\u00ed jen kv\u016fli v\u00fdhledu, ale tak\u00e9 kv\u016fli empan\u00e1d\u00e1m prod\u00e1van\u00fdm u silnice, zvuku osam\u011bl\u00e9ho kytaristy hraj\u00edc\u00edho bolera u schod\u016f a tichu, kter\u00e9 n\u011bjak\u00fdm zp\u016fsobem panuje jen p\u00e1r minut od chaosu centra m\u011bsta.<\/p>\n<h3>Plaza de Cayzedo: Kde m\u011bsto d\u00fdch\u00e1<\/h3>\n<p>Ka\u017ed\u00e9 kolumbijsk\u00e9 m\u011bsto m\u00e1 sv\u00e9 centr\u00e1ln\u00ed n\u00e1m\u011bst\u00ed, ale Plaza de Cayzedo je v\u00edc ne\u017e jen ceremoni\u00e1ln\u00ed j\u00e1dro \u2013 je to prostor k oddechu. Obklopeno Metropolitn\u00ed katedr\u00e1lou, M\u011bstsk\u00fdm pal\u00e1cem a kancel\u00e1\u0159sk\u00fdmi budovami z minul\u00fdch dob, je to m\u00edsto, kde odpo\u010d\u00edvaj\u00ed cale\u00f1os ve st\u00ednu ty\u010d\u00edc\u00edch se palem, pouli\u010dn\u00ed prodejci prod\u00e1vaj\u00ed pl\u00e1tky manga s limetkou a pr\u00e1vn\u00edci sp\u011bchaj\u00ed kolem na cestu k soudu. N\u00e1m\u011bst\u00ed, pojmenovan\u00e9 po hrdinovi za nez\u00e1vislost Joaqu\u00ednu de Cayzedo y Cuero, nese vzpom\u00ednku na koloni\u00e1ln\u00ed represi i t\u011b\u017ece vybojovan\u00e9 osvobozen\u00ed, to v\u0161e dnes zjem\u0148uje hudba linouc\u00ed se ze star\u00e9ho tranzistorov\u00e9ho r\u00e1dia na nedalek\u00e9 lavi\u010dce.<\/p>\n<h3>Metropolitn\u00ed katedr\u00e1la: V\u00edra v mramoru<\/h3>\n<p>Metropolitn\u00ed katedr\u00e1ln\u00ed bazilika svat\u00e9ho Petra Apo\u0161tola je neoklasicistn\u00ed stavba, kter\u00e1 s strohou gr\u00e1ci\u00ed dominuje n\u00e1m\u011bst\u00ed. Jej\u00ed kamenn\u00e1 fas\u00e1da, dokon\u010den\u00e1 na konci 19. stolet\u00ed, vypov\u00edd\u00e1 o dob\u011b, kdy se Kalifornie teprve za\u010d\u00ednala vn\u00edmat jako v\u00fdznamn\u00e9 m\u011bsto. Vkro\u010dte dovnit\u0159 a okam\u017eit\u011b se rozhost\u00ed ticho. Lustry, opot\u0159ebovan\u00e9 lavice a blikaj\u00edc\u00ed sv\u00ed\u010dky hovo\u0159\u00ed nejen o v\u00ed\u0159e, ale i o tich\u00e9 p\u0159etrv\u00e1vaj\u00edc\u00ed tradici ve m\u011bst\u011b, kter\u00e9 za\u017eilo sv\u016fj pod\u00edl nepokoj\u016f.<\/p>\n<h3>Komplex La Merced: Ozv\u011bny kolonie<\/h3>\n<p>Historie je hluboce ukotvena v komplexu La Merced. Stoj\u00ed zde jeden z nejstar\u0161\u00edch kostel\u016f v Kalifornii, jeho\u017e ob\u00edlen\u00e9 zdi a \u010derven\u00e9 hlin\u011bn\u00e9 dla\u017edice ukr\u00fdvaj\u00ed stalet\u00ed modliteb a \u0161epotu. Sou\u010d\u00e1st\u00ed je Archeologick\u00e9 muzeum La Merced, kde p\u0159edkolumbovsk\u00e9 artefakty spojuj\u00ed modern\u00ed cale\u00f1o s domorod\u00fdmi ko\u0159eny, kter\u00e9 p\u0159edch\u00e1zely dobyt\u00ed. Muzeum slab\u011b von\u00ed d\u0159evem a prachem a vzduch je pln\u00fd pocitu zhroucen\u00ed \u010dasu.<\/p>\n<h3>Muzeum La Tertulia: Dialog tah\u016f \u0161t\u011btcem<\/h3>\n<p>Dole u \u0159eky nab\u00edz\u00ed Muzeum modern\u00edho um\u011bn\u00ed La Tertulia pozoruhodn\u00fd kontrast s koloni\u00e1ln\u00edmi kostmi Cali. Jeho betonov\u00e1 a sklen\u011bn\u00e1 architektura ukr\u00fdv\u00e1 odv\u00e1\u017en\u00e1, n\u011bkdy i ru\u0161iv\u00e1 d\u00edla kolumbijsk\u00fdch i mezin\u00e1rodn\u00edch um\u011blc\u016f. Proch\u00e1zka jeho chodbami znamen\u00e1 konfrontovat se s kolumbijsk\u00fdmi rozpory \u2013 n\u00e1sil\u00edm, radost\u00ed, d\u011bdictv\u00edm a modernismem, to v\u0161e vyj\u00e1d\u0159eno v barv\u011b, textu\u0159e a provokaci. Je to tak\u00e9 jedno z nejlep\u0161\u00edch m\u00edst ve m\u011bst\u011b, kde se m\u016f\u017eete ochladit b\u011bhem parn\u00e9ho odpoledne a mo\u017en\u00e1 se p\u0159i tom i nechat vyzvat.<\/p>\n<h3>Kalifornsk\u00e1 zoo: Divok\u00e9 srdce m\u011bsta<\/h3>\n<p>Ve m\u011bst\u011b kontrast\u016f je kalifornsk\u00e1 zoo vz\u00e1cn\u00fdm p\u0159\u00edkladem. Bujn\u00e1, dob\u0159e udr\u017eovan\u00e1 a pe\u010dliv\u011b spravovan\u00e1, domovem zv\u00ed\u0159at poch\u00e1zej\u00edc\u00edch z bohat\u00fdch kolumbijsk\u00fdch ekosyst\u00e9m\u016f: jagu\u00e1\u0159\u016f, andsk\u00fdch medv\u011bd\u016f, tukan\u016f a dal\u0161\u00edch. Ale sp\u00ed\u0161e ne\u017e jen sb\u00edrky tvor\u016f je to prostor vzd\u011bl\u00e1v\u00e1n\u00ed a rehabilitace, kde ochrana p\u0159\u00edrody nen\u00ed jen m\u00f3dn\u00edm slovem, ale prax\u00ed. D\u011bti z\u00edraj\u00ed s do\u0161iroka otev\u0159en\u00fdma o\u010dima a i dosp\u011bl\u00ed se \u010dasto zdaj\u00ed znovuobjevovat \u00fa\u017eas v jej\u00edch stinn\u00fdch stezk\u00e1ch.<\/p>\n<h3>Mot\u00fdl\u00ed farma Andoke: \u0160eptaj\u00edc\u00ed r\u00e1j<\/h3>\n<p>Daleko od hlu\u010dn\u011bj\u0161\u00edch \u010d\u00e1st\u00ed m\u011bsta se nach\u00e1z\u00ed mot\u00fdl\u00ed farma Andoke \u2013 \u00fato\u010di\u0161t\u011b, kde se barvy vzn\u00e1\u0161ej\u00ed vzduchem jako p\u00edse\u0148. \u017divot se zde jemn\u011b c\u00edt\u00ed. Projd\u011bte se jej\u00edmi zimn\u00edmi zahradami a uvid\u00edte des\u00edtky druh\u016f mot\u00fdl\u016f, kter\u00e9 v\u00e1m prolet\u00ed kolem ramen, p\u0159istanou v\u00e1m na ruk\u00e1vu nebo se jen t\u0159pyt\u00ed v rann\u00edm sv\u011btle. Je to v\u00edc ne\u017e jen kr\u00e1sa \u2013 je to hmatateln\u00e1 biodiverzita.<\/p>\n<h3>Cali Salsa Capital a N\u00e1rodn\u00ed muzeum salsy: Kde je pohyb pam\u011bt\u00ed<\/h3>\n<p>Srdcem Cali je salsa. Nen\u00ed to atrakce v konven\u010dn\u00edm slova smyslu \u2013 je to kulisa ka\u017ed\u00e9ho dne. P\u0159esto Cali Salsa Capital v \u010dtvrti Obrero a Museo Nacional de la Salsa slou\u017e\u00ed jako vyhrazen\u00e9 prostory pro pochopen\u00ed hloubky t\u00e9to identity. Jedno u\u010d\u00ed; druh\u00e9 zachov\u00e1v\u00e1. V obou najdete kroky, kter\u00e9 oz\u00fdvaj\u00ed se z minul\u00fdch generac\u00ed, rytmy, kter\u00e9 p\u0159esahuj\u00ed jazyk, a radost, kter\u00e1 se zd\u00e1 b\u00fdt revolu\u010dn\u00ed.<\/p>\n<h3>San Antonio: Vesnice ve m\u011bst\u011b<\/h3>\n<p>San Antonio je typem \u010dtvrti, kter\u00e1 l\u00e1k\u00e1 i ty usp\u011bchan\u00e9 k tomu, aby zpomalili. Dl\u00e1\u017ed\u011bn\u00e9 ulice se vine kolem barevn\u00fdch koloni\u00e1ln\u00edch dom\u016f, kter\u00e9 jsou nyn\u00ed p\u0159em\u011bn\u011bny na pek\u00e1rny, \u0159emesln\u00e9 obchody a kav\u00e1rny s poezi\u00ed. Kostel San Antonio sleduje okol\u00ed z vrcholu kopce, je obzvl\u00e1\u0161t\u011b kr\u00e1sn\u00fd za soumraku, kdy slunce zapad\u00e1 za Farallones a po st\u0159ech\u00e1ch se t\u00e1hnou dlouh\u00e9 st\u00edny. B\u00e1sn\u00edci a hudebn\u00edci se zde st\u00e1le sch\u00e1zej\u00ed a i proch\u00e1zka se st\u00e1v\u00e1 jemn\u00fdm ob\u0159adem.<\/p>\n<h3>Galerie Alameda: \u017divot v ka\u017ed\u00e9 uli\u010dce<\/h3>\n<p>\u017d\u00e1dn\u00e9 muzeum se nevyrovn\u00e1 \u017eivosti Galerie Alameda. Tento trh \u2013 chaotick\u00fd, aromatick\u00fd, \u017eiv\u00fd \u2013 je m\u00edstem, kde se v Cali j\u00ed. Najdete zde hromady maracuy\u00e1 a guan\u00e1bany, reg\u00e1ly s bylinkami l\u00e9\u010div\u00fdmi i mystick\u00fdmi a m\u00edstn\u00ed smlouvaj\u00edc\u00ed o \u010derstv\u011b uloven\u00fdch ryb\u00e1ch nebo arepas de choclo. Vyzkou\u0161ejte luladu, hustou a kyselou, nebo si prost\u011b jen sedn\u011bte s vychlazen\u00fdm \u010dajem a sledujte, jak se sv\u011bt m\u00edj\u00ed v pln\u00fdch barv\u00e1ch a nefiltrovan\u00e9m hluku.<\/p>\n<h3>Dal\u0161\u00ed v\u00fdznamn\u00e9 pam\u00e1tky<\/h3>\n<p>Socha Sebasti\u00e1na de Belalc\u00e1zara, vrhaj\u00edc\u00ed bronzov\u00fd prst sm\u011brem k \u00fadol\u00ed pod n\u00edm, p\u0159ipom\u00edn\u00e1 zakladatele m\u011bsta, conquistadora \u2013 kontroverzn\u00edho, ale z\u00e1rove\u0148 \u00fast\u0159edn\u00edho. Olympijsk\u00fd stadion Pascuala Guerrera mezit\u00edm tepe fotbalovou v\u00e1\u0161n\u00ed, zejm\u00e9na kdy\u017e hraje Am\u00e9rica de Cali. Muzeum Caliwood nab\u00edz\u00ed n\u011b\u017enou poctu zlat\u00fdm dn\u016fm kolumbijsk\u00e9 kinematografie. Nedaleko se nach\u00e1z\u00ed n\u00e1m\u011bst\u00ed Jaira Varely, kter\u00e9 pulzuje hudebn\u00ed hrdost\u00ed a bulv\u00e1r del R\u00edo prom\u011bnil kdysi zanedbanou m\u011bstskou \u010d\u00e1st v prostor pro setk\u00e1v\u00e1n\u00ed, pouli\u010dn\u00ed p\u0159edstaven\u00ed a no\u010dn\u00ed proch\u00e1zky.<\/p>\n<p>Je tu tak\u00e9 Gato de Tejada, bronzov\u00e1 ko\u010dka Hernanda Tejady odpo\u010d\u00edvaj\u00edc\u00ed u \u0159eky, rozmarn\u011b obklopen\u00e1 des\u00edtkami men\u0161\u00edch ko\u010di\u010d\u00edch soch. M\u00edstn\u00ed se j\u00ed dot\u00fdkaj\u00ed ocasu pro \u0161t\u011bst\u00ed a d\u011bti j\u00ed lezou po tlapk\u00e1ch, jako by to byla jejich vlastn\u00ed prol\u00e9za\u010dka.<\/p>\n<p>Pro doslovn\u00fd i metaforick\u00fd pohled na v\u011bc vylezte na La Loma de la Cruz nebo nav\u0161tivte Cali Tower. Prvn\u00ed z nich v\u00e1m nab\u00eddne \u0159emesla a kulturu pod zapadaj\u00edc\u00edm sluncem, druh\u00e1 pak panorama ze skla a oceli, kter\u00e9 neust\u00e1le roste a vyv\u00edj\u00ed se.<\/p>\n<h3>M\u011bsto psan\u00e9 v kontrastech<\/h3>\n<p>Santiago de Cali nen\u00ed dokonal\u00e9, ani se na to netv\u00e1\u0159\u00ed. Je to m\u011bsto boj\u016f \u2013 vln veder a t\u011b\u017ek\u00e9 pr\u00e1ce, dopravy a propleten\u00fdch d\u011bjin. Je to ale tak\u00e9 m\u011bsto odolnosti. Jeho lid\u00e9 se snadno sm\u011bj\u00ed. Tan\u010d\u00ed, i kdy\u017e je hudba jen vzpom\u00ednkou. Jeho pam\u00e1tky nejsou zmrzl\u00fdmi relikviemi, ale \u017eivouc\u00edmi sv\u011bdectv\u00edmi o m\u00edst\u011b, kter\u00e9 se odm\u00edt\u00e1 nechat zapomenout nebo zplo\u0161tit do karikatury.<\/p>\n<p>Na sv\u00fdch n\u00e1m\u011bst\u00edch a trz\u00edch, v kostelech a tane\u010dn\u00edch s\u00e1lech, parc\u00edch a galeri\u00edch vypr\u00e1v\u00ed Cali sv\u016fj p\u0159\u00edb\u011bh \u2013 ne skrze pod\u00edvanou, ale skrze du\u0161i. A to je nakonec jej\u00ed nejv\u011bt\u0161\u00ed atrakce.<\/p>","protected":false},"excerpt":{"rendered":"<p>Santiago de Cali, commonly referred to as\u00a0Cali, is situated in the lush\u00a0Cauca Valley\u00a0of southwestern\u00a0Colombia\u00a0and exhibits a distinctive energy and spirit.\u00a0Third biggest city in Colombia, this energetic city of more than\u00a02.5 million people\u00a0is the seat of\u00a0Valle del Cauca department.\u00a0Cali, however, enthrals guests with its seductive mix of\u00a0history,\u00a0culture, and\u00a0joie de vivre\u2014far beyond simple numbers.<\/p>","protected":false},"author":1,"featured_media":3575,"parent":7405,"menu_order":0,"comment_status":"closed","ping_status":"closed","template":"elementor_theme","meta":{"_eb_attr":"","footnotes":""},"class_list":["post-7443","page","type-page","status-publish","has-post-thumbnail"],"_links":{"self":[{"href":"https:\/\/travelshelper.com\/cs\/wp-json\/wp\/v2\/pages\/7443","targetHints":{"allow":["GET"]}}],"collection":[{"href":"https:\/\/travelshelper.com\/cs\/wp-json\/wp\/v2\/pages"}],"about":[{"href":"https:\/\/travelshelper.com\/cs\/wp-json\/wp\/v2\/types\/page"}],"author":[{"embeddable":true,"href":"https:\/\/travelshelper.com\/cs\/wp-json\/wp\/v2\/users\/1"}],"replies":[{"embeddable":true,"href":"https:\/\/travelshelper.com\/cs\/wp-json\/wp\/v2\/comments?post=7443"}],"version-history":[{"count":0,"href":"https:\/\/travelshelper.com\/cs\/wp-json\/wp\/v2\/pages\/7443\/revisions"}],"up":[{"embeddable":true,"href":"https:\/\/travelshelper.com\/cs\/wp-json\/wp\/v2\/pages\/7405"}],"wp:featuredmedia":[{"embeddable":true,"href":"https:\/\/travelshelper.com\/cs\/wp-json\/wp\/v2\/media\/3575"}],"wp:attachment":[{"href":"https:\/\/travelshelper.com\/cs\/wp-json\/wp\/v2\/media?parent=7443"}],"curies":[{"name":"wp","href":"https:\/\/api.w.org\/{rel}","templated":true}]}}