{"id":15033,"date":"2024-09-20T14:08:14","date_gmt":"2024-09-20T14:08:14","guid":{"rendered":"https:\/\/travelshelper.com\/staging\/?page_id=15033"},"modified":"2026-03-11T17:39:31","modified_gmt":"2026-03-11T17:39:31","slug":"tel-aviv","status":"publish","type":"page","link":"https:\/\/travelshelper.com\/cs\/destinations\/asia\/israel\/tel-aviv\/","title":{"rendered":"Tel Aviv"},"content":{"rendered":"<p>Tel Aviv-Jafo, \u010dasto ozna\u010dovan\u00fd jednodu\u0161e jako Tel Aviv, stoj\u00ed na izraelsk\u00e9m pob\u0159e\u017e\u00ed St\u0159edozemn\u00edho mo\u0159e jako m\u011bsto kontrast\u016f, kde starov\u011bk\u00e9 kameny a modern\u00ed ocel koexistuj\u00ed v tich\u00e9m souladu. Osada, zalo\u017een\u00e1 v roce 1909 \u017eidovsk\u00fdmi pr\u016fkopn\u00edky pod jm\u00e9nem Ahuzat Bayit, vznikla z p\u00edse\u010dn\u00fdch dun, kter\u00e9 kdysi hrani\u010dily s p\u0159\u00edstavem Jaffa z osmansk\u00e9 \u00e9ry. B\u011bhem roku p\u0159ijala n\u00e1zev Tel Aviv \u2013 \u201eP\u0159\u00edb\u011bh jara\u201c \u2013 vyp\u016fj\u010den\u00fd z hebrejsk\u00e9ho p\u0159ekladu rom\u00e1nu Theodora Herzla Altneuland od Nahuma Sokolowa. Do roku 1934 se Tel Aviv odtrhl od obce Jaffa; do roku 1950 se form\u00e1ln\u011b znovu sjednotil pod n\u00e1zvem Tel Aviv-Jafo, co\u017e odr\u00e1\u017e\u00ed jak jeho modern\u00ed srdce, tak i jeho tis\u00edciletou historii.<\/p>\n\n\n\n<p>Geograficky Tel Aviv zauj\u00edm\u00e1 p\u0159ibli\u017en\u011b 52 kilometr\u016f \u010dtvere\u010dn\u00edch zplo\u0161t\u011bl\u00e9 pob\u0159e\u017en\u00ed roviny p\u0159ibli\u017en\u011b na 32\u00b005\u2032 severn\u00ed \u0161\u00ed\u0159ky a 34\u00b048\u2032 v\u00fdchodn\u00ed d\u00e9lky. Jeho z\u00e1padn\u00ed hranice om\u00fdv\u00e1 St\u0159edozemn\u00ed mo\u0159e, korunovan\u00e9 \u00fatesy a l\u00edn\u00fdm p\u00edskem, zat\u00edmco ve vnitrozem\u00ed tvo\u0159\u00ed \u0159eka Jarkon zelen\u00fd okraj. P\u0159esto\u017ee jeho p\u016fdy z\u016fst\u00e1vaj\u00ed p\u00eds\u010dit\u00e9 a ne\u00farodn\u00e9, z\u00e1sahy urbanist\u016f \u2013 od pl\u00e1nu Patricka Geddese na zahradn\u00ed m\u011bsto a\u017e po ned\u00e1vnou p\u0159em\u011bnu zanikl\u00e9 elektr\u00e1rny na park Gan ha-Hashmal \u2013 za\u010dlenily zelen\u00e9 plochy do m\u011bstsk\u00e9 struktury. Dnes parky zab\u00edraj\u00ed t\u00e9m\u011b\u0159 p\u011btinu rozlohy m\u011bsta: samotn\u00fd park Jarkon ka\u017edoro\u010dn\u011b p\u0159iv\u00edt\u00e1 p\u0159ibli\u017en\u011b 16 milion\u016f n\u00e1v\u0161t\u011bvn\u00edk\u016f a ka\u017edoro\u010dn\u00ed zatemn\u011bn\u00ed b\u011bhem Hodiny Zem\u011b sv\u011bd\u010d\u00ed o hrdosti m\u011bsta na status Tel Avivu jako nejzelen\u011bj\u0161\u00edho m\u011bsta Izraele.<\/p>\n\n\n\n<p>Z demografick\u00e9ho vrcholu zhruba 390 000 na za\u010d\u00e1tku 60. let 20. stolet\u00ed se populace Tel Avivu sn\u00ed\u017eila na p\u0159ibli\u017en\u011b 317 000 v 80. letech, ne\u017e v 90. letech obnovila sv\u016fj r\u016fst. V roce 2025 zde \u017eije t\u00e9m\u011b\u0159 p\u016fl milionu obyvatel a podle sou\u010dasn\u00fdch urbanistick\u00fdch pl\u00e1n\u016f by se jejich po\u010det do roku 2035 m\u011bl zv\u00fd\u0161it na 600 000. \u017did\u00e9 r\u016fzn\u00e9ho p\u016fvodu \u2013 a\u0161ken\u00e1z\u0161t\u00ed, sefard\u0161t\u00ed, mizrahij\u0161t\u00ed, etiop\u0161t\u00ed, st\u0159edoasijsk\u00ed a dal\u0161\u00ed \u2013 tvo\u0159\u00ed v\u00edce ne\u017e 90 procent obyvatel, zat\u00edmco zbytek tvo\u0159\u00ed arab\u0161t\u00ed muslimov\u00e9, k\u0159es\u0165an\u00e9, dr\u00fazov\u00e9 a neklasifikovan\u00e9 skupiny. Vl\u00e1dne hebrej\u0161tina, ale ulice o\u017eivuje ru\u0161tina, arab\u0161tina, angli\u010dtina a \u0159ada africk\u00fdch a asijsk\u00fdch jazyk\u016f. Zna\u010dn\u00fd kontingent zahrani\u010dn\u00edch pracovn\u00edk\u016f a uprchl\u00edk\u016f \u017eije p\u0159ev\u00e1\u017en\u011b na jihu, co\u017e \u010dtvrt\u00edm dod\u00e1v\u00e1 mnohovrstevnatou soci\u00e1ln\u00ed strukturu.<\/p>\n\n\n\n<p>Socioekonomick\u00e9 ukazatele rozd\u011bluj\u00ed Tel Aviv na sever a jih. Severn\u00ed \u010dtvrti, jako je Ramat Aviv a Afeka, se py\u0161n\u00ed luxusn\u00edmi rezidencemi, kampusem Telavivsk\u00e9 univerzity a rozlehl\u00fdmi zelen\u00fdmi plochami parku Jarkon. Ji\u017en\u00ed \u010dtvrti naopak nesou otisk postupn\u00fdch migrac\u00ed a skromn\u00fdch p\u0159\u00edjm\u016f, a\u010dkoli oblasti jako Neve Tzedek \u2013 prvn\u00ed \u017eidovsk\u00e9 p\u0159edm\u011bst\u00ed m\u011bsta postaven\u00e9 v roce 1887 \u2013 pro\u0161ly pe\u010dlivou rekonstrukc\u00ed a nyn\u00ed sv\u00fdm v\u00fdznamem konkuruj\u00ed severu. Centr\u00e1ln\u00ed Tel Aviv soust\u0159e\u010fuje finance a obchod pod\u00e9l d\u00e1lnice Ayalon, kde trojice v\u011b\u017e\u00ed Azrieli Center dominuje druh\u00e9 nejv\u011bt\u0161\u00ed izraelsk\u00e9 ekonomice na obyvatele na Bl\u00edzk\u00e9m v\u00fdchod\u011b.<\/p>\n\n\n\n<p>Tel Aviv se skute\u010dn\u011b \u0159ad\u00ed mezi p\u0159edn\u00ed sv\u011btov\u00e9 motory inovac\u00ed. Toto glob\u00e1ln\u00ed m\u011bsto s hodnocen\u00edm beta+ se um\u00edstilo na pades\u00e1t\u00e9m t\u0159et\u00edm m\u00edst\u011b v indexu glob\u00e1ln\u00edch finan\u010dn\u00edch center za rok 2022 a je kotvou Silicon Wadi, izraelsk\u00e9ho high-tech koridoru. Z\u00f3na Kirjat Atidim, slavnostn\u011b otev\u0159en\u00e1 v roce 1972, zasela sem\u00ednka prvn\u00edch; v roce 2010 po\u010det startup\u016f p\u0159ekro\u010dil sedm set, co\u017e Tel Aviv \u0159ad\u00ed na \u010dtvrt\u00e9 m\u00edsto v glob\u00e1ln\u00edm ekosyst\u00e9mu startup\u016f. Jeho ulice lemuj\u00ed zahrani\u010dn\u00ed ambas\u00e1dy a po\u010det zahrani\u010dn\u00edch n\u00e1v\u0161t\u011bvn\u00edk\u016f ro\u010dn\u011b p\u0159esahuje 2,5 milionu, kter\u00e9 p\u0159itahuj\u00ed pl\u00e1\u017ee, no\u010dn\u00ed \u017eivot a pov\u011bst m\u011bsta jako nejn\u00e1kladn\u011bj\u0161\u00edho k bydlen\u00ed na sv\u011bt\u011b.<\/p>\n\n\n\n<p>Mno\u017estv\u00ed muze\u00ed a kulturn\u00edch m\u00edst v Tel Avivu sv\u011bd\u010d\u00ed o stolet\u00ed um\u011bleck\u00e9ho vzestupu. Jeho \u010dtvr\u0165 B\u00edl\u00e9 m\u011bsto, kter\u00e1 je od roku 2003 zaps\u00e1na na seznamu sv\u011btov\u00e9ho d\u011bdictv\u00ed UNESCO, zahrnuje v\u00edce ne\u017e p\u011bt tis\u00edc p\u0159\u00edklad\u016f architektury mezin\u00e1rodn\u00edho stylu a Bauhausu, kolektivn\u00edho v\u00fdsledkem evropsk\u00fdch emigrantsk\u00fdch architekt\u016f prchaj\u00edc\u00edch p\u0159ed nacismem ve 30. letech 20. stolet\u00ed. Za stromy lemovan\u00fdmi t\u0159\u00eddami Neve Tzedek a Rothschild Boulevard se nach\u00e1zej\u00ed pam\u00e1tky od Muzea Erec Israel a Telavivsk\u00e9ho muzea um\u011bn\u00ed a\u017e po vojensk\u00e9 historick\u00e9 instituce Palmach a Batey Haosef. Tanec a hudba vzkv\u00e9taj\u00ed v Centru Suzanne Dellal, Heichal HaTarbut a Tel Avivsk\u00e9m centru m\u00fazick\u00fdch um\u011bn\u00ed, kde se konaj\u00ed opery, filharmonick\u00e9 koncerty a p\u0159edstaven\u00ed sou\u010dasn\u00e9ho tance.<\/p>\n\n\n\n<p>Jaffa z\u016fst\u00e1v\u00e1 du\u0161\u00ed m\u011bsta \u2013 labyrintem kamenn\u00fdch uli\u010dek, kde se setk\u00e1vaj\u00ed arabsk\u00e9 a \u017eidovsk\u00e9 d\u011bjiny. Jeho starobyl\u00fd p\u0159\u00edstav, pln\u00fd archeologick\u00fdch poz\u016fstatk\u016f, host\u00ed galerie, kav\u00e1rny a ka\u017edoro\u010dn\u00ed Den otev\u0159en\u00fdch dve\u0159\u00ed v Tel Avivu, kdy se soukrom\u00e9 domy a skryt\u00e9 dvorky otev\u00edraj\u00ed ve\u0159ejnosti. Restaurov\u00e1n\u00ed zde a v boh\u00e9msk\u00fdch uli\u010dk\u00e1ch Florentinu vyp\u011bstovalo v lidech z\u00e1libu v barevn\u00e9m pouli\u010dn\u00edm um\u011bn\u00ed, vo\u0148av\u00fdch trz\u00edch a no\u010dn\u00edch vesel\u00edch, co\u017e upev\u0148uje p\u0159ezd\u00edvku Tel Avivu \u201em\u011bsto, kter\u00e9 nikdy nesp\u00ed\u201c.<\/p>\n\n\n\n<p>Architektonicky Tel Aviv neust\u00e1le nov\u011b definuje sv\u00e9 panorama. V\u011b\u017e Shalom Meir, postaven\u00e1 v roce 1965 jako prvn\u00ed izraelsk\u00fd mrakodrap, v polovin\u011b 90. let ustoupila n\u00e1r\u016fstu po\u010dtu mrakodrap\u016f. Gener\u00e1ln\u00ed pl\u00e1n z roku 2010 omezuje v\u00fdstavbu dal\u0161\u00edch mrakodrap\u016f pod\u00e9l pob\u0159e\u017e\u00ed, aby se zachoval v\u00fdhled, a z\u00e1rove\u0148 sm\u011bruje v\u00fdstavbu nov\u00fdch kancel\u00e1\u0159sk\u00fdch a hotelov\u00fdch budov v\u00fdchodn\u011b od ulice Ibn Gabirol. Uzav\u0159en\u00ed leti\u0161t\u011b Sde Dov uvolnilo pozemky na pl\u00e1\u017ei pro luxusn\u00ed mrakodrapy, a to i p\u0159esto, \u017ee nov\u00e1 telavivsk\u00e1 lehk\u00e1 \u017eeleznice a p\u0159ipravovan\u00e1 s\u00ed\u0165 metra slibuj\u00ed zm\u011bnu dopravn\u00ed cesty a hustoty m\u011bstsk\u00e9 z\u00e1stavby.<\/p>\n\n\n\n<p>Klima je jednozna\u010dn\u011b st\u0159edomo\u0159sk\u00e9: p\u011btim\u011bs\u00ed\u010dn\u00ed l\u00e9ta se t\u00e1hnou od \u010dervna do \u0159\u00edjna a jsou p\u0159eru\u0161ov\u00e1na vlhk\u00fdm horkem, kter\u00e9 m\u016f\u017ee b\u011bhem podzimn\u00edch nebo jarn\u00edch vln veder vy\u0161plhat teploty nad 35 \u00b0C. Zimy jsou m\u00edrn\u00e9 a de\u0161tiv\u00e9, s pr\u016fm\u011brn\u00fdmi lednov\u00fdmi maximy kolem 18 \u00b0C a minimy kolem 10 \u00b0C; mr\u00e1z a sn\u00edh jsou t\u00e9m\u011b\u0159 nev\u00eddan\u00e9. Ro\u010dn\u00ed \u00fahrn sr\u00e1\u017eek \u010din\u00ed zhruba 528 mm, koncentrovan\u00fdch mezi \u0159\u00edjnem a dubnem.<\/p>\n\n\n\n<p>Kulin\u00e1\u0159sk\u00fd \u017eivot v Tel Avivu odr\u00e1\u017e\u00ed jeho kosmopolitn\u00ed DNA. M\u00edstn\u00ed kuchyn\u011b sd\u00edl\u00ed menu s glob\u00e1ln\u00edmi vlivy: falafel stoj\u00ed vedle v\u00edce ne\u017e stovky sushi bar\u016f, zat\u00edmco chalva zmrzlina pokapan\u00e1 datlov\u00fdm sirupem a pist\u00e1ciemi sv\u011bd\u010d\u00ed o levantsk\u00e9 tradici. Kav\u00e1rny, trhy a restaurace zapl\u0148uj\u00ed ka\u017edou \u010dtvr\u0165 a uspokojuj\u00ed sv\u011btsk\u00e9 i n\u00e1bo\u017eensk\u00e9 z\u00e1jmy.<\/p>\n\n\n\n<p>Z centra m\u011bsta se rozb\u00edhaj\u00ed dopravn\u00ed tepny. D\u00e1lnice Ajalon se t\u00e1hne severoji\u017en\u00edm sm\u011brem a napojuje se na n\u00e1rodn\u00ed trasy sm\u011br Haifa a Jeruzal\u00e9m. Autobusy, sd\u00edlen\u00e1 taxi (\u0161eruty) a p\u011bt \u017eelezni\u010dn\u00edch stanic odbav\u00ed m\u011bs\u00ed\u010dn\u011b p\u0159es milion cestuj\u00edc\u00edch, a\u010dkoli o Sabatu a sv\u00e1tc\u00edch je vlakov\u00e1 doprava pozastavena. V srpnu 2023 byla zah\u00e1jena provoz prvn\u00ed \u010derven\u00e9 linky lehk\u00e9 \u017eeleznice, fialov\u00e1 a zelen\u00e1 linka jsou ve v\u00fdstavb\u011b a kompletn\u00ed syst\u00e9m metra by m\u011bl b\u00fdt otev\u0159en na za\u010d\u00e1tku 30. let 21. stolet\u00ed.<\/p>\n\n\n\n<p>N\u00e1bo\u017eensk\u00e9 a sekul\u00e1rn\u00ed vlivy koexistuj\u00ed ve form\u00e1ln\u00edch instituc\u00edch a ka\u017edodenn\u00ed praxi. V\u00edce ne\u017e p\u011bt set aktivn\u00edch synagog sah\u00e1 od Velk\u00e9 synagogy z 30. let 20. stolet\u00ed a\u017e po nov\u011bj\u0161\u00ed centra sekul\u00e1rn\u00edch \u017eidovsk\u00fdch studi\u00ed. Des\u00edtky kostel\u016f slou\u017e\u00ed diplomat\u016fm a komunit\u00e1m migrant\u016f, zat\u00edmco m\u011bsto host\u00ed komunitn\u00ed centrum LGBT, kter\u00e9 je z\u00e1kladem pr\u016fvodu hrdosti s p\u0159ibli\u017en\u011b dv\u011bma sty tis\u00edci \u00fa\u010dastn\u00edky, co\u017e z Tel Avivu d\u011bl\u00e1 glob\u00e1ln\u00ed symbol tolerance a m\u011bstsk\u00e9 vitality.<\/p>\n\n\n\n<p>Od sv\u00fdch po\u010d\u00e1tk\u016f jako mal\u00e9ho panstv\u00ed na dun\u00e1ch Jaffy a\u017e po sou\u010dasnou pozici jako\u017eto ekonomick\u00e9ho a kulturn\u00edho p\u0159edvoje Izraele se Tel Aviv-Jafo udr\u017eelo jako m\u011bsto definovan\u00e9 neust\u00e1lou prom\u011bnou. Jeho vrstven\u00e9 \u010dtvrti, pulzuj\u00edc\u00ed um\u011bleck\u00e1 sc\u00e9na a symbolick\u00e9 pl\u00e1\u017ee mapuj\u00ed p\u0159\u00edb\u011bh m\u00edsta, kde se setk\u00e1v\u00e1 historie s modernitou \u2013 d\u016fkaz trval\u00e9 souhry lid\u00ed, m\u00edsta a \u00fa\u010delu.<\/p>","protected":false},"excerpt":{"rendered":"<p>Tel Aviv-Yafo, ozna\u010dovan\u00fd jako Tel Aviv, je nejlidnat\u011bj\u0161\u00ed m\u011bsto v izraelsk\u00e9 metropolitn\u00ed oblasti Gush Dan s populac\u00ed 474 530 obyvatel. Tato dynamick\u00e1 metropolitn\u00ed oblast, kter\u00e1 se nach\u00e1z\u00ed pod\u00e9l malebn\u00e9ho izraelsk\u00e9ho pob\u0159e\u017e\u00ed St\u0159edozemn\u00edho mo\u0159e, se stala ekonomick\u00fdm a technick\u00fdm j\u00e1drem zem\u011b a etablovala se jako glob\u00e1ln\u00ed velmoc v oblasti \u0161pi\u010dkov\u00fdch technologi\u00ed. V\u00fdznam m\u011bsta p\u0159esahuje jeho hranice, proto\u017ee v n\u011bm s\u00eddl\u00ed v\u011bt\u0161ina izraelsk\u00fdch zahrani\u010dn\u00edch ambas\u00e1d, co\u017e posiluje jeho roli kl\u00ed\u010dov\u00e9ho subjektu v mezin\u00e1rodn\u00edch z\u00e1le\u017eitostech.<\/p>","protected":false},"author":1,"featured_media":3981,"parent":15000,"menu_order":0,"comment_status":"closed","ping_status":"closed","template":"elementor_theme","meta":{"_eb_attr":"","footnotes":""},"class_list":["post-15033","page","type-page","status-publish","has-post-thumbnail"],"_links":{"self":[{"href":"https:\/\/travelshelper.com\/cs\/wp-json\/wp\/v2\/pages\/15033","targetHints":{"allow":["GET"]}}],"collection":[{"href":"https:\/\/travelshelper.com\/cs\/wp-json\/wp\/v2\/pages"}],"about":[{"href":"https:\/\/travelshelper.com\/cs\/wp-json\/wp\/v2\/types\/page"}],"author":[{"embeddable":true,"href":"https:\/\/travelshelper.com\/cs\/wp-json\/wp\/v2\/users\/1"}],"replies":[{"embeddable":true,"href":"https:\/\/travelshelper.com\/cs\/wp-json\/wp\/v2\/comments?post=15033"}],"version-history":[{"count":0,"href":"https:\/\/travelshelper.com\/cs\/wp-json\/wp\/v2\/pages\/15033\/revisions"}],"up":[{"embeddable":true,"href":"https:\/\/travelshelper.com\/cs\/wp-json\/wp\/v2\/pages\/15000"}],"wp:featuredmedia":[{"embeddable":true,"href":"https:\/\/travelshelper.com\/cs\/wp-json\/wp\/v2\/media\/3981"}],"wp:attachment":[{"href":"https:\/\/travelshelper.com\/cs\/wp-json\/wp\/v2\/media?parent=15033"}],"curies":[{"name":"wp","href":"https:\/\/api.w.org\/{rel}","templated":true}]}}