{"id":14583,"date":"2024-09-19T20:15:59","date_gmt":"2024-09-19T20:15:59","guid":{"rendered":"https:\/\/travelshelper.com\/staging\/?page_id=14583"},"modified":"2026-03-11T22:31:50","modified_gmt":"2026-03-11T22:31:50","slug":"genk","status":"publish","type":"page","link":"https:\/\/travelshelper.com\/cs\/destinations\/europe\/belgium\/genk\/","title":{"rendered":"Genk"},"content":{"rendered":"<p>Genk zauj\u00edm\u00e1 v tapis\u00e9rii belgick\u00fdch m\u011bstsk\u00fdch krajin v\u00fdrazn\u00e9 m\u00edsto. Jeho charakter byl utv\u00e1\u0159en stalet\u00edmi klidn\u00e9ho venkovsk\u00e9ho \u017eivota, n\u00e1hl\u00fdmi pr\u016fmyslov\u00fdmi ot\u0159esy a v posledn\u00edch desetilet\u00edch i rozhodnou p\u0159estavbou. Genk, le\u017e\u00edc\u00ed na b\u0159ehu Albertova kan\u00e1lu v provincii Limburg, uprost\u0159ed mezi antverpsk\u00fdmi p\u0159\u00edstavy a ocel\u00e1rnami v Lutychu, dnes p\u0159edstavuje sv\u011bdectv\u00ed i poctu slo\u017eit\u00fdm sil\u00e1m, kter\u00e9 formovaly Flandry: posunuj\u00edc\u00edm se hranic\u00edm, migraci hnan\u00e9 zdrojem, um\u011bleck\u00e9mu rozkv\u011btu a ekonomick\u00e9 odolnosti.<\/p>\n<p>Dlouho p\u0159ed \u0159in\u010den\u00edm stroj\u016f a \u0159\u00edt\u011bn\u00edm \u010dlun\u016f na kan\u00e1lu vd\u011b\u010dila osada dnes zn\u00e1m\u00e1 jako Genk za sv\u016fj p\u016fvod keltsk\u00e9 vesnici skromn\u00e9 \u200b\u200bvelikosti. Archeologick\u00e9 fragmenty poukazuj\u00ed na starou d\u0159ev\u011bnou kapli z des\u00e1t\u00e9ho stolet\u00ed, co\u017e sv\u011bd\u010d\u00ed o postupn\u00e9m p\u0159\u00edchodu k\u0159es\u0165anstv\u00ed. V roce 1108 se toto m\u00edsto objevuje v kl\u00e1\u0161tern\u00ed listin\u011b pod n\u00e1zvem Geneche, kdy\u017e se jeho pozemk\u016f zmocnilo opatstv\u00ed Rohlic. Po cel\u00fd st\u0159edov\u011bk spadal Genk do hrabstv\u00ed Loon; v roce 1365 \u00fazem\u00ed p\u0159e\u0161lo pod kn\u00ed\u017ee-biskupstv\u00ed v Lutychu, co\u017e znamenalo jen malou okam\u017eitou zm\u011bnu v rytmu ka\u017edodenn\u00edho \u017eivota.<\/p>\n<p>Po v\u011bt\u0161inu sv\u00e9 st\u0159edov\u011bk\u00e9 a ran\u011b novov\u011bk\u00e9 existence z\u016fstal Genk malou agr\u00e1rn\u00ed obc\u00ed. Na \u00fasvitu devaten\u00e1ct\u00e9ho stolet\u00ed zah\u00e1jila \u0161ir\u0161\u00ed oblast ji\u017en\u00ed Belgie rychlou pr\u016fmyslovou transformaci \u2013 v okol\u00ed Charleroi, Lutychu a Monsu se rozmohly uheln\u00e9 doly, \u017eelez\u00e1rny a textiln\u00ed tov\u00e1rny \u2013 p\u0159esto se Limburg s p\u00eds\u010dit\u00fdmi p\u016fdami a nedostatkem nerostn\u00fdch pr\u016fzkum\u016f pevn\u011b dr\u017eel star\u0161\u00edch zp\u016fsob\u016f obd\u011bl\u00e1v\u00e1n\u00ed p\u016fdy. V roce 1900 \u017eilo v Genku zhruba dva tis\u00edce lid\u00ed a jeho zastav\u011bn\u00e9 prost\u0159ed\u00ed se skl\u00e1dalo jen z roztrou\u0161en\u00fdch statk\u016f a hrstky \u0159emesln\u00fdch obchod\u016f.<\/p>\n<p>Pr\u00e1v\u011b tato klidn\u00e1 a nen\u00e1padn\u00e1 krajina p\u0159itahovala na konci devaten\u00e1ct\u00e9ho stolet\u00ed skupinu mal\u00ed\u0159\u016f a spisovatel\u016f. Mezi nimi byl i Neel Doff, spisovatel, jeho\u017e zobrazen\u00ed venkovsk\u00e9 pr\u00e1ce a soci\u00e1ln\u00ed nerovnosti nach\u00e1zelo inspiraci v pol\u00edch a uli\u010dk\u00e1ch Genku. Podle n\u011bkter\u00fdch \u00fadaj\u016f pro\u0161lo oblast\u00ed v\u00edce ne\u017e \u010dty\u0159i sta um\u011blc\u016f, kte\u0159\u00ed pracovali venku v tradici plen\u00e9rov\u00e9 \u200b\u200bmalby. Jejich pl\u00e1tna zachycovala prom\u011bnliv\u00e9 sv\u011btlo na v\u0159esovi\u0161t\u00edch a b\u0159ezov\u00fdch h\u00e1j\u00edch, tichou geometrii zem\u011bd\u011blsk\u00fdch budov a t\u0159pyt vodn\u00edch tok\u016f. Po kr\u00e1tkou dobu Genk existoval paraleln\u011b jako agr\u00e1rn\u00ed zapad\u00e1kov i jako centrum tv\u016fr\u010d\u00edho b\u00e1d\u00e1n\u00ed.<\/p>\n<p>Osud m\u011bsta se nen\u00e1vratn\u011b zm\u011bnil v roce 1901, kdy geolog Andr\u00e9 Dumont objevil v nedalek\u00e9 vesnici As d\u016fkazy o uhl\u00ed. Prospekto\u0159i brzy vystopovali lo\u017eiska pod samotn\u00fdm Genkem a b\u011bhem n\u011bkolika let pronikla do podlo\u017e\u00ed trojice d\u016fln\u00edch \u0161tol \u2013 Zwartberg, Waterschei a Winterslag. \u010cern\u00e9 zlato, jak ho horn\u00edci naz\u00fdvali, zah\u00e1jilo \u00e9ru dramatick\u00e9ho rozmachu. Belgi\u010dt\u00ed d\u011bln\u00edci p\u0159ich\u00e1zeli ve velk\u00e9m po\u010dtu, n\u00e1sledovan\u00ed imigranty z It\u00e1lie, \u0158ecka a Turecka. Kolem d\u016fln\u00edch koridor\u016f vyr\u016fstala s\u00eddli\u0161t\u011b a rozv\u00edjej\u00edc\u00ed se m\u011bstsk\u00e1 infrastruktura se jen s obt\u00ed\u017eemi sna\u017eila dr\u017eet krok s n\u00e1hl\u00fdm r\u016fstem populace. V n\u00e1sleduj\u00edc\u00edch desetilet\u00edch Genk zast\u00ednil v\u0161echna limbursk\u00e1 m\u011bsta krom\u011b provin\u010dn\u00edho hlavn\u00edho m\u011bsta Hasseltu a v polovin\u011b dvac\u00e1t\u00e9ho stolet\u00ed dos\u00e1hl sv\u00e9ho vrcholu p\u0159ibli\u017en\u011b sedmdes\u00e1ti tis\u00edc obyvatel.<\/p>\n<p>Uhl\u00ed zajistilo komunit\u011b prosperitu i zranitelnost. Doly poskytovaly spolehliv\u00e9 zam\u011bstn\u00e1n\u00ed, ale z\u00e1rove\u0148 svazovaly m\u00edstn\u00ed ekonomiku s glob\u00e1ln\u00edmi v\u00fdkyvy na energetick\u00fdch trz\u00edch. V letech bezprost\u0159edn\u011b po druh\u00e9 sv\u011btov\u00e9 v\u00e1lce se d\u00edky zdokonalen\u00e9 mechanizaci a dom\u00e1c\u00ed popt\u00e1vce udr\u017eel provoz. P\u0159esto do roku 1966 d\u016fl Zwartberg \u2013 kdysi ru\u0161n\u00fd \u00fal \u2013 zav\u0159el sv\u00e9 \u0161achty. Winterslag se udr\u017eel a\u017e do roku 1986 a Waterschei a\u017e do roku 1987; b\u011bhem jedin\u00e9 generace pil\u00ed\u0159e prosperity Genku utichly.<\/p>\n<p>Uzav\u0159en\u00ed dol\u016f p\u0159edstavovalo obrovskou v\u00fdzvu. Jak nahradit des\u00edtky tis\u00edc pracovn\u00edch m\u00edst, kter\u00e1 kdysi poskytovala hlubok\u00e1 t\u011b\u017eba? M\u00edstn\u00ed p\u0159edstavitel\u00e9 se obr\u00e1tili k nov\u00fdm pr\u016fmyslov\u00fdm sm\u011br\u016fm. Koridor Albertova kan\u00e1lu p\u0159il\u00e1kal firmy z oblasti lehk\u00e9 v\u00fdroby a logistiky; d\u00e1lnice efektivn\u011bji spojovaly Genk s Antverpami a Lutychem. Jako symbol optimismu i kontinuity otev\u0159ela spole\u010dnost Ford Motor Company z\u00e1vod na v\u00fdrobu karoseri\u00ed a mont\u00e1\u017e\u00ed v Genku, kter\u00fd byl sv\u00e9ho \u010dasu nejv\u011bt\u0161\u00edm zam\u011bstnavatelem ve m\u011bst\u011b s p\u0159ibli\u017en\u011b p\u011bti tis\u00edci zam\u011bstnanci. T\u00e9m\u011b\u0159 t\u0159icet let tov\u00e1rna montovala sedany Mondeo, modely Galaxy a S-MAX, \u010d\u00edm\u017e se Genk integroval do glob\u00e1ln\u00edho dodavatelsk\u00e9ho \u0159et\u011bzce pro automobilov\u00fd pr\u016fmysl. Jej\u00ed kone\u010dn\u00e9 uzav\u0159en\u00ed v roce 2014 znamenalo konec jedn\u00e9 pr\u016fmyslov\u00e9 kapitoly, ale tak\u00e9 nal\u00e9hav\u011b znamenalo hled\u00e1n\u00ed nov\u00fdch ekonomick\u00fdch opor.<\/p>\n<p>Snad nejv\u00fdrazn\u011bj\u0161\u00edm p\u0159\u00edkladem inovativn\u00edho op\u011btovn\u00e9ho vyu\u017eit\u00ed je p\u0159em\u011bna star\u00e9ho are\u00e1lu dolu Winterslag na d\u016fl C-Mine. V roce 2000 m\u011bsto odkoupilo zch\u00e1tral\u00e9 budovy od Limburgse Reconversie Maatschappij. Architektonick\u00e1 rekonstrukce dala podobu kreativn\u00edmu centru, jeho\u017e c\u00edlem je podporovat kulturn\u00ed a znalostn\u00ed podniky. Do roku 2005 n\u00e1zev C-Mine ozna\u010doval komplex v\u011bnovan\u00fd \u010dty\u0159em vz\u00e1jemn\u011b propojen\u00fdm funkc\u00edm: odborn\u00e9mu vzd\u011bl\u00e1v\u00e1n\u00ed, kreativn\u00ed ekonomice, rekrea\u010dn\u00edm z\u00e1\u017eitk\u016fm a um\u011bleck\u00e9 produkci. Univerzitn\u00ed kolej obsadila u\u010debny, kter\u00e9 se kdysi pou\u017e\u00edvaly k p\u0159evl\u00e9k\u00e1n\u00ed do d\u016fln\u00edho vybaven\u00ed; startupy a designov\u00e1 studia na\u0161ly domov v b\u00fdval\u00fdch d\u00edln\u00e1ch; kulturn\u00ed centrum a kino l\u00e1kaj\u00ed n\u00e1v\u0161t\u011bvn\u00edky z cel\u00e9ho Flander. Dnes C-Mine host\u00ed v\u00edce ne\u017e \u010dty\u0159icet firem a organizac\u00ed, kter\u00e9 zam\u011bstn\u00e1vaj\u00ed v\u00edce ne\u017e t\u0159i sta profesion\u00e1l\u016f v oblastech od her a aplikac\u00ed a\u017e po sc\u00e9nografii a pr\u016fmyslov\u00fd design.<\/p>\n<p>Identita Genku nyn\u00ed \u010d\u00e1ste\u010dn\u011b spo\u010d\u00edv\u00e1 na t\u011bchto propojen\u00edch \u2013 mezi minulost\u00ed a budoucnost\u00ed, pr\u016fmyslem a um\u011bn\u00edm, m\u00edstn\u00edm \u017eivotem a mezin\u00e1rodn\u00ed v\u00fdm\u011bnou. Jeho role jako jedn\u00e9 z bran do N\u00e1rodn\u00edho parku Hoge Kempen, otev\u0159en\u00e9ho v roce 2006 jako prvn\u00ed flandersk\u00fd n\u00e1rodn\u00ed park, podtrhuje z\u00e1vazek chr\u00e1nit a regenerovat p\u0159\u00edrodn\u00ed krajinu zjizvenou t\u011b\u017ebou. N\u00e1v\u0161t\u011bvn\u00edci se vyd\u00e1vaj\u00ed po stezk\u00e1ch v\u0159esovi\u0161ti a borov\u00fdmi h\u00e1ji nebo stoupaj\u00ed po b\u00fdval\u00e9 hald\u011b zn\u00e1m\u00e9 jako terril, aby si prohl\u00e9dli mozaiku zelen\u011b, kter\u00e1 pomalu znovu zab\u00edrala p\u016fdu. Uvnit\u0159 m\u011bsta nab\u00edz\u00ed dal\u0161\u00ed pohled na d\u011bdictv\u00ed panstv\u00ed Bokrijk: muzeum pod \u0161ir\u00fdm nebem, kde autentick\u00e9 farm\u00e1\u0159sk\u00e9 usedlosti, tkalcovsk\u00e9 chatr\u010de a v\u011btrn\u00e9 ml\u00fdny p\u0159em\u00edst\u011bn\u00e9 z cel\u00e9ho Flander evokuj\u00ed venkovsk\u00fd \u017eivot v 17. a\u017e 19. stolet\u00ed. V sez\u00f3n\u011b kost\u00fdmovan\u00ed interpreti o\u017eivuj\u00ed minul\u00e9 zvyky a \u0159emesla a provedou hosty ka\u017edodenn\u00edmi rutinami kov\u00e1\u0159stv\u00ed, krajkov\u00e1n\u00ed a pe\u010den\u00ed chleba.<\/p>\n<p>Genk si v\u0161ak uchov\u00e1v\u00e1 intimn\u011bj\u0161\u00ed stopy sv\u00e9 kulturn\u00ed historie. Muzeum Emile Van Dorena p\u0159ipom\u00edn\u00e1 generaci krajin\u00e1\u0159\u016f, jejich\u017e p\u0159\u00edtomnost zde p\u0159eklenula l\u00e9ta mezi lety 1840 a 1940. Mal\u00e9 galerie a ateli\u00e9ry jsou rozm\u00edst\u011bny po star\u0161\u00edch \u010dtvrt\u00edch m\u011bsta a instalace ve\u0159ejn\u00e9ho um\u011bn\u00ed hovo\u0159\u00ed o d\u011bdictv\u00ed hornictv\u00ed: monument\u00e1ln\u00ed v\u011b\u017e stoj\u00ed jako orienta\u010dn\u00ed bod, zat\u00edmco stezky po hald\u00e1ch vedou k um\u011bleck\u00fdm soch\u00e1m vytvo\u0159en\u00fdm m\u00edstn\u00edmi i mezin\u00e1rodn\u00edmi um\u011blci. Dokonce i Park slune\u010dn\u00edch hodin nab\u00edz\u00ed v\u00edce ne\u017e jen \u010dasovou kuriozitu; jeho kamenn\u00e9 a kovov\u00e9 gn\u00f3mony odkazuj\u00ed nejen na cykly dn\u016f, ale i generac\u00ed, na lidsk\u00e9 \u00fasil\u00ed, kter\u00e9 vych\u00e1z\u00ed a zapad\u00e1 jako slune\u010dn\u00ed oblouk.<\/p>\n<p>Krom\u011b kulturn\u00edch podnik\u016f z\u016fst\u00e1v\u00e1 Genk st\u00e1le dynamick\u00fd i komer\u010dn\u00ed \u017eivot. Pr\u016fmyslov\u00e1 z\u00f3na pod\u00e9l Albertova kan\u00e1lu poskytuje pr\u00e1ci v\u00edce ne\u017e \u010dty\u0159iceti p\u011bti tis\u00edc\u016fm lid\u00ed, co\u017e z m\u011bsta \u010din\u00ed t\u0159et\u00ed nejv\u00fdznamn\u011bj\u0161\u00ed centrum zam\u011bstnanosti ve Flandrech po Antverp\u00e1ch a Gentu. Logistick\u00e9 firmy distribuuj\u00ed zbo\u017e\u00ed po vod\u011b, silnici a \u017eeleznici; v\u00fdrobci vyr\u00e1b\u011bj\u00ed komponenty pro automobilov\u00fd, potravin\u00e1\u0159sk\u00fd a chemick\u00fd pr\u016fmysl. Mal\u00e9 leti\u0161t\u011b v\u0161eobecn\u00e9ho letectv\u00ed na severov\u00fdchod\u011b usnad\u0148uje soukrom\u00e9 lety a \u0161kolen\u00ed; \u017eelezni\u010dn\u00ed spojen\u00ed do Hasseltu nab\u00edz\u00ed doj\u00ed\u017ed\u011bj\u00edc\u00edm i cestuj\u00edc\u00edm \u010dast\u00e9 spojen\u00ed.<\/p>\n<p>Sportovn\u00ed \u00fasp\u011bchy p\u0159isp\u011bly k n\u00e1rodn\u00edmu profilu Genku. Fotbalov\u00fd klub KRC Genk, kter\u00fd v roce 1996 postoupil do prvn\u00ed divize, si rychle vydobyl m\u00edsto mezi belgickou elitou, v letech 1999, 2002, 2011 a 2019 z\u00edskal ligov\u00e9 tituly a v letech 1998 a\u017e 2021 p\u011btkr\u00e1t vyhr\u00e1l Belgick\u00fd poh\u00e1r. Dom\u00e1c\u00ed stadion klubu, Luminus Arena, pojme dvacet p\u011bt tis\u00edc div\u00e1k\u016f a po\u0159\u00e1d\u00e1 koncerty a akce mimo sportovn\u00ed oblast. Evropsk\u00e9 mistrovstv\u00ed d\u00e1le pos\u00edlilo postaven\u00ed Genku: v Evropsk\u00e9 lize UEFA v sez\u00f3n\u011b 2016\u20132017 se t\u00fdm dostal do \u010dtvrtfin\u00e1le, kdy\u017e zv\u00edt\u011bzil 5:2 nad dom\u00e1c\u00edm rivalem KAA Gent. Tak\u00e9 nad\u0161enci do motoristick\u00e9ho sportu najdou sv\u00e9 m\u00edsto v Karting Genk, trati s certifikac\u00ed CIK-FIA, kter\u00e1 n\u011bkolikr\u00e1t p\u0159iv\u00edtala mistrovstv\u00ed sv\u011bta.<\/p>\n<p>Soci\u00e1ln\u00ed struktura m\u011bsta odr\u00e1\u017e\u00ed jeho historii pracovn\u00ed migrace. P\u0159ibli\u017en\u011b \u010dtvrtina obyvatel poch\u00e1z\u00ed ze zahrani\u010d\u00ed, co\u017e p\u0159edstavuje zhruba osmdes\u00e1t n\u00e1rodnost\u00ed, p\u0159i\u010dem\u017e po\u010detn\u00e9 komunity poch\u00e1zej\u00ed z It\u00e1lie, Turecka a \u0158ecka. Zejm\u00e9na tureck\u00e1 populace pat\u0159\u00ed v pom\u011bru k m\u00edstn\u00edmu obyvatelstvu k nejv\u011bt\u0161\u00edm v Belgii. I kdy\u017e takov\u00e1 rozmanitost vy\u017eaduje neust\u00e1l\u00e9 \u00fasil\u00ed o integraci, obohacuje tak\u00e9 kulturn\u00ed \u017eivot Genku: etnick\u00e9 restaurace, festivaly region\u00e1ln\u00ed hudby a tance a sdru\u017een\u00ed pro ochranu jazyka a kulturn\u00edho d\u011bdictv\u00ed o\u017eivuj\u00ed m\u011bstsk\u00e9 prost\u0159ed\u00ed.<\/p>\n<p>Genk\u016fv ka\u017edoro\u010dn\u00ed kalend\u00e1\u0159 akc\u00ed vyva\u017euje tradici a inovaci. Karnevalov\u00e1 sez\u00f3na, v\u00e1zan\u00e1 na liturgick\u00fd kalend\u00e1\u0159, se odehr\u00e1v\u00e1 kolem Popele\u010dn\u00ed st\u0159edy barevn\u00fdmi pr\u016fvody a ma\u0161karn\u00edmi plesy. Na ja\u0159e m\u011bsto ct\u00ed Kr\u00e1lovnu kv\u011btna kv\u011btinov\u00fdm pr\u016fvodem vrchol\u00edc\u00edm oh\u0148ostrojem, co\u017e je pod\u00edvan\u00e1, kter\u00e1 l\u00e1k\u00e1 n\u00e1v\u0161t\u011bvn\u00edky z cel\u00e9ho Limburgu. Pozdn\u00ed podzim se kdysi konal Festival motiv\u016f, setk\u00e1n\u00ed nov\u00fdch proud\u016f v jazzu; a\u010dkoli tento festival byl zru\u0161en, Genk st\u00e1le po\u0159\u00e1d\u00e1 hudebn\u00ed ve\u010dery v C-Mine a Europlanet\u00e1riu, kde koncerty pod kupol\u00ed kombinuj\u00ed hudbu s imerzivn\u00ed projekc\u00ed. V roce 2012 se Genk pod\u00edlel na po\u0159\u00e1d\u00e1n\u00ed Manifesty, Evropsk\u00e9ho bien\u00e1le sou\u010dasn\u00e9ho um\u011bn\u00ed, \u010d\u00edm\u017e se spojil s mezin\u00e1rodn\u00edmi platformami, jako jsou Ben\u00e1tky a Kassel, a prok\u00e1zal svou schopnost slou\u017eit jako jevi\u0161t\u011b pro v\u00fdznamnou kulturn\u00ed v\u00fdm\u011bnu.<\/p>\n<p>Navzdory t\u011b\u017ek\u00e9 ruce pr\u016fmyslu dnes Genk balancuje ve sv\u00e9 identit\u011b mezi ocel\u00ed a se\u0161\u00edva\u010dkou, mezi historickou pam\u011bt\u00ed a budouc\u00edmi mo\u017enostmi. P\u0159ezd\u00edvan\u00fd De Groene Stad neboli Zelen\u00e9 m\u011bsto, si v r\u00e1mci sv\u00fdch m\u011bstsk\u00fdch hranic zachov\u00e1v\u00e1 \u010d\u00e1sti les\u016f a luk. P\u0159\u00edrodn\u00ed rezervace De Maten, mozaika mok\u0159ad\u016f a les\u00edk\u016f pobl\u00ed\u017e centra m\u011bsta, slou\u017e\u00ed jako \u00fato\u010di\u0161t\u011b pro divokou zv\u011b\u0159 i jako rekrea\u010dn\u00ed r\u00e1j pro obyvatele. Kattevennen, z\u00e1bavn\u00ed park vedle Europlanet\u00e1ria, nab\u00edz\u00ed ve sv\u00fdch otev\u0159en\u00fdch prostor\u00e1ch stezky, interaktivn\u00ed v\u00fdstavy a h\u0159i\u0161t\u011b. S\u00ed\u0165 cyklostezek se vine b\u00fdval\u00fdmi t\u011b\u017eebn\u00edmi nalezi\u0161ti a pod\u00e9l kan\u00e1lu a vyb\u00edz\u00ed k objevov\u00e1n\u00ed p\u0159\u00edrody i d\u011bdictv\u00ed.<\/p>\n<p>Genk se i nad\u00e1le vyv\u00edj\u00ed a z\u016fst\u00e1v\u00e1 zakotven v komplexn\u00edch narativech limbursk\u00e9 minulosti. Jeho keltsk\u00e9 ko\u0159eny, st\u0159edov\u011bk\u00e1 p\u0159\u00edslu\u0161nost a agr\u00e1rn\u00ed tradice p\u0159ipravily p\u016fdu pro um\u011bleckou p\u0159est\u00e1vku devaten\u00e1ct\u00e9ho stolet\u00ed, jen aby byly p\u0159edb\u011bhnuty rachotem mechanizace poh\u00e1n\u011bn\u00e9 uhl\u00edm. Postindustri\u00e1ln\u00ed obrat, poznamenan\u00fd uzav\u0159en\u00edm dol\u016f a p\u0159\u00edchodem kreativn\u00ed ekonomiky, p\u0159edefinoval vyhl\u00eddky m\u011bsta, ani\u017e by vymazal jeho historii. V jeho ulic\u00edch a na n\u00e1m\u011bst\u00edch, v k\u0159ivce zrestaurovan\u00e9ho stropn\u00edho r\u00e1mu a v\u011b\u017ei stalet\u00e9ho kostela z\u016fst\u00e1vaj\u00ed viditeln\u00e9 vrstvy pam\u011bti m\u011bsta. P\u0159esto je to v ka\u017edodenn\u00edm \u017eivot\u011b jeho t\u00e9m\u011b\u0159 \u0161edes\u00e1ti p\u011bti tis\u00edc obyvatel, kte\u0159\u00ed mluv\u00ed des\u00edtkami jazyk\u016f a pracuj\u00ed v tov\u00e1rn\u00e1ch, ateli\u00e9rech a kancel\u00e1\u0159\u00edch, kde se p\u0159\u00edb\u011bh Genku pln\u011b projevuje \u2013 narativ, kter\u00fd se st\u00e1le odehr\u00e1v\u00e1 na soutoku p\u016fdy, vody, pr\u00e1ce a um\u011bn\u00ed.<\/p>","protected":false},"excerpt":{"rendered":"<p>Genk v provincii Limburg v Belgii nejl\u00e9pe ilustruje \u00fa\u010dinky industrializace a kulturn\u00ed rozmanitosti. S p\u0159ibli\u017en\u011b 65 000 obyvateli se tato obec vyvinula z mal\u00e9 vesnice ve v\u00fdznamn\u00e9 pr\u016fmyslov\u00e9 centrum Flander. Strategicky pod\u00e9l Albertova kan\u00e1lu mezi Antverpami a Lutychem se Genk stal hlavn\u00edm centrem belgick\u00e9ho hospod\u00e1\u0159sk\u00e9ho syst\u00e9mu pobl\u00ed\u017e hlavn\u00edho m\u011bsta provincie Hasselt.<\/p>","protected":false},"author":1,"featured_media":3338,"parent":14562,"menu_order":0,"comment_status":"closed","ping_status":"closed","template":"elementor_theme","meta":{"_eb_attr":"","footnotes":""},"class_list":["post-14583","page","type-page","status-publish","has-post-thumbnail"],"_links":{"self":[{"href":"https:\/\/travelshelper.com\/cs\/wp-json\/wp\/v2\/pages\/14583","targetHints":{"allow":["GET"]}}],"collection":[{"href":"https:\/\/travelshelper.com\/cs\/wp-json\/wp\/v2\/pages"}],"about":[{"href":"https:\/\/travelshelper.com\/cs\/wp-json\/wp\/v2\/types\/page"}],"author":[{"embeddable":true,"href":"https:\/\/travelshelper.com\/cs\/wp-json\/wp\/v2\/users\/1"}],"replies":[{"embeddable":true,"href":"https:\/\/travelshelper.com\/cs\/wp-json\/wp\/v2\/comments?post=14583"}],"version-history":[{"count":0,"href":"https:\/\/travelshelper.com\/cs\/wp-json\/wp\/v2\/pages\/14583\/revisions"}],"up":[{"embeddable":true,"href":"https:\/\/travelshelper.com\/cs\/wp-json\/wp\/v2\/pages\/14562"}],"wp:featuredmedia":[{"embeddable":true,"href":"https:\/\/travelshelper.com\/cs\/wp-json\/wp\/v2\/media\/3338"}],"wp:attachment":[{"href":"https:\/\/travelshelper.com\/cs\/wp-json\/wp\/v2\/media?parent=14583"}],"curies":[{"name":"wp","href":"https:\/\/api.w.org\/{rel}","templated":true}]}}